{"id":3190,"date":"2024-03-21T16:09:07","date_gmt":"2024-03-21T16:09:07","guid":{"rendered":"https:\/\/pulsair.net\/?page_id=3190"},"modified":"2024-03-21T16:09:07","modified_gmt":"2024-03-21T16:09:07","slug":"agb-datenschutz","status":"publish","type":"page","link":"https:\/\/pulsair.net\/fr\/agb-datenschutz\/","title":{"rendered":"AGB &#038; Datenschutz"},"content":{"rendered":"<div data-elementor-type=\"wp-page\" data-elementor-id=\"3190\" class=\"elementor elementor-3190\" data-elementor-post-type=\"page\">\n\t\t\t\t\t\t<section class=\"elementor-section elementor-top-section elementor-element elementor-element-10e672a elementor-section-boxed elementor-section-height-default elementor-section-height-default\" data-id=\"10e672a\" data-element_type=\"section\" data-e-type=\"section\">\n\t\t\t\t\t\t<div class=\"elementor-container elementor-column-gap-default\">\n\t\t\t\t\t<div class=\"elementor-column elementor-col-100 elementor-top-column elementor-element elementor-element-1a2dffa\" data-id=\"1a2dffa\" data-element_type=\"column\" data-e-type=\"column\">\n\t\t\t<div class=\"elementor-widget-wrap elementor-element-populated\">\n\t\t\t\t\t\t<div class=\"elementor-element elementor-element-ac4a214 elementor-widget elementor-widget-text-editor\" data-id=\"ac4a214\" data-element_type=\"widget\" data-e-type=\"widget\" data-widget_type=\"text-editor.default\">\n\t\t\t\t<div class=\"elementor-widget-container\">\n\t\t\t\t\t\t\t\t\t<h1><strong>Conditions g\u00e9n\u00e9rales et d\u00e9claration de protection des donn\u00e9es<\/strong><\/h1><h2>CONDITIONS G\u00c9N\u00c9RALES DE VENTE<\/h2><p>Ing. Werner Pletzer, concessionnaire automobile - Puls Air e.U.<\/p><p><strong>Conditions g\u00e9n\u00e9rales de livraison et de commande pour clients finaux (consommateurs selon \u00a7 13 BGB) de Ing. Werner Pletzer, Autohaus - Puls Air e.U.<\/strong><\/p><p>(Conform\u00e9ment aux dispositions de la loi f\u00e9d\u00e9rale sur la protection des donn\u00e9es, nous attirons votre attention sur le fait que les donn\u00e9es relatives \u00e0 la relation commerciale avec le client sont enregistr\u00e9es dans notre syst\u00e8me informatique).<\/p><ol><li><strong>Champ d'application<\/strong><ul><li>Les conditions suivantes s'appliquent exclusivement aux relations commerciales avec nos clients, y compris pour les renseignements et les conseils.<\/li><li><strong>Consommateurs <\/strong> Au sens des conditions g\u00e9n\u00e9rales de vente, on entend par \"personne physique\" - ci-apr\u00e8s \u00e9galement \"personne morale\" - toute personne physique qui a la qualit\u00e9 d'associ\u00e9. <strong>Client<\/strong> avec lesquelles une relation d'affaires est \u00e9tablie, sans qu'une activit\u00e9 commerciale ou professionnelle ind\u00e9pendante puisse lui \u00eatre attribu\u00e9e.<\/li><\/ul><\/li><\/ol><ol start=\"2\"><li><strong>Renseignements, conseils<\/strong><\/li><\/ol><p>Les informations et les conseils relatifs \u00e0 nos produits sont fournis uniquement sur la base de notre exp\u00e9rience pass\u00e9e. Les valeurs indiqu\u00e9es \u00e0 cet \u00e9gard doivent \u00eatre consid\u00e9r\u00e9es comme des valeurs moyennes. Toutes les informations relatives \u00e0 nos produits, en particulier les illustrations, les dessins, les indications de dimensions et de performances ainsi que les autres donn\u00e9es techniques contenues dans nos offres et nos imprim\u00e9s, sont des valeurs moyennes \u00e0 consid\u00e9rer comme approximatives. Toute r\u00e9f\u00e9rence \u00e0 des normes, \u00e0 des r\u00e9glementations techniques similaires ainsi qu'\u00e0 des donn\u00e9es techniques, des descriptions et des illustrations de l'objet de la livraison dans les offres et les prospectus ne constitue qu'une description g\u00e9n\u00e9rale non contraignante des prestations et ne d\u00e9termine pas les caract\u00e9ristiques, sauf s'il s'agit d'offres \u00e9crites fermes. Certaines caract\u00e9ristiques ne sont en principe consid\u00e9r\u00e9es comme garanties par nous que si nous l'avons express\u00e9ment confirm\u00e9 par \u00e9crit.<\/p><ol start=\"3\"><li><strong>Conclusion du contrat, \u00e9tendue de la livraison, r\u00e9ception<\/strong><ul><li>En commandant une marchandise, le client d\u00e9clare de mani\u00e8re ferme vouloir acqu\u00e9rir la marchandise command\u00e9e.<\/li><li>Un contrat n'est conclu que lorsque nous confirmons la commande du client par \u00e9crit, par e-mail, via une confirmation de commande. Nous pouvons traiter les commandes du client dans un d\u00e9lai de 1 \u00e0 5 jours ouvrables.<\/li><li>Tous les accords, conventions annexes, garanties et modifications du contrat doivent rev\u00eatir la forme \u00e9crite, qui est \u00e9galement respect\u00e9e par t\u00e9l\u00e9copie ou e-mail. Le \u00a7 305b du BGB (primaut\u00e9 de l'accord individuel) n'est pas affect\u00e9.<\/li><li>Le client doit nous informer par \u00e9crit, en temps utile avant la conclusion du contrat, de toute exigence particuli\u00e8re concernant notre marchandise.<\/li><\/ul><\/li><\/ol><ol start=\"4\"><li><strong>Livraison<\/strong><ul><li>Les dates et d\u00e9lais de livraison obligatoires doivent \u00eatre convenus express\u00e9ment et par \u00e9crit comme condition de validit\u00e9. En cas de dates et de d\u00e9lais de livraison non contraignants ou approximatifs (environ, approximativement, etc.), nous nous effor\u00e7ons de les respecter dans la mesure du possible.<\/li><li>Les d\u00e9lais de livraison commencent \u00e0 courir \u00e0 la r\u00e9ception de notre confirmation de commande par le client, mais pas avant que tous les d\u00e9tails de l'ex\u00e9cution de la commande aient \u00e9t\u00e9 clarifi\u00e9s et que toutes les autres conditions \u00e0 remplir par le client aient \u00e9t\u00e9 remplies ; il en va de m\u00eame pour les dates de livraison. Si le client a demand\u00e9 des modifications apr\u00e8s la passation de la commande, un nouveau d\u00e9lai de livraison raisonnable commence \u00e0 courir \u00e0 partir de la confirmation de la modification par nos soins.<\/li><\/ul><\/li><\/ol><ol start=\"5\"><li><strong>R\u00e9serve de livraison \u00e0 soi-m\u00eame ; force majeure et autres emp\u00eachements<\/strong><ul><li>Si, malgr\u00e9 une couverture en bonne et due forme, nous ne recevons pas, pas correctement ou pas \u00e0 temps les livraisons ou les prestations de nos sous-traitants pour des raisons qui ne nous sont pas imputables, ou si des \u00e9v\u00e9nements de force majeure surviennent, nous en informerons notre client \u00e0 temps par t\u00e9l\u00e9phone ou par \u00e9crit, par envoi de courrier, par fax ou par e-mail. Dans ce cas, nous sommes en droit de reporter la livraison de la dur\u00e9e de l'emp\u00eachement ou de r\u00e9silier tout ou partie du contrat pour la partie non encore ex\u00e9cut\u00e9e, dans la mesure o\u00f9 nous avons respect\u00e9 notre obligation d'information susmentionn\u00e9e. Sont consid\u00e9r\u00e9s comme cas de force majeure les gr\u00e8ves, les lock-out, les interventions des autorit\u00e9s, les p\u00e9nuries d'\u00e9nergie et de mati\u00e8res premi\u00e8res, les goulots d'\u00e9tranglement dans les transports, les entraves \u00e0 l'exploitation non imputables \u00e0 l'entreprise, par exemple en raison d'un incendie, d'un d\u00e9g\u00e2t des eaux ou d'une panne de machine, ainsi que tous les autres emp\u00eachements qui, d'un point de vue objectif, ne sont pas imputables \u00e0 notre faute.<\/li><li>Si une date ou un d\u00e9lai de livraison a \u00e9t\u00e9 convenu(e) de mani\u00e8re ferme et que, en raison des \u00e9v\u00e9nements vis\u00e9s au point 5.1, la date ou le d\u00e9lai de livraison convenu(e) est d\u00e9pass\u00e9(e) de plus de 14 jours, le client est en droit de r\u00e9silier le contrat pour la partie non encore ex\u00e9cut\u00e9e, dans la mesure o\u00f9 le retard de livraison est inacceptable pour lui.<\/li><\/ul><\/li><\/ol><ol start=\"6\"><li><strong>Exp\u00e9dition et transfert des risques<\/strong><ul><li>Le risque de perte ou de d\u00e9t\u00e9rioration accidentelle de la chose vendue, m\u00eame en cas de vente par correspondance, n'est transf\u00e9r\u00e9 \u00e0 l'acheteur qu'au moment de la remise de la chose.<\/li><li>La remise est assimil\u00e9e \u00e0 un retard de l'acheteur dans l'acceptation.<\/li><li>Si l'envoi est retard\u00e9 parce que nous faisons usage de notre droit de r\u00e9tention \u00e0 la suite d'un retard de paiement total ou partiel du client - ou pour toute autre raison imputable au client -, le risque est transf\u00e9r\u00e9 au client au plus tard \u00e0 la date de l'avis de mise \u00e0 disposition pour l'exp\u00e9dition.<\/li><\/ul><\/li><\/ol><ol start=\"7\"><li><strong>R\u00e9clamations et garantie<\/strong><ul><li>Si le client re\u00e7oit une marchandise d\u00e9fectueuse, nous ne sommes tenus qu'\u00e0 la livraison d'une marchandise sans d\u00e9faut et ce uniquement si le d\u00e9faut de la marchandise emp\u00eache un montage ou une utilisation en bonne et due forme.<\/li><li>Sauf accord \u00e9crit contraire de notre part, le client n'obtient pas de garanties au sens juridique du terme.<\/li><li>Notre garantie et notre responsabilit\u00e9 sont exclues pour les cons\u00e9quences d'une utilisation incorrecte ou d'une usure excessive de la marchandise, d'une utilisation excessive ou d'un traitement et d'un entretien inappropri\u00e9s selon le mode d'emploi.<\/li><\/ul><\/li><\/ol><ol start=\"8\"><li><strong>R\u00e9mun\u00e9ration et conditions de paiement<\/strong><ul><li>Le prix d'achat propos\u00e9 est ferme et d\u00e9finitif.<\/li><li>En cas d'achat par correspondance, le prix d'achat s'entend major\u00e9 d'un forfait de frais d'exp\u00e9dition tel qu'indiqu\u00e9 sur la page de commande du panier ou dans le formulaire de commande.<\/li><li>Le client s'acquitte du prix d'achat par paiement anticip\u00e9, sauf si un autre mode de paiement a \u00e9t\u00e9 convenu.<\/li><\/ul><\/li><\/ol><ol start=\"9\"><li><strong>R\u00e9serve de propri\u00e9t\u00e9<\/strong><ul><li>Nous nous r\u00e9servons la propri\u00e9t\u00e9 de la marchandise jusqu'au paiement int\u00e9gral du prix d'achat.<\/li><li>Le client est tenu de mettre en service la marchandise avec soin, conform\u00e9ment au mode d'emploi, et d'effectuer les entretiens conform\u00e9ment au film d'entretien.<\/li><li>Le client est tenu de nous informer imm\u00e9diatement de l'acc\u00e8s de tiers \u00e0 la marchandise, par exemple en cas de saisie, ainsi que des \u00e9ventuels dommages ou de la destruction de la marchandise. Le client doit nous informer imm\u00e9diatement de tout changement de propri\u00e9taire de la marchandise ainsi que de son propre changement de domicile jusqu'au paiement int\u00e9gral de la marchandise.<\/li><li>Nous sommes en droit de r\u00e9silier le contrat et d'exiger la restitution de la marchandise en cas de comportement du client contraire au contrat.<\/li><\/ul><\/li><\/ol><ol start=\"10\"><li><strong>Exclusion et limitation de responsabilit\u00e9<\/strong><ul><li>Nous ne sommes pas responsables, en particulier pour les droits du client \u00e0 des dommages et int\u00e9r\u00eats - quel que soit le motif juridique - et\/ou en cas de violation des obligations d\u00e9coulant du rapport d'obligation et d'actes illicites. Ceci ne s'applique pas dans la mesure o\u00f9 la responsabilit\u00e9 est obligatoire en vertu de la loi, ainsi que :<\/li><\/ul><\/li><\/ol><p>pour sa propre violation intentionnelle ou par n\u00e9gligence grave des obligations et pour la violation intentionnelle ou par n\u00e9gligence grave des obligations de ses repr\u00e9sentants l\u00e9gaux ou de ses auxiliaires d'ex\u00e9cution ;<\/p><p>en cas de violation d'obligations contractuelles essentielles<\/p><p>si, en cas de violation d'autres obligations au sens de l'article 241, paragraphe 2, du code civil allemand (BGB), notre prestation ne peut plus \u00eatre exig\u00e9e du client ;<\/p><p>en cas d'atteinte \u00e0 la vie, au corps et \u00e0 la sant\u00e9, \u00e9galement par des repr\u00e9sentants l\u00e9gaux ou des auxiliaires d'ex\u00e9cution ;<\/p><p>en cas de retard, pour autant qu'une date fixe ait \u00e9t\u00e9 convenue ;<\/p><p>dans la mesure o\u00f9 nous avons assum\u00e9 la garantie de la qualit\u00e9 de notre marchandise, ou de l'existence d'un r\u00e9sultat de prestation, ou un risque d'approvisionnement, ainsi que dans le cas d'une responsabilit\u00e9 selon la loi sur la responsabilit\u00e9 du fait des produits.<\/p><p>Les \"obligations contractuelles essentielles\" sont les obligations qui prot\u00e8gent les positions juridiques du client essentielles au contrat et que le contrat doit pr\u00e9cis\u00e9ment lui accorder selon son contenu et son objectif. Sont \u00e9galement essentielles les obligations contractuelles dont l'ex\u00e9cution est indispensable \u00e0 la bonne ex\u00e9cution du contrat et au respect desquelles le client s'est r\u00e9guli\u00e8rement fi\u00e9 et peut se fier.<\/p><ul><li>Dans les autres cas, nous sommes responsables de toutes les demandes de dommages et int\u00e9r\u00eats ou de remboursement de d\u00e9penses formul\u00e9es \u00e0 notre encontre dans le cadre de la pr\u00e9sente relation contractuelle en raison d'un manquement fautif \u00e0 nos obligations, quel qu'en soit le fondement juridique, mais pas en cas de n\u00e9gligence l\u00e9g\u00e8re.<\/li><li>Dans le cas de la responsabilit\u00e9 susmentionn\u00e9e selon le point 11.2 et d'une responsabilit\u00e9 sans faute, notamment en cas d'impossibilit\u00e9 initiale et de vices juridiques, nous ne sommes responsables que des dommages typiques et pr\u00e9visibles.<\/li><li>Les dispositions ci-dessus n'impliquent pas un renversement de la charge de la preuve.<\/li><\/ul><p><strong>Ing. Werner Pletzer, concessionnaire automobile - Puls Air e.U.<\/strong><\/p><p><strong>Werner Pletzer<\/strong><\/p><p><strong>Rue Innsbrucker 10<\/strong><\/p><p><strong>6353 Going<\/strong><\/p><p><strong>Autriche<br \/>(adresse de contact)<\/strong><\/p><p>\u00a0<\/p><ol start=\"11\"><li><strong>Droit applicable<\/strong><\/li><\/ol><p>Le droit de la R\u00e9publique f\u00e9d\u00e9rale d'Allemagne s'applique exclusivement \u00e0 toutes les relations juridiques entre le client et nous. Les dispositions de la Convention des Nations Unies sur les contrats de vente internationale de marchandises ne s'appliquent pas.<\/p><ol start=\"12\"><li><strong>Clause de sauvegarde<\/strong><\/li><\/ol><p>Si une disposition pr\u00e9sente ou future du contrat conclu est ou devient totalement ou partiellement invalide\/nulle ou inex\u00e9cutable pour des raisons autres que les articles 305 \u00e0 310 du Code civil allemand, la validit\u00e9 des autres dispositions du contrat n'en sera pas affect\u00e9e, dans la mesure o\u00f9 le maintien du contrat, m\u00eame en tenant compte des dispositions suivantes, n'entra\u00eenerait pas de difficult\u00e9s excessives pour l'une des parties. Les parties remplaceront la disposition invalide\/nulle ou inex\u00e9cutable par une disposition valide dont le contenu juridique et \u00e9conomique correspond \u00e0 la disposition invalide\/nulle ou inex\u00e9cutable et \u00e0 l'objectif global du contrat. Il en va de m\u00eame si, apr\u00e8s la conclusion du contrat, une lacune n\u00e9cessitant un compl\u00e9ment appara\u00eet.<\/p>\t\t\t\t\t\t\t\t<\/div>\n\t\t\t\t<\/div>\n\t\t\t\t\t<\/div>\n\t\t<\/div>\n\t\t\t\t\t<\/div>\n\t\t<\/section>\n\t\t\t\t<section class=\"elementor-section elementor-top-section elementor-element elementor-element-e76055c elementor-section-boxed elementor-section-height-default elementor-section-height-default\" data-id=\"e76055c\" data-element_type=\"section\" data-e-type=\"section\">\n\t\t\t\t\t\t<div class=\"elementor-container elementor-column-gap-default\">\n\t\t\t\t\t<div class=\"elementor-column elementor-col-100 elementor-top-column elementor-element elementor-element-cd1ef87\" data-id=\"cd1ef87\" data-element_type=\"column\" data-e-type=\"column\">\n\t\t\t<div class=\"elementor-widget-wrap elementor-element-populated\">\n\t\t\t\t\t\t<div class=\"elementor-element elementor-element-276b9a1 elementor-widget elementor-widget-text-editor\" data-id=\"276b9a1\" data-element_type=\"widget\" data-e-type=\"widget\" data-widget_type=\"text-editor.default\">\n\t\t\t\t<div class=\"elementor-widget-container\">\n\t\t\t\t\t\t\t\t\t<h2><span style=\"font-weight: 400;\">1. la protection des donn\u00e9es en un coup d'\u0153il<\/span><\/h2><h3><span style=\"font-weight: 400;\">Remarques g\u00e9n\u00e9rales<\/span><\/h3><p><span style=\"font-weight: 400;\">Les indications suivantes donnent un aper\u00e7u simple de ce qui se passe avec vos donn\u00e9es personnelles lorsque vous visitez notre site web. Les donn\u00e9es personnelles sont toutes les donn\u00e9es qui permettent de vous identifier personnellement. Vous trouverez des informations d\u00e9taill\u00e9es sur le th\u00e8me de la protection des donn\u00e9es dans notre d\u00e9claration de protection des donn\u00e9es figurant sous ce texte.<\/span><\/p><h3><span style=\"font-weight: 400;\">Collecte de donn\u00e9es sur notre site web<\/span><\/h3><p><span style=\"font-weight: 400;\">Qui est responsable de la collecte des donn\u00e9es sur ce site ?<\/span><\/p><p><span style=\"font-weight: 400;\">Le traitement des donn\u00e9es sur ce site web est effectu\u00e9 par l'exploitant du site web. Vous trouverez ses coordonn\u00e9es dans les mentions l\u00e9gales de ce site web.<\/span><\/p><p><span style=\"font-weight: 400;\">Comment recueillons-nous vos donn\u00e9es ?<\/span><\/p><p><span style=\"font-weight: 400;\">Vos donn\u00e9es sont collect\u00e9es, d'une part, lorsque vous nous les communiquez. Il peut s'agir, par exemple, de donn\u00e9es que vous saisissez dans un formulaire de contact.<\/span><\/p><p><span style=\"font-weight: 400;\">D'autres donn\u00e9es sont automatiquement collect\u00e9es par nos syst\u00e8mes informatiques lors de la visite du site. Il s'agit principalement de donn\u00e9es techniques (par exemple, le navigateur Internet, le syst\u00e8me d'exploitation ou l'heure de consultation de la page). La saisie de ces donn\u00e9es s'effectue automatiquement d\u00e8s que vous acc\u00e9dez \u00e0 notre site web.<\/span><\/p><p><span style=\"font-weight: 400;\">\u00c0 quelles fins utilisons-nous vos donn\u00e9es ?<\/span><\/p><p><span style=\"font-weight: 400;\">Une partie des donn\u00e9es est collect\u00e9e pour assurer la fourniture sans erreur du site web. D'autres donn\u00e9es peuvent \u00eatre utilis\u00e9es pour analyser votre comportement d'utilisateur.<\/span><\/p><p><span style=\"font-weight: 400;\">Quels sont vos droits concernant vos donn\u00e9es ?<\/span><\/p><p><span style=\"font-weight: 400;\">Vous avez \u00e0 tout moment le droit d'obtenir gratuitement des informations sur l'origine, le destinataire et la finalit\u00e9 de vos donn\u00e9es personnelles enregistr\u00e9es. Vous avez \u00e9galement le droit d'exiger la rectification, le blocage ou la suppression de ces donn\u00e9es. Pour cela, ainsi que pour toute autre question relative \u00e0 la protection des donn\u00e9es, vous pouvez nous contacter \u00e0 tout moment \u00e0 l'adresse indiqu\u00e9e dans les mentions l\u00e9gales. Vous disposez en outre d'un droit de recours aupr\u00e8s de l'autorit\u00e9 de surveillance comp\u00e9tente.<\/span><\/p><p><span style=\"font-weight: 400;\">En outre, vous avez le droit, dans certaines circonstances, d'obtenir<\/span><\/p><p><span style=\"font-weight: 400;\">demander la limitation du traitement de vos donn\u00e9es personnelles. Pour plus de d\u00e9tails, veuillez consulter la d\u00e9claration de confidentialit\u00e9 sous \"Droit \u00e0 la limitation du traitement\".<\/span><\/p><p><span style=\"font-weight: 400;\">Outils d'analyse et outils de tiers<\/span><\/p><p><span style=\"font-weight: 400;\">Lorsque vous visitez notre site web, votre comportement de navigation peut \u00eatre \u00e9valu\u00e9 statistiquement. Cela se fait principalement \u00e0 l'aide de cookies et de programmes d'analyse. L'analyse de votre comportement de navigation se fait en g\u00e9n\u00e9ral de mani\u00e8re anonyme ; le comportement de navigation ne peut pas \u00eatre retrac\u00e9 jusqu'\u00e0 vous. Vous pouvez vous opposer \u00e0 cette analyse ou l'emp\u00eacher en n'utilisant pas certains outils. Vous trouverez des informations d\u00e9taill\u00e9es \u00e0 ce sujet dans la d\u00e9claration de protection des donn\u00e9es ci-apr\u00e8s.<\/span><\/p><p><span style=\"font-weight: 400;\">Vous pouvez vous opposer \u00e0 cette analyse. Nous vous informerons des possibilit\u00e9s d'opposition dans la pr\u00e9sente d\u00e9claration de protection des donn\u00e9es.<\/span><\/p><h2><span style=\"font-weight: 400;\">2. indications g\u00e9n\u00e9rales et informations obligatoires<\/span><\/h2><p><span style=\"font-weight: 400;\">Protection des donn\u00e9es<\/span><\/p><p><span style=\"font-weight: 400;\">Les exploitants de ces sites prennent tr\u00e8s au s\u00e9rieux la protection de vos donn\u00e9es personnelles. Nous traitons vos donn\u00e9es personnelles de mani\u00e8re confidentielle et conform\u00e9ment aux r\u00e9glementations l\u00e9gales en mati\u00e8re de protection des donn\u00e9es ainsi qu'\u00e0 la pr\u00e9sente d\u00e9claration de protection des donn\u00e9es.<\/span><\/p><p><span style=\"font-weight: 400;\">Lorsque vous utilisez ce site web, des<\/span><\/p><p><span style=\"font-weight: 400;\">diff\u00e9rentes donn\u00e9es \u00e0 caract\u00e8re personnel sont collect\u00e9es. Les donn\u00e9es personnelles sont des donn\u00e9es qui permettent de vous identifier personnellement. La pr\u00e9sente d\u00e9claration de confidentialit\u00e9 explique quelles donn\u00e9es nous collectons et \u00e0 quelles fins nous les utilisons. Elle explique \u00e9galement comment et dans quel but nous le faisons.<\/span><\/p><p><span style=\"font-weight: 400;\">Nous attirons votre attention sur le fait que la transmission de donn\u00e9es sur Internet (par exemple, lors de la communication par e-mail) peut pr\u00e9senter des failles de s\u00e9curit\u00e9. Une protection compl\u00e8te des donn\u00e9es contre l'acc\u00e8s par des tiers n'est pas possible.<\/span><\/p><p><span style=\"font-weight: 400;\">Remarque sur le service responsable<\/span><\/p><p><span style=\"font-weight: 400;\">Le responsable du traitement des donn\u00e9es sur ce site est :<\/span><\/p><div class=\"impressum_cst_entry\" style=\"font-family: MontserratLight, Verdana, sans-serif; font-size: 18px; background-color: rgba(255, 255, 255, 0.25);\">Werner Pletzer<\/div><div class=\"impressum_cst_entry\" style=\"font-family: MontserratLight, Verdana, sans-serif; font-size: 18px; background-color: rgba(255, 255, 255, 0.25);\">Rue Innsbrucker 10<\/div><div class=\"impressum_cst_entry\" style=\"font-family: MontserratLight, Verdana, sans-serif; font-size: 18px; background-color: rgba(255, 255, 255, 0.25);\">6353 Going<\/div><div class=\"impressum_cst_entry\" style=\"font-family: MontserratLight, Verdana, sans-serif; font-size: 18px; background-color: rgba(255, 255, 255, 0.25);\">Autriche<\/div><div class=\"impressum_cst_entry impressum_cst_entry_tel\" style=\"margin-top: 20px; font-family: MontserratLight, Verdana, sans-serif; font-size: 18px; background-color: rgba(255, 255, 255, 0.25);\"><span class=\"impressum_type\">T\u00e9l :<\/span>\u00a0<span class=\"impressum_daten\"><a style=\"color: #e31e14; transition: all 0.3s ease 0s; outline: none;\" href=\"tel:004353583600\">+43(0)5358 3600<\/a><\/span><\/div><div class=\"impressum_cst_entry\" style=\"font-family: MontserratLight, Verdana, sans-serif; font-size: 18px; background-color: rgba(255, 255, 255, 0.25);\"><span class=\"impressum_type\">Fax :<\/span>\u00a0<span class=\"impressum_daten\">+43(0)5358 3603<\/span><\/div><div class=\"impressum_cst_entry\" style=\"font-family: MontserratLight, Verdana, sans-serif; font-size: 18px; background-color: rgba(255, 255, 255, 0.25);\"><span class=\"impressum_type\">Courrier \u00e9lectronique :<\/span>\u00a0<span class=\"impressum_daten\"><a style=\"color: #e31e14; transition: all 0.3s ease 0s; outline: none;\" href=\"mailto:info@pulsair.net\">info@pulsair.net<\/a><\/span><\/div><p><span style=\"font-weight: 400;\">Le responsable du traitement est la personne physique ou morale qui, seule ou conjointement avec d'autres, d\u00e9termine les finalit\u00e9s et les moyens du traitement des donn\u00e9es \u00e0 caract\u00e8re personnel (p. ex. noms, adresses \u00e9lectroniques ou autres).<\/span><\/p><p><span style=\"font-weight: 400;\">R\u00e9vocation de votre consentement au traitement des donn\u00e9es<\/span><\/p><p><span style=\"font-weight: 400;\">De nombreuses op\u00e9rations de traitement des donn\u00e9es ne sont possibles qu'avec votre consentement explicite. Vous pouvez r\u00e9voquer \u00e0 tout moment un consentement d\u00e9j\u00e0 donn\u00e9. Il suffit pour cela de nous envoyer un message informel par e-mail. La l\u00e9galit\u00e9 du traitement des donn\u00e9es effectu\u00e9 jusqu'\u00e0 la r\u00e9vocation n'est pas affect\u00e9e par la r\u00e9vocation.<\/span><\/p><p><span style=\"font-weight: 400;\">Droit d'opposition \u00e0 la collecte de donn\u00e9es dans des cas particuliers ainsi qu'\u00e0 la publicit\u00e9 directe (art. 21 RGPD)<\/span><\/p><p><span style=\"font-weight: 400;\">Si le traitement des donn\u00e9es est effectu\u00e9 sur la base de l'article 6, paragraphe 1, point e ou f du RGPD, vous avez le droit de vous opposer \u00e0 tout moment, pour des raisons tenant \u00e0 votre situation particuli\u00e8re, au traitement de vos donn\u00e9es personnelles ; cela vaut \u00e9galement pour le profilage fond\u00e9 sur ces dispositions. Vous trouverez dans la pr\u00e9sente d\u00e9claration de protection des donn\u00e9es la base juridique respective sur laquelle repose un traitement. Si vous vous y opposez, nous ne traiterons plus vos donn\u00e9es \u00e0 caract\u00e8re personnel concern\u00e9es, \u00e0 moins que nous puissions d\u00e9montrer qu'il existe des motifs l\u00e9gitimes et imp\u00e9rieux pour le traitement qui pr\u00e9valent sur vos int\u00e9r\u00eats, droits et libert\u00e9s, ou que le traitement sert \u00e0 faire valoir, exercer ou d\u00e9fendre des droits en justice (opposition conform\u00e9ment \u00e0 l'article 21, paragraphe 1, du RGPD).<\/span><\/p><p><span style=\"font-weight: 400;\">Si vos donn\u00e9es personnelles sont trait\u00e9es \u00e0 des fins de publicit\u00e9 directe, vous avez le droit de vous opposer \u00e0 tout moment au traitement des donn\u00e9es personnelles vous concernant \u00e0 de telles fins de publicit\u00e9 ; cela s'applique \u00e9galement au profilage dans la mesure o\u00f9 il est li\u00e9 \u00e0 une telle publicit\u00e9 directe. Si vous vous y opposez, vos donn\u00e9es personnelles ne seront ensuite plus utilis\u00e9es \u00e0 des fins de publicit\u00e9 directe (opposition conform\u00e9ment \u00e0 l'article 21, paragraphe 2, du RGPD).<\/span><\/p><p><span style=\"font-weight: 400;\">Droit de recours aupr\u00e8s de l'autorit\u00e9 de surveillance comp\u00e9tente<\/span><\/p><p><span style=\"font-weight: 400;\">Dans le cas<\/span><\/p><p><span style=\"font-weight: 400;\">de violations du RGPD, les personnes concern\u00e9es disposent d'un droit de recours aupr\u00e8s d'une autorit\u00e9 de contr\u00f4le, notamment dans l'\u00c9tat membre de leur r\u00e9sidence habituelle, de leur lieu de travail ou du lieu de la violation pr\u00e9sum\u00e9e. Le droit de recours<\/span><\/p><p><span style=\"font-weight: 400;\">est sans pr\u00e9judice de tout autre recours administratif ou judiciaire.<\/span><\/p><p><span style=\"font-weight: 400;\">Droit \u00e0 la portabilit\u00e9 des donn\u00e9es<\/span><\/p><p><span style=\"font-weight: 400;\">Vous avez le droit de vous faire remettre ou de faire remettre \u00e0 un tiers, dans un format courant et lisible par machine, les donn\u00e9es que nous traitons de mani\u00e8re automatis\u00e9e sur la base de votre consentement ou en ex\u00e9cution d'un contrat. Si vous demandez la transmission directe des donn\u00e9es \u00e0 un autre responsable, cela ne se fera que dans la mesure o\u00f9 cela est techniquement possible.<\/span><\/p><p><span style=\"font-weight: 400;\">Chiffrement SSL ou TLS<\/span><\/p><p><span style=\"font-weight: 400;\">Pour des raisons de s\u00e9curit\u00e9 et pour prot\u00e9ger la transmission de contenus confidentiels, comme par exemple les commandes ou les demandes que vous nous envoyez en tant qu'exploitant du site, ce site utilise un cryptage SSL ou TLS. Vous reconnaissez une connexion crypt\u00e9e au fait que la ligne d'adresse du navigateur passe de \"https:\/\/\" \u00e0 \"https:\/\/\" et au symbole du cadenas dans la ligne de votre navigateur.<\/span><\/p><p><span style=\"font-weight: 400;\">Si le cryptage SSL ou TLS est activ\u00e9, les donn\u00e9es que vous nous transmettez ne peuvent pas \u00eatre lues par des tiers.<\/span><\/p><p><span style=\"font-weight: 400;\">Acc\u00e8s, blocage, effacement et rectification<\/span><\/p><p><span style=\"font-weight: 400;\">Dans le cadre des dispositions l\u00e9gales en vigueur, vous avez \u00e0 tout moment le droit d'obtenir gratuitement des informations sur vos donn\u00e9es personnelles enregistr\u00e9es, leur origine et leur destinataire ainsi que sur la finalit\u00e9 du traitement des donn\u00e9es et, le cas \u00e9ch\u00e9ant, un droit de rectification, de blocage ou de suppression de ces donn\u00e9es. Pour cela, ainsi que pour toute autre question relative aux donn\u00e9es personnelles, vous pouvez nous contacter \u00e0 tout moment \u00e0 l'adresse indiqu\u00e9e dans les mentions l\u00e9gales.<\/span><\/p><p><span style=\"font-weight: 400;\">Droit \u00e0 la limitation du traitement<\/span><\/p><p><span style=\"font-weight: 400;\">Vous avez le droit de demander la limitation du traitement de vos donn\u00e9es personnelles. Pour ce faire, vous pouvez nous contacter \u00e0 tout moment \u00e0 l'adresse indiqu\u00e9e dans les mentions l\u00e9gales. Le droit \u00e0 la limitation du traitement existe dans les cas suivants :<\/span><\/p><p><span style=\"font-weight: 400;\">Si vous contestez l'exactitude de vos donn\u00e9es \u00e0 caract\u00e8re personnel enregistr\u00e9es chez nous, nous avons g\u00e9n\u00e9ralement besoin de temps pour le v\u00e9rifier. Pendant la dur\u00e9e de la v\u00e9rification, vous avez le droit de demander la limitation du traitement de vos donn\u00e9es \u00e0 caract\u00e8re personnel.<\/span><\/p><p><span style=\"font-weight: 400;\">Si le traitement de vos donn\u00e9es personnelles s'est produit\/se produit de mani\u00e8re ill\u00e9gale, vous pouvez demander la limitation du traitement des donn\u00e9es au lieu de leur suppression.<\/span><\/p><p><span style=\"font-weight: 400;\">Si nous n'avons plus besoin de vos donn\u00e9es \u00e0 caract\u00e8re personnel, mais que vous en avez besoin pour exercer, d\u00e9fendre ou faire valoir des droits juridiques, vous avez le droit de demander la limitation du traitement de vos donn\u00e9es \u00e0 caract\u00e8re personnel au lieu de leur suppression.<\/span><\/p><p><span style=\"font-weight: 400;\">Si vous avez fait opposition conform\u00e9ment \u00e0 l'article 21, paragraphe 1, du RGPD, une mise en balance de vos int\u00e9r\u00eats et des n\u00f4tres doit \u00eatre effectu\u00e9e. Tant qu'il n'a pas \u00e9t\u00e9 d\u00e9termin\u00e9 quels int\u00e9r\u00eats pr\u00e9valent, vous avez le droit d'exiger la limitation du traitement de vos donn\u00e9es personnelles.<\/span><\/p><p><span style=\"font-weight: 400;\">Si vous avez limit\u00e9 le traitement de vos donn\u00e9es \u00e0 caract\u00e8re personnel, ces donn\u00e9es - \u00e0 l'exception de leur conservation - ne peuvent \u00eatre trait\u00e9es qu'avec votre consentement ou pour la constatation, l'exercice ou la d\u00e9fense de droits en justice ou pour la protection des droits d'une autre personne physique ou morale, ou encore pour un motif d'int\u00e9r\u00eat public important de l'Union europ\u00e9enne ou d'un \u00c9tat membre.<\/span><\/p><h2><span style=\"font-weight: 400;\">3. collecte de donn\u00e9es sur notre site web<\/span><\/h2><p><span style=\"font-weight: 400;\">Cookies<\/span><\/p><p><span style=\"font-weight: 400;\">Les sites Internet utilisent en partie des \u00ab cookies \u00bb. Les cookies n\u2019endommagent pas votre ordinateur et ne contiennent pas de virus. Les cookies servent \u00e0 rendre notre offre plus conviviale, efficace et s\u00fbre. Les cookies sont de petits fichiers texte qui sont d\u00e9pos\u00e9s sur votre ordinateur et que votre navigateur enregistre.<\/span><\/p><p><span style=\"font-weight: 400;\">La plupart des cookies que nous utilisons sont des \"cookies de session\". Ils sont automatiquement supprim\u00e9s \u00e0 la fin de votre visite. D'autres cookies restent enregistr\u00e9s sur votre terminal jusqu'\u00e0 ce que vous les supprimiez. Ces cookies nous permettent de reconna\u00eetre votre navigateur lors de votre prochaine visite.<\/span><\/p><p><span style=\"font-weight: 400;\">Vous pouvez configurer votre navigateur pour \u00eatre inform\u00e9 de la cr\u00e9ation de cookies et n'autoriser les cookies que dans des cas individuels, exclure l'acceptation des cookies pour des cas sp\u00e9cifiques ou en g\u00e9n\u00e9ral, et activer la suppression automatique des cookies \u00e0 la fermeture du navigateur. La d\u00e9sactivation des cookies peut limiter la fonctionnalit\u00e9 de ce site Web.<\/span><\/p><p><span style=\"font-weight: 400;\">Les cookies n\u00e9cessaires \u00e0 l'ex\u00e9cution du processus de communication \u00e9lectronique ou \u00e0 la mise \u00e0 disposition de certaines fonctions que vous avez souhait\u00e9es (par ex. fonction de panier d'achat) sont enregistr\u00e9s sur la base de l'article 6, paragraphe 1, point f du RGPD. L'exploitant du site web a un int\u00e9r\u00eat l\u00e9gitime \u00e0 l'enregistrement de cookies pour une mise \u00e0 disposition de ses services sans erreur technique et optimis\u00e9e. Dans la mesure o\u00f9 d'autres cookies (par ex. des cookies pour l'analyse de votre comportement de navigation) sont enregistr\u00e9s, ceux-ci sont trait\u00e9s s\u00e9par\u00e9ment dans la pr\u00e9sente d\u00e9claration de protection des donn\u00e9es.<\/span><\/p><p><span style=\"font-weight: 400;\">Formulaire de contact<\/span><\/p><p><span style=\"font-weight: 400;\">Si vous nous envoyez des demandes via le formulaire de contact<\/span><\/p><p><span style=\"font-weight: 400;\">vos donn\u00e9es du formulaire de demande, y compris les donn\u00e9es de contact que vous y avez indiqu\u00e9es, sont enregistr\u00e9es chez nous pour le traitement de la demande et en cas de questions de suivi. Nous ne transmettons pas ces donn\u00e9es sans votre consentement.<\/span><\/p><p><span style=\"font-weight: 400;\">Le traitement des donn\u00e9es saisies dans le formulaire de contact se fait donc exclusivement sur la base de votre consentement (article 6, paragraphe 1, point a du RGPD). Vous pouvez r\u00e9voquer ce consentement \u00e0 tout moment. Il suffit pour cela de nous envoyer un message informel par e-mail. La l\u00e9galit\u00e9 des op\u00e9rations de traitement des donn\u00e9es effectu\u00e9es jusqu'\u00e0 la r\u00e9vocation n'est pas affect\u00e9e par la r\u00e9vocation.<\/span><\/p><p><span style=\"font-weight: 400;\">Les donn\u00e9es que vous avez saisies dans le formulaire de contact restent chez nous jusqu'\u00e0 ce que vous nous demandiez de les supprimer, que vous r\u00e9voquiez votre autorisation de les enregistrer ou que le but de l'enregistrement des donn\u00e9es devienne caduc (par ex. apr\u00e8s le traitement de votre demande). Les dispositions l\u00e9gales contraignantes - en particulier les d\u00e9lais de conservation - ne sont pas affect\u00e9es.<\/span><\/p><p><span style=\"font-weight: 400;\">Demande par e-mail, t\u00e9l\u00e9phone ou fax<\/span><\/p><p><span style=\"font-weight: 400;\">Si vous nous contactez par e-mail, t\u00e9l\u00e9phone ou fax, votre demande, y compris toutes les donn\u00e9es personnelles qui en d\u00e9coulent (nom, demande), sera enregistr\u00e9e et trait\u00e9e par nos soins dans le but de traiter votre demande. Nous ne transmettons pas ces donn\u00e9es sans votre consentement.<\/span><\/p><p><span style=\"font-weight: 400;\">Le traitement de ces donn\u00e9es est fond\u00e9 sur l'article 6, paragraphe 1, point b), du RGPD, dans la mesure o\u00f9 votre demande est li\u00e9e \u00e0 l'ex\u00e9cution d'un contrat ou est n\u00e9cessaire \u00e0 l'ex\u00e9cution de mesures pr\u00e9contractuelles. Dans tous les autres cas, le traitement se fonde sur votre consentement (art. 6, al. 1, let. a, RGPD) et\/ou sur nos int\u00e9r\u00eats l\u00e9gitimes (art. 6, al. 1, let. f, RGPD), car nous avons un int\u00e9r\u00eat l\u00e9gitime \u00e0 traiter efficacement les demandes qui nous sont adress\u00e9es.<\/span><\/p><p><span style=\"font-weight: 400;\">ont.<\/span><\/p><p><span style=\"font-weight: 400;\">Les donn\u00e9es que vous nous avez envoy\u00e9es par le biais de demandes de contact restent chez nous jusqu'\u00e0 ce que vous nous demandiez de les supprimer, que vous r\u00e9voquiez votre consentement \u00e0 leur stockage ou que le but du stockage des donn\u00e9es devienne caduc (par exemple, apr\u00e8s le traitement de votre demande). Les dispositions l\u00e9gales contraignantes - en particulier les d\u00e9lais de conservation l\u00e9gaux - ne sont pas affect\u00e9es.<\/span><\/p><p><span style=\"font-weight: 400;\">Source : e-recht24.de<\/span><\/p>\t\t\t\t\t\t\t\t<\/div>\n\t\t\t\t<\/div>\n\t\t\t\t\t<\/div>\n\t\t<\/div>\n\t\t\t\t\t<\/div>\n\t\t<\/section>\n\t\t\t\t<\/div>","protected":false},"excerpt":{"rendered":"<p>AGB und Datenschutzerkl\u00e4rung AGB Ing. Werner Pletzer, Autohaus \u2013 Puls Air e.U. Allgemeine Liefer- und Auftragsbedingungen f\u00fcr Endkunden (Verbraucher gem. \u00a7 13 BGB) der Ing. Werner Pletzer, Autohaus \u2013 Puls Air e.U. (Gem\u00e4\u00df den Bestimmungen des Bundesdatenschutzgesetzes weisen wir darauf hin, dass Daten der Gesch\u00e4ftsbeziehung mit dem Kunden in unserer EDV-Anlage gespeichert werden.) Geltungsbereich F\u00fcr [&hellip;]<\/p>\n","protected":false},"author":2,"featured_media":0,"parent":0,"menu_order":0,"comment_status":"closed","ping_status":"closed","template":"","meta":{"_joinchat":[],"footnotes":""},"class_list":["post-3190","page","type-page","status-publish","hentry"],"yoast_head":"<!-- This site is optimized with the Yoast SEO plugin v27.4 - https:\/\/yoast.com\/product\/yoast-seo-wordpress\/ -->\n<title>AGB &amp; Datenschutz - Puls-air Hallen und Werkstattheizung<\/title>\n<meta name=\"robots\" content=\"index, follow, max-snippet:-1, max-image-preview:large, max-video-preview:-1\" \/>\n<link rel=\"canonical\" href=\"https:\/\/pulsair.net\/fr\/agb-datenschutz\/\" \/>\n<meta property=\"og:locale\" content=\"fr_FR\" \/>\n<meta property=\"og:type\" content=\"article\" \/>\n<meta property=\"og:title\" content=\"AGB &amp; Datenschutz - Puls-air Hallen und Werkstattheizung\" \/>\n<meta property=\"og:description\" content=\"AGB und Datenschutzerkl\u00e4rung AGB Ing. Werner Pletzer, Autohaus \u2013 Puls Air e.U. Allgemeine Liefer- und Auftragsbedingungen f\u00fcr Endkunden (Verbraucher gem. \u00a7 13 BGB) der Ing. Werner Pletzer, Autohaus \u2013 Puls Air e.U. (Gem\u00e4\u00df den Bestimmungen des Bundesdatenschutzgesetzes weisen wir darauf hin, dass Daten der Gesch\u00e4ftsbeziehung mit dem Kunden in unserer EDV-Anlage gespeichert werden.) Geltungsbereich F\u00fcr [&hellip;]\" \/>\n<meta property=\"og:url\" content=\"https:\/\/pulsair.net\/fr\/agb-datenschutz\/\" \/>\n<meta property=\"og:site_name\" content=\"Puls-air Hallen und Werkstattheizung\" \/>\n<meta name=\"twitter:card\" content=\"summary_large_image\" \/>\n<meta name=\"twitter:label1\" content=\"Est. reading time\" \/>\n\t<meta name=\"twitter:data1\" content=\"16 minutes\" \/>\n<script type=\"application\/ld+json\" class=\"yoast-schema-graph\">{\"@context\":\"https:\\\/\\\/schema.org\",\"@graph\":[{\"@type\":\"WebPage\",\"@id\":\"https:\\\/\\\/pulsair.net\\\/agb-datenschutz\\\/\",\"url\":\"https:\\\/\\\/pulsair.net\\\/agb-datenschutz\\\/\",\"name\":\"AGB & Datenschutz - Puls-air Hallen und Werkstattheizung\",\"isPartOf\":{\"@id\":\"https:\\\/\\\/pulsair.net\\\/#website\"},\"datePublished\":\"2024-03-21T16:09:07+00:00\",\"breadcrumb\":{\"@id\":\"https:\\\/\\\/pulsair.net\\\/agb-datenschutz\\\/#breadcrumb\"},\"inLanguage\":\"fr-FR\",\"potentialAction\":[{\"@type\":\"ReadAction\",\"target\":[\"https:\\\/\\\/pulsair.net\\\/agb-datenschutz\\\/\"]}]},{\"@type\":\"BreadcrumbList\",\"@id\":\"https:\\\/\\\/pulsair.net\\\/agb-datenschutz\\\/#breadcrumb\",\"itemListElement\":[{\"@type\":\"ListItem\",\"position\":1,\"name\":\"Startseite\",\"item\":\"https:\\\/\\\/pulsair.net\\\/\"},{\"@type\":\"ListItem\",\"position\":2,\"name\":\"AGB &#038; Datenschutz\"}]},{\"@type\":\"WebSite\",\"@id\":\"https:\\\/\\\/pulsair.net\\\/#website\",\"url\":\"https:\\\/\\\/pulsair.net\\\/\",\"name\":\"Puls-air Hallen und Werkstattheizung\",\"description\":\"50 % Heizkosten sparen\",\"publisher\":{\"@id\":\"https:\\\/\\\/pulsair.net\\\/#organization\"},\"potentialAction\":[{\"@type\":\"SearchAction\",\"target\":{\"@type\":\"EntryPoint\",\"urlTemplate\":\"https:\\\/\\\/pulsair.net\\\/?s={search_term_string}\"},\"query-input\":{\"@type\":\"PropertyValueSpecification\",\"valueRequired\":true,\"valueName\":\"search_term_string\"}}],\"inLanguage\":\"fr-FR\"},{\"@type\":\"Organization\",\"@id\":\"https:\\\/\\\/pulsair.net\\\/#organization\",\"name\":\"Puls-air Hallen und Werkstattheizung\",\"url\":\"https:\\\/\\\/pulsair.net\\\/\",\"logo\":{\"@type\":\"ImageObject\",\"inLanguage\":\"fr-FR\",\"@id\":\"https:\\\/\\\/pulsair.net\\\/#\\\/schema\\\/logo\\\/image\\\/\",\"url\":\"https:\\\/\\\/pulsair.net\\\/wp-content\\\/uploads\\\/2020\\\/07\\\/cropped-cropped-Rotation-alleine-500x500-1.png\",\"contentUrl\":\"https:\\\/\\\/pulsair.net\\\/wp-content\\\/uploads\\\/2020\\\/07\\\/cropped-cropped-Rotation-alleine-500x500-1.png\",\"width\":512,\"height\":512,\"caption\":\"Puls-air Hallen und Werkstattheizung\"},\"image\":{\"@id\":\"https:\\\/\\\/pulsair.net\\\/#\\\/schema\\\/logo\\\/image\\\/\"}}]}<\/script>\n<!-- \/ Yoast SEO plugin. -->","yoast_head_json":{"title":"AGB & Datenschutz - Puls-air Hallen und Werkstattheizung","robots":{"index":"index","follow":"follow","max-snippet":"max-snippet:-1","max-image-preview":"max-image-preview:large","max-video-preview":"max-video-preview:-1"},"canonical":"https:\/\/pulsair.net\/fr\/agb-datenschutz\/","og_locale":"fr_FR","og_type":"article","og_title":"AGB & Datenschutz - Puls-air Hallen und Werkstattheizung","og_description":"AGB und Datenschutzerkl\u00e4rung AGB Ing. Werner Pletzer, Autohaus \u2013 Puls Air e.U. Allgemeine Liefer- und Auftragsbedingungen f\u00fcr Endkunden (Verbraucher gem. \u00a7 13 BGB) der Ing. Werner Pletzer, Autohaus \u2013 Puls Air e.U. (Gem\u00e4\u00df den Bestimmungen des Bundesdatenschutzgesetzes weisen wir darauf hin, dass Daten der Gesch\u00e4ftsbeziehung mit dem Kunden in unserer EDV-Anlage gespeichert werden.) Geltungsbereich F\u00fcr [&hellip;]","og_url":"https:\/\/pulsair.net\/fr\/agb-datenschutz\/","og_site_name":"Puls-air Hallen und Werkstattheizung","twitter_card":"summary_large_image","twitter_misc":{"Est. reading time":"16 minutes"},"schema":{"@context":"https:\/\/schema.org","@graph":[{"@type":"WebPage","@id":"https:\/\/pulsair.net\/agb-datenschutz\/","url":"https:\/\/pulsair.net\/agb-datenschutz\/","name":"AGB & Datenschutz - Puls-air Hallen und Werkstattheizung","isPartOf":{"@id":"https:\/\/pulsair.net\/#website"},"datePublished":"2024-03-21T16:09:07+00:00","breadcrumb":{"@id":"https:\/\/pulsair.net\/agb-datenschutz\/#breadcrumb"},"inLanguage":"fr-FR","potentialAction":[{"@type":"ReadAction","target":["https:\/\/pulsair.net\/agb-datenschutz\/"]}]},{"@type":"BreadcrumbList","@id":"https:\/\/pulsair.net\/agb-datenschutz\/#breadcrumb","itemListElement":[{"@type":"ListItem","position":1,"name":"Startseite","item":"https:\/\/pulsair.net\/"},{"@type":"ListItem","position":2,"name":"AGB &#038; Datenschutz"}]},{"@type":"WebSite","@id":"https:\/\/pulsair.net\/#website","url":"https:\/\/pulsair.net\/","name":"Puls-air Hallen und Werkstattheizung","description":"50 % Heizkosten sparen","publisher":{"@id":"https:\/\/pulsair.net\/#organization"},"potentialAction":[{"@type":"SearchAction","target":{"@type":"EntryPoint","urlTemplate":"https:\/\/pulsair.net\/?s={search_term_string}"},"query-input":{"@type":"PropertyValueSpecification","valueRequired":true,"valueName":"search_term_string"}}],"inLanguage":"fr-FR"},{"@type":"Organization","@id":"https:\/\/pulsair.net\/#organization","name":"Puls-air Hallen und Werkstattheizung","url":"https:\/\/pulsair.net\/","logo":{"@type":"ImageObject","inLanguage":"fr-FR","@id":"https:\/\/pulsair.net\/#\/schema\/logo\/image\/","url":"https:\/\/pulsair.net\/wp-content\/uploads\/2020\/07\/cropped-cropped-Rotation-alleine-500x500-1.png","contentUrl":"https:\/\/pulsair.net\/wp-content\/uploads\/2020\/07\/cropped-cropped-Rotation-alleine-500x500-1.png","width":512,"height":512,"caption":"Puls-air Hallen und Werkstattheizung"},"image":{"@id":"https:\/\/pulsair.net\/#\/schema\/logo\/image\/"}}]}},"_links":{"self":[{"href":"https:\/\/pulsair.net\/fr\/wp-json\/wp\/v2\/pages\/3190","targetHints":{"allow":["GET"]}}],"collection":[{"href":"https:\/\/pulsair.net\/fr\/wp-json\/wp\/v2\/pages"}],"about":[{"href":"https:\/\/pulsair.net\/fr\/wp-json\/wp\/v2\/types\/page"}],"author":[{"embeddable":true,"href":"https:\/\/pulsair.net\/fr\/wp-json\/wp\/v2\/users\/2"}],"replies":[{"embeddable":true,"href":"https:\/\/pulsair.net\/fr\/wp-json\/wp\/v2\/comments?post=3190"}],"version-history":[{"count":1,"href":"https:\/\/pulsair.net\/fr\/wp-json\/wp\/v2\/pages\/3190\/revisions"}],"predecessor-version":[{"id":3304,"href":"https:\/\/pulsair.net\/fr\/wp-json\/wp\/v2\/pages\/3190\/revisions\/3304"}],"wp:attachment":[{"href":"https:\/\/pulsair.net\/fr\/wp-json\/wp\/v2\/media?parent=3190"}],"curies":[{"name":"wp","href":"https:\/\/api.w.org\/{rel}","templated":true}]}}