{"id":1020,"date":"2022-04-11T13:19:52","date_gmt":"2022-04-11T13:19:52","guid":{"rendered":"https:\/\/werkstattheizung.pulsair.net\/?page_id=1020"},"modified":"2026-03-26T07:43:11","modified_gmt":"2026-03-26T07:43:11","slug":"referenzen","status":"publish","type":"page","link":"https:\/\/pulsair.net\/nl\/referenzen\/","title":{"rendered":"Referenties"},"content":{"rendered":"<div data-elementor-type=\"wp-page\" data-elementor-id=\"1020\" class=\"elementor elementor-1020\" data-elementor-post-type=\"page\">\n\t\t\t\t\t\t<section class=\"elementor-section elementor-top-section elementor-element elementor-element-431ea6e elementor-section-boxed elementor-section-height-default elementor-section-height-default\" data-id=\"431ea6e\" data-element_type=\"section\" data-e-type=\"section\">\n\t\t\t\t\t\t<div class=\"elementor-container elementor-column-gap-default\">\n\t\t\t\t\t<div class=\"elementor-column elementor-col-100 elementor-top-column elementor-element elementor-element-db08fd0\" data-id=\"db08fd0\" data-element_type=\"column\" data-e-type=\"column\">\n\t\t\t<div class=\"elementor-widget-wrap elementor-element-populated\">\n\t\t\t\t\t\t<div class=\"elementor-element elementor-element-a4fd0b5 elementor-widget elementor-widget-image\" data-id=\"a4fd0b5\" data-element_type=\"widget\" data-e-type=\"widget\" data-widget_type=\"image.default\">\n\t\t\t\t<div class=\"elementor-widget-container\">\n\t\t\t\t\t\t\t\t\t\t\t\t\t\t\t<img decoding=\"async\" src=\"https:\/\/pulsair.net\/wp-content\/uploads\/2020\/07\/cropped-Rotation-alleine-500x500-1-100x100.png\" title=\"cropped-Rotation-alleine-500&#215;500-1.png\" alt=\"cropped-Rotation-alleine-500x500-1.png\" loading=\"lazy\" \/>\t\t\t\t\t\t\t\t\t\t\t\t\t\t\t<\/div>\n\t\t\t\t<\/div>\n\t\t\t\t<div class=\"elementor-element elementor-element-b3d6a6c elementor-widget elementor-widget-text-editor\" data-id=\"b3d6a6c\" data-element_type=\"widget\" data-e-type=\"widget\" data-widget_type=\"text-editor.default\">\n\t\t\t\t<div class=\"elementor-widget-container\">\n\t\t\t\t\t\t\t\t\t<div class=\"titel_cst_small smallTitle TitelKlein\">Wat onze klanten zeggen<\/div>\t\t\t\t\t\t\t\t<\/div>\n\t\t\t\t<\/div>\n\t\t\t\t<div class=\"elementor-element elementor-element-fa02acb elementor-widget elementor-widget-text-editor\" data-id=\"fa02acb\" data-element_type=\"widget\" data-e-type=\"widget\" data-widget_type=\"text-editor.default\">\n\t\t\t\t<div class=\"elementor-widget-container\">\n\t\t\t\t\t\t\t\t\t<div class=\"titel_cst\"><div class=\"titel_cst_big\"><h1 class=\"Titel\">REFERENTIES<\/h1><\/div><\/div>\t\t\t\t\t\t\t\t<\/div>\n\t\t\t\t<\/div>\n\t\t\t\t\t<\/div>\n\t\t<\/div>\n\t\t\t\t\t<\/div>\n\t\t<\/section>\n\t\t\t\t<section class=\"elementor-section elementor-top-section elementor-element elementor-element-947dded elementor-section-boxed elementor-section-height-default elementor-section-height-default\" data-id=\"947dded\" data-element_type=\"section\" data-e-type=\"section\" data-settings=\"{&quot;background_background&quot;:&quot;classic&quot;}\">\n\t\t\t\t\t\t<div class=\"elementor-container elementor-column-gap-default\">\n\t\t\t\t\t<div class=\"elementor-column elementor-col-100 elementor-top-column elementor-element elementor-element-27b3fcb\" data-id=\"27b3fcb\" data-element_type=\"column\" data-e-type=\"column\">\n\t\t\t<div class=\"elementor-widget-wrap elementor-element-populated\">\n\t\t\t\t\t\t<div class=\"elementor-element elementor-element-28925cd elementor-grid-2 elementor-grid-tablet-2 elementor-grid-mobile-1 elementor-posts--thumbnail-top elementor-card-shadow-yes elementor-posts__hover-gradient elementor-widget elementor-widget-posts\" data-id=\"28925cd\" data-element_type=\"widget\" data-e-type=\"widget\" data-settings=\"{&quot;cards_masonry&quot;:&quot;yes&quot;,&quot;cards_columns&quot;:&quot;2&quot;,&quot;pagination_type&quot;:&quot;numbers&quot;,&quot;cards_columns_tablet&quot;:&quot;2&quot;,&quot;cards_columns_mobile&quot;:&quot;1&quot;,&quot;cards_row_gap&quot;:{&quot;unit&quot;:&quot;px&quot;,&quot;size&quot;:35,&quot;sizes&quot;:[]},&quot;cards_row_gap_tablet&quot;:{&quot;unit&quot;:&quot;px&quot;,&quot;size&quot;:&quot;&quot;,&quot;sizes&quot;:[]},&quot;cards_row_gap_mobile&quot;:{&quot;unit&quot;:&quot;px&quot;,&quot;size&quot;:&quot;&quot;,&quot;sizes&quot;:[]}}\" data-widget_type=\"posts.cards\">\n\t\t\t\t<div class=\"elementor-widget-container\">\n\t\t\t\t\t\t\t<div class=\"elementor-posts-container elementor-posts elementor-posts--skin-cards elementor-grid\" role=\"list\">\n\t\t\t\t<article class=\"elementor-post elementor-grid-item post-5109 post type-post status-publish format-standard has-post-thumbnail hentry category-deutschland category-referenz\" role=\"listitem\">\n\t\t\t<div class=\"elementor-post__card\">\n\t\t\t\t<a class=\"elementor-post__thumbnail__link\" href=\"https:\/\/pulsair.net\/nl\/referenz\/auto-lackier-center-bamberg\/\" tabindex=\"-1\" ><div class=\"elementor-post__thumbnail\"><img fetchpriority=\"high\" decoding=\"async\" width=\"640\" height=\"480\" src=\"https:\/\/pulsair.net\/wp-content\/uploads\/2026\/03\/unnamed-2.jpg\" class=\"attachment-full size-full wp-image-5111\" alt=\"\" srcset=\"https:\/\/pulsair.net\/wp-content\/uploads\/2026\/03\/unnamed-2.jpg 640w, https:\/\/pulsair.net\/wp-content\/uploads\/2026\/03\/unnamed-2-300x225.jpg 300w, https:\/\/pulsair.net\/wp-content\/uploads\/2026\/03\/unnamed-2-16x12.jpg 16w, https:\/\/pulsair.net\/wp-content\/uploads\/2026\/03\/unnamed-2-600x450.jpg 600w\" sizes=\"(max-width: 640px) 100vw, 640px\" \/><\/div><\/a>\n\t\t\t\t<div class=\"elementor-post__text\">\n\t\t\t\t<h3 class=\"elementor-post__title\">\n\t\t\t<a href=\"https:\/\/pulsair.net\/nl\/referenz\/auto-lackier-center-bamberg\/\" >\n\t\t\t\tAUTO-LACKIER-CENTER &#038; KAROSSERIEFACHBETRIEB, Bamberg, Deutschland &#x1f1e9;&#x1f1ea;\t\t\t<\/a>\n\t\t<\/h3>\n\t\t\n\t\t<a class=\"elementor-post__read-more\" href=\"https:\/\/pulsair.net\/nl\/referenz\/auto-lackier-center-bamberg\/\" aria-label=\"Read more about AUTO-LACKIER-CENTER &#038; KAROSSERIEFACHBETRIEB, Bamberg, Deutschland &#x1f1e9;&#x1f1ea;\" tabindex=\"-1\" >\n\t\t\tZur Referenz &gt;&gt;\t\t<\/a>\n\n\t\t\t\t<\/div>\n\t\t\t\t\t<\/div>\n\t\t<\/article>\n\t\t\t\t<article class=\"elementor-post elementor-grid-item post-5098 post type-post status-publish format-standard has-post-thumbnail hentry category-deutschland category-referenz\" role=\"listitem\">\n\t\t\t<div class=\"elementor-post__card\">\n\t\t\t\t<a class=\"elementor-post__thumbnail__link\" href=\"https:\/\/pulsair.net\/nl\/referenz\/autohaus-schroeder-gmbh-bad-oldesloe\/\" tabindex=\"-1\" ><div class=\"elementor-post__thumbnail\"><img decoding=\"async\" width=\"1920\" height=\"1440\" src=\"https:\/\/pulsair.net\/wp-content\/uploads\/2026\/03\/P1280095-SchrAder-4.jpg\" class=\"attachment-full size-full wp-image-5100\" alt=\"\" srcset=\"https:\/\/pulsair.net\/wp-content\/uploads\/2026\/03\/P1280095-SchrAder-4.jpg 1920w, https:\/\/pulsair.net\/wp-content\/uploads\/2026\/03\/P1280095-SchrAder-4-300x225.jpg 300w, https:\/\/pulsair.net\/wp-content\/uploads\/2026\/03\/P1280095-SchrAder-4-1024x768.jpg 1024w, https:\/\/pulsair.net\/wp-content\/uploads\/2026\/03\/P1280095-SchrAder-4-768x576.jpg 768w, https:\/\/pulsair.net\/wp-content\/uploads\/2026\/03\/P1280095-SchrAder-4-1536x1152.jpg 1536w, https:\/\/pulsair.net\/wp-content\/uploads\/2026\/03\/P1280095-SchrAder-4-16x12.jpg 16w, https:\/\/pulsair.net\/wp-content\/uploads\/2026\/03\/P1280095-SchrAder-4-600x450.jpg 600w\" sizes=\"(max-width: 1920px) 100vw, 1920px\" \/><\/div><\/a>\n\t\t\t\t<div class=\"elementor-post__text\">\n\t\t\t\t<h3 class=\"elementor-post__title\">\n\t\t\t<a href=\"https:\/\/pulsair.net\/nl\/referenz\/autohaus-schroeder-gmbh-bad-oldesloe\/\" >\n\t\t\t\tAutohaus Schr\u00f6der GmbH Bad Oldesloe, Deutschland &#x1f1e9;&#x1f1ea;\t\t\t<\/a>\n\t\t<\/h3>\n\t\t\n\t\t<a class=\"elementor-post__read-more\" href=\"https:\/\/pulsair.net\/nl\/referenz\/autohaus-schroeder-gmbh-bad-oldesloe\/\" aria-label=\"Read more about Autohaus Schr\u00f6der GmbH Bad Oldesloe, Deutschland &#x1f1e9;&#x1f1ea;\" tabindex=\"-1\" >\n\t\t\tZur Referenz &gt;&gt;\t\t<\/a>\n\n\t\t\t\t<\/div>\n\t\t\t\t\t<\/div>\n\t\t<\/article>\n\t\t\t\t<article class=\"elementor-post elementor-grid-item post-5086 post type-post status-publish format-standard has-post-thumbnail hentry category-deutschland category-referenz\" role=\"listitem\">\n\t\t\t<div class=\"elementor-post__card\">\n\t\t\t\t<a class=\"elementor-post__thumbnail__link\" href=\"https:\/\/pulsair.net\/nl\/referenz\/ts-carservice-thomas-stoss-schluechtern\/\" tabindex=\"-1\" ><div class=\"elementor-post__thumbnail\"><img decoding=\"async\" width=\"1280\" height=\"1920\" src=\"https:\/\/pulsair.net\/wp-content\/uploads\/2026\/03\/ts-pulsair_5063-ts-Car-Service-7.jpg\" class=\"attachment-full size-full wp-image-5088\" alt=\"\" srcset=\"https:\/\/pulsair.net\/wp-content\/uploads\/2026\/03\/ts-pulsair_5063-ts-Car-Service-7.jpg 1280w, https:\/\/pulsair.net\/wp-content\/uploads\/2026\/03\/ts-pulsair_5063-ts-Car-Service-7-200x300.jpg 200w, https:\/\/pulsair.net\/wp-content\/uploads\/2026\/03\/ts-pulsair_5063-ts-Car-Service-7-683x1024.jpg 683w, https:\/\/pulsair.net\/wp-content\/uploads\/2026\/03\/ts-pulsair_5063-ts-Car-Service-7-768x1152.jpg 768w, https:\/\/pulsair.net\/wp-content\/uploads\/2026\/03\/ts-pulsair_5063-ts-Car-Service-7-1024x1536.jpg 1024w, https:\/\/pulsair.net\/wp-content\/uploads\/2026\/03\/ts-pulsair_5063-ts-Car-Service-7-8x12.jpg 8w, https:\/\/pulsair.net\/wp-content\/uploads\/2026\/03\/ts-pulsair_5063-ts-Car-Service-7-600x900.jpg 600w\" sizes=\"(max-width: 1280px) 100vw, 1280px\" \/><\/div><\/a>\n\t\t\t\t<div class=\"elementor-post__text\">\n\t\t\t\t<h3 class=\"elementor-post__title\">\n\t\t\t<a href=\"https:\/\/pulsair.net\/nl\/referenz\/ts-carservice-thomas-stoss-schluechtern\/\" >\n\t\t\t\tTS-Carservice Thomas Sto\u00df Schl\u00fcchtern, Deutschland &#x1f1e9;&#x1f1ea;\t\t\t<\/a>\n\t\t<\/h3>\n\t\t\n\t\t<a class=\"elementor-post__read-more\" href=\"https:\/\/pulsair.net\/nl\/referenz\/ts-carservice-thomas-stoss-schluechtern\/\" aria-label=\"Read more about TS-Carservice Thomas Sto\u00df Schl\u00fcchtern, Deutschland &#x1f1e9;&#x1f1ea;\" tabindex=\"-1\" >\n\t\t\tZur Referenz &gt;&gt;\t\t<\/a>\n\n\t\t\t\t<\/div>\n\t\t\t\t\t<\/div>\n\t\t<\/article>\n\t\t\t\t<article class=\"elementor-post elementor-grid-item post-5074 post type-post status-publish format-standard has-post-thumbnail hentry category-deutschland category-referenz\" role=\"listitem\">\n\t\t\t<div class=\"elementor-post__card\">\n\t\t\t\t<a class=\"elementor-post__thumbnail__link\" href=\"https:\/\/pulsair.net\/nl\/referenz\/autohaus-richter-gmbh-bitterfeld-wolfen\/\" tabindex=\"-1\" ><div class=\"elementor-post__thumbnail\"><img loading=\"lazy\" decoding=\"async\" width=\"1920\" height=\"1280\" src=\"https:\/\/pulsair.net\/wp-content\/uploads\/2026\/03\/foto-grehl-1MP-7246.jpg\" class=\"attachment-full size-full wp-image-5076\" alt=\"\" srcset=\"https:\/\/pulsair.net\/wp-content\/uploads\/2026\/03\/foto-grehl-1MP-7246.jpg 1920w, https:\/\/pulsair.net\/wp-content\/uploads\/2026\/03\/foto-grehl-1MP-7246-300x200.jpg 300w, https:\/\/pulsair.net\/wp-content\/uploads\/2026\/03\/foto-grehl-1MP-7246-1024x683.jpg 1024w, https:\/\/pulsair.net\/wp-content\/uploads\/2026\/03\/foto-grehl-1MP-7246-768x512.jpg 768w, https:\/\/pulsair.net\/wp-content\/uploads\/2026\/03\/foto-grehl-1MP-7246-1536x1024.jpg 1536w, https:\/\/pulsair.net\/wp-content\/uploads\/2026\/03\/foto-grehl-1MP-7246-18x12.jpg 18w, https:\/\/pulsair.net\/wp-content\/uploads\/2026\/03\/foto-grehl-1MP-7246-600x400.jpg 600w\" sizes=\"(max-width: 1920px) 100vw, 1920px\" \/><\/div><\/a>\n\t\t\t\t<div class=\"elementor-post__text\">\n\t\t\t\t<h3 class=\"elementor-post__title\">\n\t\t\t<a href=\"https:\/\/pulsair.net\/nl\/referenz\/autohaus-richter-gmbh-bitterfeld-wolfen\/\" >\n\t\t\t\tAutohaus Richter GmbH Bitterfeld-Wolfen, Deutschland &#x1f1e9;&#x1f1ea;\t\t\t<\/a>\n\t\t<\/h3>\n\t\t\n\t\t<a class=\"elementor-post__read-more\" href=\"https:\/\/pulsair.net\/nl\/referenz\/autohaus-richter-gmbh-bitterfeld-wolfen\/\" aria-label=\"Read more about Autohaus Richter GmbH Bitterfeld-Wolfen, Deutschland &#x1f1e9;&#x1f1ea;\" tabindex=\"-1\" >\n\t\t\tZur Referenz &gt;&gt;\t\t<\/a>\n\n\t\t\t\t<\/div>\n\t\t\t\t\t<\/div>\n\t\t<\/article>\n\t\t\t\t<article class=\"elementor-post elementor-grid-item post-5056 post type-post status-publish format-standard has-post-thumbnail hentry category-deutschland category-referenz\" role=\"listitem\">\n\t\t\t<div class=\"elementor-post__card\">\n\t\t\t\t<a class=\"elementor-post__thumbnail__link\" href=\"https:\/\/pulsair.net\/nl\/referenz\/1a-autoservice-martin-distner-eslarn\/\" tabindex=\"-1\" ><div class=\"elementor-post__thumbnail\"><img loading=\"lazy\" decoding=\"async\" width=\"1709\" height=\"2560\" src=\"https:\/\/pulsair.net\/wp-content\/uploads\/2026\/03\/DSCF2467-scaled.jpg\" class=\"attachment-full size-full wp-image-5060\" alt=\"\" srcset=\"https:\/\/pulsair.net\/wp-content\/uploads\/2026\/03\/DSCF2467-scaled.jpg 1709w, https:\/\/pulsair.net\/wp-content\/uploads\/2026\/03\/DSCF2467-200x300.jpg 200w, https:\/\/pulsair.net\/wp-content\/uploads\/2026\/03\/DSCF2467-684x1024.jpg 684w, https:\/\/pulsair.net\/wp-content\/uploads\/2026\/03\/DSCF2467-768x1150.jpg 768w, https:\/\/pulsair.net\/wp-content\/uploads\/2026\/03\/DSCF2467-1025x1536.jpg 1025w, https:\/\/pulsair.net\/wp-content\/uploads\/2026\/03\/DSCF2467-1367x2048.jpg 1367w, https:\/\/pulsair.net\/wp-content\/uploads\/2026\/03\/DSCF2467-8x12.jpg 8w, https:\/\/pulsair.net\/wp-content\/uploads\/2026\/03\/DSCF2467-600x899.jpg 600w\" sizes=\"(max-width: 1709px) 100vw, 1709px\" \/><\/div><\/a>\n\t\t\t\t<div class=\"elementor-post__text\">\n\t\t\t\t<h3 class=\"elementor-post__title\">\n\t\t\t<a href=\"https:\/\/pulsair.net\/nl\/referenz\/1a-autoservice-martin-distner-eslarn\/\" >\n\t\t\t\t1a autoservice Martin Distner Eslarn, Deutschland &#x1f1e9;&#x1f1ea;\t\t\t<\/a>\n\t\t<\/h3>\n\t\t\n\t\t<a class=\"elementor-post__read-more\" href=\"https:\/\/pulsair.net\/nl\/referenz\/1a-autoservice-martin-distner-eslarn\/\" aria-label=\"Read more about 1a autoservice Martin Distner Eslarn, Deutschland &#x1f1e9;&#x1f1ea;\" tabindex=\"-1\" >\n\t\t\tZur Referenz &gt;&gt;\t\t<\/a>\n\n\t\t\t\t<\/div>\n\t\t\t\t\t<\/div>\n\t\t<\/article>\n\t\t\t\t<article class=\"elementor-post elementor-grid-item post-5047 post type-post status-publish format-standard has-post-thumbnail hentry category-deutschland category-referenz\" role=\"listitem\">\n\t\t\t<div class=\"elementor-post__card\">\n\t\t\t\t<a class=\"elementor-post__thumbnail__link\" href=\"https:\/\/pulsair.net\/nl\/referenz\/autohaus-bacher-gmbh-ingolstadt\/\" tabindex=\"-1\" ><div class=\"elementor-post__thumbnail\"><img loading=\"lazy\" decoding=\"async\" width=\"1920\" height=\"1280\" src=\"https:\/\/pulsair.net\/wp-content\/uploads\/2026\/03\/Bild-004.jpg\" class=\"attachment-full size-full wp-image-5049\" alt=\"\" srcset=\"https:\/\/pulsair.net\/wp-content\/uploads\/2026\/03\/Bild-004.jpg 1920w, https:\/\/pulsair.net\/wp-content\/uploads\/2026\/03\/Bild-004-300x200.jpg 300w, https:\/\/pulsair.net\/wp-content\/uploads\/2026\/03\/Bild-004-1024x683.jpg 1024w, https:\/\/pulsair.net\/wp-content\/uploads\/2026\/03\/Bild-004-768x512.jpg 768w, https:\/\/pulsair.net\/wp-content\/uploads\/2026\/03\/Bild-004-1536x1024.jpg 1536w, https:\/\/pulsair.net\/wp-content\/uploads\/2026\/03\/Bild-004-18x12.jpg 18w, https:\/\/pulsair.net\/wp-content\/uploads\/2026\/03\/Bild-004-600x400.jpg 600w\" sizes=\"(max-width: 1920px) 100vw, 1920px\" \/><\/div><\/a>\n\t\t\t\t<div class=\"elementor-post__text\">\n\t\t\t\t<h3 class=\"elementor-post__title\">\n\t\t\t<a href=\"https:\/\/pulsair.net\/nl\/referenz\/autohaus-bacher-gmbh-ingolstadt\/\" >\n\t\t\t\tAutohaus Bacher GmbH Ingolstadt, Deutschland &#x1f1e9;&#x1f1ea;\t\t\t<\/a>\n\t\t<\/h3>\n\t\t\n\t\t<a class=\"elementor-post__read-more\" href=\"https:\/\/pulsair.net\/nl\/referenz\/autohaus-bacher-gmbh-ingolstadt\/\" aria-label=\"Read more about Autohaus Bacher GmbH Ingolstadt, Deutschland &#x1f1e9;&#x1f1ea;\" tabindex=\"-1\" >\n\t\t\tZur Referenz &gt;&gt;\t\t<\/a>\n\n\t\t\t\t<\/div>\n\t\t\t\t\t<\/div>\n\t\t<\/article>\n\t\t\t\t<article class=\"elementor-post elementor-grid-item post-4924 post type-post status-publish format-standard has-post-thumbnail hentry category-deutschland category-referenz\" role=\"listitem\">\n\t\t\t<div class=\"elementor-post__card\">\n\t\t\t\t<a class=\"elementor-post__thumbnail__link\" href=\"https:\/\/pulsair.net\/nl\/referenz\/stefan-alt-reidenhausen\/\" tabindex=\"-1\" ><div class=\"elementor-post__thumbnail\"><img loading=\"lazy\" decoding=\"async\" width=\"1280\" height=\"1920\" src=\"https:\/\/pulsair.net\/wp-content\/uploads\/2026\/03\/2509Alt7-5068.jpg\" class=\"attachment-full size-full wp-image-4926\" alt=\"\" srcset=\"https:\/\/pulsair.net\/wp-content\/uploads\/2026\/03\/2509Alt7-5068.jpg 1280w, https:\/\/pulsair.net\/wp-content\/uploads\/2026\/03\/2509Alt7-5068-200x300.jpg 200w, https:\/\/pulsair.net\/wp-content\/uploads\/2026\/03\/2509Alt7-5068-683x1024.jpg 683w, https:\/\/pulsair.net\/wp-content\/uploads\/2026\/03\/2509Alt7-5068-768x1152.jpg 768w, https:\/\/pulsair.net\/wp-content\/uploads\/2026\/03\/2509Alt7-5068-1024x1536.jpg 1024w, https:\/\/pulsair.net\/wp-content\/uploads\/2026\/03\/2509Alt7-5068-8x12.jpg 8w, https:\/\/pulsair.net\/wp-content\/uploads\/2026\/03\/2509Alt7-5068-600x900.jpg 600w\" sizes=\"(max-width: 1280px) 100vw, 1280px\" \/><\/div><\/a>\n\t\t\t\t<div class=\"elementor-post__text\">\n\t\t\t\t<h3 class=\"elementor-post__title\">\n\t\t\t<a href=\"https:\/\/pulsair.net\/nl\/referenz\/stefan-alt-reidenhausen\/\" >\n\t\t\t\tVrije garage Stefan Alt Reidenhausen Duitsland \ud83c\udde9\ud83c\uddea\t\t\t<\/a>\n\t\t<\/h3>\n\t\t\n\t\t<a class=\"elementor-post__read-more\" href=\"https:\/\/pulsair.net\/nl\/referenz\/stefan-alt-reidenhausen\/\" aria-label=\"Read more about Freie Kfz-werkstatt Stefan Alt Reidenhausen Deutschland &#x1f1e9;&#x1f1ea;\" tabindex=\"-1\" >\n\t\t\tZur Referenz &gt;&gt;\t\t<\/a>\n\n\t\t\t\t<\/div>\n\t\t\t\t\t<\/div>\n\t\t<\/article>\n\t\t\t\t<article class=\"elementor-post elementor-grid-item post-4916 post type-post status-publish format-standard has-post-thumbnail hentry category-deutschland category-referenz\" role=\"listitem\">\n\t\t\t<div class=\"elementor-post__card\">\n\t\t\t\t<a class=\"elementor-post__thumbnail__link\" href=\"https:\/\/pulsair.net\/nl\/referenz\/auto-wohlschlager-rohrdorf-achenmuehle\/\" tabindex=\"-1\" ><div class=\"elementor-post__thumbnail\"><img loading=\"lazy\" decoding=\"async\" width=\"1512\" height=\"2016\" src=\"https:\/\/pulsair.net\/wp-content\/uploads\/2026\/03\/bce832fd-18b0-42b4-a534-a2bbd5d6eb6b.jpg\" class=\"attachment-full size-full wp-image-4918\" alt=\"\" srcset=\"https:\/\/pulsair.net\/wp-content\/uploads\/2026\/03\/bce832fd-18b0-42b4-a534-a2bbd5d6eb6b.jpg 1512w, https:\/\/pulsair.net\/wp-content\/uploads\/2026\/03\/bce832fd-18b0-42b4-a534-a2bbd5d6eb6b-225x300.jpg 225w, https:\/\/pulsair.net\/wp-content\/uploads\/2026\/03\/bce832fd-18b0-42b4-a534-a2bbd5d6eb6b-768x1024.jpg 768w, https:\/\/pulsair.net\/wp-content\/uploads\/2026\/03\/bce832fd-18b0-42b4-a534-a2bbd5d6eb6b-1152x1536.jpg 1152w, https:\/\/pulsair.net\/wp-content\/uploads\/2026\/03\/bce832fd-18b0-42b4-a534-a2bbd5d6eb6b-9x12.jpg 9w, https:\/\/pulsair.net\/wp-content\/uploads\/2026\/03\/bce832fd-18b0-42b4-a534-a2bbd5d6eb6b-600x800.jpg 600w\" sizes=\"(max-width: 1512px) 100vw, 1512px\" \/><\/div><\/a>\n\t\t\t\t<div class=\"elementor-post__text\">\n\t\t\t\t<h3 class=\"elementor-post__title\">\n\t\t\t<a href=\"https:\/\/pulsair.net\/nl\/referenz\/auto-wohlschlager-rohrdorf-achenmuehle\/\" >\n\t\t\t\tAuto Wohlschlager Rohrdorf-Achenm\u00fchle Duitsland \ud83c\udde9\ud83c\uddea\t\t\t<\/a>\n\t\t<\/h3>\n\t\t\n\t\t<a class=\"elementor-post__read-more\" href=\"https:\/\/pulsair.net\/nl\/referenz\/auto-wohlschlager-rohrdorf-achenmuehle\/\" aria-label=\"Read more about Auto Wohlschlager Rohrdorf-Achenm\u00fchle Deutschland &#x1f1e9;&#x1f1ea;\" tabindex=\"-1\" >\n\t\t\tZur Referenz &gt;&gt;\t\t<\/a>\n\n\t\t\t\t<\/div>\n\t\t\t\t\t<\/div>\n\t\t<\/article>\n\t\t\t\t<article class=\"elementor-post elementor-grid-item post-4912 post type-post status-publish format-standard has-post-thumbnail hentry category-deutschland category-referenz\" role=\"listitem\">\n\t\t\t<div class=\"elementor-post__card\">\n\t\t\t\t<a class=\"elementor-post__thumbnail__link\" href=\"https:\/\/pulsair.net\/nl\/referenz\/auto-reifenservice-wissemborski-ochtrup\/\" tabindex=\"-1\" ><div class=\"elementor-post__thumbnail\"><img loading=\"lazy\" decoding=\"async\" width=\"2560\" height=\"1920\" src=\"https:\/\/pulsair.net\/wp-content\/uploads\/2026\/03\/4096-3072-max-1-scaled.jpg\" class=\"attachment-full size-full wp-image-4914\" alt=\"\" srcset=\"https:\/\/pulsair.net\/wp-content\/uploads\/2026\/03\/4096-3072-max-1-scaled.jpg 2560w, https:\/\/pulsair.net\/wp-content\/uploads\/2026\/03\/4096-3072-max-1-300x225.jpg 300w, https:\/\/pulsair.net\/wp-content\/uploads\/2026\/03\/4096-3072-max-1-1024x768.jpg 1024w, https:\/\/pulsair.net\/wp-content\/uploads\/2026\/03\/4096-3072-max-1-768x576.jpg 768w, https:\/\/pulsair.net\/wp-content\/uploads\/2026\/03\/4096-3072-max-1-1536x1152.jpg 1536w, https:\/\/pulsair.net\/wp-content\/uploads\/2026\/03\/4096-3072-max-1-2048x1536.jpg 2048w, https:\/\/pulsair.net\/wp-content\/uploads\/2026\/03\/4096-3072-max-1-16x12.jpg 16w, https:\/\/pulsair.net\/wp-content\/uploads\/2026\/03\/4096-3072-max-1-600x450.jpg 600w\" sizes=\"(max-width: 2560px) 100vw, 2560px\" \/><\/div><\/a>\n\t\t\t\t<div class=\"elementor-post__text\">\n\t\t\t\t<h3 class=\"elementor-post__title\">\n\t\t\t<a href=\"https:\/\/pulsair.net\/nl\/referenz\/auto-reifenservice-wissemborski-ochtrup\/\" >\n\t\t\t\tAuto- en Bandenservice Wissemborski Ochtrup Duitsland \ud83c\udde9\ud83c\uddea\t\t\t<\/a>\n\t\t<\/h3>\n\t\t\n\t\t<a class=\"elementor-post__read-more\" href=\"https:\/\/pulsair.net\/nl\/referenz\/auto-reifenservice-wissemborski-ochtrup\/\" aria-label=\"Read more about Auto- u. Reifenservice Wissemborski Ochtrup Deutschland &#x1f1e9;&#x1f1ea;\" tabindex=\"-1\" >\n\t\t\tZur Referenz &gt;&gt;\t\t<\/a>\n\n\t\t\t\t<\/div>\n\t\t\t\t\t<\/div>\n\t\t<\/article>\n\t\t\t\t<article class=\"elementor-post elementor-grid-item post-4909 post type-post status-publish format-standard has-post-thumbnail hentry category-deutschland category-referenz\" role=\"listitem\">\n\t\t\t<div class=\"elementor-post__card\">\n\t\t\t\t<a class=\"elementor-post__thumbnail__link\" href=\"https:\/\/pulsair.net\/nl\/referenz\/wilhelm-rosenberg-ohg-bad-wildungen\/\" tabindex=\"-1\" ><div class=\"elementor-post__thumbnail\"><img loading=\"lazy\" decoding=\"async\" width=\"794\" height=\"794\" src=\"https:\/\/pulsair.net\/wp-content\/uploads\/2026\/03\/Puls-air-Heizgeraet-vorne-rechtscut.png\" class=\"attachment-full size-full wp-image-4819\" alt=\"\" srcset=\"https:\/\/pulsair.net\/wp-content\/uploads\/2026\/03\/Puls-air-Heizgeraet-vorne-rechtscut.png 794w, https:\/\/pulsair.net\/wp-content\/uploads\/2026\/03\/Puls-air-Heizgeraet-vorne-rechtscut-300x300.png 300w, https:\/\/pulsair.net\/wp-content\/uploads\/2026\/03\/Puls-air-Heizgeraet-vorne-rechtscut-150x150.png 150w, https:\/\/pulsair.net\/wp-content\/uploads\/2026\/03\/Puls-air-Heizgeraet-vorne-rechtscut-768x768.png 768w, https:\/\/pulsair.net\/wp-content\/uploads\/2026\/03\/Puls-air-Heizgeraet-vorne-rechtscut-12x12.png 12w, https:\/\/pulsair.net\/wp-content\/uploads\/2026\/03\/Puls-air-Heizgeraet-vorne-rechtscut-600x600.png 600w, https:\/\/pulsair.net\/wp-content\/uploads\/2026\/03\/Puls-air-Heizgeraet-vorne-rechtscut-100x100.png 100w\" sizes=\"(max-width: 794px) 100vw, 794px\" \/><\/div><\/a>\n\t\t\t\t<div class=\"elementor-post__text\">\n\t\t\t\t<h3 class=\"elementor-post__title\">\n\t\t\t<a href=\"https:\/\/pulsair.net\/nl\/referenz\/wilhelm-rosenberg-ohg-bad-wildungen\/\" >\n\t\t\t\tWilhelm Rosenberg OHG Bad Wildungen, Duitsland \ud83c\udde9\ud83c\uddea\t\t\t<\/a>\n\t\t<\/h3>\n\t\t\n\t\t<a class=\"elementor-post__read-more\" href=\"https:\/\/pulsair.net\/nl\/referenz\/wilhelm-rosenberg-ohg-bad-wildungen\/\" aria-label=\"Read more about Wilhelm Rosenberg OHG Bad Wildungen, Deutschland &#x1f1e9;&#x1f1ea;\" tabindex=\"-1\" >\n\t\t\tZur Referenz &gt;&gt;\t\t<\/a>\n\n\t\t\t\t<\/div>\n\t\t\t\t\t<\/div>\n\t\t<\/article>\n\t\t\t\t<article class=\"elementor-post elementor-grid-item post-4906 post type-post status-publish format-standard has-post-thumbnail hentry category-deutschland category-referenz\" role=\"listitem\">\n\t\t\t<div class=\"elementor-post__card\">\n\t\t\t\t<a class=\"elementor-post__thumbnail__link\" href=\"https:\/\/pulsair.net\/nl\/referenz\/fahrzeugtechnik-raab-langenleiten\/\" tabindex=\"-1\" ><div class=\"elementor-post__thumbnail\"><img loading=\"lazy\" decoding=\"async\" width=\"794\" height=\"794\" src=\"https:\/\/pulsair.net\/wp-content\/uploads\/2026\/03\/Puls-air-Heizgeraet-vorne-rechtscut.png\" class=\"attachment-full size-full wp-image-4819\" alt=\"\" srcset=\"https:\/\/pulsair.net\/wp-content\/uploads\/2026\/03\/Puls-air-Heizgeraet-vorne-rechtscut.png 794w, https:\/\/pulsair.net\/wp-content\/uploads\/2026\/03\/Puls-air-Heizgeraet-vorne-rechtscut-300x300.png 300w, https:\/\/pulsair.net\/wp-content\/uploads\/2026\/03\/Puls-air-Heizgeraet-vorne-rechtscut-150x150.png 150w, https:\/\/pulsair.net\/wp-content\/uploads\/2026\/03\/Puls-air-Heizgeraet-vorne-rechtscut-768x768.png 768w, https:\/\/pulsair.net\/wp-content\/uploads\/2026\/03\/Puls-air-Heizgeraet-vorne-rechtscut-12x12.png 12w, https:\/\/pulsair.net\/wp-content\/uploads\/2026\/03\/Puls-air-Heizgeraet-vorne-rechtscut-600x600.png 600w, https:\/\/pulsair.net\/wp-content\/uploads\/2026\/03\/Puls-air-Heizgeraet-vorne-rechtscut-100x100.png 100w\" sizes=\"(max-width: 794px) 100vw, 794px\" \/><\/div><\/a>\n\t\t\t\t<div class=\"elementor-post__text\">\n\t\t\t\t<h3 class=\"elementor-post__title\">\n\t\t\t<a href=\"https:\/\/pulsair.net\/nl\/referenz\/fahrzeugtechnik-raab-langenleiten\/\" >\n\t\t\t\tVoertuigtechniek Raab Langenleiten Duitsland \ud83c\udde9\ud83c\uddea\t\t\t<\/a>\n\t\t<\/h3>\n\t\t\n\t\t<a class=\"elementor-post__read-more\" href=\"https:\/\/pulsair.net\/nl\/referenz\/fahrzeugtechnik-raab-langenleiten\/\" aria-label=\"Read more about Fahrzeugtechnik Raab Langenleiten Deutschland &#x1f1e9;&#x1f1ea;\" tabindex=\"-1\" >\n\t\t\tZur Referenz &gt;&gt;\t\t<\/a>\n\n\t\t\t\t<\/div>\n\t\t\t\t\t<\/div>\n\t\t<\/article>\n\t\t\t\t<article class=\"elementor-post elementor-grid-item post-4902 post type-post status-publish format-standard has-post-thumbnail hentry category-deutschland category-referenz\" role=\"listitem\">\n\t\t\t<div class=\"elementor-post__card\">\n\t\t\t\t<a class=\"elementor-post__thumbnail__link\" href=\"https:\/\/pulsair.net\/nl\/referenz\/michael-schuster-ramstein-miesenbach\/\" tabindex=\"-1\" ><div class=\"elementor-post__thumbnail\"><img loading=\"lazy\" decoding=\"async\" width=\"794\" height=\"794\" src=\"https:\/\/pulsair.net\/wp-content\/uploads\/2026\/03\/Puls-air-Heizgeraet-vorne-rechtscut.png\" class=\"attachment-full size-full wp-image-4819\" alt=\"\" srcset=\"https:\/\/pulsair.net\/wp-content\/uploads\/2026\/03\/Puls-air-Heizgeraet-vorne-rechtscut.png 794w, https:\/\/pulsair.net\/wp-content\/uploads\/2026\/03\/Puls-air-Heizgeraet-vorne-rechtscut-300x300.png 300w, https:\/\/pulsair.net\/wp-content\/uploads\/2026\/03\/Puls-air-Heizgeraet-vorne-rechtscut-150x150.png 150w, https:\/\/pulsair.net\/wp-content\/uploads\/2026\/03\/Puls-air-Heizgeraet-vorne-rechtscut-768x768.png 768w, https:\/\/pulsair.net\/wp-content\/uploads\/2026\/03\/Puls-air-Heizgeraet-vorne-rechtscut-12x12.png 12w, https:\/\/pulsair.net\/wp-content\/uploads\/2026\/03\/Puls-air-Heizgeraet-vorne-rechtscut-600x600.png 600w, https:\/\/pulsair.net\/wp-content\/uploads\/2026\/03\/Puls-air-Heizgeraet-vorne-rechtscut-100x100.png 100w\" sizes=\"(max-width: 794px) 100vw, 794px\" \/><\/div><\/a>\n\t\t\t\t<div class=\"elementor-post__text\">\n\t\t\t\t<h3 class=\"elementor-post__title\">\n\t\t\t<a href=\"https:\/\/pulsair.net\/nl\/referenz\/michael-schuster-ramstein-miesenbach\/\" >\n\t\t\t\tMichael Schuster Ramstein-Miesenbach Duitsland \ud83c\udde9\ud83c\uddea\t\t\t<\/a>\n\t\t<\/h3>\n\t\t\n\t\t<a class=\"elementor-post__read-more\" href=\"https:\/\/pulsair.net\/nl\/referenz\/michael-schuster-ramstein-miesenbach\/\" aria-label=\"Read more about Michael Schuster Ramstein-Miesenbach Deutschland &#x1f1e9;&#x1f1ea;\" tabindex=\"-1\" >\n\t\t\tZur Referenz &gt;&gt;\t\t<\/a>\n\n\t\t\t\t<\/div>\n\t\t\t\t\t<\/div>\n\t\t<\/article>\n\t\t\t\t<article class=\"elementor-post elementor-grid-item post-4899 post type-post status-publish format-standard has-post-thumbnail hentry category-deutschland category-referenz\" role=\"listitem\">\n\t\t\t<div class=\"elementor-post__card\">\n\t\t\t\t<a class=\"elementor-post__thumbnail__link\" href=\"https:\/\/pulsair.net\/nl\/referenz\/auto-matzinger-gmbh-niederneuching\/\" tabindex=\"-1\" ><div class=\"elementor-post__thumbnail\"><img loading=\"lazy\" decoding=\"async\" width=\"794\" height=\"794\" src=\"https:\/\/pulsair.net\/wp-content\/uploads\/2026\/03\/Puls-air-Heizgeraet-vorne-rechtscut.png\" class=\"attachment-full size-full wp-image-4819\" alt=\"\" srcset=\"https:\/\/pulsair.net\/wp-content\/uploads\/2026\/03\/Puls-air-Heizgeraet-vorne-rechtscut.png 794w, https:\/\/pulsair.net\/wp-content\/uploads\/2026\/03\/Puls-air-Heizgeraet-vorne-rechtscut-300x300.png 300w, https:\/\/pulsair.net\/wp-content\/uploads\/2026\/03\/Puls-air-Heizgeraet-vorne-rechtscut-150x150.png 150w, https:\/\/pulsair.net\/wp-content\/uploads\/2026\/03\/Puls-air-Heizgeraet-vorne-rechtscut-768x768.png 768w, https:\/\/pulsair.net\/wp-content\/uploads\/2026\/03\/Puls-air-Heizgeraet-vorne-rechtscut-12x12.png 12w, https:\/\/pulsair.net\/wp-content\/uploads\/2026\/03\/Puls-air-Heizgeraet-vorne-rechtscut-600x600.png 600w, https:\/\/pulsair.net\/wp-content\/uploads\/2026\/03\/Puls-air-Heizgeraet-vorne-rechtscut-100x100.png 100w\" sizes=\"(max-width: 794px) 100vw, 794px\" \/><\/div><\/a>\n\t\t\t\t<div class=\"elementor-post__text\">\n\t\t\t\t<h3 class=\"elementor-post__title\">\n\t\t\t<a href=\"https:\/\/pulsair.net\/nl\/referenz\/auto-matzinger-gmbh-niederneuching\/\" >\n\t\t\t\tAuto Matzinger GmbH&amp;Co.KG Niederneuching Duitsland \ud83c\udde9\ud83c\uddea\t\t\t<\/a>\n\t\t<\/h3>\n\t\t\n\t\t<a class=\"elementor-post__read-more\" href=\"https:\/\/pulsair.net\/nl\/referenz\/auto-matzinger-gmbh-niederneuching\/\" aria-label=\"Read more about Auto Matzinger GmbH&#038;Co.KG Niederneuching Deutschland &#x1f1e9;&#x1f1ea;\" tabindex=\"-1\" >\n\t\t\tZur Referenz &gt;&gt;\t\t<\/a>\n\n\t\t\t\t<\/div>\n\t\t\t\t\t<\/div>\n\t\t<\/article>\n\t\t\t\t<article class=\"elementor-post elementor-grid-item post-4896 post type-post status-publish format-standard has-post-thumbnail hentry category-deutschland category-referenz\" role=\"listitem\">\n\t\t\t<div class=\"elementor-post__card\">\n\t\t\t\t<a class=\"elementor-post__thumbnail__link\" href=\"https:\/\/pulsair.net\/nl\/referenz\/georg-mais-reil\/\" tabindex=\"-1\" ><div class=\"elementor-post__thumbnail\"><img loading=\"lazy\" decoding=\"async\" width=\"794\" height=\"794\" src=\"https:\/\/pulsair.net\/wp-content\/uploads\/2026\/03\/Puls-air-Heizgeraet-vorne-rechtscut.png\" class=\"attachment-full size-full wp-image-4819\" alt=\"\" srcset=\"https:\/\/pulsair.net\/wp-content\/uploads\/2026\/03\/Puls-air-Heizgeraet-vorne-rechtscut.png 794w, https:\/\/pulsair.net\/wp-content\/uploads\/2026\/03\/Puls-air-Heizgeraet-vorne-rechtscut-300x300.png 300w, https:\/\/pulsair.net\/wp-content\/uploads\/2026\/03\/Puls-air-Heizgeraet-vorne-rechtscut-150x150.png 150w, https:\/\/pulsair.net\/wp-content\/uploads\/2026\/03\/Puls-air-Heizgeraet-vorne-rechtscut-768x768.png 768w, https:\/\/pulsair.net\/wp-content\/uploads\/2026\/03\/Puls-air-Heizgeraet-vorne-rechtscut-12x12.png 12w, https:\/\/pulsair.net\/wp-content\/uploads\/2026\/03\/Puls-air-Heizgeraet-vorne-rechtscut-600x600.png 600w, https:\/\/pulsair.net\/wp-content\/uploads\/2026\/03\/Puls-air-Heizgeraet-vorne-rechtscut-100x100.png 100w\" sizes=\"(max-width: 794px) 100vw, 794px\" \/><\/div><\/a>\n\t\t\t\t<div class=\"elementor-post__text\">\n\t\t\t\t<h3 class=\"elementor-post__title\">\n\t\t\t<a href=\"https:\/\/pulsair.net\/nl\/referenz\/georg-mais-reil\/\" >\n\t\t\t\tGeorg Mais Reil Duitsland \ud83c\udde9\ud83c\uddea\t\t\t<\/a>\n\t\t<\/h3>\n\t\t\n\t\t<a class=\"elementor-post__read-more\" href=\"https:\/\/pulsair.net\/nl\/referenz\/georg-mais-reil\/\" aria-label=\"Read more about Georg Mais Reil Deutschland &#x1f1e9;&#x1f1ea;\" tabindex=\"-1\" >\n\t\t\tZur Referenz &gt;&gt;\t\t<\/a>\n\n\t\t\t\t<\/div>\n\t\t\t\t\t<\/div>\n\t\t<\/article>\n\t\t\t\t<article class=\"elementor-post elementor-grid-item post-4893 post type-post status-publish format-standard has-post-thumbnail hentry category-deutschland category-referenz\" role=\"listitem\">\n\t\t\t<div class=\"elementor-post__card\">\n\t\t\t\t<a class=\"elementor-post__thumbnail__link\" href=\"https:\/\/pulsair.net\/nl\/referenz\/auto-leuner-dresden\/\" tabindex=\"-1\" ><div class=\"elementor-post__thumbnail\"><img loading=\"lazy\" decoding=\"async\" width=\"794\" height=\"794\" src=\"https:\/\/pulsair.net\/wp-content\/uploads\/2026\/03\/Puls-air-Heizgeraet-vorne-rechtscut.png\" class=\"attachment-full size-full wp-image-4819\" alt=\"\" srcset=\"https:\/\/pulsair.net\/wp-content\/uploads\/2026\/03\/Puls-air-Heizgeraet-vorne-rechtscut.png 794w, https:\/\/pulsair.net\/wp-content\/uploads\/2026\/03\/Puls-air-Heizgeraet-vorne-rechtscut-300x300.png 300w, https:\/\/pulsair.net\/wp-content\/uploads\/2026\/03\/Puls-air-Heizgeraet-vorne-rechtscut-150x150.png 150w, https:\/\/pulsair.net\/wp-content\/uploads\/2026\/03\/Puls-air-Heizgeraet-vorne-rechtscut-768x768.png 768w, https:\/\/pulsair.net\/wp-content\/uploads\/2026\/03\/Puls-air-Heizgeraet-vorne-rechtscut-12x12.png 12w, https:\/\/pulsair.net\/wp-content\/uploads\/2026\/03\/Puls-air-Heizgeraet-vorne-rechtscut-600x600.png 600w, https:\/\/pulsair.net\/wp-content\/uploads\/2026\/03\/Puls-air-Heizgeraet-vorne-rechtscut-100x100.png 100w\" sizes=\"(max-width: 794px) 100vw, 794px\" \/><\/div><\/a>\n\t\t\t\t<div class=\"elementor-post__text\">\n\t\t\t\t<h3 class=\"elementor-post__title\">\n\t\t\t<a href=\"https:\/\/pulsair.net\/nl\/referenz\/auto-leuner-dresden\/\" >\n\t\t\t\tAuto Leuner Dresden Duitsland \ud83c\udde9\ud83c\uddea\t\t\t<\/a>\n\t\t<\/h3>\n\t\t\n\t\t<a class=\"elementor-post__read-more\" href=\"https:\/\/pulsair.net\/nl\/referenz\/auto-leuner-dresden\/\" aria-label=\"Read more about Auto Leuner Dresden Deutschland &#x1f1e9;&#x1f1ea;\" tabindex=\"-1\" >\n\t\t\tZur Referenz &gt;&gt;\t\t<\/a>\n\n\t\t\t\t<\/div>\n\t\t\t\t\t<\/div>\n\t\t<\/article>\n\t\t\t\t<article class=\"elementor-post elementor-grid-item post-4890 post type-post status-publish format-standard has-post-thumbnail hentry category-deutschland category-referenz\" role=\"listitem\">\n\t\t\t<div class=\"elementor-post__card\">\n\t\t\t\t<a class=\"elementor-post__thumbnail__link\" href=\"https:\/\/pulsair.net\/nl\/referenz\/holzdesign-michael-foehr-bruggen\/\" tabindex=\"-1\" ><div class=\"elementor-post__thumbnail\"><img loading=\"lazy\" decoding=\"async\" width=\"794\" height=\"794\" src=\"https:\/\/pulsair.net\/wp-content\/uploads\/2026\/03\/Puls-air-Heizgeraet-vorne-rechtscut.png\" class=\"attachment-full size-full wp-image-4819\" alt=\"\" srcset=\"https:\/\/pulsair.net\/wp-content\/uploads\/2026\/03\/Puls-air-Heizgeraet-vorne-rechtscut.png 794w, https:\/\/pulsair.net\/wp-content\/uploads\/2026\/03\/Puls-air-Heizgeraet-vorne-rechtscut-300x300.png 300w, https:\/\/pulsair.net\/wp-content\/uploads\/2026\/03\/Puls-air-Heizgeraet-vorne-rechtscut-150x150.png 150w, https:\/\/pulsair.net\/wp-content\/uploads\/2026\/03\/Puls-air-Heizgeraet-vorne-rechtscut-768x768.png 768w, https:\/\/pulsair.net\/wp-content\/uploads\/2026\/03\/Puls-air-Heizgeraet-vorne-rechtscut-12x12.png 12w, https:\/\/pulsair.net\/wp-content\/uploads\/2026\/03\/Puls-air-Heizgeraet-vorne-rechtscut-600x600.png 600w, https:\/\/pulsair.net\/wp-content\/uploads\/2026\/03\/Puls-air-Heizgeraet-vorne-rechtscut-100x100.png 100w\" sizes=\"(max-width: 794px) 100vw, 794px\" \/><\/div><\/a>\n\t\t\t\t<div class=\"elementor-post__text\">\n\t\t\t\t<h3 class=\"elementor-post__title\">\n\t\t\t<a href=\"https:\/\/pulsair.net\/nl\/referenz\/holzdesign-michael-foehr-bruggen\/\" >\n\t\t\t\tHolzdesign Michael F\u00f6hr Burggen Duitsland \ud83c\udde9\ud83c\uddea\t\t\t<\/a>\n\t\t<\/h3>\n\t\t\n\t\t<a class=\"elementor-post__read-more\" href=\"https:\/\/pulsair.net\/nl\/referenz\/holzdesign-michael-foehr-bruggen\/\" aria-label=\"Read more about Holzdesign Michael F\u00f6hr Burggen Deutschland &#x1f1e9;&#x1f1ea;\" tabindex=\"-1\" >\n\t\t\tZur Referenz &gt;&gt;\t\t<\/a>\n\n\t\t\t\t<\/div>\n\t\t\t\t\t<\/div>\n\t\t<\/article>\n\t\t\t\t<article class=\"elementor-post elementor-grid-item post-4885 post type-post status-publish format-standard has-post-thumbnail hentry category-deutschland category-referenz\" role=\"listitem\">\n\t\t\t<div class=\"elementor-post__card\">\n\t\t\t\t<a class=\"elementor-post__thumbnail__link\" href=\"https:\/\/pulsair.net\/nl\/referenz\/stefan-held-gmbh-loerrach\/\" tabindex=\"-1\" ><div class=\"elementor-post__thumbnail\"><img loading=\"lazy\" decoding=\"async\" width=\"794\" height=\"794\" src=\"https:\/\/pulsair.net\/wp-content\/uploads\/2026\/03\/Puls-air-Heizgeraet-vorne-rechtscut.png\" class=\"attachment-full size-full wp-image-4819\" alt=\"\" srcset=\"https:\/\/pulsair.net\/wp-content\/uploads\/2026\/03\/Puls-air-Heizgeraet-vorne-rechtscut.png 794w, https:\/\/pulsair.net\/wp-content\/uploads\/2026\/03\/Puls-air-Heizgeraet-vorne-rechtscut-300x300.png 300w, https:\/\/pulsair.net\/wp-content\/uploads\/2026\/03\/Puls-air-Heizgeraet-vorne-rechtscut-150x150.png 150w, https:\/\/pulsair.net\/wp-content\/uploads\/2026\/03\/Puls-air-Heizgeraet-vorne-rechtscut-768x768.png 768w, https:\/\/pulsair.net\/wp-content\/uploads\/2026\/03\/Puls-air-Heizgeraet-vorne-rechtscut-12x12.png 12w, https:\/\/pulsair.net\/wp-content\/uploads\/2026\/03\/Puls-air-Heizgeraet-vorne-rechtscut-600x600.png 600w, https:\/\/pulsair.net\/wp-content\/uploads\/2026\/03\/Puls-air-Heizgeraet-vorne-rechtscut-100x100.png 100w\" sizes=\"(max-width: 794px) 100vw, 794px\" \/><\/div><\/a>\n\t\t\t\t<div class=\"elementor-post__text\">\n\t\t\t\t<h3 class=\"elementor-post__title\">\n\t\t\t<a href=\"https:\/\/pulsair.net\/nl\/referenz\/stefan-held-gmbh-loerrach\/\" >\n\t\t\t\tPremio Reifen + Autoservice Stefan Held GmbH L\u00f6rrach Duitsland \ud83c\udde9\ud83c\uddea\t\t\t<\/a>\n\t\t<\/h3>\n\t\t\n\t\t<a class=\"elementor-post__read-more\" href=\"https:\/\/pulsair.net\/nl\/referenz\/stefan-held-gmbh-loerrach\/\" aria-label=\"Read more about Premio Reifen + Autoservice Stefan Held GmbH L\u00f6rrach Deutschland &#x1f1e9;&#x1f1ea;\" tabindex=\"-1\" >\n\t\t\tZur Referenz &gt;&gt;\t\t<\/a>\n\n\t\t\t\t<\/div>\n\t\t\t\t\t<\/div>\n\t\t<\/article>\n\t\t\t\t<article class=\"elementor-post elementor-grid-item post-4872 post type-post status-publish format-standard has-post-thumbnail hentry category-deutschland category-referenz\" role=\"listitem\">\n\t\t\t<div class=\"elementor-post__card\">\n\t\t\t\t<a class=\"elementor-post__thumbnail__link\" href=\"https:\/\/pulsair.net\/nl\/referenz\/auto-ferres-gmbh-wittilich\/\" tabindex=\"-1\" ><div class=\"elementor-post__thumbnail\"><img loading=\"lazy\" decoding=\"async\" width=\"794\" height=\"794\" src=\"https:\/\/pulsair.net\/wp-content\/uploads\/2026\/03\/Puls-air-Heizgeraet-vorne-rechtscut.png\" class=\"attachment-full size-full wp-image-4819\" alt=\"\" srcset=\"https:\/\/pulsair.net\/wp-content\/uploads\/2026\/03\/Puls-air-Heizgeraet-vorne-rechtscut.png 794w, https:\/\/pulsair.net\/wp-content\/uploads\/2026\/03\/Puls-air-Heizgeraet-vorne-rechtscut-300x300.png 300w, https:\/\/pulsair.net\/wp-content\/uploads\/2026\/03\/Puls-air-Heizgeraet-vorne-rechtscut-150x150.png 150w, https:\/\/pulsair.net\/wp-content\/uploads\/2026\/03\/Puls-air-Heizgeraet-vorne-rechtscut-768x768.png 768w, https:\/\/pulsair.net\/wp-content\/uploads\/2026\/03\/Puls-air-Heizgeraet-vorne-rechtscut-12x12.png 12w, https:\/\/pulsair.net\/wp-content\/uploads\/2026\/03\/Puls-air-Heizgeraet-vorne-rechtscut-600x600.png 600w, https:\/\/pulsair.net\/wp-content\/uploads\/2026\/03\/Puls-air-Heizgeraet-vorne-rechtscut-100x100.png 100w\" sizes=\"(max-width: 794px) 100vw, 794px\" \/><\/div><\/a>\n\t\t\t\t<div class=\"elementor-post__text\">\n\t\t\t\t<h3 class=\"elementor-post__title\">\n\t\t\t<a href=\"https:\/\/pulsair.net\/nl\/referenz\/auto-ferres-gmbh-wittilich\/\" >\n\t\t\t\tAuto Ferres GmbH Wittlich Duitsland \ud83c\udde9\ud83c\uddea\t\t\t<\/a>\n\t\t<\/h3>\n\t\t\n\t\t<a class=\"elementor-post__read-more\" href=\"https:\/\/pulsair.net\/nl\/referenz\/auto-ferres-gmbh-wittilich\/\" aria-label=\"Read more about Auto Ferres GmbH Wittlich Deutschland &#x1f1e9;&#x1f1ea;\" tabindex=\"-1\" >\n\t\t\tZur Referenz &gt;&gt;\t\t<\/a>\n\n\t\t\t\t<\/div>\n\t\t\t\t\t<\/div>\n\t\t<\/article>\n\t\t\t\t<article class=\"elementor-post elementor-grid-item post-4868 post type-post status-publish format-standard has-post-thumbnail hentry category-deutschland category-referenz\" role=\"listitem\">\n\t\t\t<div class=\"elementor-post__card\">\n\t\t\t\t<a class=\"elementor-post__thumbnail__link\" href=\"https:\/\/pulsair.net\/nl\/referenz\/automobile-heimann-gmbh-emsdetten\/\" tabindex=\"-1\" ><div class=\"elementor-post__thumbnail\"><img loading=\"lazy\" decoding=\"async\" width=\"459\" height=\"1020\" src=\"https:\/\/pulsair.net\/wp-content\/uploads\/2026\/03\/IMG_20231125_161653.jpg\" class=\"attachment-full size-full wp-image-4870\" alt=\"\" srcset=\"https:\/\/pulsair.net\/wp-content\/uploads\/2026\/03\/IMG_20231125_161653.jpg 459w, https:\/\/pulsair.net\/wp-content\/uploads\/2026\/03\/IMG_20231125_161653-135x300.jpg 135w, https:\/\/pulsair.net\/wp-content\/uploads\/2026\/03\/IMG_20231125_161653-5x12.jpg 5w\" sizes=\"(max-width: 459px) 100vw, 459px\" \/><\/div><\/a>\n\t\t\t\t<div class=\"elementor-post__text\">\n\t\t\t\t<h3 class=\"elementor-post__title\">\n\t\t\t<a href=\"https:\/\/pulsair.net\/nl\/referenz\/automobile-heimann-gmbh-emsdetten\/\" >\n\t\t\t\tAutomobile Heimann GmbH&amp;Co. KG Emsdetten Duitsland \ud83c\udde9\ud83c\uddea\t\t\t<\/a>\n\t\t<\/h3>\n\t\t\n\t\t<a class=\"elementor-post__read-more\" href=\"https:\/\/pulsair.net\/nl\/referenz\/automobile-heimann-gmbh-emsdetten\/\" aria-label=\"Read more about Automobile Heimann GmbH&#038;Co. KG Emsdetten Deutschland &#x1f1e9;&#x1f1ea;\" tabindex=\"-1\" >\n\t\t\tZur Referenz &gt;&gt;\t\t<\/a>\n\n\t\t\t\t<\/div>\n\t\t\t\t\t<\/div>\n\t\t<\/article>\n\t\t\t\t<article class=\"elementor-post elementor-grid-item post-4864 post type-post status-publish format-standard has-post-thumbnail hentry category-deutschland category-referenz\" role=\"listitem\">\n\t\t\t<div class=\"elementor-post__card\">\n\t\t\t\t<a class=\"elementor-post__thumbnail__link\" href=\"https:\/\/pulsair.net\/nl\/referenz\/atw-meisterwerkstatt-e-foerster-satow-hastorf\/\" tabindex=\"-1\" ><div class=\"elementor-post__thumbnail\"><img loading=\"lazy\" decoding=\"async\" width=\"794\" height=\"794\" src=\"https:\/\/pulsair.net\/wp-content\/uploads\/2026\/03\/Puls-air-Heizgeraet-vorne-rechtscut.png\" class=\"attachment-full size-full wp-image-4819\" alt=\"\" srcset=\"https:\/\/pulsair.net\/wp-content\/uploads\/2026\/03\/Puls-air-Heizgeraet-vorne-rechtscut.png 794w, https:\/\/pulsair.net\/wp-content\/uploads\/2026\/03\/Puls-air-Heizgeraet-vorne-rechtscut-300x300.png 300w, https:\/\/pulsair.net\/wp-content\/uploads\/2026\/03\/Puls-air-Heizgeraet-vorne-rechtscut-150x150.png 150w, https:\/\/pulsair.net\/wp-content\/uploads\/2026\/03\/Puls-air-Heizgeraet-vorne-rechtscut-768x768.png 768w, https:\/\/pulsair.net\/wp-content\/uploads\/2026\/03\/Puls-air-Heizgeraet-vorne-rechtscut-12x12.png 12w, https:\/\/pulsair.net\/wp-content\/uploads\/2026\/03\/Puls-air-Heizgeraet-vorne-rechtscut-600x600.png 600w, https:\/\/pulsair.net\/wp-content\/uploads\/2026\/03\/Puls-air-Heizgeraet-vorne-rechtscut-100x100.png 100w\" sizes=\"(max-width: 794px) 100vw, 794px\" \/><\/div><\/a>\n\t\t\t\t<div class=\"elementor-post__text\">\n\t\t\t\t<h3 class=\"elementor-post__title\">\n\t\t\t<a href=\"https:\/\/pulsair.net\/nl\/referenz\/atw-meisterwerkstatt-e-foerster-satow-hastorf\/\" >\n\t\t\t\tATW-meesterworkshop E. F\u00f6rster Satow-Hastorf Duitsland \ud83c\udde9\ud83c\uddea\t\t\t<\/a>\n\t\t<\/h3>\n\t\t\n\t\t<a class=\"elementor-post__read-more\" href=\"https:\/\/pulsair.net\/nl\/referenz\/atw-meisterwerkstatt-e-foerster-satow-hastorf\/\" aria-label=\"Read more about ATW-Meisterwerkstatt E. F\u00f6rster Satow-Hastorf Deutschland &#x1f1e9;&#x1f1ea;\" tabindex=\"-1\" >\n\t\t\tZur Referenz &gt;&gt;\t\t<\/a>\n\n\t\t\t\t<\/div>\n\t\t\t\t\t<\/div>\n\t\t<\/article>\n\t\t\t\t<article class=\"elementor-post elementor-grid-item post-4849 post type-post status-publish format-standard has-post-thumbnail hentry category-referenz category-schweiz\" role=\"listitem\">\n\t\t\t<div class=\"elementor-post__card\">\n\t\t\t\t<a class=\"elementor-post__thumbnail__link\" href=\"https:\/\/pulsair.net\/nl\/referenz\/tms-automobile-gmbh-schweiz\/\" tabindex=\"-1\" ><div class=\"elementor-post__thumbnail\"><img loading=\"lazy\" decoding=\"async\" width=\"2048\" height=\"1536\" src=\"https:\/\/pulsair.net\/wp-content\/uploads\/2026\/03\/2646b293-d4de-42c0-af63-50d052f67f73.jpg\" class=\"attachment-full size-full wp-image-4852\" alt=\"\" srcset=\"https:\/\/pulsair.net\/wp-content\/uploads\/2026\/03\/2646b293-d4de-42c0-af63-50d052f67f73.jpg 2048w, https:\/\/pulsair.net\/wp-content\/uploads\/2026\/03\/2646b293-d4de-42c0-af63-50d052f67f73-300x225.jpg 300w, https:\/\/pulsair.net\/wp-content\/uploads\/2026\/03\/2646b293-d4de-42c0-af63-50d052f67f73-1024x768.jpg 1024w, https:\/\/pulsair.net\/wp-content\/uploads\/2026\/03\/2646b293-d4de-42c0-af63-50d052f67f73-768x576.jpg 768w, https:\/\/pulsair.net\/wp-content\/uploads\/2026\/03\/2646b293-d4de-42c0-af63-50d052f67f73-1536x1152.jpg 1536w, https:\/\/pulsair.net\/wp-content\/uploads\/2026\/03\/2646b293-d4de-42c0-af63-50d052f67f73-16x12.jpg 16w, https:\/\/pulsair.net\/wp-content\/uploads\/2026\/03\/2646b293-d4de-42c0-af63-50d052f67f73-600x450.jpg 600w\" sizes=\"(max-width: 2048px) 100vw, 2048px\" \/><\/div><\/a>\n\t\t\t\t<div class=\"elementor-post__text\">\n\t\t\t\t<h3 class=\"elementor-post__title\">\n\t\t\t<a href=\"https:\/\/pulsair.net\/nl\/referenz\/tms-automobile-gmbh-schweiz\/\" >\n\t\t\t\tTMS Automobile GmbH, Zwitserland \ud83c\udde8\ud83c\udded\t\t\t<\/a>\n\t\t<\/h3>\n\t\t\n\t\t<a class=\"elementor-post__read-more\" href=\"https:\/\/pulsair.net\/nl\/referenz\/tms-automobile-gmbh-schweiz\/\" aria-label=\"Read more about TMS Automobile GmbH, Schweiz &#x1f1e8;&#x1f1ed;\" tabindex=\"-1\" >\n\t\t\tZur Referenz &gt;&gt;\t\t<\/a>\n\n\t\t\t\t<\/div>\n\t\t\t\t\t<\/div>\n\t\t<\/article>\n\t\t\t\t<article class=\"elementor-post elementor-grid-item post-4841 post type-post status-publish format-standard has-post-thumbnail hentry category-luxemburg category-referenz\" role=\"listitem\">\n\t\t\t<div class=\"elementor-post__card\">\n\t\t\t\t<a class=\"elementor-post__thumbnail__link\" href=\"https:\/\/pulsair.net\/nl\/referenz\/northwest-sarl-luxemburg\/\" tabindex=\"-1\" ><div class=\"elementor-post__thumbnail\"><img loading=\"lazy\" decoding=\"async\" width=\"1600\" height=\"1200\" src=\"https:\/\/pulsair.net\/wp-content\/uploads\/2026\/03\/a01d7835-7028-412c-9187-db93d440514a.jpg\" class=\"attachment-full size-full wp-image-4843\" alt=\"\" srcset=\"https:\/\/pulsair.net\/wp-content\/uploads\/2026\/03\/a01d7835-7028-412c-9187-db93d440514a.jpg 1600w, https:\/\/pulsair.net\/wp-content\/uploads\/2026\/03\/a01d7835-7028-412c-9187-db93d440514a-300x225.jpg 300w, https:\/\/pulsair.net\/wp-content\/uploads\/2026\/03\/a01d7835-7028-412c-9187-db93d440514a-1024x768.jpg 1024w, https:\/\/pulsair.net\/wp-content\/uploads\/2026\/03\/a01d7835-7028-412c-9187-db93d440514a-768x576.jpg 768w, https:\/\/pulsair.net\/wp-content\/uploads\/2026\/03\/a01d7835-7028-412c-9187-db93d440514a-1536x1152.jpg 1536w, https:\/\/pulsair.net\/wp-content\/uploads\/2026\/03\/a01d7835-7028-412c-9187-db93d440514a-16x12.jpg 16w, https:\/\/pulsair.net\/wp-content\/uploads\/2026\/03\/a01d7835-7028-412c-9187-db93d440514a-600x450.jpg 600w\" sizes=\"(max-width: 1600px) 100vw, 1600px\" \/><\/div><\/a>\n\t\t\t\t<div class=\"elementor-post__text\">\n\t\t\t\t<h3 class=\"elementor-post__title\">\n\t\t\t<a href=\"https:\/\/pulsair.net\/nl\/referenz\/northwest-sarl-luxemburg\/\" >\n\t\t\t\tNorthwest S\u00e0rl, Luxemburg \ud83c\uddf1\ud83c\uddfa\t\t\t<\/a>\n\t\t<\/h3>\n\t\t\n\t\t<a class=\"elementor-post__read-more\" href=\"https:\/\/pulsair.net\/nl\/referenz\/northwest-sarl-luxemburg\/\" aria-label=\"Read more about Northwest S\u00e0rl, Luxemburg &#x1f1f1;&#x1f1fa;\" tabindex=\"-1\" >\n\t\t\tZur Referenz &gt;&gt;\t\t<\/a>\n\n\t\t\t\t<\/div>\n\t\t\t\t\t<\/div>\n\t\t<\/article>\n\t\t\t\t<article class=\"elementor-post elementor-grid-item post-4793 post type-post status-publish format-standard has-post-thumbnail hentry category-italien category-referenz\" role=\"listitem\">\n\t\t\t<div class=\"elementor-post__card\">\n\t\t\t\t<a class=\"elementor-post__thumbnail__link\" href=\"https:\/\/pulsair.net\/nl\/referenz\/auto-assistance-srls-meran\/\" tabindex=\"-1\" ><div class=\"elementor-post__thumbnail\"><img loading=\"lazy\" decoding=\"async\" width=\"1920\" height=\"1280\" src=\"https:\/\/pulsair.net\/wp-content\/uploads\/2026\/03\/IMG_2990.jpg\" class=\"attachment-full size-full wp-image-4795\" alt=\"\" srcset=\"https:\/\/pulsair.net\/wp-content\/uploads\/2026\/03\/IMG_2990.jpg 1920w, https:\/\/pulsair.net\/wp-content\/uploads\/2026\/03\/IMG_2990-300x200.jpg 300w, https:\/\/pulsair.net\/wp-content\/uploads\/2026\/03\/IMG_2990-1024x683.jpg 1024w, https:\/\/pulsair.net\/wp-content\/uploads\/2026\/03\/IMG_2990-768x512.jpg 768w, https:\/\/pulsair.net\/wp-content\/uploads\/2026\/03\/IMG_2990-1536x1024.jpg 1536w, https:\/\/pulsair.net\/wp-content\/uploads\/2026\/03\/IMG_2990-18x12.jpg 18w, https:\/\/pulsair.net\/wp-content\/uploads\/2026\/03\/IMG_2990-600x400.jpg 600w\" sizes=\"(max-width: 1920px) 100vw, 1920px\" \/><\/div><\/a>\n\t\t\t\t<div class=\"elementor-post__text\">\n\t\t\t\t<h3 class=\"elementor-post__title\">\n\t\t\t<a href=\"https:\/\/pulsair.net\/nl\/referenz\/auto-assistance-srls-meran\/\" >\n\t\t\t\tAuto Assistance Srls Zuid-Tirol, Merano, Itali\u00eb \ud83c\uddee\ud83c\uddf9\t\t\t<\/a>\n\t\t<\/h3>\n\t\t\n\t\t<a class=\"elementor-post__read-more\" href=\"https:\/\/pulsair.net\/nl\/referenz\/auto-assistance-srls-meran\/\" aria-label=\"Read more about Auto Assistance Srls S\u00fcdtirol, Meran, Italien &#x1f1ee;&#x1f1f9;\" tabindex=\"-1\" >\n\t\t\tZur Referenz &gt;&gt;\t\t<\/a>\n\n\t\t\t\t<\/div>\n\t\t\t\t\t<\/div>\n\t\t<\/article>\n\t\t\t\t<article class=\"elementor-post elementor-grid-item post-4752 post type-post status-publish format-standard has-post-thumbnail hentry category-deutschland category-referenz\" role=\"listitem\">\n\t\t\t<div class=\"elementor-post__card\">\n\t\t\t\t<a class=\"elementor-post__thumbnail__link\" href=\"https:\/\/pulsair.net\/nl\/referenz\/kfz-lackier-gmbh-sauer-schrobenhausen-2\/\" tabindex=\"-1\" ><div class=\"elementor-post__thumbnail\"><img loading=\"lazy\" decoding=\"async\" width=\"1920\" height=\"1031\" src=\"https:\/\/pulsair.net\/wp-content\/uploads\/2026\/01\/Firefly_Gemini-Flash-1witner-cut.jpg\" class=\"attachment-full size-full wp-image-4753\" alt=\"\" srcset=\"https:\/\/pulsair.net\/wp-content\/uploads\/2026\/01\/Firefly_Gemini-Flash-1witner-cut.jpg 1920w, https:\/\/pulsair.net\/wp-content\/uploads\/2026\/01\/Firefly_Gemini-Flash-1witner-cut-300x161.jpg 300w, https:\/\/pulsair.net\/wp-content\/uploads\/2026\/01\/Firefly_Gemini-Flash-1witner-cut-1024x550.jpg 1024w, https:\/\/pulsair.net\/wp-content\/uploads\/2026\/01\/Firefly_Gemini-Flash-1witner-cut-768x412.jpg 768w, https:\/\/pulsair.net\/wp-content\/uploads\/2026\/01\/Firefly_Gemini-Flash-1witner-cut-1536x825.jpg 1536w, https:\/\/pulsair.net\/wp-content\/uploads\/2026\/01\/Firefly_Gemini-Flash-1witner-cut-18x10.jpg 18w, https:\/\/pulsair.net\/wp-content\/uploads\/2026\/01\/Firefly_Gemini-Flash-1witner-cut-600x322.jpg 600w\" sizes=\"(max-width: 1920px) 100vw, 1920px\" \/><\/div><\/a>\n\t\t\t\t<div class=\"elementor-post__text\">\n\t\t\t\t<h3 class=\"elementor-post__title\">\n\t\t\t<a href=\"https:\/\/pulsair.net\/nl\/referenz\/kfz-lackier-gmbh-sauer-schrobenhausen-2\/\" >\n\t\t\t\tAutohaus Wolters Itterbeck Graafschap Grafschaft Bentheim Nedersaksen \ud83c\udde9\ud83c\uddea\t\t\t<\/a>\n\t\t<\/h3>\n\t\t\n\t\t<a class=\"elementor-post__read-more\" href=\"https:\/\/pulsair.net\/nl\/referenz\/kfz-lackier-gmbh-sauer-schrobenhausen-2\/\" aria-label=\"Read more about Autohaus Wolters Itterbeck Landkreis Grafschaft Bentheim Niedersachsen &#x1f1e9;&#x1f1ea;\" tabindex=\"-1\" >\n\t\t\tZur Referenz &gt;&gt;\t\t<\/a>\n\n\t\t\t\t<\/div>\n\t\t\t\t\t<\/div>\n\t\t<\/article>\n\t\t\t\t<article class=\"elementor-post elementor-grid-item post-4709 post type-post status-publish format-standard has-post-thumbnail hentry category-oesterreich category-referenz\" role=\"listitem\">\n\t\t\t<div class=\"elementor-post__card\">\n\t\t\t\t<a class=\"elementor-post__thumbnail__link\" href=\"https:\/\/pulsair.net\/nl\/referenz\/bacher-kfz-radfeld-tirol-oesterreich\/\" tabindex=\"-1\" ><div class=\"elementor-post__thumbnail\"><img loading=\"lazy\" decoding=\"async\" width=\"1920\" height=\"1440\" src=\"https:\/\/pulsair.net\/wp-content\/uploads\/2025\/12\/IMG_1789.jpg\" class=\"attachment-full size-full wp-image-4711\" alt=\"\" srcset=\"https:\/\/pulsair.net\/wp-content\/uploads\/2025\/12\/IMG_1789.jpg 1920w, https:\/\/pulsair.net\/wp-content\/uploads\/2025\/12\/IMG_1789-300x225.jpg 300w, https:\/\/pulsair.net\/wp-content\/uploads\/2025\/12\/IMG_1789-1024x768.jpg 1024w, https:\/\/pulsair.net\/wp-content\/uploads\/2025\/12\/IMG_1789-768x576.jpg 768w, https:\/\/pulsair.net\/wp-content\/uploads\/2025\/12\/IMG_1789-1536x1152.jpg 1536w, https:\/\/pulsair.net\/wp-content\/uploads\/2025\/12\/IMG_1789-16x12.jpg 16w, https:\/\/pulsair.net\/wp-content\/uploads\/2025\/12\/IMG_1789-600x450.jpg 600w\" sizes=\"(max-width: 1920px) 100vw, 1920px\" \/><\/div><\/a>\n\t\t\t\t<div class=\"elementor-post__text\">\n\t\t\t\t<h3 class=\"elementor-post__title\">\n\t\t\t<a href=\"https:\/\/pulsair.net\/nl\/referenz\/bacher-kfz-radfeld-tirol-oesterreich\/\" >\n\t\t\t\tKfz Bacher Radfeld\/Tirol\/Oostenrijk \ud83c\udde6\ud83c\uddf9\t\t\t<\/a>\n\t\t<\/h3>\n\t\t\n\t\t<a class=\"elementor-post__read-more\" href=\"https:\/\/pulsair.net\/nl\/referenz\/bacher-kfz-radfeld-tirol-oesterreich\/\" aria-label=\"Read more about Kfz Bacher Radfeld\/Tirol\/\u00d6sterreich &#x1f1e6;&#x1f1f9;\" tabindex=\"-1\" >\n\t\t\tZur Referenz &gt;&gt;\t\t<\/a>\n\n\t\t\t\t<\/div>\n\t\t\t\t\t<\/div>\n\t\t<\/article>\n\t\t\t\t<article class=\"elementor-post elementor-grid-item post-4559 post type-post status-publish format-standard has-post-thumbnail hentry category-oesterreich category-referenz\" role=\"listitem\">\n\t\t\t<div class=\"elementor-post__card\">\n\t\t\t\t<a class=\"elementor-post__thumbnail__link\" href=\"https:\/\/pulsair.net\/nl\/referenz\/tichy-wien\/\" tabindex=\"-1\" ><div class=\"elementor-post__thumbnail\"><img loading=\"lazy\" decoding=\"async\" width=\"1600\" height=\"1600\" src=\"https:\/\/pulsair.net\/wp-content\/uploads\/2025\/10\/5-20251002_Werkstatt_007_va.jpg\" class=\"attachment-full size-full wp-image-4561\" alt=\"\" srcset=\"https:\/\/pulsair.net\/wp-content\/uploads\/2025\/10\/5-20251002_Werkstatt_007_va.jpg 1600w, https:\/\/pulsair.net\/wp-content\/uploads\/2025\/10\/5-20251002_Werkstatt_007_va-300x300.jpg 300w, https:\/\/pulsair.net\/wp-content\/uploads\/2025\/10\/5-20251002_Werkstatt_007_va-1024x1024.jpg 1024w, https:\/\/pulsair.net\/wp-content\/uploads\/2025\/10\/5-20251002_Werkstatt_007_va-150x150.jpg 150w, https:\/\/pulsair.net\/wp-content\/uploads\/2025\/10\/5-20251002_Werkstatt_007_va-768x768.jpg 768w, https:\/\/pulsair.net\/wp-content\/uploads\/2025\/10\/5-20251002_Werkstatt_007_va-1536x1536.jpg 1536w, https:\/\/pulsair.net\/wp-content\/uploads\/2025\/10\/5-20251002_Werkstatt_007_va-12x12.jpg 12w, https:\/\/pulsair.net\/wp-content\/uploads\/2025\/10\/5-20251002_Werkstatt_007_va-600x600.jpg 600w, https:\/\/pulsair.net\/wp-content\/uploads\/2025\/10\/5-20251002_Werkstatt_007_va-100x100.jpg 100w\" sizes=\"(max-width: 1600px) 100vw, 1600px\" \/><\/div><\/a>\n\t\t\t\t<div class=\"elementor-post__text\">\n\t\t\t\t<h3 class=\"elementor-post__title\">\n\t\t\t<a href=\"https:\/\/pulsair.net\/nl\/referenz\/tichy-wien\/\" >\n\t\t\t\tTichy Wenen\/Oostenrijk \ud83c\udde6\ud83c\uddf9\t\t\t<\/a>\n\t\t<\/h3>\n\t\t\n\t\t<a class=\"elementor-post__read-more\" href=\"https:\/\/pulsair.net\/nl\/referenz\/tichy-wien\/\" aria-label=\"Read more about Tichy Wien\/\u00d6sterreich &#x1f1e6;&#x1f1f9;\" tabindex=\"-1\" >\n\t\t\tZur Referenz &gt;&gt;\t\t<\/a>\n\n\t\t\t\t<\/div>\n\t\t\t\t\t<\/div>\n\t\t<\/article>\n\t\t\t\t<article class=\"elementor-post elementor-grid-item post-4551 post type-post status-publish format-standard has-post-thumbnail hentry category-oesterreich category-referenz\" role=\"listitem\">\n\t\t\t<div class=\"elementor-post__card\">\n\t\t\t\t<a class=\"elementor-post__thumbnail__link\" href=\"https:\/\/pulsair.net\/nl\/referenz\/paznauner-taja\/\" tabindex=\"-1\" ><div class=\"elementor-post__thumbnail\"><img loading=\"lazy\" decoding=\"async\" width=\"2048\" height=\"1536\" src=\"https:\/\/pulsair.net\/wp-content\/uploads\/2025\/10\/0e5ea468-e9bf-4e35-9be5-e897fa5c9b4e.jpg\" class=\"attachment-full size-full wp-image-4553\" alt=\"\" srcset=\"https:\/\/pulsair.net\/wp-content\/uploads\/2025\/10\/0e5ea468-e9bf-4e35-9be5-e897fa5c9b4e.jpg 2048w, https:\/\/pulsair.net\/wp-content\/uploads\/2025\/10\/0e5ea468-e9bf-4e35-9be5-e897fa5c9b4e-300x225.jpg 300w, https:\/\/pulsair.net\/wp-content\/uploads\/2025\/10\/0e5ea468-e9bf-4e35-9be5-e897fa5c9b4e-1024x768.jpg 1024w, https:\/\/pulsair.net\/wp-content\/uploads\/2025\/10\/0e5ea468-e9bf-4e35-9be5-e897fa5c9b4e-768x576.jpg 768w, https:\/\/pulsair.net\/wp-content\/uploads\/2025\/10\/0e5ea468-e9bf-4e35-9be5-e897fa5c9b4e-1536x1152.jpg 1536w, https:\/\/pulsair.net\/wp-content\/uploads\/2025\/10\/0e5ea468-e9bf-4e35-9be5-e897fa5c9b4e-16x12.jpg 16w, https:\/\/pulsair.net\/wp-content\/uploads\/2025\/10\/0e5ea468-e9bf-4e35-9be5-e897fa5c9b4e-600x450.jpg 600w\" sizes=\"(max-width: 2048px) 100vw, 2048px\" \/><\/div><\/a>\n\t\t\t\t<div class=\"elementor-post__text\">\n\t\t\t\t<h3 class=\"elementor-post__title\">\n\t\t\t<a href=\"https:\/\/pulsair.net\/nl\/referenz\/paznauner-taja\/\" >\n\t\t\t\tPaznauner Taja Ischgl\/Tirol\/Oostenrijk \ud83c\udde6\ud83c\uddf9\t\t\t<\/a>\n\t\t<\/h3>\n\t\t\n\t\t<a class=\"elementor-post__read-more\" href=\"https:\/\/pulsair.net\/nl\/referenz\/paznauner-taja\/\" aria-label=\"Read more about Paznauner Taja Ischgl\/Tirol\/\u00d6sterreich &#x1f1e6;&#x1f1f9;\" tabindex=\"-1\" >\n\t\t\tZur Referenz &gt;&gt;\t\t<\/a>\n\n\t\t\t\t<\/div>\n\t\t\t\t\t<\/div>\n\t\t<\/article>\n\t\t\t\t<article class=\"elementor-post elementor-grid-item post-4478 post type-post status-publish format-standard has-post-thumbnail hentry category-oesterreich category-referenz\" role=\"listitem\">\n\t\t\t<div class=\"elementor-post__card\">\n\t\t\t\t<a class=\"elementor-post__thumbnail__link\" href=\"https:\/\/pulsair.net\/nl\/referenz\/wiener-folierer\/\" tabindex=\"-1\" ><div class=\"elementor-post__thumbnail\"><img loading=\"lazy\" decoding=\"async\" width=\"1920\" height=\"1280\" src=\"https:\/\/pulsair.net\/wp-content\/uploads\/2025\/09\/2025_Setzer_Murat_Wiener_Folierer_Katarina_Lindbichler_Fotografie-15-1.jpg\" class=\"attachment-full size-full wp-image-4509\" alt=\"\" srcset=\"https:\/\/pulsair.net\/wp-content\/uploads\/2025\/09\/2025_Setzer_Murat_Wiener_Folierer_Katarina_Lindbichler_Fotografie-15-1.jpg 1920w, https:\/\/pulsair.net\/wp-content\/uploads\/2025\/09\/2025_Setzer_Murat_Wiener_Folierer_Katarina_Lindbichler_Fotografie-15-1-300x200.jpg 300w, https:\/\/pulsair.net\/wp-content\/uploads\/2025\/09\/2025_Setzer_Murat_Wiener_Folierer_Katarina_Lindbichler_Fotografie-15-1-1024x683.jpg 1024w, https:\/\/pulsair.net\/wp-content\/uploads\/2025\/09\/2025_Setzer_Murat_Wiener_Folierer_Katarina_Lindbichler_Fotografie-15-1-768x512.jpg 768w, https:\/\/pulsair.net\/wp-content\/uploads\/2025\/09\/2025_Setzer_Murat_Wiener_Folierer_Katarina_Lindbichler_Fotografie-15-1-1536x1024.jpg 1536w, https:\/\/pulsair.net\/wp-content\/uploads\/2025\/09\/2025_Setzer_Murat_Wiener_Folierer_Katarina_Lindbichler_Fotografie-15-1-18x12.jpg 18w, https:\/\/pulsair.net\/wp-content\/uploads\/2025\/09\/2025_Setzer_Murat_Wiener_Folierer_Katarina_Lindbichler_Fotografie-15-1-600x400.jpg 600w\" sizes=\"(max-width: 1920px) 100vw, 1920px\" \/><\/div><\/a>\n\t\t\t\t<div class=\"elementor-post__text\">\n\t\t\t\t<h3 class=\"elementor-post__title\">\n\t\t\t<a href=\"https:\/\/pulsair.net\/nl\/referenz\/wiener-folierer\/\" >\n\t\t\t\tWiener Folierer Wenen\/Oostenrijk \ud83c\udde6\ud83c\uddf9\t\t\t<\/a>\n\t\t<\/h3>\n\t\t\n\t\t<a class=\"elementor-post__read-more\" href=\"https:\/\/pulsair.net\/nl\/referenz\/wiener-folierer\/\" aria-label=\"Read more about Wiener Folierer Wien\/\u00d6sterreich &#x1f1e6;&#x1f1f9;\" tabindex=\"-1\" >\n\t\t\tZur Referenz &gt;&gt;\t\t<\/a>\n\n\t\t\t\t<\/div>\n\t\t\t\t\t<\/div>\n\t\t<\/article>\n\t\t\t\t<article class=\"elementor-post elementor-grid-item post-4442 post type-post status-publish format-standard has-post-thumbnail hentry category-oesterreich category-referenz\" role=\"listitem\">\n\t\t\t<div class=\"elementor-post__card\">\n\t\t\t\t<a class=\"elementor-post__thumbnail__link\" href=\"https:\/\/pulsair.net\/nl\/referenz\/karosserie-inmann-gmbh\/\" tabindex=\"-1\" ><div class=\"elementor-post__thumbnail\"><img loading=\"lazy\" decoding=\"async\" width=\"1361\" height=\"1920\" src=\"https:\/\/pulsair.net\/wp-content\/uploads\/2025\/09\/\u00a9christofgaggl__\u00a9christofgaggl__MCG_9878-2.jpg\" class=\"attachment-full size-full wp-image-4444\" alt=\"\" srcset=\"https:\/\/pulsair.net\/wp-content\/uploads\/2025\/09\/\u00a9christofgaggl__\u00a9christofgaggl__MCG_9878-2.jpg 1361w, https:\/\/pulsair.net\/wp-content\/uploads\/2025\/09\/\u00a9christofgaggl__\u00a9christofgaggl__MCG_9878-2-213x300.jpg 213w, https:\/\/pulsair.net\/wp-content\/uploads\/2025\/09\/\u00a9christofgaggl__\u00a9christofgaggl__MCG_9878-2-726x1024.jpg 726w, https:\/\/pulsair.net\/wp-content\/uploads\/2025\/09\/\u00a9christofgaggl__\u00a9christofgaggl__MCG_9878-2-768x1083.jpg 768w, https:\/\/pulsair.net\/wp-content\/uploads\/2025\/09\/\u00a9christofgaggl__\u00a9christofgaggl__MCG_9878-2-1089x1536.jpg 1089w, https:\/\/pulsair.net\/wp-content\/uploads\/2025\/09\/\u00a9christofgaggl__\u00a9christofgaggl__MCG_9878-2-9x12.jpg 9w, https:\/\/pulsair.net\/wp-content\/uploads\/2025\/09\/\u00a9christofgaggl__\u00a9christofgaggl__MCG_9878-2-600x846.jpg 600w\" sizes=\"(max-width: 1361px) 100vw, 1361px\" \/><\/div><\/a>\n\t\t\t\t<div class=\"elementor-post__text\">\n\t\t\t\t<h3 class=\"elementor-post__title\">\n\t\t\t<a href=\"https:\/\/pulsair.net\/nl\/referenz\/karosserie-inmann-gmbh\/\" >\n\t\t\t\tKarosserie Inmann GmbH Lienz\/Oost-Tirol\/Oostenrijk \ud83c\udde6\ud83c\uddf9\t\t\t<\/a>\n\t\t<\/h3>\n\t\t\n\t\t<a class=\"elementor-post__read-more\" href=\"https:\/\/pulsair.net\/nl\/referenz\/karosserie-inmann-gmbh\/\" aria-label=\"Read more about Karosserie Inmann GmbH Lienz\/Osttirol\/\u00d6sterreich &#x1f1e6;&#x1f1f9;\" tabindex=\"-1\" >\n\t\t\tZur Referenz &gt;&gt;\t\t<\/a>\n\n\t\t\t\t<\/div>\n\t\t\t\t\t<\/div>\n\t\t<\/article>\n\t\t\t\t<article class=\"elementor-post elementor-grid-item post-4406 post type-post status-publish format-standard has-post-thumbnail hentry category-oesterreich category-referenz\" role=\"listitem\">\n\t\t\t<div class=\"elementor-post__card\">\n\t\t\t\t<a class=\"elementor-post__thumbnail__link\" href=\"https:\/\/pulsair.net\/nl\/referenz\/automobile-gierer-eu-liebenau\/\" tabindex=\"-1\" ><div class=\"elementor-post__thumbnail\"><img loading=\"lazy\" decoding=\"async\" width=\"1920\" height=\"1280\" src=\"https:\/\/pulsair.net\/wp-content\/uploads\/2025\/09\/DSC7867.jpg\" class=\"attachment-full size-full wp-image-4408\" alt=\"\" srcset=\"https:\/\/pulsair.net\/wp-content\/uploads\/2025\/09\/DSC7867.jpg 1920w, https:\/\/pulsair.net\/wp-content\/uploads\/2025\/09\/DSC7867-300x200.jpg 300w, https:\/\/pulsair.net\/wp-content\/uploads\/2025\/09\/DSC7867-1024x683.jpg 1024w, https:\/\/pulsair.net\/wp-content\/uploads\/2025\/09\/DSC7867-768x512.jpg 768w, https:\/\/pulsair.net\/wp-content\/uploads\/2025\/09\/DSC7867-1536x1024.jpg 1536w, https:\/\/pulsair.net\/wp-content\/uploads\/2025\/09\/DSC7867-18x12.jpg 18w, https:\/\/pulsair.net\/wp-content\/uploads\/2025\/09\/DSC7867-600x400.jpg 600w\" sizes=\"(max-width: 1920px) 100vw, 1920px\" \/><\/div><\/a>\n\t\t\t\t<div class=\"elementor-post__text\">\n\t\t\t\t<h3 class=\"elementor-post__title\">\n\t\t\t<a href=\"https:\/\/pulsair.net\/nl\/referenz\/automobile-gierer-eu-liebenau\/\" >\n\t\t\t\tAutomobile Gierer e.U. Liebenau\/Upper-Oostenrijk \ud83c\udde6\ud83c\uddf9\t\t\t<\/a>\n\t\t<\/h3>\n\t\t\n\t\t<a class=\"elementor-post__read-more\" href=\"https:\/\/pulsair.net\/nl\/referenz\/automobile-gierer-eu-liebenau\/\" aria-label=\"Read more about Automobile Gierer e.U. Liebenau\/Ober\u00f6sterreich &#x1f1e6;&#x1f1f9;\" tabindex=\"-1\" >\n\t\t\tZur Referenz &gt;&gt;\t\t<\/a>\n\n\t\t\t\t<\/div>\n\t\t\t\t\t<\/div>\n\t\t<\/article>\n\t\t\t\t<article class=\"elementor-post elementor-grid-item post-4394 post type-post status-publish format-standard has-post-thumbnail hentry category-deutschland category-referenz\" role=\"listitem\">\n\t\t\t<div class=\"elementor-post__card\">\n\t\t\t\t<a class=\"elementor-post__thumbnail__link\" href=\"https:\/\/pulsair.net\/nl\/referenz\/kfz-lackier-gmbh-sauer-schrobenhausen\/\" tabindex=\"-1\" ><div class=\"elementor-post__thumbnail\"><img loading=\"lazy\" decoding=\"async\" width=\"1280\" height=\"1920\" src=\"https:\/\/pulsair.net\/wp-content\/uploads\/2025\/09\/DSC_1148-Bearbeitet-Bearbeitet.jpg\" class=\"attachment-full size-full wp-image-4396\" alt=\"\" srcset=\"https:\/\/pulsair.net\/wp-content\/uploads\/2025\/09\/DSC_1148-Bearbeitet-Bearbeitet.jpg 1280w, https:\/\/pulsair.net\/wp-content\/uploads\/2025\/09\/DSC_1148-Bearbeitet-Bearbeitet-200x300.jpg 200w, https:\/\/pulsair.net\/wp-content\/uploads\/2025\/09\/DSC_1148-Bearbeitet-Bearbeitet-683x1024.jpg 683w, https:\/\/pulsair.net\/wp-content\/uploads\/2025\/09\/DSC_1148-Bearbeitet-Bearbeitet-768x1152.jpg 768w, https:\/\/pulsair.net\/wp-content\/uploads\/2025\/09\/DSC_1148-Bearbeitet-Bearbeitet-1024x1536.jpg 1024w, https:\/\/pulsair.net\/wp-content\/uploads\/2025\/09\/DSC_1148-Bearbeitet-Bearbeitet-8x12.jpg 8w, https:\/\/pulsair.net\/wp-content\/uploads\/2025\/09\/DSC_1148-Bearbeitet-Bearbeitet-600x900.jpg 600w\" sizes=\"(max-width: 1280px) 100vw, 1280px\" \/><\/div><\/a>\n\t\t\t\t<div class=\"elementor-post__text\">\n\t\t\t\t<h3 class=\"elementor-post__title\">\n\t\t\t<a href=\"https:\/\/pulsair.net\/nl\/referenz\/kfz-lackier-gmbh-sauer-schrobenhausen\/\" >\n\t\t\t\tKFZ-Lackier GmbH Sauer Schrobenhausen\/Beieren\/Duitsland \ud83c\udde9\ud83c\uddea\t\t\t<\/a>\n\t\t<\/h3>\n\t\t\n\t\t<a class=\"elementor-post__read-more\" href=\"https:\/\/pulsair.net\/nl\/referenz\/kfz-lackier-gmbh-sauer-schrobenhausen\/\" aria-label=\"Read more about KFZ-Lackier GmbH Sauer Schrobenhausen\/Bayern\/Deutschland &#x1f1e9;&#x1f1ea;\" tabindex=\"-1\" >\n\t\t\tZur Referenz &gt;&gt;\t\t<\/a>\n\n\t\t\t\t<\/div>\n\t\t\t\t\t<\/div>\n\t\t<\/article>\n\t\t\t\t<article class=\"elementor-post elementor-grid-item post-4296 post type-post status-publish format-standard has-post-thumbnail hentry category-deutschland category-referenz\" role=\"listitem\">\n\t\t\t<div class=\"elementor-post__card\">\n\t\t\t\t<a class=\"elementor-post__thumbnail__link\" href=\"https:\/\/pulsair.net\/nl\/referenz\/automobil-service-hartig-gmbh\/\" tabindex=\"-1\" ><div class=\"elementor-post__thumbnail\"><img loading=\"lazy\" decoding=\"async\" width=\"1277\" height=\"1920\" src=\"https:\/\/pulsair.net\/wp-content\/uploads\/2025\/07\/0009a-1.jpg\" class=\"attachment-full size-full wp-image-4264\" alt=\"\" srcset=\"https:\/\/pulsair.net\/wp-content\/uploads\/2025\/07\/0009a-1.jpg 1277w, https:\/\/pulsair.net\/wp-content\/uploads\/2025\/07\/0009a-1-200x300.jpg 200w, https:\/\/pulsair.net\/wp-content\/uploads\/2025\/07\/0009a-1-681x1024.jpg 681w, https:\/\/pulsair.net\/wp-content\/uploads\/2025\/07\/0009a-1-768x1155.jpg 768w, https:\/\/pulsair.net\/wp-content\/uploads\/2025\/07\/0009a-1-1022x1536.jpg 1022w, https:\/\/pulsair.net\/wp-content\/uploads\/2025\/07\/0009a-1-600x902.jpg 600w\" sizes=\"(max-width: 1277px) 100vw, 1277px\" \/><\/div><\/a>\n\t\t\t\t<div class=\"elementor-post__text\">\n\t\t\t\t<h3 class=\"elementor-post__title\">\n\t\t\t<a href=\"https:\/\/pulsair.net\/nl\/referenz\/automobil-service-hartig-gmbh\/\" >\n\t\t\t\tAutomobil-Service Hartig GmbH &amp; Ko KG Weihenzell\/Beieren\/Duitsland \ud83c\udde9\ud83c\uddea\t\t\t<\/a>\n\t\t<\/h3>\n\t\t\n\t\t<a class=\"elementor-post__read-more\" href=\"https:\/\/pulsair.net\/nl\/referenz\/automobil-service-hartig-gmbh\/\" aria-label=\"Read more about Automobil-Service Hartig GmbH &#038; Ko KG Weihenzell\/Bayern\/Deutschland &#x1f1e9;&#x1f1ea;\" tabindex=\"-1\" >\n\t\t\tZur Referenz &gt;&gt;\t\t<\/a>\n\n\t\t\t\t<\/div>\n\t\t\t\t\t<\/div>\n\t\t<\/article>\n\t\t\t\t<article class=\"elementor-post elementor-grid-item post-4259 post type-post status-publish format-standard has-post-thumbnail hentry category-deutschland category-referenz\" role=\"listitem\">\n\t\t\t<div class=\"elementor-post__card\">\n\t\t\t\t<a class=\"elementor-post__thumbnail__link\" href=\"https:\/\/pulsair.net\/nl\/referenz\/kuehl-gmbh\/\" tabindex=\"-1\" ><div class=\"elementor-post__thumbnail\"><img loading=\"lazy\" decoding=\"async\" width=\"1280\" height=\"1920\" src=\"https:\/\/pulsair.net\/wp-content\/uploads\/2025\/08\/puls-air-Kuehl-08-25-8-bearb.jpg\" class=\"attachment-full size-full wp-image-4304\" alt=\"\" srcset=\"https:\/\/pulsair.net\/wp-content\/uploads\/2025\/08\/puls-air-Kuehl-08-25-8-bearb.jpg 1280w, https:\/\/pulsair.net\/wp-content\/uploads\/2025\/08\/puls-air-Kuehl-08-25-8-bearb-200x300.jpg 200w, https:\/\/pulsair.net\/wp-content\/uploads\/2025\/08\/puls-air-Kuehl-08-25-8-bearb-683x1024.jpg 683w, https:\/\/pulsair.net\/wp-content\/uploads\/2025\/08\/puls-air-Kuehl-08-25-8-bearb-768x1152.jpg 768w, https:\/\/pulsair.net\/wp-content\/uploads\/2025\/08\/puls-air-Kuehl-08-25-8-bearb-1024x1536.jpg 1024w, https:\/\/pulsair.net\/wp-content\/uploads\/2025\/08\/puls-air-Kuehl-08-25-8-bearb-8x12.jpg 8w, https:\/\/pulsair.net\/wp-content\/uploads\/2025\/08\/puls-air-Kuehl-08-25-8-bearb-600x900.jpg 600w\" sizes=\"(max-width: 1280px) 100vw, 1280px\" \/><\/div><\/a>\n\t\t\t\t<div class=\"elementor-post__text\">\n\t\t\t\t<h3 class=\"elementor-post__title\">\n\t\t\t<a href=\"https:\/\/pulsair.net\/nl\/referenz\/kuehl-gmbh\/\" >\n\t\t\t\tK\u00fchl GmbH Gerolzhofen\/Beieren\/Duitsland \ud83c\udde9\ud83c\uddea\t\t\t<\/a>\n\t\t<\/h3>\n\t\t\n\t\t<a class=\"elementor-post__read-more\" href=\"https:\/\/pulsair.net\/nl\/referenz\/kuehl-gmbh\/\" aria-label=\"Read more about K\u00fchl GmbH Gerolzhofen\/Bayern\/Deutschland &#x1f1e9;&#x1f1ea;\" tabindex=\"-1\" >\n\t\t\tZur Referenz &gt;&gt;\t\t<\/a>\n\n\t\t\t\t<\/div>\n\t\t\t\t\t<\/div>\n\t\t<\/article>\n\t\t\t\t<article class=\"elementor-post elementor-grid-item post-4206 post type-post status-publish format-standard has-post-thumbnail hentry category-italien category-referenz\" role=\"listitem\">\n\t\t\t<div class=\"elementor-post__card\">\n\t\t\t\t<a class=\"elementor-post__thumbnail__link\" href=\"https:\/\/pulsair.net\/nl\/referenz\/autolabor-eggental-suedtirol-italien\/\" tabindex=\"-1\" ><div class=\"elementor-post__thumbnail\"><img loading=\"lazy\" decoding=\"async\" width=\"1920\" height=\"1279\" src=\"https:\/\/pulsair.net\/wp-content\/uploads\/2025\/02\/Autolabor6.jpg\" class=\"attachment-full size-full wp-image-4214\" alt=\"\" srcset=\"https:\/\/pulsair.net\/wp-content\/uploads\/2025\/02\/Autolabor6.jpg 1920w, https:\/\/pulsair.net\/wp-content\/uploads\/2025\/02\/Autolabor6-300x200.jpg 300w, https:\/\/pulsair.net\/wp-content\/uploads\/2025\/02\/Autolabor6-1024x682.jpg 1024w, https:\/\/pulsair.net\/wp-content\/uploads\/2025\/02\/Autolabor6-768x512.jpg 768w, https:\/\/pulsair.net\/wp-content\/uploads\/2025\/02\/Autolabor6-1536x1023.jpg 1536w, https:\/\/pulsair.net\/wp-content\/uploads\/2025\/02\/Autolabor6-600x400.jpg 600w\" sizes=\"(max-width: 1920px) 100vw, 1920px\" \/><\/div><\/a>\n\t\t\t\t<div class=\"elementor-post__text\">\n\t\t\t\t<h3 class=\"elementor-post__title\">\n\t\t\t<a href=\"https:\/\/pulsair.net\/nl\/referenz\/autolabor-eggental-suedtirol-italien\/\" >\n\t\t\t\tAutolabor Eggental\/Zuid-Tirol\/Itali\u00eb \ud83c\uddee\ud83c\uddf9\t\t\t<\/a>\n\t\t<\/h3>\n\t\t\n\t\t<a class=\"elementor-post__read-more\" href=\"https:\/\/pulsair.net\/nl\/referenz\/autolabor-eggental-suedtirol-italien\/\" aria-label=\"Read more about Autolabor Eggental\/S\u00fcdtirol\/Italien &#x1f1ee;&#x1f1f9;\" tabindex=\"-1\" >\n\t\t\tZur Referenz &gt;&gt;\t\t<\/a>\n\n\t\t\t\t<\/div>\n\t\t\t\t\t<\/div>\n\t\t<\/article>\n\t\t\t\t<article class=\"elementor-post elementor-grid-item post-4077 post type-post status-publish format-standard has-post-thumbnail hentry category-referenz category-schweiz\" role=\"listitem\">\n\t\t\t<div class=\"elementor-post__card\">\n\t\t\t\t<a class=\"elementor-post__thumbnail__link\" href=\"https:\/\/pulsair.net\/nl\/referenz\/garage-keusen-ag-riggisberg-schweiz\/\" tabindex=\"-1\" ><div class=\"elementor-post__thumbnail\"><img loading=\"lazy\" decoding=\"async\" width=\"1280\" height=\"1920\" src=\"https:\/\/pulsair.net\/wp-content\/uploads\/2024\/12\/Garage_Keusen_stephaniewidmer.ch-2.jpg\" class=\"attachment-full size-full wp-image-4079\" alt=\"\" srcset=\"https:\/\/pulsair.net\/wp-content\/uploads\/2024\/12\/Garage_Keusen_stephaniewidmer.ch-2.jpg 1280w, https:\/\/pulsair.net\/wp-content\/uploads\/2024\/12\/Garage_Keusen_stephaniewidmer.ch-2-200x300.jpg 200w, https:\/\/pulsair.net\/wp-content\/uploads\/2024\/12\/Garage_Keusen_stephaniewidmer.ch-2-683x1024.jpg 683w, https:\/\/pulsair.net\/wp-content\/uploads\/2024\/12\/Garage_Keusen_stephaniewidmer.ch-2-768x1152.jpg 768w, https:\/\/pulsair.net\/wp-content\/uploads\/2024\/12\/Garage_Keusen_stephaniewidmer.ch-2-1024x1536.jpg 1024w, https:\/\/pulsair.net\/wp-content\/uploads\/2024\/12\/Garage_Keusen_stephaniewidmer.ch-2-600x900.jpg 600w\" sizes=\"(max-width: 1280px) 100vw, 1280px\" \/><\/div><\/a>\n\t\t\t\t<div class=\"elementor-post__text\">\n\t\t\t\t<h3 class=\"elementor-post__title\">\n\t\t\t<a href=\"https:\/\/pulsair.net\/nl\/referenz\/garage-keusen-ag-riggisberg-schweiz\/\" >\n\t\t\t\tGarage Keusen AG Riggisberg\/Zwitserland \ud83c\udde8\ud83c\udded\t\t\t<\/a>\n\t\t<\/h3>\n\t\t\n\t\t<a class=\"elementor-post__read-more\" href=\"https:\/\/pulsair.net\/nl\/referenz\/garage-keusen-ag-riggisberg-schweiz\/\" aria-label=\"Read more about Garage Keusen AG Riggisberg\/Schweiz &#x1f1e8;&#x1f1ed;\" tabindex=\"-1\" >\n\t\t\tZur Referenz &gt;&gt;\t\t<\/a>\n\n\t\t\t\t<\/div>\n\t\t\t\t\t<\/div>\n\t\t<\/article>\n\t\t\t\t<article class=\"elementor-post elementor-grid-item post-3960 post type-post status-publish format-standard has-post-thumbnail hentry category-deutschland category-referenz\" role=\"listitem\">\n\t\t\t<div class=\"elementor-post__card\">\n\t\t\t\t<a class=\"elementor-post__thumbnail__link\" href=\"https:\/\/pulsair.net\/nl\/referenz\/autohaus-klaus-beier-jever-niedersachsen-deutschland\/\" tabindex=\"-1\" ><div class=\"elementor-post__thumbnail\"><img loading=\"lazy\" decoding=\"async\" width=\"1280\" height=\"1920\" src=\"https:\/\/pulsair.net\/wp-content\/uploads\/2024\/11\/Puls-Air_AutohausBeier_KlausBeier_1.jpg\" class=\"attachment-full size-full wp-image-3963\" alt=\"\" srcset=\"https:\/\/pulsair.net\/wp-content\/uploads\/2024\/11\/Puls-Air_AutohausBeier_KlausBeier_1.jpg 1280w, https:\/\/pulsair.net\/wp-content\/uploads\/2024\/11\/Puls-Air_AutohausBeier_KlausBeier_1-200x300.jpg 200w, https:\/\/pulsair.net\/wp-content\/uploads\/2024\/11\/Puls-Air_AutohausBeier_KlausBeier_1-683x1024.jpg 683w, https:\/\/pulsair.net\/wp-content\/uploads\/2024\/11\/Puls-Air_AutohausBeier_KlausBeier_1-768x1152.jpg 768w, https:\/\/pulsair.net\/wp-content\/uploads\/2024\/11\/Puls-Air_AutohausBeier_KlausBeier_1-1024x1536.jpg 1024w, https:\/\/pulsair.net\/wp-content\/uploads\/2024\/11\/Puls-Air_AutohausBeier_KlausBeier_1-600x900.jpg 600w\" sizes=\"(max-width: 1280px) 100vw, 1280px\" \/><\/div><\/a>\n\t\t\t\t<div class=\"elementor-post__text\">\n\t\t\t\t<h3 class=\"elementor-post__title\">\n\t\t\t<a href=\"https:\/\/pulsair.net\/nl\/referenz\/autohaus-klaus-beier-jever-niedersachsen-deutschland\/\" >\n\t\t\t\tKlaus Beier autobedrijf Jever\/Nedersaksen\/Duitsland \ud83c\udde9\ud83c\uddea\t\t\t<\/a>\n\t\t<\/h3>\n\t\t\n\t\t<a class=\"elementor-post__read-more\" href=\"https:\/\/pulsair.net\/nl\/referenz\/autohaus-klaus-beier-jever-niedersachsen-deutschland\/\" aria-label=\"Read more about Autohaus Klaus Beier Jever\/Niedersachsen\/Deutschland &#x1f1e9;&#x1f1ea;\" tabindex=\"-1\" >\n\t\t\tZur Referenz &gt;&gt;\t\t<\/a>\n\n\t\t\t\t<\/div>\n\t\t\t\t\t<\/div>\n\t\t<\/article>\n\t\t\t\t<article class=\"elementor-post elementor-grid-item post-3938 post type-post status-publish format-standard has-post-thumbnail hentry category-deutschland category-referenz\" role=\"listitem\">\n\t\t\t<div class=\"elementor-post__card\">\n\t\t\t\t<a class=\"elementor-post__thumbnail__link\" href=\"https:\/\/pulsair.net\/nl\/referenz\/rauh-automechanik\/\" tabindex=\"-1\" ><div class=\"elementor-post__thumbnail\"><img loading=\"lazy\" decoding=\"async\" width=\"1920\" height=\"1280\" src=\"https:\/\/pulsair.net\/wp-content\/uploads\/2024\/11\/3-DSC02166-Enhanced-NR_PS.jpg\" class=\"attachment-full size-full wp-image-3945\" alt=\"\" srcset=\"https:\/\/pulsair.net\/wp-content\/uploads\/2024\/11\/3-DSC02166-Enhanced-NR_PS.jpg 1920w, https:\/\/pulsair.net\/wp-content\/uploads\/2024\/11\/3-DSC02166-Enhanced-NR_PS-300x200.jpg 300w, https:\/\/pulsair.net\/wp-content\/uploads\/2024\/11\/3-DSC02166-Enhanced-NR_PS-1024x683.jpg 1024w, https:\/\/pulsair.net\/wp-content\/uploads\/2024\/11\/3-DSC02166-Enhanced-NR_PS-768x512.jpg 768w, https:\/\/pulsair.net\/wp-content\/uploads\/2024\/11\/3-DSC02166-Enhanced-NR_PS-1536x1024.jpg 1536w, https:\/\/pulsair.net\/wp-content\/uploads\/2024\/11\/3-DSC02166-Enhanced-NR_PS-600x400.jpg 600w\" sizes=\"(max-width: 1920px) 100vw, 1920px\" \/><\/div><\/a>\n\t\t\t\t<div class=\"elementor-post__text\">\n\t\t\t\t<h3 class=\"elementor-post__title\">\n\t\t\t<a href=\"https:\/\/pulsair.net\/nl\/referenz\/rauh-automechanik\/\" >\n\t\t\t\tRauh Automechanik &amp; Elektrik GmbH &amp; Co KG Weiden\/Beieren\/Duitsland \ud83c\udde9\ud83c\uddea\t\t\t<\/a>\n\t\t<\/h3>\n\t\t\n\t\t<a class=\"elementor-post__read-more\" href=\"https:\/\/pulsair.net\/nl\/referenz\/rauh-automechanik\/\" aria-label=\"Read more about Rauh Automechanik &#038; Elektrik GmbH &#038; Co.KG Weiden\/Bayern\/Deutschland &#x1f1e9;&#x1f1ea;\" tabindex=\"-1\" >\n\t\t\tZur Referenz &gt;&gt;\t\t<\/a>\n\n\t\t\t\t<\/div>\n\t\t\t\t\t<\/div>\n\t\t<\/article>\n\t\t\t\t<article class=\"elementor-post elementor-grid-item post-3909 post type-post status-publish format-standard has-post-thumbnail hentry category-lichtenstein category-referenz\" role=\"listitem\">\n\t\t\t<div class=\"elementor-post__card\">\n\t\t\t\t<a class=\"elementor-post__thumbnail__link\" href=\"https:\/\/pulsair.net\/nl\/referenz\/garage-kaiser-anstalt-schaan-lichtenstein\/\" tabindex=\"-1\" ><div class=\"elementor-post__thumbnail\"><img loading=\"lazy\" decoding=\"async\" width=\"1920\" height=\"1440\" src=\"https:\/\/pulsair.net\/wp-content\/uploads\/2024\/11\/DSF8929_JPG_FULLSIZE.jpg\" class=\"attachment-full size-full wp-image-4880\" alt=\"\" srcset=\"https:\/\/pulsair.net\/wp-content\/uploads\/2024\/11\/DSF8929_JPG_FULLSIZE.jpg 1920w, https:\/\/pulsair.net\/wp-content\/uploads\/2024\/11\/DSF8929_JPG_FULLSIZE-300x225.jpg 300w, https:\/\/pulsair.net\/wp-content\/uploads\/2024\/11\/DSF8929_JPG_FULLSIZE-1024x768.jpg 1024w, https:\/\/pulsair.net\/wp-content\/uploads\/2024\/11\/DSF8929_JPG_FULLSIZE-768x576.jpg 768w, https:\/\/pulsair.net\/wp-content\/uploads\/2024\/11\/DSF8929_JPG_FULLSIZE-1536x1152.jpg 1536w, https:\/\/pulsair.net\/wp-content\/uploads\/2024\/11\/DSF8929_JPG_FULLSIZE-16x12.jpg 16w, https:\/\/pulsair.net\/wp-content\/uploads\/2024\/11\/DSF8929_JPG_FULLSIZE-600x450.jpg 600w\" sizes=\"(max-width: 1920px) 100vw, 1920px\" \/><\/div><\/a>\n\t\t\t\t<div class=\"elementor-post__text\">\n\t\t\t\t<h3 class=\"elementor-post__title\">\n\t\t\t<a href=\"https:\/\/pulsair.net\/nl\/referenz\/garage-kaiser-anstalt-schaan-lichtenstein\/\" >\n\t\t\t\tGarage Kaiser Anstalt Schaan\/Lichtenstein \ud83c\uddf1\ud83c\uddee\t\t\t<\/a>\n\t\t<\/h3>\n\t\t\n\t\t<a class=\"elementor-post__read-more\" href=\"https:\/\/pulsair.net\/nl\/referenz\/garage-kaiser-anstalt-schaan-lichtenstein\/\" aria-label=\"Read more about Garage Kaiser Anstalt Schaan\/Lichtenstein &#x1f1f1;&#x1f1ee;\" tabindex=\"-1\" >\n\t\t\tZur Referenz &gt;&gt;\t\t<\/a>\n\n\t\t\t\t<\/div>\n\t\t\t\t\t<\/div>\n\t\t<\/article>\n\t\t\t\t<article class=\"elementor-post elementor-grid-item post-3903 post type-post status-publish format-standard has-post-thumbnail hentry category-referenz category-schweiz\" role=\"listitem\">\n\t\t\t<div class=\"elementor-post__card\">\n\t\t\t\t<a class=\"elementor-post__thumbnail__link\" href=\"https:\/\/pulsair.net\/nl\/referenz\/ziegler-car-gmbh-ruemlingen-schweiz\/\" tabindex=\"-1\" ><div class=\"elementor-post__thumbnail\"><img loading=\"lazy\" decoding=\"async\" width=\"1000\" height=\"1000\" src=\"https:\/\/pulsair.net\/wp-content\/uploads\/2020\/05\/Puls-air-Heizger\u00e4t-vorne-rechts.png\" class=\"attachment-full size-full wp-image-547\" alt=\"\" srcset=\"https:\/\/pulsair.net\/wp-content\/uploads\/2020\/05\/Puls-air-Heizger\u00e4t-vorne-rechts.png 1000w, https:\/\/pulsair.net\/wp-content\/uploads\/2020\/05\/Puls-air-Heizger\u00e4t-vorne-rechts-300x300.png 300w, https:\/\/pulsair.net\/wp-content\/uploads\/2020\/05\/Puls-air-Heizger\u00e4t-vorne-rechts-150x150.png 150w, https:\/\/pulsair.net\/wp-content\/uploads\/2020\/05\/Puls-air-Heizger\u00e4t-vorne-rechts-768x768.png 768w, https:\/\/pulsair.net\/wp-content\/uploads\/2020\/05\/Puls-air-Heizger\u00e4t-vorne-rechts-600x600.png 600w, https:\/\/pulsair.net\/wp-content\/uploads\/2020\/05\/Puls-air-Heizger\u00e4t-vorne-rechts-100x100.png 100w\" sizes=\"(max-width: 1000px) 100vw, 1000px\" \/><\/div><\/a>\n\t\t\t\t<div class=\"elementor-post__text\">\n\t\t\t\t<h3 class=\"elementor-post__title\">\n\t\t\t<a href=\"https:\/\/pulsair.net\/nl\/referenz\/ziegler-car-gmbh-ruemlingen-schweiz\/\" >\n\t\t\t\tZiegler Car GmbH R\u00fcmlingen\/Zwitserland \ud83c\udde8\ud83c\udded\t\t\t<\/a>\n\t\t<\/h3>\n\t\t\n\t\t<a class=\"elementor-post__read-more\" href=\"https:\/\/pulsair.net\/nl\/referenz\/ziegler-car-gmbh-ruemlingen-schweiz\/\" aria-label=\"Read more about Ziegler Car GmbH R\u00fcmlingen\/Schweiz &#x1f1e8;&#x1f1ed;\" tabindex=\"-1\" >\n\t\t\tZur Referenz &gt;&gt;\t\t<\/a>\n\n\t\t\t\t<\/div>\n\t\t\t\t\t<\/div>\n\t\t<\/article>\n\t\t\t\t<article class=\"elementor-post elementor-grid-item post-3899 post type-post status-publish format-standard has-post-thumbnail hentry category-referenz category-schweiz\" role=\"listitem\">\n\t\t\t<div class=\"elementor-post__card\">\n\t\t\t\t<a class=\"elementor-post__thumbnail__link\" href=\"https:\/\/pulsair.net\/nl\/referenz\/garage-buehrer-gmbh-schaffhausen-schweiz\/\" tabindex=\"-1\" ><div class=\"elementor-post__thumbnail\"><img loading=\"lazy\" decoding=\"async\" width=\"1000\" height=\"1000\" src=\"https:\/\/pulsair.net\/wp-content\/uploads\/2020\/05\/Puls-air-Heizger\u00e4t-vorne-rechts.png\" class=\"attachment-full size-full wp-image-547\" alt=\"\" srcset=\"https:\/\/pulsair.net\/wp-content\/uploads\/2020\/05\/Puls-air-Heizger\u00e4t-vorne-rechts.png 1000w, https:\/\/pulsair.net\/wp-content\/uploads\/2020\/05\/Puls-air-Heizger\u00e4t-vorne-rechts-300x300.png 300w, https:\/\/pulsair.net\/wp-content\/uploads\/2020\/05\/Puls-air-Heizger\u00e4t-vorne-rechts-150x150.png 150w, https:\/\/pulsair.net\/wp-content\/uploads\/2020\/05\/Puls-air-Heizger\u00e4t-vorne-rechts-768x768.png 768w, https:\/\/pulsair.net\/wp-content\/uploads\/2020\/05\/Puls-air-Heizger\u00e4t-vorne-rechts-600x600.png 600w, https:\/\/pulsair.net\/wp-content\/uploads\/2020\/05\/Puls-air-Heizger\u00e4t-vorne-rechts-100x100.png 100w\" sizes=\"(max-width: 1000px) 100vw, 1000px\" \/><\/div><\/a>\n\t\t\t\t<div class=\"elementor-post__text\">\n\t\t\t\t<h3 class=\"elementor-post__title\">\n\t\t\t<a href=\"https:\/\/pulsair.net\/nl\/referenz\/garage-buehrer-gmbh-schaffhausen-schweiz\/\" >\n\t\t\t\tGarage B\u00fchrer GmbH Schaffhausen\/Zwitserland \ud83c\udde8\ud83c\udded\t\t\t<\/a>\n\t\t<\/h3>\n\t\t\n\t\t<a class=\"elementor-post__read-more\" href=\"https:\/\/pulsair.net\/nl\/referenz\/garage-buehrer-gmbh-schaffhausen-schweiz\/\" aria-label=\"Read more about Garage B\u00fchrer GmbH Schaffhausen\/Schweiz &#x1f1e8;&#x1f1ed;\" tabindex=\"-1\" >\n\t\t\tZur Referenz &gt;&gt;\t\t<\/a>\n\n\t\t\t\t<\/div>\n\t\t\t\t\t<\/div>\n\t\t<\/article>\n\t\t\t\t<article class=\"elementor-post elementor-grid-item post-3847 post type-post status-publish format-standard has-post-thumbnail hentry category-italien category-referenz\" role=\"listitem\">\n\t\t\t<div class=\"elementor-post__card\">\n\t\t\t\t<a class=\"elementor-post__thumbnail__link\" href=\"https:\/\/pulsair.net\/nl\/referenz\/black-mechanix-bozen-suedtirol-italien\/\" tabindex=\"-1\" ><div class=\"elementor-post__thumbnail\"><img loading=\"lazy\" decoding=\"async\" width=\"1278\" height=\"1920\" src=\"https:\/\/pulsair.net\/wp-content\/uploads\/2024\/11\/Black-Mechanix-12.jpg\" class=\"attachment-full size-full wp-image-4186\" alt=\"\" srcset=\"https:\/\/pulsair.net\/wp-content\/uploads\/2024\/11\/Black-Mechanix-12.jpg 1278w, https:\/\/pulsair.net\/wp-content\/uploads\/2024\/11\/Black-Mechanix-12-200x300.jpg 200w, https:\/\/pulsair.net\/wp-content\/uploads\/2024\/11\/Black-Mechanix-12-682x1024.jpg 682w, https:\/\/pulsair.net\/wp-content\/uploads\/2024\/11\/Black-Mechanix-12-768x1154.jpg 768w, https:\/\/pulsair.net\/wp-content\/uploads\/2024\/11\/Black-Mechanix-12-1022x1536.jpg 1022w, https:\/\/pulsair.net\/wp-content\/uploads\/2024\/11\/Black-Mechanix-12-600x901.jpg 600w\" sizes=\"(max-width: 1278px) 100vw, 1278px\" \/><\/div><\/a>\n\t\t\t\t<div class=\"elementor-post__text\">\n\t\t\t\t<h3 class=\"elementor-post__title\">\n\t\t\t<a href=\"https:\/\/pulsair.net\/nl\/referenz\/black-mechanix-bozen-suedtirol-italien\/\" >\n\t\t\t\tBlack Mechanix Bolzano\/Zuid-Tirol\/Itali\u00eb \ud83c\uddee\ud83c\uddf9\t\t\t<\/a>\n\t\t<\/h3>\n\t\t\n\t\t<a class=\"elementor-post__read-more\" href=\"https:\/\/pulsair.net\/nl\/referenz\/black-mechanix-bozen-suedtirol-italien\/\" aria-label=\"Read more about Black Mechanix Bozen\/S\u00fcdtirol\/Italien &#x1f1ee;&#x1f1f9;\" tabindex=\"-1\" >\n\t\t\tZur Referenz &gt;&gt;\t\t<\/a>\n\n\t\t\t\t<\/div>\n\t\t\t\t\t<\/div>\n\t\t<\/article>\n\t\t\t\t<article class=\"elementor-post elementor-grid-item post-3841 post type-post status-publish format-standard has-post-thumbnail hentry category-italien category-referenz\" role=\"listitem\">\n\t\t\t<div class=\"elementor-post__card\">\n\t\t\t\t<a class=\"elementor-post__thumbnail__link\" href=\"https:\/\/pulsair.net\/nl\/referenz\/zimmerei-johann-lampacher-sexten-suedtirol-italien\/\" tabindex=\"-1\" ><div class=\"elementor-post__thumbnail\"><img loading=\"lazy\" decoding=\"async\" width=\"1280\" height=\"1920\" src=\"https:\/\/pulsair.net\/wp-content\/uploads\/2024\/11\/Puls-Air-Sexten-8.jpg\" class=\"attachment-full size-full wp-image-4016\" alt=\"\" srcset=\"https:\/\/pulsair.net\/wp-content\/uploads\/2024\/11\/Puls-Air-Sexten-8.jpg 1280w, https:\/\/pulsair.net\/wp-content\/uploads\/2024\/11\/Puls-Air-Sexten-8-200x300.jpg 200w, https:\/\/pulsair.net\/wp-content\/uploads\/2024\/11\/Puls-Air-Sexten-8-683x1024.jpg 683w, https:\/\/pulsair.net\/wp-content\/uploads\/2024\/11\/Puls-Air-Sexten-8-768x1152.jpg 768w, https:\/\/pulsair.net\/wp-content\/uploads\/2024\/11\/Puls-Air-Sexten-8-1024x1536.jpg 1024w, https:\/\/pulsair.net\/wp-content\/uploads\/2024\/11\/Puls-Air-Sexten-8-600x900.jpg 600w\" sizes=\"(max-width: 1280px) 100vw, 1280px\" \/><\/div><\/a>\n\t\t\t\t<div class=\"elementor-post__text\">\n\t\t\t\t<h3 class=\"elementor-post__title\">\n\t\t\t<a href=\"https:\/\/pulsair.net\/nl\/referenz\/zimmerei-johann-lampacher-sexten-suedtirol-italien\/\" >\n\t\t\t\tTimmerbedrijf Johann Lampacher Sesto\/Zuid-Tirol\/Itali\u00eb \ud83c\uddee\ud83c\uddf9\t\t\t<\/a>\n\t\t<\/h3>\n\t\t\n\t\t<a class=\"elementor-post__read-more\" href=\"https:\/\/pulsair.net\/nl\/referenz\/zimmerei-johann-lampacher-sexten-suedtirol-italien\/\" aria-label=\"Read more about Zimmerei Johann Lampacher Sexten\/S\u00fcdtirol\/Italien &#x1f1ee;&#x1f1f9;\" tabindex=\"-1\" >\n\t\t\tZur Referenz &gt;&gt;\t\t<\/a>\n\n\t\t\t\t<\/div>\n\t\t\t\t\t<\/div>\n\t\t<\/article>\n\t\t\t\t<article class=\"elementor-post elementor-grid-item post-3824 post type-post status-publish format-standard has-post-thumbnail hentry category-oesterreich category-referenz\" role=\"listitem\">\n\t\t\t<div class=\"elementor-post__card\">\n\t\t\t\t<a class=\"elementor-post__thumbnail__link\" href=\"https:\/\/pulsair.net\/nl\/referenz\/car-technik-west-landeck-tirol-oesterreich\/\" tabindex=\"-1\" ><div class=\"elementor-post__thumbnail\"><img loading=\"lazy\" decoding=\"async\" width=\"1500\" height=\"2000\" src=\"https:\/\/pulsair.net\/wp-content\/uploads\/2024\/11\/01401052-cfe1-4f8c-94de-2fcba58fcbb1.jpg\" class=\"attachment-full size-full wp-image-3827\" alt=\"\" srcset=\"https:\/\/pulsair.net\/wp-content\/uploads\/2024\/11\/01401052-cfe1-4f8c-94de-2fcba58fcbb1.jpg 1500w, https:\/\/pulsair.net\/wp-content\/uploads\/2024\/11\/01401052-cfe1-4f8c-94de-2fcba58fcbb1-225x300.jpg 225w, https:\/\/pulsair.net\/wp-content\/uploads\/2024\/11\/01401052-cfe1-4f8c-94de-2fcba58fcbb1-768x1024.jpg 768w, https:\/\/pulsair.net\/wp-content\/uploads\/2024\/11\/01401052-cfe1-4f8c-94de-2fcba58fcbb1-1152x1536.jpg 1152w, https:\/\/pulsair.net\/wp-content\/uploads\/2024\/11\/01401052-cfe1-4f8c-94de-2fcba58fcbb1-600x800.jpg 600w\" sizes=\"(max-width: 1500px) 100vw, 1500px\" \/><\/div><\/a>\n\t\t\t\t<div class=\"elementor-post__text\">\n\t\t\t\t<h3 class=\"elementor-post__title\">\n\t\t\t<a href=\"https:\/\/pulsair.net\/nl\/referenz\/car-technik-west-landeck-tirol-oesterreich\/\" >\n\t\t\t\tAutotechniek West Landeck\/Tirol\/Oostenrijk \ud83c\udde6\ud83c\uddf9\t\t\t<\/a>\n\t\t<\/h3>\n\t\t\n\t\t<a class=\"elementor-post__read-more\" href=\"https:\/\/pulsair.net\/nl\/referenz\/car-technik-west-landeck-tirol-oesterreich\/\" aria-label=\"Read more about Car Technik West Landeck\/Tirol\/\u00d6sterreich &#x1f1e6;&#x1f1f9;\" tabindex=\"-1\" >\n\t\t\tZur Referenz &gt;&gt;\t\t<\/a>\n\n\t\t\t\t<\/div>\n\t\t\t\t\t<\/div>\n\t\t<\/article>\n\t\t\t\t<article class=\"elementor-post elementor-grid-item post-3786 post type-post status-publish format-standard has-post-thumbnail hentry category-oesterreich category-referenz\" role=\"listitem\">\n\t\t\t<div class=\"elementor-post__card\">\n\t\t\t\t<a class=\"elementor-post__thumbnail__link\" href=\"https:\/\/pulsair.net\/nl\/referenz\/anton-hawle-wien-oesterreich\/\" tabindex=\"-1\" ><div class=\"elementor-post__thumbnail\"><img loading=\"lazy\" decoding=\"async\" width=\"1277\" height=\"1920\" src=\"https:\/\/pulsair.net\/wp-content\/uploads\/2024\/11\/8-2024_Puls-Austria-1453.jpg\" class=\"attachment-full size-full wp-image-3788\" alt=\"Anton Hawle Betriebsleiter KFZ- Techniker Mst.\" srcset=\"https:\/\/pulsair.net\/wp-content\/uploads\/2024\/11\/8-2024_Puls-Austria-1453.jpg 1277w, https:\/\/pulsair.net\/wp-content\/uploads\/2024\/11\/8-2024_Puls-Austria-1453-200x300.jpg 200w, https:\/\/pulsair.net\/wp-content\/uploads\/2024\/11\/8-2024_Puls-Austria-1453-681x1024.jpg 681w, https:\/\/pulsair.net\/wp-content\/uploads\/2024\/11\/8-2024_Puls-Austria-1453-768x1155.jpg 768w, https:\/\/pulsair.net\/wp-content\/uploads\/2024\/11\/8-2024_Puls-Austria-1453-1022x1536.jpg 1022w, https:\/\/pulsair.net\/wp-content\/uploads\/2024\/11\/8-2024_Puls-Austria-1453-600x902.jpg 600w\" sizes=\"(max-width: 1277px) 100vw, 1277px\" \/><\/div><\/a>\n\t\t\t\t<div class=\"elementor-post__text\">\n\t\t\t\t<h3 class=\"elementor-post__title\">\n\t\t\t<a href=\"https:\/\/pulsair.net\/nl\/referenz\/anton-hawle-wien-oesterreich\/\" >\n\t\t\t\tAnton Hawle Wenen\/Oostenrijk \ud83c\udde6\ud83c\uddf9\t\t\t<\/a>\n\t\t<\/h3>\n\t\t\n\t\t<a class=\"elementor-post__read-more\" href=\"https:\/\/pulsair.net\/nl\/referenz\/anton-hawle-wien-oesterreich\/\" aria-label=\"Read more about Anton Hawle Wien\/\u00d6sterreich &#x1f1e6;&#x1f1f9;\" tabindex=\"-1\" >\n\t\t\tZur Referenz &gt;&gt;\t\t<\/a>\n\n\t\t\t\t<\/div>\n\t\t\t\t\t<\/div>\n\t\t<\/article>\n\t\t\t\t<article class=\"elementor-post elementor-grid-item post-3733 post type-post status-publish format-standard has-post-thumbnail hentry category-italien category-referenz\" role=\"listitem\">\n\t\t\t<div class=\"elementor-post__card\">\n\t\t\t\t<a class=\"elementor-post__thumbnail__link\" href=\"https:\/\/pulsair.net\/nl\/referenz\/etschside-custom-bozen-suedtirol-italien\/\" tabindex=\"-1\" ><div class=\"elementor-post__thumbnail\"><img loading=\"lazy\" decoding=\"async\" width=\"1920\" height=\"1277\" src=\"https:\/\/pulsair.net\/wp-content\/uploads\/2024\/11\/PulsAir_6-1.jpg\" class=\"attachment-full size-full wp-image-3741\" alt=\"Etschside Custom Bozen\/S\u00fcdtirol\/Italien\" srcset=\"https:\/\/pulsair.net\/wp-content\/uploads\/2024\/11\/PulsAir_6-1.jpg 1920w, https:\/\/pulsair.net\/wp-content\/uploads\/2024\/11\/PulsAir_6-1-300x200.jpg 300w, https:\/\/pulsair.net\/wp-content\/uploads\/2024\/11\/PulsAir_6-1-1024x681.jpg 1024w, https:\/\/pulsair.net\/wp-content\/uploads\/2024\/11\/PulsAir_6-1-768x511.jpg 768w, https:\/\/pulsair.net\/wp-content\/uploads\/2024\/11\/PulsAir_6-1-1536x1022.jpg 1536w, https:\/\/pulsair.net\/wp-content\/uploads\/2024\/11\/PulsAir_6-1-600x399.jpg 600w\" sizes=\"(max-width: 1920px) 100vw, 1920px\" \/><\/div><\/a>\n\t\t\t\t<div class=\"elementor-post__text\">\n\t\t\t\t<h3 class=\"elementor-post__title\">\n\t\t\t<a href=\"https:\/\/pulsair.net\/nl\/referenz\/etschside-custom-bozen-suedtirol-italien\/\" >\n\t\t\t\tEtschside Custom Bolzano\/Zuid-Tirol\/Itali\u00eb \ud83c\uddee\ud83c\uddf9\t\t\t<\/a>\n\t\t<\/h3>\n\t\t\n\t\t<a class=\"elementor-post__read-more\" href=\"https:\/\/pulsair.net\/nl\/referenz\/etschside-custom-bozen-suedtirol-italien\/\" aria-label=\"Read more about Etschside Custom Bozen\/S\u00fcdtirol\/Italien &#x1f1ee;&#x1f1f9;\" tabindex=\"-1\" >\n\t\t\tZur Referenz &gt;&gt;\t\t<\/a>\n\n\t\t\t\t<\/div>\n\t\t\t\t\t<\/div>\n\t\t<\/article>\n\t\t\t\t<article class=\"elementor-post elementor-grid-item post-3647 post type-post status-publish format-standard has-post-thumbnail hentry category-deutschland category-referenz\" role=\"listitem\">\n\t\t\t<div class=\"elementor-post__card\">\n\t\t\t\t<a class=\"elementor-post__thumbnail__link\" href=\"https:\/\/pulsair.net\/nl\/referenz\/autohaus-straubinger-gmbh-co-kg-burladingen-baden-wuerttemberg-deutschland\/\" tabindex=\"-1\" ><div class=\"elementor-post__thumbnail\"><img loading=\"lazy\" decoding=\"async\" width=\"2560\" height=\"1920\" src=\"https:\/\/pulsair.net\/wp-content\/uploads\/2024\/10\/IMG_9062-950eca0e15c1d7734047752b2aa6599ecolor-scaled.jpg\" class=\"attachment-full size-full wp-image-3649\" alt=\"\" srcset=\"https:\/\/pulsair.net\/wp-content\/uploads\/2024\/10\/IMG_9062-950eca0e15c1d7734047752b2aa6599ecolor-scaled.jpg 2560w, https:\/\/pulsair.net\/wp-content\/uploads\/2024\/10\/IMG_9062-950eca0e15c1d7734047752b2aa6599ecolor-300x225.jpg 300w, https:\/\/pulsair.net\/wp-content\/uploads\/2024\/10\/IMG_9062-950eca0e15c1d7734047752b2aa6599ecolor-1024x768.jpg 1024w, https:\/\/pulsair.net\/wp-content\/uploads\/2024\/10\/IMG_9062-950eca0e15c1d7734047752b2aa6599ecolor-768x576.jpg 768w, https:\/\/pulsair.net\/wp-content\/uploads\/2024\/10\/IMG_9062-950eca0e15c1d7734047752b2aa6599ecolor-1536x1152.jpg 1536w, https:\/\/pulsair.net\/wp-content\/uploads\/2024\/10\/IMG_9062-950eca0e15c1d7734047752b2aa6599ecolor-2048x1536.jpg 2048w, https:\/\/pulsair.net\/wp-content\/uploads\/2024\/10\/IMG_9062-950eca0e15c1d7734047752b2aa6599ecolor-600x450.jpg 600w\" sizes=\"(max-width: 2560px) 100vw, 2560px\" \/><\/div><\/a>\n\t\t\t\t<div class=\"elementor-post__text\">\n\t\t\t\t<h3 class=\"elementor-post__title\">\n\t\t\t<a href=\"https:\/\/pulsair.net\/nl\/referenz\/autohaus-straubinger-gmbh-co-kg-burladingen-baden-wuerttemberg-deutschland\/\" >\n\t\t\t\tAutohaus Straubinger GmbH &amp; Co KG, Burladingen, Baden-W\u00fcrttemberg, Duitsland \ud83c\udde9\ud83c\uddea\t\t\t<\/a>\n\t\t<\/h3>\n\t\t\n\t\t<a class=\"elementor-post__read-more\" href=\"https:\/\/pulsair.net\/nl\/referenz\/autohaus-straubinger-gmbh-co-kg-burladingen-baden-wuerttemberg-deutschland\/\" aria-label=\"Read more about Autohaus Straubinger GmbH &#038; Co KG, Burladingen, Baden-W\u00fcrttemberg, Deutschland &#x1f1e9;&#x1f1ea;\" tabindex=\"-1\" >\n\t\t\tZur Referenz &gt;&gt;\t\t<\/a>\n\n\t\t\t\t<\/div>\n\t\t\t\t\t<\/div>\n\t\t<\/article>\n\t\t\t\t<article class=\"elementor-post elementor-grid-item post-3638 post type-post status-publish format-standard has-post-thumbnail hentry category-oesterreich category-referenz\" role=\"listitem\">\n\t\t\t<div class=\"elementor-post__card\">\n\t\t\t\t<a class=\"elementor-post__thumbnail__link\" href=\"https:\/\/pulsair.net\/nl\/referenz\/coolchevy-raceparts-graz-steiermark-oesterreich\/\" tabindex=\"-1\" ><div class=\"elementor-post__thumbnail\"><img loading=\"lazy\" decoding=\"async\" width=\"1931\" height=\"2560\" src=\"https:\/\/pulsair.net\/wp-content\/uploads\/2024\/10\/Coolchevy-Raceparts-Puls-Aircut-scaled.jpg\" class=\"attachment-full size-full wp-image-3642\" alt=\"\" srcset=\"https:\/\/pulsair.net\/wp-content\/uploads\/2024\/10\/Coolchevy-Raceparts-Puls-Aircut-scaled.jpg 1931w, https:\/\/pulsair.net\/wp-content\/uploads\/2024\/10\/Coolchevy-Raceparts-Puls-Aircut-226x300.jpg 226w, https:\/\/pulsair.net\/wp-content\/uploads\/2024\/10\/Coolchevy-Raceparts-Puls-Aircut-772x1024.jpg 772w, https:\/\/pulsair.net\/wp-content\/uploads\/2024\/10\/Coolchevy-Raceparts-Puls-Aircut-768x1018.jpg 768w, https:\/\/pulsair.net\/wp-content\/uploads\/2024\/10\/Coolchevy-Raceparts-Puls-Aircut-1158x1536.jpg 1158w, https:\/\/pulsair.net\/wp-content\/uploads\/2024\/10\/Coolchevy-Raceparts-Puls-Aircut-1544x2048.jpg 1544w, https:\/\/pulsair.net\/wp-content\/uploads\/2024\/10\/Coolchevy-Raceparts-Puls-Aircut-600x796.jpg 600w\" sizes=\"(max-width: 1931px) 100vw, 1931px\" \/><\/div><\/a>\n\t\t\t\t<div class=\"elementor-post__text\">\n\t\t\t\t<h3 class=\"elementor-post__title\">\n\t\t\t<a href=\"https:\/\/pulsair.net\/nl\/referenz\/coolchevy-raceparts-graz-steiermark-oesterreich\/\" >\n\t\t\t\tCoolchevy Raceparts, Graz, Stiermarken, Oostenrijk \ud83c\udde6\ud83c\uddf9\t\t\t<\/a>\n\t\t<\/h3>\n\t\t\n\t\t<a class=\"elementor-post__read-more\" href=\"https:\/\/pulsair.net\/nl\/referenz\/coolchevy-raceparts-graz-steiermark-oesterreich\/\" aria-label=\"Read more about Coolchevy Raceparts, Graz, Steiermark, \u00d6sterreich &#x1f1e6;&#x1f1f9;\" tabindex=\"-1\" >\n\t\t\tZur Referenz &gt;&gt;\t\t<\/a>\n\n\t\t\t\t<\/div>\n\t\t\t\t\t<\/div>\n\t\t<\/article>\n\t\t\t\t<article class=\"elementor-post elementor-grid-item post-3551 post type-post status-publish format-standard has-post-thumbnail hentry category-oesterreich category-referenz\" role=\"listitem\">\n\t\t\t<div class=\"elementor-post__card\">\n\t\t\t\t<a class=\"elementor-post__thumbnail__link\" href=\"https:\/\/pulsair.net\/nl\/referenz\/auto-wiesenberg-gmbh-niederoesterreich\/\" tabindex=\"-1\" ><div class=\"elementor-post__thumbnail\"><img loading=\"lazy\" decoding=\"async\" width=\"1920\" height=\"1280\" src=\"https:\/\/pulsair.net\/wp-content\/uploads\/2024\/09\/DSC09665.jpg\" class=\"attachment-full size-full wp-image-3555\" alt=\"Ales Wiesenberg, Inhaber mit Puls-air Heizger\u00e4t\" srcset=\"https:\/\/pulsair.net\/wp-content\/uploads\/2024\/09\/DSC09665.jpg 1920w, https:\/\/pulsair.net\/wp-content\/uploads\/2024\/09\/DSC09665-300x200.jpg 300w, https:\/\/pulsair.net\/wp-content\/uploads\/2024\/09\/DSC09665-1024x683.jpg 1024w, https:\/\/pulsair.net\/wp-content\/uploads\/2024\/09\/DSC09665-768x512.jpg 768w, https:\/\/pulsair.net\/wp-content\/uploads\/2024\/09\/DSC09665-1536x1024.jpg 1536w, https:\/\/pulsair.net\/wp-content\/uploads\/2024\/09\/DSC09665-600x400.jpg 600w\" sizes=\"(max-width: 1920px) 100vw, 1920px\" \/><\/div><\/a>\n\t\t\t\t<div class=\"elementor-post__text\">\n\t\t\t\t<h3 class=\"elementor-post__title\">\n\t\t\t<a href=\"https:\/\/pulsair.net\/nl\/referenz\/auto-wiesenberg-gmbh-niederoesterreich\/\" >\n\t\t\t\tAuto Wiesenberg GmbH, Neder-Oostenrijk \ud83c\udde6\ud83c\uddf9\t\t\t<\/a>\n\t\t<\/h3>\n\t\t\n\t\t<a class=\"elementor-post__read-more\" href=\"https:\/\/pulsair.net\/nl\/referenz\/auto-wiesenberg-gmbh-niederoesterreich\/\" aria-label=\"Read more about Auto Wiesenberg GmbH, Nieder\u00f6sterreich &#x1f1e6;&#x1f1f9;\" tabindex=\"-1\" >\n\t\t\tZur Referenz &gt;&gt;\t\t<\/a>\n\n\t\t\t\t<\/div>\n\t\t\t\t\t<\/div>\n\t\t<\/article>\n\t\t\t\t<article class=\"elementor-post elementor-grid-item post-3542 post type-post status-publish format-standard has-post-thumbnail hentry category-oesterreich category-referenz\" role=\"listitem\">\n\t\t\t<div class=\"elementor-post__card\">\n\t\t\t\t<a class=\"elementor-post__thumbnail__link\" href=\"https:\/\/pulsair.net\/nl\/referenz\/kfz-technik-herlbauer-alfred-treubach-oberoesterreich\/\" tabindex=\"-1\" ><div class=\"elementor-post__thumbnail\"><img loading=\"lazy\" decoding=\"async\" width=\"1200\" height=\"1600\" src=\"https:\/\/pulsair.net\/wp-content\/uploads\/2024\/09\/a77fd1f1-f20e-4f54-9333-4bd643af023a.jpg\" class=\"attachment-full size-full wp-image-3546\" alt=\"KFZ Technik Herlbauer Alfred Treubach, Ober\u00f6sterreich\" srcset=\"https:\/\/pulsair.net\/wp-content\/uploads\/2024\/09\/a77fd1f1-f20e-4f54-9333-4bd643af023a.jpg 1200w, https:\/\/pulsair.net\/wp-content\/uploads\/2024\/09\/a77fd1f1-f20e-4f54-9333-4bd643af023a-225x300.jpg 225w, https:\/\/pulsair.net\/wp-content\/uploads\/2024\/09\/a77fd1f1-f20e-4f54-9333-4bd643af023a-768x1024.jpg 768w, https:\/\/pulsair.net\/wp-content\/uploads\/2024\/09\/a77fd1f1-f20e-4f54-9333-4bd643af023a-1152x1536.jpg 1152w, https:\/\/pulsair.net\/wp-content\/uploads\/2024\/09\/a77fd1f1-f20e-4f54-9333-4bd643af023a-600x800.jpg 600w\" sizes=\"(max-width: 1200px) 100vw, 1200px\" \/><\/div><\/a>\n\t\t\t\t<div class=\"elementor-post__text\">\n\t\t\t\t<h3 class=\"elementor-post__title\">\n\t\t\t<a href=\"https:\/\/pulsair.net\/nl\/referenz\/kfz-technik-herlbauer-alfred-treubach-oberoesterreich\/\" >\n\t\t\t\tKFZ Technik Herlbauer Alfred Treubach, Opper-Oostenrijk \ud83c\udde6\ud83c\uddf9\t\t\t<\/a>\n\t\t<\/h3>\n\t\t\n\t\t<a class=\"elementor-post__read-more\" href=\"https:\/\/pulsair.net\/nl\/referenz\/kfz-technik-herlbauer-alfred-treubach-oberoesterreich\/\" aria-label=\"Read more about KFZ Technik Herlbauer Alfred Treubach, Ober\u00f6sterreich &#x1f1e6;&#x1f1f9;\" tabindex=\"-1\" >\n\t\t\tZur Referenz &gt;&gt;\t\t<\/a>\n\n\t\t\t\t<\/div>\n\t\t\t\t\t<\/div>\n\t\t<\/article>\n\t\t\t\t<article class=\"elementor-post elementor-grid-item post-3483 post type-post status-publish format-standard has-post-thumbnail hentry category-oesterreich category-referenz\" role=\"listitem\">\n\t\t\t<div class=\"elementor-post__card\">\n\t\t\t\t<a class=\"elementor-post__thumbnail__link\" href=\"https:\/\/pulsair.net\/nl\/referenz\/kfz-holzmann-st-veit-an-der-glan-kaernten-oesterreich\/\" tabindex=\"-1\" ><div class=\"elementor-post__thumbnail\"><img loading=\"lazy\" decoding=\"async\" width=\"1440\" height=\"2560\" src=\"https:\/\/pulsair.net\/wp-content\/uploads\/2024\/09\/puls-air-1-scaled.jpg\" class=\"attachment-full size-full wp-image-3485\" alt=\"Gerald Holzmann die KFZ Holzmann GmbH mit Puls-air Heizger\u00e4t\" srcset=\"https:\/\/pulsair.net\/wp-content\/uploads\/2024\/09\/puls-air-1-scaled.jpg 1440w, https:\/\/pulsair.net\/wp-content\/uploads\/2024\/09\/puls-air-1-169x300.jpg 169w, https:\/\/pulsair.net\/wp-content\/uploads\/2024\/09\/puls-air-1-576x1024.jpg 576w, https:\/\/pulsair.net\/wp-content\/uploads\/2024\/09\/puls-air-1-768x1365.jpg 768w, https:\/\/pulsair.net\/wp-content\/uploads\/2024\/09\/puls-air-1-864x1536.jpg 864w, https:\/\/pulsair.net\/wp-content\/uploads\/2024\/09\/puls-air-1-1152x2048.jpg 1152w, https:\/\/pulsair.net\/wp-content\/uploads\/2024\/09\/puls-air-1-600x1066.jpg 600w\" sizes=\"(max-width: 1440px) 100vw, 1440px\" \/><\/div><\/a>\n\t\t\t\t<div class=\"elementor-post__text\">\n\t\t\t\t<h3 class=\"elementor-post__title\">\n\t\t\t<a href=\"https:\/\/pulsair.net\/nl\/referenz\/kfz-holzmann-st-veit-an-der-glan-kaernten-oesterreich\/\" >\n\t\t\t\tKFZ Holzmann St. Veit an der Glan\/Karinthi\u00eb\/Oostenrijk \ud83c\udde6\ud83c\uddf9\t\t\t<\/a>\n\t\t<\/h3>\n\t\t\n\t\t<a class=\"elementor-post__read-more\" href=\"https:\/\/pulsair.net\/nl\/referenz\/kfz-holzmann-st-veit-an-der-glan-kaernten-oesterreich\/\" aria-label=\"Read more about KFZ Holzmann St. Veit an der Glan\/K\u00e4rnten\/\u00d6sterreich &#x1f1e6;&#x1f1f9;\" tabindex=\"-1\" >\n\t\t\tZur Referenz &gt;&gt;\t\t<\/a>\n\n\t\t\t\t<\/div>\n\t\t\t\t\t<\/div>\n\t\t<\/article>\n\t\t\t\t<article class=\"elementor-post elementor-grid-item post-3402 post type-post status-publish format-standard has-post-thumbnail hentry category-deutschland category-referenz\" role=\"listitem\">\n\t\t\t<div class=\"elementor-post__card\">\n\t\t\t\t<a class=\"elementor-post__thumbnail__link\" href=\"https:\/\/pulsair.net\/nl\/referenz\/ackermann-ohg-wuerzburg\/\" tabindex=\"-1\" ><div class=\"elementor-post__thumbnail\"><img loading=\"lazy\" decoding=\"async\" width=\"1920\" height=\"1741\" src=\"https:\/\/pulsair.net\/wp-content\/uploads\/2024\/08\/7.jpg\" class=\"attachment-full size-full wp-image-3404\" alt=\"Inhaber Robert Ackermann mit dem effizienten Puls-air Heizger\u00e4t\" srcset=\"https:\/\/pulsair.net\/wp-content\/uploads\/2024\/08\/7.jpg 1920w, https:\/\/pulsair.net\/wp-content\/uploads\/2024\/08\/7-300x272.jpg 300w, https:\/\/pulsair.net\/wp-content\/uploads\/2024\/08\/7-1024x929.jpg 1024w, https:\/\/pulsair.net\/wp-content\/uploads\/2024\/08\/7-768x696.jpg 768w, https:\/\/pulsair.net\/wp-content\/uploads\/2024\/08\/7-1536x1393.jpg 1536w, https:\/\/pulsair.net\/wp-content\/uploads\/2024\/08\/7-600x544.jpg 600w\" sizes=\"(max-width: 1920px) 100vw, 1920px\" \/><\/div><\/a>\n\t\t\t\t<div class=\"elementor-post__text\">\n\t\t\t\t<h3 class=\"elementor-post__title\">\n\t\t\t<a href=\"https:\/\/pulsair.net\/nl\/referenz\/ackermann-ohg-wuerzburg\/\" >\n\t\t\t\tAckermann OHG Hausen bij W\u00fcrzburg\/Beieren\/Duitsland \ud83c\udde9\ud83c\uddea\t\t\t<\/a>\n\t\t<\/h3>\n\t\t\n\t\t<a class=\"elementor-post__read-more\" href=\"https:\/\/pulsair.net\/nl\/referenz\/ackermann-ohg-wuerzburg\/\" aria-label=\"Read more about Ackermann OHG Hausen bei W\u00fcrzburg\/Bayern\/Deutschland &#x1f1e9;&#x1f1ea;\" tabindex=\"-1\" >\n\t\t\tZur Referenz &gt;&gt;\t\t<\/a>\n\n\t\t\t\t<\/div>\n\t\t\t\t\t<\/div>\n\t\t<\/article>\n\t\t\t\t<article class=\"elementor-post elementor-grid-item post-3394 post type-post status-publish format-standard has-post-thumbnail hentry category-deutschland category-referenz\" role=\"listitem\">\n\t\t\t<div class=\"elementor-post__card\">\n\t\t\t\t<a class=\"elementor-post__thumbnail__link\" href=\"https:\/\/pulsair.net\/nl\/referenz\/autoservice-andreas-klug-in-ochsenfurt-landkreis-wuerzburg\/\" tabindex=\"-1\" ><div class=\"elementor-post__thumbnail\"><img loading=\"lazy\" decoding=\"async\" width=\"1670\" height=\"2560\" src=\"https:\/\/pulsair.net\/wp-content\/uploads\/2024\/08\/IMF_0248kl-scaled.jpg\" class=\"attachment-full size-full wp-image-3397\" alt=\"Inhaber Andreas Klug mit dem sparsamen Puls-air Heizger\u00e4t\" srcset=\"https:\/\/pulsair.net\/wp-content\/uploads\/2024\/08\/IMF_0248kl-scaled.jpg 1670w, https:\/\/pulsair.net\/wp-content\/uploads\/2024\/08\/IMF_0248kl-196x300.jpg 196w, https:\/\/pulsair.net\/wp-content\/uploads\/2024\/08\/IMF_0248kl-668x1024.jpg 668w, https:\/\/pulsair.net\/wp-content\/uploads\/2024\/08\/IMF_0248kl-768x1178.jpg 768w, https:\/\/pulsair.net\/wp-content\/uploads\/2024\/08\/IMF_0248kl-1002x1536.jpg 1002w, https:\/\/pulsair.net\/wp-content\/uploads\/2024\/08\/IMF_0248kl-1336x2048.jpg 1336w, https:\/\/pulsair.net\/wp-content\/uploads\/2024\/08\/IMF_0248kl-600x920.jpg 600w\" sizes=\"(max-width: 1670px) 100vw, 1670px\" \/><\/div><\/a>\n\t\t\t\t<div class=\"elementor-post__text\">\n\t\t\t\t<h3 class=\"elementor-post__title\">\n\t\t\t<a href=\"https:\/\/pulsair.net\/nl\/referenz\/autoservice-andreas-klug-in-ochsenfurt-landkreis-wuerzburg\/\" >\n\t\t\t\tAutoservice Andreas Klug in Ochsenfurt\/Landkreis W\u00fcrzburg\/Beieren\/Duitsland \ud83c\udde9\ud83c\uddea\t\t\t<\/a>\n\t\t<\/h3>\n\t\t\n\t\t<a class=\"elementor-post__read-more\" href=\"https:\/\/pulsair.net\/nl\/referenz\/autoservice-andreas-klug-in-ochsenfurt-landkreis-wuerzburg\/\" aria-label=\"Read more about Autoservice Andreas Klug in Ochsenfurt\/Landkreis W\u00fcrzburg\/Bayern\/Deutschland &#x1f1e9;&#x1f1ea;\" tabindex=\"-1\" >\n\t\t\tZur Referenz &gt;&gt;\t\t<\/a>\n\n\t\t\t\t<\/div>\n\t\t\t\t\t<\/div>\n\t\t<\/article>\n\t\t\t\t<article class=\"elementor-post elementor-grid-item post-3381 post type-post status-publish format-standard has-post-thumbnail hentry category-oesterreich category-referenz\" role=\"listitem\">\n\t\t\t<div class=\"elementor-post__card\">\n\t\t\t\t<a class=\"elementor-post__thumbnail__link\" href=\"https:\/\/pulsair.net\/nl\/referenz\/autohaus-langschlag-bezirk-zwettl-niederoesterreich\/\" tabindex=\"-1\" ><div class=\"elementor-post__thumbnail\"><img loading=\"lazy\" decoding=\"async\" width=\"1280\" height=\"1920\" src=\"https:\/\/pulsair.net\/wp-content\/uploads\/2024\/08\/autohauslangschlag-1.jpg\" class=\"attachment-full size-full wp-image-3383\" alt=\"Gesch\u00e4ftsf\u00fchrer Autohaus Langenschlag Manuel E\u00dfmeister mit seinem Puls-air Heizger\u00e4t.\" srcset=\"https:\/\/pulsair.net\/wp-content\/uploads\/2024\/08\/autohauslangschlag-1.jpg 1280w, https:\/\/pulsair.net\/wp-content\/uploads\/2024\/08\/autohauslangschlag-1-200x300.jpg 200w, https:\/\/pulsair.net\/wp-content\/uploads\/2024\/08\/autohauslangschlag-1-683x1024.jpg 683w, https:\/\/pulsair.net\/wp-content\/uploads\/2024\/08\/autohauslangschlag-1-768x1152.jpg 768w, https:\/\/pulsair.net\/wp-content\/uploads\/2024\/08\/autohauslangschlag-1-1024x1536.jpg 1024w, https:\/\/pulsair.net\/wp-content\/uploads\/2024\/08\/autohauslangschlag-1-600x900.jpg 600w\" sizes=\"(max-width: 1280px) 100vw, 1280px\" \/><\/div><\/a>\n\t\t\t\t<div class=\"elementor-post__text\">\n\t\t\t\t<h3 class=\"elementor-post__title\">\n\t\t\t<a href=\"https:\/\/pulsair.net\/nl\/referenz\/autohaus-langschlag-bezirk-zwettl-niederoesterreich\/\" >\n\t\t\t\tAutohandel Langschlag district Zwettl\/Neder-Oostenrijk \ud83c\udde6\ud83c\uddf9\t\t\t<\/a>\n\t\t<\/h3>\n\t\t\n\t\t<a class=\"elementor-post__read-more\" href=\"https:\/\/pulsair.net\/nl\/referenz\/autohaus-langschlag-bezirk-zwettl-niederoesterreich\/\" aria-label=\"Read more about Autohaus Langschlag Bezirk Zwettl\/Nieder\u00f6sterreich &#x1f1e6;&#x1f1f9;\" tabindex=\"-1\" >\n\t\t\tZur Referenz &gt;&gt;\t\t<\/a>\n\n\t\t\t\t<\/div>\n\t\t\t\t\t<\/div>\n\t\t<\/article>\n\t\t\t\t<article class=\"elementor-post elementor-grid-item post-3372 post type-post status-publish format-standard has-post-thumbnail hentry category-oesterreich category-referenz\" role=\"listitem\">\n\t\t\t<div class=\"elementor-post__card\">\n\t\t\t\t<a class=\"elementor-post__thumbnail__link\" href=\"https:\/\/pulsair.net\/nl\/referenz\/kfz-polaschek-eberndorf-kaernten-oesterreich\/\" tabindex=\"-1\" ><div class=\"elementor-post__thumbnail\"><img loading=\"lazy\" decoding=\"async\" width=\"1920\" height=\"1280\" src=\"https:\/\/pulsair.net\/wp-content\/uploads\/2024\/08\/AlexPolaschek-2.jpg\" class=\"attachment-full size-full wp-image-3374\" alt=\"Inhaber Alexander Polaschek mit Team vor der sparsamen Puls-air Heizung\" srcset=\"https:\/\/pulsair.net\/wp-content\/uploads\/2024\/08\/AlexPolaschek-2.jpg 1920w, https:\/\/pulsair.net\/wp-content\/uploads\/2024\/08\/AlexPolaschek-2-300x200.jpg 300w, https:\/\/pulsair.net\/wp-content\/uploads\/2024\/08\/AlexPolaschek-2-1024x683.jpg 1024w, https:\/\/pulsair.net\/wp-content\/uploads\/2024\/08\/AlexPolaschek-2-768x512.jpg 768w, https:\/\/pulsair.net\/wp-content\/uploads\/2024\/08\/AlexPolaschek-2-1536x1024.jpg 1536w, https:\/\/pulsair.net\/wp-content\/uploads\/2024\/08\/AlexPolaschek-2-600x400.jpg 600w\" sizes=\"(max-width: 1920px) 100vw, 1920px\" \/><\/div><\/a>\n\t\t\t\t<div class=\"elementor-post__text\">\n\t\t\t\t<h3 class=\"elementor-post__title\">\n\t\t\t<a href=\"https:\/\/pulsair.net\/nl\/referenz\/kfz-polaschek-eberndorf-kaernten-oesterreich\/\" >\n\t\t\t\tKFZ-Polaschek Eberndorf\/Karinthi\u00eb\/Oostenrijk \ud83c\udde6\ud83c\uddf9\t\t\t<\/a>\n\t\t<\/h3>\n\t\t\n\t\t<a class=\"elementor-post__read-more\" href=\"https:\/\/pulsair.net\/nl\/referenz\/kfz-polaschek-eberndorf-kaernten-oesterreich\/\" aria-label=\"Read more about KFZ-Polaschek Eberndorf\/K\u00e4rnten\/\u00d6sterreich &#x1f1e6;&#x1f1f9;\" tabindex=\"-1\" >\n\t\t\tZur Referenz &gt;&gt;\t\t<\/a>\n\n\t\t\t\t<\/div>\n\t\t\t\t\t<\/div>\n\t\t<\/article>\n\t\t\t\t<article class=\"elementor-post elementor-grid-item post-3332 post type-post status-publish format-standard has-post-thumbnail hentry category-deutschland category-referenz\" role=\"listitem\">\n\t\t\t<div class=\"elementor-post__card\">\n\t\t\t\t<a class=\"elementor-post__thumbnail__link\" href=\"https:\/\/pulsair.net\/nl\/referenz\/autohaus-schneider-kaufungen\/\" tabindex=\"-1\" ><div class=\"elementor-post__thumbnail\"><img loading=\"lazy\" decoding=\"async\" width=\"1280\" height=\"1920\" src=\"https:\/\/pulsair.net\/wp-content\/uploads\/2024\/07\/Die-Fotostube-3.jpg\" class=\"attachment-full size-full wp-image-3334\" alt=\"Sven Schneider Autohaus Schneider\" srcset=\"https:\/\/pulsair.net\/wp-content\/uploads\/2024\/07\/Die-Fotostube-3.jpg 1280w, https:\/\/pulsair.net\/wp-content\/uploads\/2024\/07\/Die-Fotostube-3-200x300.jpg 200w, https:\/\/pulsair.net\/wp-content\/uploads\/2024\/07\/Die-Fotostube-3-683x1024.jpg 683w, https:\/\/pulsair.net\/wp-content\/uploads\/2024\/07\/Die-Fotostube-3-768x1152.jpg 768w, https:\/\/pulsair.net\/wp-content\/uploads\/2024\/07\/Die-Fotostube-3-1024x1536.jpg 1024w, https:\/\/pulsair.net\/wp-content\/uploads\/2024\/07\/Die-Fotostube-3-600x900.jpg 600w\" sizes=\"(max-width: 1280px) 100vw, 1280px\" \/><\/div><\/a>\n\t\t\t\t<div class=\"elementor-post__text\">\n\t\t\t\t<h3 class=\"elementor-post__title\">\n\t\t\t<a href=\"https:\/\/pulsair.net\/nl\/referenz\/autohaus-schneider-kaufungen\/\" >\n\t\t\t\tAutohaus Schneider Kaufungen\/Landkreis Kassel\/Hessen\/Duitsland \ud83c\udde9\ud83c\uddea\t\t\t<\/a>\n\t\t<\/h3>\n\t\t\n\t\t<a class=\"elementor-post__read-more\" href=\"https:\/\/pulsair.net\/nl\/referenz\/autohaus-schneider-kaufungen\/\" aria-label=\"Read more about Autohaus Schneider Kaufungen\/Landkreis Kassel\/Hessen\/Deutschland &#x1f1e9;&#x1f1ea;\" tabindex=\"-1\" >\n\t\t\tZur Referenz &gt;&gt;\t\t<\/a>\n\n\t\t\t\t<\/div>\n\t\t\t\t\t<\/div>\n\t\t<\/article>\n\t\t\t\t<article class=\"elementor-post elementor-grid-item post-3254 post type-post status-publish format-standard has-post-thumbnail hentry category-deutschland category-referenz\" role=\"listitem\">\n\t\t\t<div class=\"elementor-post__card\">\n\t\t\t\t<a class=\"elementor-post__thumbnail__link\" href=\"https:\/\/pulsair.net\/nl\/referenz\/autohaus-dirk-remer\/\" tabindex=\"-1\" ><div class=\"elementor-post__thumbnail\"><img loading=\"lazy\" decoding=\"async\" width=\"1320\" height=\"1850\" src=\"https:\/\/pulsair.net\/wp-content\/uploads\/2024\/03\/2.jpg\" class=\"attachment-full size-full wp-image-3256\" alt=\"Inh. Carl-Henrik Remer\" srcset=\"https:\/\/pulsair.net\/wp-content\/uploads\/2024\/03\/2.jpg 1320w, https:\/\/pulsair.net\/wp-content\/uploads\/2024\/03\/2-214x300.jpg 214w, https:\/\/pulsair.net\/wp-content\/uploads\/2024\/03\/2-731x1024.jpg 731w, https:\/\/pulsair.net\/wp-content\/uploads\/2024\/03\/2-768x1076.jpg 768w, https:\/\/pulsair.net\/wp-content\/uploads\/2024\/03\/2-1096x1536.jpg 1096w, https:\/\/pulsair.net\/wp-content\/uploads\/2024\/03\/2-600x841.jpg 600w\" sizes=\"(max-width: 1320px) 100vw, 1320px\" \/><\/div><\/a>\n\t\t\t\t<div class=\"elementor-post__text\">\n\t\t\t\t<h3 class=\"elementor-post__title\">\n\t\t\t<a href=\"https:\/\/pulsair.net\/nl\/referenz\/autohaus-dirk-remer\/\" >\n\t\t\t\tAutohaus Dirk Remer Schacht-Audorf\/Schleswig-Holstein\/Duitsland \ud83c\udde9\ud83c\uddea\t\t\t<\/a>\n\t\t<\/h3>\n\t\t\n\t\t<a class=\"elementor-post__read-more\" href=\"https:\/\/pulsair.net\/nl\/referenz\/autohaus-dirk-remer\/\" aria-label=\"Read more about Autohaus Dirk Remer Schacht-Audorf\/Schleswig-Holstein\/Deutschland &#x1f1e9;&#x1f1ea;\" tabindex=\"-1\" >\n\t\t\tZur Referenz &gt;&gt;\t\t<\/a>\n\n\t\t\t\t<\/div>\n\t\t\t\t\t<\/div>\n\t\t<\/article>\n\t\t\t\t<article class=\"elementor-post elementor-grid-item post-3233 post type-post status-publish format-standard has-post-thumbnail hentry category-deutschland category-referenz\" role=\"listitem\">\n\t\t\t<div class=\"elementor-post__card\">\n\t\t\t\t<a class=\"elementor-post__thumbnail__link\" href=\"https:\/\/pulsair.net\/nl\/referenz\/autohaus-willi-weis\/\" tabindex=\"-1\" ><div class=\"elementor-post__thumbnail\"><img loading=\"lazy\" decoding=\"async\" width=\"1707\" height=\"2560\" src=\"https:\/\/pulsair.net\/wp-content\/uploads\/2024\/03\/CH-Puls-Air-6-scaled.jpg\" class=\"attachment-full size-full wp-image-3235\" alt=\"Inhaber J\u00fcrgen A. Weis mit Puls-air Heizger\u00e4t\" srcset=\"https:\/\/pulsair.net\/wp-content\/uploads\/2024\/03\/CH-Puls-Air-6-scaled.jpg 1707w, https:\/\/pulsair.net\/wp-content\/uploads\/2024\/03\/CH-Puls-Air-6-200x300.jpg 200w, https:\/\/pulsair.net\/wp-content\/uploads\/2024\/03\/CH-Puls-Air-6-683x1024.jpg 683w, https:\/\/pulsair.net\/wp-content\/uploads\/2024\/03\/CH-Puls-Air-6-768x1152.jpg 768w, https:\/\/pulsair.net\/wp-content\/uploads\/2024\/03\/CH-Puls-Air-6-1024x1536.jpg 1024w, https:\/\/pulsair.net\/wp-content\/uploads\/2024\/03\/CH-Puls-Air-6-1365x2048.jpg 1365w, https:\/\/pulsair.net\/wp-content\/uploads\/2024\/03\/CH-Puls-Air-6-600x900.jpg 600w\" sizes=\"(max-width: 1707px) 100vw, 1707px\" \/><\/div><\/a>\n\t\t\t\t<div class=\"elementor-post__text\">\n\t\t\t\t<h3 class=\"elementor-post__title\">\n\t\t\t<a href=\"https:\/\/pulsair.net\/nl\/referenz\/autohaus-willi-weis\/\" >\n\t\t\t\tAUTOHAUS WILLI WEIS  Gau-Algesheim\/Rheinland Pfalz\/Deutschland &#x1f1e9;&#x1f1ea;\t\t\t<\/a>\n\t\t<\/h3>\n\t\t\n\t\t<a class=\"elementor-post__read-more\" href=\"https:\/\/pulsair.net\/nl\/referenz\/autohaus-willi-weis\/\" aria-label=\"Read more about AUTOHAUS WILLI WEIS  Gau-Algesheim\/Rheinland Pfalz\/Deutschland &#x1f1e9;&#x1f1ea;\" tabindex=\"-1\" >\n\t\t\tZur Referenz &gt;&gt;\t\t<\/a>\n\n\t\t\t\t<\/div>\n\t\t\t\t\t<\/div>\n\t\t<\/article>\n\t\t\t\t<article class=\"elementor-post elementor-grid-item post-3217 post type-post status-publish format-standard has-post-thumbnail hentry category-deutschland category-referenz\" role=\"listitem\">\n\t\t\t<div class=\"elementor-post__card\">\n\t\t\t\t<a class=\"elementor-post__thumbnail__link\" href=\"https:\/\/pulsair.net\/nl\/referenz\/kfz-fischaleck-kg\/\" tabindex=\"-1\" ><div class=\"elementor-post__thumbnail\"><img loading=\"lazy\" decoding=\"async\" width=\"842\" height=\"1123\" src=\"https:\/\/pulsair.net\/wp-content\/uploads\/2024\/03\/2-2.jpg\" class=\"attachment-full size-full wp-image-3222\" alt=\"Markus Fischaleck mit dem Puls-air Heizger\u00e4t\" srcset=\"https:\/\/pulsair.net\/wp-content\/uploads\/2024\/03\/2-2.jpg 842w, https:\/\/pulsair.net\/wp-content\/uploads\/2024\/03\/2-2-225x300.jpg 225w, https:\/\/pulsair.net\/wp-content\/uploads\/2024\/03\/2-2-768x1024.jpg 768w, https:\/\/pulsair.net\/wp-content\/uploads\/2024\/03\/2-2-600x800.jpg 600w\" sizes=\"(max-width: 842px) 100vw, 842px\" \/><\/div><\/a>\n\t\t\t\t<div class=\"elementor-post__text\">\n\t\t\t\t<h3 class=\"elementor-post__title\">\n\t\t\t<a href=\"https:\/\/pulsair.net\/nl\/referenz\/kfz-fischaleck-kg\/\" >\n\t\t\t\tKFZ Fischaleck KG Au in der Hallertau\/Oberbayern\/Deutschland &#x1f1e9;&#x1f1ea;\t\t\t<\/a>\n\t\t<\/h3>\n\t\t\n\t\t<a class=\"elementor-post__read-more\" href=\"https:\/\/pulsair.net\/nl\/referenz\/kfz-fischaleck-kg\/\" aria-label=\"Read more about KFZ Fischaleck KG Au in der Hallertau\/Oberbayern\/Deutschland &#x1f1e9;&#x1f1ea;\" tabindex=\"-1\" >\n\t\t\tZur Referenz &gt;&gt;\t\t<\/a>\n\n\t\t\t\t<\/div>\n\t\t\t\t\t<\/div>\n\t\t<\/article>\n\t\t\t\t<article class=\"elementor-post elementor-grid-item post-2751 post type-post status-publish format-standard has-post-thumbnail hentry category-deutschland category-referenz\" role=\"listitem\">\n\t\t\t<div class=\"elementor-post__card\">\n\t\t\t\t<a class=\"elementor-post__thumbnail__link\" href=\"https:\/\/pulsair.net\/nl\/referenz\/kfz-schmied-gmbh\/\" tabindex=\"-1\" ><div class=\"elementor-post__thumbnail\"><img loading=\"lazy\" decoding=\"async\" width=\"1920\" height=\"1453\" src=\"https:\/\/pulsair.net\/wp-content\/uploads\/2023\/10\/315.jpg\" class=\"attachment-full size-full wp-image-2754\" alt=\"Inhaber Herbert Schmied mit Puls-air Werkstatt und Hallenheizung\" srcset=\"https:\/\/pulsair.net\/wp-content\/uploads\/2023\/10\/315.jpg 1920w, https:\/\/pulsair.net\/wp-content\/uploads\/2023\/10\/315-300x227.jpg 300w, https:\/\/pulsair.net\/wp-content\/uploads\/2023\/10\/315-1024x775.jpg 1024w, https:\/\/pulsair.net\/wp-content\/uploads\/2023\/10\/315-768x581.jpg 768w, https:\/\/pulsair.net\/wp-content\/uploads\/2023\/10\/315-1536x1162.jpg 1536w, https:\/\/pulsair.net\/wp-content\/uploads\/2023\/10\/315-600x454.jpg 600w\" sizes=\"(max-width: 1920px) 100vw, 1920px\" \/><\/div><\/a>\n\t\t\t\t<div class=\"elementor-post__text\">\n\t\t\t\t<h3 class=\"elementor-post__title\">\n\t\t\t<a href=\"https:\/\/pulsair.net\/nl\/referenz\/kfz-schmied-gmbh\/\" >\n\t\t\t\tKFZ Schmied GmbH Kulmbach\/Oberfranken\/Bayern\/Deutschland &#x1f1e9;&#x1f1ea;\t\t\t<\/a>\n\t\t<\/h3>\n\t\t\n\t\t<a class=\"elementor-post__read-more\" href=\"https:\/\/pulsair.net\/nl\/referenz\/kfz-schmied-gmbh\/\" aria-label=\"Read more about KFZ Schmied GmbH Kulmbach\/Oberfranken\/Bayern\/Deutschland &#x1f1e9;&#x1f1ea;\" tabindex=\"-1\" >\n\t\t\tZur Referenz &gt;&gt;\t\t<\/a>\n\n\t\t\t\t<\/div>\n\t\t\t\t\t<\/div>\n\t\t<\/article>\n\t\t\t\t<article class=\"elementor-post elementor-grid-item post-2738 post type-post status-publish format-standard has-post-thumbnail hentry category-deutschland category-referenz\" role=\"listitem\">\n\t\t\t<div class=\"elementor-post__card\">\n\t\t\t\t<a class=\"elementor-post__thumbnail__link\" href=\"https:\/\/pulsair.net\/nl\/referenz\/mocker-selb\/\" tabindex=\"-1\" ><div class=\"elementor-post__thumbnail\"><img loading=\"lazy\" decoding=\"async\" width=\"1362\" height=\"1920\" src=\"https:\/\/pulsair.net\/wp-content\/uploads\/2023\/10\/DSC3220-2.jpg\" class=\"attachment-full size-full wp-image-2746\" alt=\"Martin Mocker vom Autohaus Mocker in Selb mit Puls-air Heizger\u00e4t\" srcset=\"https:\/\/pulsair.net\/wp-content\/uploads\/2023\/10\/DSC3220-2.jpg 1362w, https:\/\/pulsair.net\/wp-content\/uploads\/2023\/10\/DSC3220-2-213x300.jpg 213w, https:\/\/pulsair.net\/wp-content\/uploads\/2023\/10\/DSC3220-2-726x1024.jpg 726w, https:\/\/pulsair.net\/wp-content\/uploads\/2023\/10\/DSC3220-2-768x1083.jpg 768w, https:\/\/pulsair.net\/wp-content\/uploads\/2023\/10\/DSC3220-2-1090x1536.jpg 1090w, https:\/\/pulsair.net\/wp-content\/uploads\/2023\/10\/DSC3220-2-600x846.jpg 600w\" sizes=\"(max-width: 1362px) 100vw, 1362px\" \/><\/div><\/a>\n\t\t\t\t<div class=\"elementor-post__text\">\n\t\t\t\t<h3 class=\"elementor-post__title\">\n\t\t\t<a href=\"https:\/\/pulsair.net\/nl\/referenz\/mocker-selb\/\" >\n\t\t\t\tMocker Selb Oberfranken\/Bayern\/Deutschland &#x1f1e9;&#x1f1ea;\t\t\t<\/a>\n\t\t<\/h3>\n\t\t\n\t\t<a class=\"elementor-post__read-more\" href=\"https:\/\/pulsair.net\/nl\/referenz\/mocker-selb\/\" aria-label=\"Read more about Mocker Selb Oberfranken\/Bayern\/Deutschland &#x1f1e9;&#x1f1ea;\" tabindex=\"-1\" >\n\t\t\tZur Referenz &gt;&gt;\t\t<\/a>\n\n\t\t\t\t<\/div>\n\t\t\t\t\t<\/div>\n\t\t<\/article>\n\t\t\t\t<article class=\"elementor-post elementor-grid-item post-2729 post type-post status-publish format-standard has-post-thumbnail hentry category-deutschland category-referenz\" role=\"listitem\">\n\t\t\t<div class=\"elementor-post__card\">\n\t\t\t\t<a class=\"elementor-post__thumbnail__link\" href=\"https:\/\/pulsair.net\/nl\/referenz\/kfz-service-hayko\/\" tabindex=\"-1\" ><div class=\"elementor-post__thumbnail\"><img loading=\"lazy\" decoding=\"async\" width=\"1920\" height=\"1280\" src=\"https:\/\/pulsair.net\/wp-content\/uploads\/2023\/10\/kimsperspektive-4.jpg\" class=\"attachment-full size-full wp-image-2731\" alt=\"KFZ Service Hayko Inhaber mit Puls-air Heizung\" srcset=\"https:\/\/pulsair.net\/wp-content\/uploads\/2023\/10\/kimsperspektive-4.jpg 1920w, https:\/\/pulsair.net\/wp-content\/uploads\/2023\/10\/kimsperspektive-4-300x200.jpg 300w, https:\/\/pulsair.net\/wp-content\/uploads\/2023\/10\/kimsperspektive-4-1024x683.jpg 1024w, https:\/\/pulsair.net\/wp-content\/uploads\/2023\/10\/kimsperspektive-4-768x512.jpg 768w, https:\/\/pulsair.net\/wp-content\/uploads\/2023\/10\/kimsperspektive-4-1536x1024.jpg 1536w, https:\/\/pulsair.net\/wp-content\/uploads\/2023\/10\/kimsperspektive-4-600x400.jpg 600w\" sizes=\"(max-width: 1920px) 100vw, 1920px\" \/><\/div><\/a>\n\t\t\t\t<div class=\"elementor-post__text\">\n\t\t\t\t<h3 class=\"elementor-post__title\">\n\t\t\t<a href=\"https:\/\/pulsair.net\/nl\/referenz\/kfz-service-hayko\/\" >\n\t\t\t\tKFZ Service Hayko Burgthann\/Mittelfranken\/Bayern\/Deutschland &#x1f1e9;&#x1f1ea;\t\t\t<\/a>\n\t\t<\/h3>\n\t\t\n\t\t<a class=\"elementor-post__read-more\" href=\"https:\/\/pulsair.net\/nl\/referenz\/kfz-service-hayko\/\" aria-label=\"Read more about KFZ Service Hayko Burgthann\/Mittelfranken\/Bayern\/Deutschland &#x1f1e9;&#x1f1ea;\" tabindex=\"-1\" >\n\t\t\tZur Referenz &gt;&gt;\t\t<\/a>\n\n\t\t\t\t<\/div>\n\t\t\t\t\t<\/div>\n\t\t<\/article>\n\t\t\t\t<article class=\"elementor-post elementor-grid-item post-2564 post type-post status-publish format-standard has-post-thumbnail hentry category-oesterreich category-referenz\" role=\"listitem\">\n\t\t\t<div class=\"elementor-post__card\">\n\t\t\t\t<a class=\"elementor-post__thumbnail__link\" href=\"https:\/\/pulsair.net\/nl\/referenz\/autohaus-schinagl-enns\/\" tabindex=\"-1\" ><div class=\"elementor-post__thumbnail\"><img loading=\"lazy\" decoding=\"async\" width=\"1500\" height=\"1001\" src=\"https:\/\/pulsair.net\/wp-content\/uploads\/2023\/08\/DSC2359-Bearbeitet.jpg\" class=\"attachment-full size-full wp-image-2567\" alt=\"Herbert Schinagl Gesch\u00e4ftsf\u00fchrer Autohaus Schinagl mit Puls-air Heizung\" srcset=\"https:\/\/pulsair.net\/wp-content\/uploads\/2023\/08\/DSC2359-Bearbeitet.jpg 1500w, https:\/\/pulsair.net\/wp-content\/uploads\/2023\/08\/DSC2359-Bearbeitet-300x200.jpg 300w, https:\/\/pulsair.net\/wp-content\/uploads\/2023\/08\/DSC2359-Bearbeitet-1024x683.jpg 1024w, https:\/\/pulsair.net\/wp-content\/uploads\/2023\/08\/DSC2359-Bearbeitet-768x513.jpg 768w, https:\/\/pulsair.net\/wp-content\/uploads\/2023\/08\/DSC2359-Bearbeitet-600x400.jpg 600w\" sizes=\"(max-width: 1500px) 100vw, 1500px\" \/><\/div><\/a>\n\t\t\t\t<div class=\"elementor-post__text\">\n\t\t\t\t<h3 class=\"elementor-post__title\">\n\t\t\t<a href=\"https:\/\/pulsair.net\/nl\/referenz\/autohaus-schinagl-enns\/\" >\n\t\t\t\tAutohaus Schinagl Enns Opper-Oostenrijk \ud83c\udde6\ud83c\uddf9\t\t\t<\/a>\n\t\t<\/h3>\n\t\t\n\t\t<a class=\"elementor-post__read-more\" href=\"https:\/\/pulsair.net\/nl\/referenz\/autohaus-schinagl-enns\/\" aria-label=\"Read more about Autohaus Schinagl Enns Ober\u00f6sterreich &#x1f1e6;&#x1f1f9;\" tabindex=\"-1\" >\n\t\t\tZur Referenz &gt;&gt;\t\t<\/a>\n\n\t\t\t\t<\/div>\n\t\t\t\t\t<\/div>\n\t\t<\/article>\n\t\t\t\t<article class=\"elementor-post elementor-grid-item post-2550 post type-post status-publish format-standard has-post-thumbnail hentry category-oesterreich category-referenz\" role=\"listitem\">\n\t\t\t<div class=\"elementor-post__card\">\n\t\t\t\t<a class=\"elementor-post__thumbnail__link\" href=\"https:\/\/pulsair.net\/nl\/referenz\/autohaus-schmuck-leobersdorf\/\" tabindex=\"-1\" ><div class=\"elementor-post__thumbnail\"><img loading=\"lazy\" decoding=\"async\" width=\"2560\" height=\"1707\" src=\"https:\/\/pulsair.net\/wp-content\/uploads\/2023\/08\/B9A0203-scaled.jpg\" class=\"attachment-full size-full wp-image-2552\" alt=\"Gesch\u00e4ftsf\u00fchrer des Autohaus Schmuck in Leobersdorf Phillip Steiner mit dem Puls-air Heizger\u00e4t\" srcset=\"https:\/\/pulsair.net\/wp-content\/uploads\/2023\/08\/B9A0203-scaled.jpg 2560w, https:\/\/pulsair.net\/wp-content\/uploads\/2023\/08\/B9A0203-300x200.jpg 300w, https:\/\/pulsair.net\/wp-content\/uploads\/2023\/08\/B9A0203-1024x683.jpg 1024w, https:\/\/pulsair.net\/wp-content\/uploads\/2023\/08\/B9A0203-768x512.jpg 768w, https:\/\/pulsair.net\/wp-content\/uploads\/2023\/08\/B9A0203-1536x1024.jpg 1536w, https:\/\/pulsair.net\/wp-content\/uploads\/2023\/08\/B9A0203-2048x1365.jpg 2048w, https:\/\/pulsair.net\/wp-content\/uploads\/2023\/08\/B9A0203-600x400.jpg 600w\" sizes=\"(max-width: 2560px) 100vw, 2560px\" \/><\/div><\/a>\n\t\t\t\t<div class=\"elementor-post__text\">\n\t\t\t\t<h3 class=\"elementor-post__title\">\n\t\t\t<a href=\"https:\/\/pulsair.net\/nl\/referenz\/autohaus-schmuck-leobersdorf\/\" >\n\t\t\t\tAutohaus Schmuck Leobersdorf\/District Baden\/Neder-Oostenrijk \ud83c\udde6\ud83c\uddf9\t\t\t<\/a>\n\t\t<\/h3>\n\t\t\n\t\t<a class=\"elementor-post__read-more\" href=\"https:\/\/pulsair.net\/nl\/referenz\/autohaus-schmuck-leobersdorf\/\" aria-label=\"Read more about Autohaus Schmuck Leobersdorf\/Bezirk Baden\/Nieder\u00f6sterreich &#x1f1e6;&#x1f1f9;\" tabindex=\"-1\" >\n\t\t\tZur Referenz &gt;&gt;\t\t<\/a>\n\n\t\t\t\t<\/div>\n\t\t\t\t\t<\/div>\n\t\t<\/article>\n\t\t\t\t<article class=\"elementor-post elementor-grid-item post-2542 post type-post status-publish format-standard has-post-thumbnail hentry category-deutschland category-referenz\" role=\"listitem\">\n\t\t\t<div class=\"elementor-post__card\">\n\t\t\t\t<a class=\"elementor-post__thumbnail__link\" href=\"https:\/\/pulsair.net\/nl\/referenz\/autohaus-bremer\/\" tabindex=\"-1\" ><div class=\"elementor-post__thumbnail\"><img loading=\"lazy\" decoding=\"async\" width=\"2000\" height=\"2000\" src=\"https:\/\/pulsair.net\/wp-content\/uploads\/2023\/08\/Puls-air_Bremmer_Celle_003.jpg\" class=\"attachment-full size-full wp-image-2544\" alt=\"Autohaus Bremer Inhaber Jan Bremer\" srcset=\"https:\/\/pulsair.net\/wp-content\/uploads\/2023\/08\/Puls-air_Bremmer_Celle_003.jpg 2000w, https:\/\/pulsair.net\/wp-content\/uploads\/2023\/08\/Puls-air_Bremmer_Celle_003-300x300.jpg 300w, https:\/\/pulsair.net\/wp-content\/uploads\/2023\/08\/Puls-air_Bremmer_Celle_003-1024x1024.jpg 1024w, https:\/\/pulsair.net\/wp-content\/uploads\/2023\/08\/Puls-air_Bremmer_Celle_003-150x150.jpg 150w, https:\/\/pulsair.net\/wp-content\/uploads\/2023\/08\/Puls-air_Bremmer_Celle_003-768x768.jpg 768w, https:\/\/pulsair.net\/wp-content\/uploads\/2023\/08\/Puls-air_Bremmer_Celle_003-1536x1536.jpg 1536w, https:\/\/pulsair.net\/wp-content\/uploads\/2023\/08\/Puls-air_Bremmer_Celle_003-600x600.jpg 600w, https:\/\/pulsair.net\/wp-content\/uploads\/2023\/08\/Puls-air_Bremmer_Celle_003-100x100.jpg 100w\" sizes=\"(max-width: 2000px) 100vw, 2000px\" \/><\/div><\/a>\n\t\t\t\t<div class=\"elementor-post__text\">\n\t\t\t\t<h3 class=\"elementor-post__title\">\n\t\t\t<a href=\"https:\/\/pulsair.net\/nl\/referenz\/autohaus-bremer\/\" >\n\t\t\t\tAutohaus Bremer Celle\/Niedersachsen\/Deutschland &#x1f1e9;&#x1f1ea;\t\t\t<\/a>\n\t\t<\/h3>\n\t\t\n\t\t<a class=\"elementor-post__read-more\" href=\"https:\/\/pulsair.net\/nl\/referenz\/autohaus-bremer\/\" aria-label=\"Read more about Autohaus Bremer Celle\/Niedersachsen\/Deutschland &#x1f1e9;&#x1f1ea;\" tabindex=\"-1\" >\n\t\t\tZur Referenz &gt;&gt;\t\t<\/a>\n\n\t\t\t\t<\/div>\n\t\t\t\t\t<\/div>\n\t\t<\/article>\n\t\t\t\t<article class=\"elementor-post elementor-grid-item post-2535 post type-post status-publish format-standard has-post-thumbnail hentry category-deutschland category-referenz\" role=\"listitem\">\n\t\t\t<div class=\"elementor-post__card\">\n\t\t\t\t<a class=\"elementor-post__thumbnail__link\" href=\"https:\/\/pulsair.net\/nl\/referenz\/autohaus-mischok\/\" tabindex=\"-1\" ><div class=\"elementor-post__thumbnail\"><img loading=\"lazy\" decoding=\"async\" width=\"2560\" height=\"1708\" src=\"https:\/\/pulsair.net\/wp-content\/uploads\/2023\/08\/L1020568-scaled.jpg\" class=\"attachment-full size-full wp-image-2537\" alt=\"Inhaber Patrick Mischok Bosch Service Mischok in G\u00fctersloh\" srcset=\"https:\/\/pulsair.net\/wp-content\/uploads\/2023\/08\/L1020568-scaled.jpg 2560w, https:\/\/pulsair.net\/wp-content\/uploads\/2023\/08\/L1020568-300x200.jpg 300w, https:\/\/pulsair.net\/wp-content\/uploads\/2023\/08\/L1020568-1024x683.jpg 1024w, https:\/\/pulsair.net\/wp-content\/uploads\/2023\/08\/L1020568-768x513.jpg 768w, https:\/\/pulsair.net\/wp-content\/uploads\/2023\/08\/L1020568-1536x1025.jpg 1536w, https:\/\/pulsair.net\/wp-content\/uploads\/2023\/08\/L1020568-2048x1367.jpg 2048w, https:\/\/pulsair.net\/wp-content\/uploads\/2023\/08\/L1020568-600x400.jpg 600w\" sizes=\"(max-width: 2560px) 100vw, 2560px\" \/><\/div><\/a>\n\t\t\t\t<div class=\"elementor-post__text\">\n\t\t\t\t<h3 class=\"elementor-post__title\">\n\t\t\t<a href=\"https:\/\/pulsair.net\/nl\/referenz\/autohaus-mischok\/\" >\n\t\t\t\tAutohaus Mischok G\u00fctersloh\/Nordrhein-Westfalen\/Deutschland &#x1f1e9;&#x1f1ea;\t\t\t<\/a>\n\t\t<\/h3>\n\t\t\n\t\t<a class=\"elementor-post__read-more\" href=\"https:\/\/pulsair.net\/nl\/referenz\/autohaus-mischok\/\" aria-label=\"Read more about Autohaus Mischok G\u00fctersloh\/Nordrhein-Westfalen\/Deutschland &#x1f1e9;&#x1f1ea;\" tabindex=\"-1\" >\n\t\t\tZur Referenz &gt;&gt;\t\t<\/a>\n\n\t\t\t\t<\/div>\n\t\t\t\t\t<\/div>\n\t\t<\/article>\n\t\t\t\t<article class=\"elementor-post elementor-grid-item post-2526 post type-post status-publish format-standard has-post-thumbnail hentry category-deutschland category-referenz\" role=\"listitem\">\n\t\t\t<div class=\"elementor-post__card\">\n\t\t\t\t<a class=\"elementor-post__thumbnail__link\" href=\"https:\/\/pulsair.net\/nl\/referenz\/autohaus-wirth\/\" tabindex=\"-1\" ><div class=\"elementor-post__thumbnail\"><img loading=\"lazy\" decoding=\"async\" width=\"1707\" height=\"2560\" src=\"https:\/\/pulsair.net\/wp-content\/uploads\/2023\/08\/73AA487C-45D3-45A0-9E10-6C2E955600EE-scaled.jpg\" class=\"attachment-full size-full wp-image-2529\" alt=\"Puls-air beim Autohaus Wirth mit Inhaber Herr Wirth\" srcset=\"https:\/\/pulsair.net\/wp-content\/uploads\/2023\/08\/73AA487C-45D3-45A0-9E10-6C2E955600EE-scaled.jpg 1707w, https:\/\/pulsair.net\/wp-content\/uploads\/2023\/08\/73AA487C-45D3-45A0-9E10-6C2E955600EE-200x300.jpg 200w, https:\/\/pulsair.net\/wp-content\/uploads\/2023\/08\/73AA487C-45D3-45A0-9E10-6C2E955600EE-683x1024.jpg 683w, https:\/\/pulsair.net\/wp-content\/uploads\/2023\/08\/73AA487C-45D3-45A0-9E10-6C2E955600EE-768x1152.jpg 768w, https:\/\/pulsair.net\/wp-content\/uploads\/2023\/08\/73AA487C-45D3-45A0-9E10-6C2E955600EE-1024x1536.jpg 1024w, https:\/\/pulsair.net\/wp-content\/uploads\/2023\/08\/73AA487C-45D3-45A0-9E10-6C2E955600EE-1365x2048.jpg 1365w, https:\/\/pulsair.net\/wp-content\/uploads\/2023\/08\/73AA487C-45D3-45A0-9E10-6C2E955600EE-600x900.jpg 600w\" sizes=\"(max-width: 1707px) 100vw, 1707px\" \/><\/div><\/a>\n\t\t\t\t<div class=\"elementor-post__text\">\n\t\t\t\t<h3 class=\"elementor-post__title\">\n\t\t\t<a href=\"https:\/\/pulsair.net\/nl\/referenz\/autohaus-wirth\/\" >\n\t\t\t\tAutohaus Wirth Wildflecken\/Unterfranken\/Bayern\/Deutschland &#x1f1e9;&#x1f1ea;\t\t\t<\/a>\n\t\t<\/h3>\n\t\t\n\t\t<a class=\"elementor-post__read-more\" href=\"https:\/\/pulsair.net\/nl\/referenz\/autohaus-wirth\/\" aria-label=\"Read more about Autohaus Wirth Wildflecken\/Unterfranken\/Bayern\/Deutschland &#x1f1e9;&#x1f1ea;\" tabindex=\"-1\" >\n\t\t\tZur Referenz &gt;&gt;\t\t<\/a>\n\n\t\t\t\t<\/div>\n\t\t\t\t\t<\/div>\n\t\t<\/article>\n\t\t\t\t<article class=\"elementor-post elementor-grid-item post-2514 post type-post status-publish format-standard has-post-thumbnail hentry category-deutschland category-referenz\" role=\"listitem\">\n\t\t\t<div class=\"elementor-post__card\">\n\t\t\t\t<a class=\"elementor-post__thumbnail__link\" href=\"https:\/\/pulsair.net\/nl\/referenz\/auto-zormeier-gmbh\/\" tabindex=\"-1\" ><div class=\"elementor-post__thumbnail\"><img loading=\"lazy\" decoding=\"async\" width=\"2560\" height=\"1707\" src=\"https:\/\/pulsair.net\/wp-content\/uploads\/2023\/08\/230228_Auto-Zormeier_Puls-Air_AS23797-scaled.jpg\" class=\"attachment-full size-full wp-image-2517\" alt=\"Puls-air bei Zormeier GmbH mit Inhaber Max Zormeier\" srcset=\"https:\/\/pulsair.net\/wp-content\/uploads\/2023\/08\/230228_Auto-Zormeier_Puls-Air_AS23797-scaled.jpg 2560w, https:\/\/pulsair.net\/wp-content\/uploads\/2023\/08\/230228_Auto-Zormeier_Puls-Air_AS23797-300x200.jpg 300w, https:\/\/pulsair.net\/wp-content\/uploads\/2023\/08\/230228_Auto-Zormeier_Puls-Air_AS23797-1024x683.jpg 1024w, https:\/\/pulsair.net\/wp-content\/uploads\/2023\/08\/230228_Auto-Zormeier_Puls-Air_AS23797-768x512.jpg 768w, https:\/\/pulsair.net\/wp-content\/uploads\/2023\/08\/230228_Auto-Zormeier_Puls-Air_AS23797-1536x1024.jpg 1536w, https:\/\/pulsair.net\/wp-content\/uploads\/2023\/08\/230228_Auto-Zormeier_Puls-Air_AS23797-2048x1365.jpg 2048w, https:\/\/pulsair.net\/wp-content\/uploads\/2023\/08\/230228_Auto-Zormeier_Puls-Air_AS23797-600x400.jpg 600w\" sizes=\"(max-width: 2560px) 100vw, 2560px\" \/><\/div><\/a>\n\t\t\t\t<div class=\"elementor-post__text\">\n\t\t\t\t<h3 class=\"elementor-post__title\">\n\t\t\t<a href=\"https:\/\/pulsair.net\/nl\/referenz\/auto-zormeier-gmbh\/\" >\n\t\t\t\tAuto Zormeier GmbH Rottenburg an der Laaber\/Niederbayern\/Deutschland &#x1f1e9;&#x1f1ea;\t\t\t<\/a>\n\t\t<\/h3>\n\t\t\n\t\t<a class=\"elementor-post__read-more\" href=\"https:\/\/pulsair.net\/nl\/referenz\/auto-zormeier-gmbh\/\" aria-label=\"Read more about Auto Zormeier GmbH Rottenburg an der Laaber\/Niederbayern\/Deutschland &#x1f1e9;&#x1f1ea;\" tabindex=\"-1\" >\n\t\t\tZur Referenz &gt;&gt;\t\t<\/a>\n\n\t\t\t\t<\/div>\n\t\t\t\t\t<\/div>\n\t\t<\/article>\n\t\t\t\t<article class=\"elementor-post elementor-grid-item post-2414 post type-post status-publish format-standard has-post-thumbnail hentry category-oesterreich category-referenz\" role=\"listitem\">\n\t\t\t<div class=\"elementor-post__card\">\n\t\t\t\t<a class=\"elementor-post__thumbnail__link\" href=\"https:\/\/pulsair.net\/nl\/referenz\/autohaus-maly\/\" tabindex=\"-1\" ><div class=\"elementor-post__thumbnail\"><img loading=\"lazy\" decoding=\"async\" width=\"1360\" height=\"1020\" src=\"https:\/\/pulsair.net\/wp-content\/uploads\/2023\/04\/DSCF2205.jpg\" class=\"attachment-full size-full wp-image-2416\" alt=\"\" srcset=\"https:\/\/pulsair.net\/wp-content\/uploads\/2023\/04\/DSCF2205.jpg 1360w, https:\/\/pulsair.net\/wp-content\/uploads\/2023\/04\/DSCF2205-300x225.jpg 300w, https:\/\/pulsair.net\/wp-content\/uploads\/2023\/04\/DSCF2205-1024x768.jpg 1024w, https:\/\/pulsair.net\/wp-content\/uploads\/2023\/04\/DSCF2205-768x576.jpg 768w, https:\/\/pulsair.net\/wp-content\/uploads\/2023\/04\/DSCF2205-600x450.jpg 600w\" sizes=\"(max-width: 1360px) 100vw, 1360px\" \/><\/div><\/a>\n\t\t\t\t<div class=\"elementor-post__text\">\n\t\t\t\t<h3 class=\"elementor-post__title\">\n\t\t\t<a href=\"https:\/\/pulsair.net\/nl\/referenz\/autohaus-maly\/\" >\n\t\t\t\tAutohaus Maly Schrems\/Neder-Oostenrijk \ud83c\udde6\ud83c\uddf9\t\t\t<\/a>\n\t\t<\/h3>\n\t\t\n\t\t<a class=\"elementor-post__read-more\" href=\"https:\/\/pulsair.net\/nl\/referenz\/autohaus-maly\/\" aria-label=\"Read more about Autohaus Maly Schrems\/Nieder\u00f6sterreich &#x1f1e6;&#x1f1f9;\" tabindex=\"-1\" >\n\t\t\tZur Referenz &gt;&gt;\t\t<\/a>\n\n\t\t\t\t<\/div>\n\t\t\t\t\t<\/div>\n\t\t<\/article>\n\t\t\t\t<article class=\"elementor-post elementor-grid-item post-2048 post type-post status-publish format-standard has-post-thumbnail hentry category-deutschland category-referenz\" role=\"listitem\">\n\t\t\t<div class=\"elementor-post__card\">\n\t\t\t\t<a class=\"elementor-post__thumbnail__link\" href=\"https:\/\/pulsair.net\/nl\/referenz\/autoservice-marien\/\" tabindex=\"-1\" ><div class=\"elementor-post__thumbnail\"><img loading=\"lazy\" decoding=\"async\" width=\"2560\" height=\"1707\" src=\"https:\/\/pulsair.net\/wp-content\/uploads\/2022\/10\/9027-scaled.jpg\" class=\"attachment-full size-full wp-image-2049\" alt=\"Frank Marien, Autoservice Marien heizt mit Puls-air Werkstattheizung\" srcset=\"https:\/\/pulsair.net\/wp-content\/uploads\/2022\/10\/9027-scaled.jpg 2560w, https:\/\/pulsair.net\/wp-content\/uploads\/2022\/10\/9027-300x200.jpg 300w, https:\/\/pulsair.net\/wp-content\/uploads\/2022\/10\/9027-1024x683.jpg 1024w, https:\/\/pulsair.net\/wp-content\/uploads\/2022\/10\/9027-768x512.jpg 768w, https:\/\/pulsair.net\/wp-content\/uploads\/2022\/10\/9027-1536x1024.jpg 1536w, https:\/\/pulsair.net\/wp-content\/uploads\/2022\/10\/9027-2048x1365.jpg 2048w, https:\/\/pulsair.net\/wp-content\/uploads\/2022\/10\/9027-600x400.jpg 600w\" sizes=\"(max-width: 2560px) 100vw, 2560px\" \/><\/div><\/a>\n\t\t\t\t<div class=\"elementor-post__text\">\n\t\t\t\t<h3 class=\"elementor-post__title\">\n\t\t\t<a href=\"https:\/\/pulsair.net\/nl\/referenz\/autoservice-marien\/\" >\n\t\t\t\tAutoservice Marien Putlitz\/Brandenburg\/Deutschland &#x1f1e9;&#x1f1ea;\t\t\t<\/a>\n\t\t<\/h3>\n\t\t\n\t\t<a class=\"elementor-post__read-more\" href=\"https:\/\/pulsair.net\/nl\/referenz\/autoservice-marien\/\" aria-label=\"Read more about Autoservice Marien Putlitz\/Brandenburg\/Deutschland &#x1f1e9;&#x1f1ea;\" tabindex=\"-1\" >\n\t\t\tZur Referenz &gt;&gt;\t\t<\/a>\n\n\t\t\t\t<\/div>\n\t\t\t\t\t<\/div>\n\t\t<\/article>\n\t\t\t\t<article class=\"elementor-post elementor-grid-item post-2038 post type-post status-publish format-standard has-post-thumbnail hentry category-referenz category-schweiz\" role=\"listitem\">\n\t\t\t<div class=\"elementor-post__card\">\n\t\t\t\t<a class=\"elementor-post__thumbnail__link\" href=\"https:\/\/pulsair.net\/nl\/referenz\/knecht-automobile\/\" tabindex=\"-1\" ><div class=\"elementor-post__thumbnail\"><img loading=\"lazy\" decoding=\"async\" width=\"1827\" height=\"2560\" src=\"https:\/\/pulsair.net\/wp-content\/uploads\/2022\/10\/DSC1124-scaled.jpg\" class=\"attachment-full size-full wp-image-2041\" alt=\"Joe Knecht mit Puls-air Werkstattheizung\" srcset=\"https:\/\/pulsair.net\/wp-content\/uploads\/2022\/10\/DSC1124-scaled.jpg 1827w, https:\/\/pulsair.net\/wp-content\/uploads\/2022\/10\/DSC1124-214x300.jpg 214w, https:\/\/pulsair.net\/wp-content\/uploads\/2022\/10\/DSC1124-731x1024.jpg 731w, https:\/\/pulsair.net\/wp-content\/uploads\/2022\/10\/DSC1124-768x1076.jpg 768w, https:\/\/pulsair.net\/wp-content\/uploads\/2022\/10\/DSC1124-1096x1536.jpg 1096w, https:\/\/pulsair.net\/wp-content\/uploads\/2022\/10\/DSC1124-1462x2048.jpg 1462w, https:\/\/pulsair.net\/wp-content\/uploads\/2022\/10\/DSC1124-600x841.jpg 600w\" sizes=\"(max-width: 1827px) 100vw, 1827px\" \/><\/div><\/a>\n\t\t\t\t<div class=\"elementor-post__text\">\n\t\t\t\t<h3 class=\"elementor-post__title\">\n\t\t\t<a href=\"https:\/\/pulsair.net\/nl\/referenz\/knecht-automobile\/\" >\n\t\t\t\tKnecht Automobile Hettenschwil\/Zurzach\/Zwitserland \ud83c\udde8\ud83c\udded\t\t\t<\/a>\n\t\t<\/h3>\n\t\t\n\t\t<a class=\"elementor-post__read-more\" href=\"https:\/\/pulsair.net\/nl\/referenz\/knecht-automobile\/\" aria-label=\"Read more about Knecht Automobile Hettenschwil\/Zurzach\/Schweiz &#x1f1e8;&#x1f1ed;\" tabindex=\"-1\" >\n\t\t\tZur Referenz &gt;&gt;\t\t<\/a>\n\n\t\t\t\t<\/div>\n\t\t\t\t\t<\/div>\n\t\t<\/article>\n\t\t\t\t<article class=\"elementor-post elementor-grid-item post-2029 post type-post status-publish format-standard has-post-thumbnail hentry category-deutschland category-referenz\" role=\"listitem\">\n\t\t\t<div class=\"elementor-post__card\">\n\t\t\t\t<a class=\"elementor-post__thumbnail__link\" href=\"https:\/\/pulsair.net\/nl\/referenz\/jlows-car-service\/\" tabindex=\"-1\" ><div class=\"elementor-post__thumbnail\"><img loading=\"lazy\" decoding=\"async\" width=\"1708\" height=\"2560\" src=\"https:\/\/pulsair.net\/wp-content\/uploads\/2022\/10\/CA201793-scaled.jpg\" class=\"attachment-full size-full wp-image-2030\" alt=\"JLOW&#039;S Car Service Puls-air Werkstattheizung\" srcset=\"https:\/\/pulsair.net\/wp-content\/uploads\/2022\/10\/CA201793-scaled.jpg 1708w, https:\/\/pulsair.net\/wp-content\/uploads\/2022\/10\/CA201793-200x300.jpg 200w, https:\/\/pulsair.net\/wp-content\/uploads\/2022\/10\/CA201793-683x1024.jpg 683w, https:\/\/pulsair.net\/wp-content\/uploads\/2022\/10\/CA201793-768x1151.jpg 768w, https:\/\/pulsair.net\/wp-content\/uploads\/2022\/10\/CA201793-1025x1536.jpg 1025w, https:\/\/pulsair.net\/wp-content\/uploads\/2022\/10\/CA201793-1366x2048.jpg 1366w, https:\/\/pulsair.net\/wp-content\/uploads\/2022\/10\/CA201793-600x899.jpg 600w\" sizes=\"(max-width: 1708px) 100vw, 1708px\" \/><\/div><\/a>\n\t\t\t\t<div class=\"elementor-post__text\">\n\t\t\t\t<h3 class=\"elementor-post__title\">\n\t\t\t<a href=\"https:\/\/pulsair.net\/nl\/referenz\/jlows-car-service\/\" >\n\t\t\t\tJLOW\u2019S Car Service Passau\/Niederbayern\/Deutschland &#x1f1e9;&#x1f1ea;\t\t\t<\/a>\n\t\t<\/h3>\n\t\t\n\t\t<a class=\"elementor-post__read-more\" href=\"https:\/\/pulsair.net\/nl\/referenz\/jlows-car-service\/\" aria-label=\"Read more about JLOW\u2019S Car Service Passau\/Niederbayern\/Deutschland &#x1f1e9;&#x1f1ea;\" tabindex=\"-1\" >\n\t\t\tZur Referenz &gt;&gt;\t\t<\/a>\n\n\t\t\t\t<\/div>\n\t\t\t\t\t<\/div>\n\t\t<\/article>\n\t\t\t\t<article class=\"elementor-post elementor-grid-item post-2003 post type-post status-publish format-standard has-post-thumbnail hentry category-referenz category-schweiz\" role=\"listitem\">\n\t\t\t<div class=\"elementor-post__card\">\n\t\t\t\t<a class=\"elementor-post__thumbnail__link\" href=\"https:\/\/pulsair.net\/nl\/referenz\/fahrzeugcenter-goms\/\" tabindex=\"-1\" ><div class=\"elementor-post__thumbnail\"><img loading=\"lazy\" decoding=\"async\" width=\"1067\" height=\"1600\" src=\"https:\/\/pulsair.net\/wp-content\/uploads\/2022\/10\/fahrzeugzenter_goms_puls_02_s.jpg\" class=\"attachment-full size-full wp-image-2004\" alt=\"Angelo Zeiter Fahrzeugcenter Goms heizt mit Puls-air\" srcset=\"https:\/\/pulsair.net\/wp-content\/uploads\/2022\/10\/fahrzeugzenter_goms_puls_02_s.jpg 1067w, https:\/\/pulsair.net\/wp-content\/uploads\/2022\/10\/fahrzeugzenter_goms_puls_02_s-200x300.jpg 200w, https:\/\/pulsair.net\/wp-content\/uploads\/2022\/10\/fahrzeugzenter_goms_puls_02_s-683x1024.jpg 683w, https:\/\/pulsair.net\/wp-content\/uploads\/2022\/10\/fahrzeugzenter_goms_puls_02_s-768x1152.jpg 768w, https:\/\/pulsair.net\/wp-content\/uploads\/2022\/10\/fahrzeugzenter_goms_puls_02_s-1024x1536.jpg 1024w, https:\/\/pulsair.net\/wp-content\/uploads\/2022\/10\/fahrzeugzenter_goms_puls_02_s-600x900.jpg 600w\" sizes=\"(max-width: 1067px) 100vw, 1067px\" \/><\/div><\/a>\n\t\t\t\t<div class=\"elementor-post__text\">\n\t\t\t\t<h3 class=\"elementor-post__title\">\n\t\t\t<a href=\"https:\/\/pulsair.net\/nl\/referenz\/fahrzeugcenter-goms\/\" >\n\t\t\t\tVoertuigcentrum Goms Reckingen-Gluringen\/Canton Wallis\/Zwitserland \ud83c\udde8\ud83c\udded\t\t\t<\/a>\n\t\t<\/h3>\n\t\t\n\t\t<a class=\"elementor-post__read-more\" href=\"https:\/\/pulsair.net\/nl\/referenz\/fahrzeugcenter-goms\/\" aria-label=\"Read more about Fahrzeugcenter Goms Reckingen-Gluringen\/Kanton Wallis\/Schweiz &#x1f1e8;&#x1f1ed;\" tabindex=\"-1\" >\n\t\t\tZur Referenz &gt;&gt;\t\t<\/a>\n\n\t\t\t\t<\/div>\n\t\t\t\t\t<\/div>\n\t\t<\/article>\n\t\t\t\t<article class=\"elementor-post elementor-grid-item post-1339 post type-post status-publish format-standard has-post-thumbnail hentry category-deutschland category-referenz\" role=\"listitem\">\n\t\t\t<div class=\"elementor-post__card\">\n\t\t\t\t<a class=\"elementor-post__thumbnail__link\" href=\"https:\/\/pulsair.net\/nl\/referenz\/ideal-werkstatt-maintal\/\" tabindex=\"-1\" ><div class=\"elementor-post__thumbnail\"><img loading=\"lazy\" decoding=\"async\" width=\"460\" height=\"326\" src=\"https:\/\/pulsair.net\/wp-content\/uploads\/2022\/04\/Kunde-15-Ideal-Werkstatt.png\" class=\"attachment-full size-full wp-image-1342\" alt=\"Gesch\u00e4ftsf\u00fchrerin Svenja Friedewald Ideal Werkstatt Maintal\" srcset=\"https:\/\/pulsair.net\/wp-content\/uploads\/2022\/04\/Kunde-15-Ideal-Werkstatt.png 460w, https:\/\/pulsair.net\/wp-content\/uploads\/2022\/04\/Kunde-15-Ideal-Werkstatt-300x213.png 300w\" sizes=\"(max-width: 460px) 100vw, 460px\" \/><\/div><\/a>\n\t\t\t\t<div class=\"elementor-post__text\">\n\t\t\t\t<h3 class=\"elementor-post__title\">\n\t\t\t<a href=\"https:\/\/pulsair.net\/nl\/referenz\/ideal-werkstatt-maintal\/\" >\n\t\t\t\tIdeal Werkstatt Maintal Hessen\/Deutschland &#x1f1e9;&#x1f1ea;\t\t\t<\/a>\n\t\t<\/h3>\n\t\t\n\t\t<a class=\"elementor-post__read-more\" href=\"https:\/\/pulsair.net\/nl\/referenz\/ideal-werkstatt-maintal\/\" aria-label=\"Read more about Ideal Werkstatt Maintal Hessen\/Deutschland &#x1f1e9;&#x1f1ea;\" tabindex=\"-1\" >\n\t\t\tZur Referenz &gt;&gt;\t\t<\/a>\n\n\t\t\t\t<\/div>\n\t\t\t\t\t<\/div>\n\t\t<\/article>\n\t\t\t\t<article class=\"elementor-post elementor-grid-item post-1333 post type-post status-publish format-standard has-post-thumbnail hentry category-deutschland category-referenz\" role=\"listitem\">\n\t\t\t<div class=\"elementor-post__card\">\n\t\t\t\t<a class=\"elementor-post__thumbnail__link\" href=\"https:\/\/pulsair.net\/nl\/referenz\/diesel-nonn-nordhessen\/\" tabindex=\"-1\" ><div class=\"elementor-post__thumbnail\"><img loading=\"lazy\" decoding=\"async\" width=\"460\" height=\"326\" src=\"https:\/\/pulsair.net\/wp-content\/uploads\/2022\/04\/Kunde-14-Diesel-Nonn-3.png\" class=\"attachment-full size-full wp-image-1336\" alt=\"Diesel Nonn Norhessen\" srcset=\"https:\/\/pulsair.net\/wp-content\/uploads\/2022\/04\/Kunde-14-Diesel-Nonn-3.png 460w, https:\/\/pulsair.net\/wp-content\/uploads\/2022\/04\/Kunde-14-Diesel-Nonn-3-300x213.png 300w\" sizes=\"(max-width: 460px) 100vw, 460px\" \/><\/div><\/a>\n\t\t\t\t<div class=\"elementor-post__text\">\n\t\t\t\t<h3 class=\"elementor-post__title\">\n\t\t\t<a href=\"https:\/\/pulsair.net\/nl\/referenz\/diesel-nonn-nordhessen\/\" >\n\t\t\t\tDiesel Nonn Fritzlar\/Hessen\/Deutschland &#x1f1e9;&#x1f1ea;\t\t\t<\/a>\n\t\t<\/h3>\n\t\t\n\t\t<a class=\"elementor-post__read-more\" href=\"https:\/\/pulsair.net\/nl\/referenz\/diesel-nonn-nordhessen\/\" aria-label=\"Read more about Diesel Nonn Fritzlar\/Hessen\/Deutschland &#x1f1e9;&#x1f1ea;\" tabindex=\"-1\" >\n\t\t\tZur Referenz &gt;&gt;\t\t<\/a>\n\n\t\t\t\t<\/div>\n\t\t\t\t\t<\/div>\n\t\t<\/article>\n\t\t\t\t<article class=\"elementor-post elementor-grid-item post-1324 post type-post status-publish format-standard has-post-thumbnail hentry category-deutschland category-referenz\" role=\"listitem\">\n\t\t\t<div class=\"elementor-post__card\">\n\t\t\t\t<a class=\"elementor-post__thumbnail__link\" href=\"https:\/\/pulsair.net\/nl\/referenz\/peter-zobel-gmbh-roettingen\/\" tabindex=\"-1\" ><div class=\"elementor-post__thumbnail\"><img loading=\"lazy\" decoding=\"async\" width=\"1307\" height=\"1920\" src=\"https:\/\/pulsair.net\/wp-content\/uploads\/2022\/04\/KG9_3528.jpg\" class=\"attachment-full size-full wp-image-1326\" alt=\"Inhaber Peter Zobel\" srcset=\"https:\/\/pulsair.net\/wp-content\/uploads\/2022\/04\/KG9_3528.jpg 1307w, https:\/\/pulsair.net\/wp-content\/uploads\/2022\/04\/KG9_3528-204x300.jpg 204w, https:\/\/pulsair.net\/wp-content\/uploads\/2022\/04\/KG9_3528-697x1024.jpg 697w, https:\/\/pulsair.net\/wp-content\/uploads\/2022\/04\/KG9_3528-768x1128.jpg 768w, https:\/\/pulsair.net\/wp-content\/uploads\/2022\/04\/KG9_3528-1046x1536.jpg 1046w, https:\/\/pulsair.net\/wp-content\/uploads\/2022\/04\/KG9_3528-600x881.jpg 600w\" sizes=\"(max-width: 1307px) 100vw, 1307px\" \/><\/div><\/a>\n\t\t\t\t<div class=\"elementor-post__text\">\n\t\t\t\t<h3 class=\"elementor-post__title\">\n\t\t\t<a href=\"https:\/\/pulsair.net\/nl\/referenz\/peter-zobel-gmbh-roettingen\/\" >\n\t\t\t\tPeter Zobel GmbH R\u00f6ttingen\/Bayern\/Deutschland &#x1f1e9;&#x1f1ea;\t\t\t<\/a>\n\t\t<\/h3>\n\t\t\n\t\t<a class=\"elementor-post__read-more\" href=\"https:\/\/pulsair.net\/nl\/referenz\/peter-zobel-gmbh-roettingen\/\" aria-label=\"Read more about Peter Zobel GmbH R\u00f6ttingen\/Bayern\/Deutschland &#x1f1e9;&#x1f1ea;\" tabindex=\"-1\" >\n\t\t\tZur Referenz &gt;&gt;\t\t<\/a>\n\n\t\t\t\t<\/div>\n\t\t\t\t\t<\/div>\n\t\t<\/article>\n\t\t\t\t<article class=\"elementor-post elementor-grid-item post-1310 post type-post status-publish format-standard has-post-thumbnail hentry category-deutschland category-referenz\" role=\"listitem\">\n\t\t\t<div class=\"elementor-post__card\">\n\t\t\t\t<a class=\"elementor-post__thumbnail__link\" href=\"https:\/\/pulsair.net\/nl\/referenz\/d155-hannover\/\" tabindex=\"-1\" ><div class=\"elementor-post__thumbnail\"><img loading=\"lazy\" decoding=\"async\" width=\"1920\" height=\"1281\" src=\"https:\/\/pulsair.net\/wp-content\/uploads\/2022\/04\/D155_3.jpg\" class=\"attachment-full size-full wp-image-1314\" alt=\"Gesch\u00e4ftsf\u00fchrer Autohaus D155 Wolfram Peuker\" srcset=\"https:\/\/pulsair.net\/wp-content\/uploads\/2022\/04\/D155_3.jpg 1920w, https:\/\/pulsair.net\/wp-content\/uploads\/2022\/04\/D155_3-300x200.jpg 300w, https:\/\/pulsair.net\/wp-content\/uploads\/2022\/04\/D155_3-1024x683.jpg 1024w, https:\/\/pulsair.net\/wp-content\/uploads\/2022\/04\/D155_3-768x512.jpg 768w, https:\/\/pulsair.net\/wp-content\/uploads\/2022\/04\/D155_3-1536x1025.jpg 1536w, https:\/\/pulsair.net\/wp-content\/uploads\/2022\/04\/D155_3-600x400.jpg 600w\" sizes=\"(max-width: 1920px) 100vw, 1920px\" \/><\/div><\/a>\n\t\t\t\t<div class=\"elementor-post__text\">\n\t\t\t\t<h3 class=\"elementor-post__title\">\n\t\t\t<a href=\"https:\/\/pulsair.net\/nl\/referenz\/d155-hannover\/\" >\n\t\t\t\tD155 Hannover Niedersachsen\/Deutschland &#x1f1e9;&#x1f1ea;\t\t\t<\/a>\n\t\t<\/h3>\n\t\t\n\t\t<a class=\"elementor-post__read-more\" href=\"https:\/\/pulsair.net\/nl\/referenz\/d155-hannover\/\" aria-label=\"Read more about D155 Hannover Niedersachsen\/Deutschland &#x1f1e9;&#x1f1ea;\" tabindex=\"-1\" >\n\t\t\tZur Referenz &gt;&gt;\t\t<\/a>\n\n\t\t\t\t<\/div>\n\t\t\t\t\t<\/div>\n\t\t<\/article>\n\t\t\t\t<article class=\"elementor-post elementor-grid-item post-1307 post type-post status-publish format-standard has-post-thumbnail hentry category-deutschland category-referenz\" role=\"listitem\">\n\t\t\t<div class=\"elementor-post__card\">\n\t\t\t\t<a class=\"elementor-post__thumbnail__link\" href=\"https:\/\/pulsair.net\/nl\/referenz\/scuderia-gt-irschenberg\/\" tabindex=\"-1\" ><div class=\"elementor-post__thumbnail\"><img loading=\"lazy\" decoding=\"async\" width=\"2560\" height=\"1440\" src=\"https:\/\/pulsair.net\/wp-content\/uploads\/2022\/04\/vlcsnap-2019-09-18-15h09m50s078.png\" class=\"attachment-full size-full wp-image-1320\" alt=\"Thomas Gerhofer Inhaber Scuderia GT Irschenberg\" srcset=\"https:\/\/pulsair.net\/wp-content\/uploads\/2022\/04\/vlcsnap-2019-09-18-15h09m50s078.png 2560w, https:\/\/pulsair.net\/wp-content\/uploads\/2022\/04\/vlcsnap-2019-09-18-15h09m50s078-300x169.png 300w, https:\/\/pulsair.net\/wp-content\/uploads\/2022\/04\/vlcsnap-2019-09-18-15h09m50s078-1024x576.png 1024w, https:\/\/pulsair.net\/wp-content\/uploads\/2022\/04\/vlcsnap-2019-09-18-15h09m50s078-768x432.png 768w, https:\/\/pulsair.net\/wp-content\/uploads\/2022\/04\/vlcsnap-2019-09-18-15h09m50s078-1536x864.png 1536w, https:\/\/pulsair.net\/wp-content\/uploads\/2022\/04\/vlcsnap-2019-09-18-15h09m50s078-2048x1152.png 2048w, https:\/\/pulsair.net\/wp-content\/uploads\/2022\/04\/vlcsnap-2019-09-18-15h09m50s078-600x338.png 600w\" sizes=\"(max-width: 2560px) 100vw, 2560px\" \/><\/div><\/a>\n\t\t\t\t<div class=\"elementor-post__text\">\n\t\t\t\t<h3 class=\"elementor-post__title\">\n\t\t\t<a href=\"https:\/\/pulsair.net\/nl\/referenz\/scuderia-gt-irschenberg\/\" >\n\t\t\t\tScuderia GT Irschenberg\/Bayern\/Deutschland &#x1f1e9;&#x1f1ea;\t\t\t<\/a>\n\t\t<\/h3>\n\t\t\n\t\t<a class=\"elementor-post__read-more\" href=\"https:\/\/pulsair.net\/nl\/referenz\/scuderia-gt-irschenberg\/\" aria-label=\"Read more about Scuderia GT Irschenberg\/Bayern\/Deutschland &#x1f1e9;&#x1f1ea;\" tabindex=\"-1\" >\n\t\t\tZur Referenz &gt;&gt;\t\t<\/a>\n\n\t\t\t\t<\/div>\n\t\t\t\t\t<\/div>\n\t\t<\/article>\n\t\t\t\t<article class=\"elementor-post elementor-grid-item post-1297 post type-post status-publish format-standard has-post-thumbnail hentry category-deutschland category-referenz\" role=\"listitem\">\n\t\t\t<div class=\"elementor-post__card\">\n\t\t\t\t<a class=\"elementor-post__thumbnail__link\" href=\"https:\/\/pulsair.net\/nl\/referenz\/autohaus-kern-langenenslingen\/\" tabindex=\"-1\" ><div class=\"elementor-post__thumbnail\"><img loading=\"lazy\" decoding=\"async\" width=\"1568\" height=\"1920\" src=\"https:\/\/pulsair.net\/wp-content\/uploads\/2022\/04\/FS-9312.jpg\" class=\"attachment-full size-full wp-image-1300\" alt=\"GF Roland Kern Autohaus Kern Langenenslingen\" srcset=\"https:\/\/pulsair.net\/wp-content\/uploads\/2022\/04\/FS-9312.jpg 1568w, https:\/\/pulsair.net\/wp-content\/uploads\/2022\/04\/FS-9312-245x300.jpg 245w, https:\/\/pulsair.net\/wp-content\/uploads\/2022\/04\/FS-9312-836x1024.jpg 836w, https:\/\/pulsair.net\/wp-content\/uploads\/2022\/04\/FS-9312-768x940.jpg 768w, https:\/\/pulsair.net\/wp-content\/uploads\/2022\/04\/FS-9312-1254x1536.jpg 1254w, https:\/\/pulsair.net\/wp-content\/uploads\/2022\/04\/FS-9312-600x735.jpg 600w\" sizes=\"(max-width: 1568px) 100vw, 1568px\" \/><\/div><\/a>\n\t\t\t\t<div class=\"elementor-post__text\">\n\t\t\t\t<h3 class=\"elementor-post__title\">\n\t\t\t<a href=\"https:\/\/pulsair.net\/nl\/referenz\/autohaus-kern-langenenslingen\/\" >\n\t\t\t\tAutohaus Kern Langenenslingen\/Baden-W\u00fcrttemberg\/Deutschland &#x1f1e9;&#x1f1ea;\t\t\t<\/a>\n\t\t<\/h3>\n\t\t\n\t\t<a class=\"elementor-post__read-more\" href=\"https:\/\/pulsair.net\/nl\/referenz\/autohaus-kern-langenenslingen\/\" aria-label=\"Read more about Autohaus Kern Langenenslingen\/Baden-W\u00fcrttemberg\/Deutschland &#x1f1e9;&#x1f1ea;\" tabindex=\"-1\" >\n\t\t\tZur Referenz &gt;&gt;\t\t<\/a>\n\n\t\t\t\t<\/div>\n\t\t\t\t\t<\/div>\n\t\t<\/article>\n\t\t\t\t<article class=\"elementor-post elementor-grid-item post-1246 post type-post status-publish format-standard has-post-thumbnail hentry category-deutschland category-referenz\" role=\"listitem\">\n\t\t\t<div class=\"elementor-post__card\">\n\t\t\t\t<a class=\"elementor-post__thumbnail__link\" href=\"https:\/\/pulsair.net\/nl\/referenz\/autohaus-frank-mannert-in-rimpar\/\" tabindex=\"-1\" ><div class=\"elementor-post__thumbnail\"><img loading=\"lazy\" decoding=\"async\" width=\"2560\" height=\"1707\" src=\"https:\/\/pulsair.net\/wp-content\/uploads\/2022\/04\/Mannert-1-scaled.jpg\" class=\"attachment-full size-full wp-image-1248\" alt=\"Inhaber Frank Mannert\" srcset=\"https:\/\/pulsair.net\/wp-content\/uploads\/2022\/04\/Mannert-1-scaled.jpg 2560w, https:\/\/pulsair.net\/wp-content\/uploads\/2022\/04\/Mannert-1-300x200.jpg 300w, https:\/\/pulsair.net\/wp-content\/uploads\/2022\/04\/Mannert-1-1024x683.jpg 1024w, https:\/\/pulsair.net\/wp-content\/uploads\/2022\/04\/Mannert-1-768x512.jpg 768w, https:\/\/pulsair.net\/wp-content\/uploads\/2022\/04\/Mannert-1-1536x1024.jpg 1536w, https:\/\/pulsair.net\/wp-content\/uploads\/2022\/04\/Mannert-1-2048x1365.jpg 2048w, https:\/\/pulsair.net\/wp-content\/uploads\/2022\/04\/Mannert-1-600x400.jpg 600w\" sizes=\"(max-width: 2560px) 100vw, 2560px\" \/><\/div><\/a>\n\t\t\t\t<div class=\"elementor-post__text\">\n\t\t\t\t<h3 class=\"elementor-post__title\">\n\t\t\t<a href=\"https:\/\/pulsair.net\/nl\/referenz\/autohaus-frank-mannert-in-rimpar\/\" >\n\t\t\t\tAutohaus Frank Mannert in Rimpar Bayern\/Deutschland &#x1f1e9;&#x1f1ea;\t\t\t<\/a>\n\t\t<\/h3>\n\t\t\n\t\t<a class=\"elementor-post__read-more\" href=\"https:\/\/pulsair.net\/nl\/referenz\/autohaus-frank-mannert-in-rimpar\/\" aria-label=\"Read more about Autohaus Frank Mannert in Rimpar Bayern\/Deutschland &#x1f1e9;&#x1f1ea;\" tabindex=\"-1\" >\n\t\t\tZur Referenz &gt;&gt;\t\t<\/a>\n\n\t\t\t\t<\/div>\n\t\t\t\t\t<\/div>\n\t\t<\/article>\n\t\t\t\t<article class=\"elementor-post elementor-grid-item post-1239 post type-post status-publish format-standard has-post-thumbnail hentry category-deutschland category-referenz\" role=\"listitem\">\n\t\t\t<div class=\"elementor-post__card\">\n\t\t\t\t<a class=\"elementor-post__thumbnail__link\" href=\"https:\/\/pulsair.net\/nl\/referenz\/autocenter-altmittweida\/\" tabindex=\"-1\" ><div class=\"elementor-post__thumbnail\"><img loading=\"lazy\" decoding=\"async\" width=\"1280\" height=\"1920\" src=\"https:\/\/pulsair.net\/wp-content\/uploads\/2022\/04\/IMG_3997.jpg\" class=\"attachment-full size-full wp-image-1240\" alt=\"Ronny Zwinscher, Gesch\u00e4ftsf\u00fchrer des Autocenter Altmittweida,\" srcset=\"https:\/\/pulsair.net\/wp-content\/uploads\/2022\/04\/IMG_3997.jpg 1280w, https:\/\/pulsair.net\/wp-content\/uploads\/2022\/04\/IMG_3997-200x300.jpg 200w, https:\/\/pulsair.net\/wp-content\/uploads\/2022\/04\/IMG_3997-683x1024.jpg 683w, https:\/\/pulsair.net\/wp-content\/uploads\/2022\/04\/IMG_3997-768x1152.jpg 768w, https:\/\/pulsair.net\/wp-content\/uploads\/2022\/04\/IMG_3997-1024x1536.jpg 1024w, https:\/\/pulsair.net\/wp-content\/uploads\/2022\/04\/IMG_3997-600x900.jpg 600w\" sizes=\"(max-width: 1280px) 100vw, 1280px\" \/><\/div><\/a>\n\t\t\t\t<div class=\"elementor-post__text\">\n\t\t\t\t<h3 class=\"elementor-post__title\">\n\t\t\t<a href=\"https:\/\/pulsair.net\/nl\/referenz\/autocenter-altmittweida\/\" >\n\t\t\t\tAutocenter Altmittweida\/Sachsen\/Deutschland &#x1f1e9;&#x1f1ea;\t\t\t<\/a>\n\t\t<\/h3>\n\t\t\n\t\t<a class=\"elementor-post__read-more\" href=\"https:\/\/pulsair.net\/nl\/referenz\/autocenter-altmittweida\/\" aria-label=\"Read more about Autocenter Altmittweida\/Sachsen\/Deutschland &#x1f1e9;&#x1f1ea;\" tabindex=\"-1\" >\n\t\t\tZur Referenz &gt;&gt;\t\t<\/a>\n\n\t\t\t\t<\/div>\n\t\t\t\t\t<\/div>\n\t\t<\/article>\n\t\t\t\t<article class=\"elementor-post elementor-grid-item post-1210 post type-post status-publish format-standard has-post-thumbnail hentry category-deutschland category-referenz\" role=\"listitem\">\n\t\t\t<div class=\"elementor-post__card\">\n\t\t\t\t<a class=\"elementor-post__thumbnail__link\" href=\"https:\/\/pulsair.net\/nl\/referenz\/kfz-karosserie-kawalek\/\" tabindex=\"-1\" ><div class=\"elementor-post__thumbnail\"><img loading=\"lazy\" decoding=\"async\" width=\"1920\" height=\"1280\" src=\"https:\/\/pulsair.net\/wp-content\/uploads\/2022\/04\/Kawalek_4.jpg\" class=\"attachment-full size-full wp-image-1221\" alt=\"Ali G\u00fcm\u00fcs Inhaber von Kfz &amp; Karosserie Kawalek\" srcset=\"https:\/\/pulsair.net\/wp-content\/uploads\/2022\/04\/Kawalek_4.jpg 1920w, https:\/\/pulsair.net\/wp-content\/uploads\/2022\/04\/Kawalek_4-300x200.jpg 300w, https:\/\/pulsair.net\/wp-content\/uploads\/2022\/04\/Kawalek_4-1024x683.jpg 1024w, https:\/\/pulsair.net\/wp-content\/uploads\/2022\/04\/Kawalek_4-768x512.jpg 768w, https:\/\/pulsair.net\/wp-content\/uploads\/2022\/04\/Kawalek_4-1536x1024.jpg 1536w, https:\/\/pulsair.net\/wp-content\/uploads\/2022\/04\/Kawalek_4-600x400.jpg 600w\" sizes=\"(max-width: 1920px) 100vw, 1920px\" \/><\/div><\/a>\n\t\t\t\t<div class=\"elementor-post__text\">\n\t\t\t\t<h3 class=\"elementor-post__title\">\n\t\t\t<a href=\"https:\/\/pulsair.net\/nl\/referenz\/kfz-karosserie-kawalek\/\" >\n\t\t\t\tKfz &#038; Karosserie Kawalek Hannover\/Niedersachsen\/Deutschland &#x1f1e9;&#x1f1ea;\t\t\t<\/a>\n\t\t<\/h3>\n\t\t\n\t\t<a class=\"elementor-post__read-more\" href=\"https:\/\/pulsair.net\/nl\/referenz\/kfz-karosserie-kawalek\/\" aria-label=\"Read more about Kfz &#038; Karosserie Kawalek Hannover\/Niedersachsen\/Deutschland &#x1f1e9;&#x1f1ea;\" tabindex=\"-1\" >\n\t\t\tZur Referenz &gt;&gt;\t\t<\/a>\n\n\t\t\t\t<\/div>\n\t\t\t\t\t<\/div>\n\t\t<\/article>\n\t\t\t\t<article class=\"elementor-post elementor-grid-item post-1202 post type-post status-publish format-standard has-post-thumbnail hentry category-deutschland category-referenz\" role=\"listitem\">\n\t\t\t<div class=\"elementor-post__card\">\n\t\t\t\t<a class=\"elementor-post__thumbnail__link\" href=\"https:\/\/pulsair.net\/nl\/referenz\/autohaus-gotz-bad-kissingen\/\" tabindex=\"-1\" ><div class=\"elementor-post__thumbnail\"><img loading=\"lazy\" decoding=\"async\" width=\"500\" height=\"333\" src=\"https:\/\/pulsair.net\/wp-content\/uploads\/2022\/04\/DSCF6017.jpg\" class=\"attachment-full size-full wp-image-1204\" alt=\"G\u00fcnther G\u00f6tz Autohaus G\u00f6tz Bad Kissingen\" srcset=\"https:\/\/pulsair.net\/wp-content\/uploads\/2022\/04\/DSCF6017.jpg 500w, https:\/\/pulsair.net\/wp-content\/uploads\/2022\/04\/DSCF6017-300x200.jpg 300w\" sizes=\"(max-width: 500px) 100vw, 500px\" \/><\/div><\/a>\n\t\t\t\t<div class=\"elementor-post__text\">\n\t\t\t\t<h3 class=\"elementor-post__title\">\n\t\t\t<a href=\"https:\/\/pulsair.net\/nl\/referenz\/autohaus-gotz-bad-kissingen\/\" >\n\t\t\t\tAutohaus G\u00f6tz Bad Kissingen\/Bayern\/Deutschland &#x1f1e9;&#x1f1ea;\t\t\t<\/a>\n\t\t<\/h3>\n\t\t\n\t\t<a class=\"elementor-post__read-more\" href=\"https:\/\/pulsair.net\/nl\/referenz\/autohaus-gotz-bad-kissingen\/\" aria-label=\"Read more about Autohaus G\u00f6tz Bad Kissingen\/Bayern\/Deutschland &#x1f1e9;&#x1f1ea;\" tabindex=\"-1\" >\n\t\t\tZur Referenz &gt;&gt;\t\t<\/a>\n\n\t\t\t\t<\/div>\n\t\t\t\t\t<\/div>\n\t\t<\/article>\n\t\t\t\t<article class=\"elementor-post elementor-grid-item post-1191 post type-post status-publish format-standard has-post-thumbnail hentry category-deutschland category-referenz\" role=\"listitem\">\n\t\t\t<div class=\"elementor-post__card\">\n\t\t\t\t<a class=\"elementor-post__thumbnail__link\" href=\"https:\/\/pulsair.net\/nl\/referenz\/autowelt-weiden\/\" tabindex=\"-1\" ><div class=\"elementor-post__thumbnail\"><img loading=\"lazy\" decoding=\"async\" width=\"1535\" height=\"2303\" src=\"https:\/\/pulsair.net\/wp-content\/uploads\/2022\/04\/5541-Pulsair-D046.jpg\" class=\"attachment-full size-full wp-image-1193\" alt=\"\" srcset=\"https:\/\/pulsair.net\/wp-content\/uploads\/2022\/04\/5541-Pulsair-D046.jpg 1535w, https:\/\/pulsair.net\/wp-content\/uploads\/2022\/04\/5541-Pulsair-D046-200x300.jpg 200w, https:\/\/pulsair.net\/wp-content\/uploads\/2022\/04\/5541-Pulsair-D046-683x1024.jpg 683w, https:\/\/pulsair.net\/wp-content\/uploads\/2022\/04\/5541-Pulsair-D046-768x1152.jpg 768w, https:\/\/pulsair.net\/wp-content\/uploads\/2022\/04\/5541-Pulsair-D046-1024x1536.jpg 1024w, https:\/\/pulsair.net\/wp-content\/uploads\/2022\/04\/5541-Pulsair-D046-1365x2048.jpg 1365w, https:\/\/pulsair.net\/wp-content\/uploads\/2022\/04\/5541-Pulsair-D046-600x900.jpg 600w\" sizes=\"(max-width: 1535px) 100vw, 1535px\" \/><\/div><\/a>\n\t\t\t\t<div class=\"elementor-post__text\">\n\t\t\t\t<h3 class=\"elementor-post__title\">\n\t\t\t<a href=\"https:\/\/pulsair.net\/nl\/referenz\/autowelt-weiden\/\" >\n\t\t\t\tAutowelt Weiden in der Oberpfalz\/Bayern\/Deutschland &#x1f1e9;&#x1f1ea;\t\t\t<\/a>\n\t\t<\/h3>\n\t\t\n\t\t<a class=\"elementor-post__read-more\" href=\"https:\/\/pulsair.net\/nl\/referenz\/autowelt-weiden\/\" aria-label=\"Read more about Autowelt Weiden in der Oberpfalz\/Bayern\/Deutschland &#x1f1e9;&#x1f1ea;\" tabindex=\"-1\" >\n\t\t\tZur Referenz &gt;&gt;\t\t<\/a>\n\n\t\t\t\t<\/div>\n\t\t\t\t\t<\/div>\n\t\t<\/article>\n\t\t\t\t<article class=\"elementor-post elementor-grid-item post-1058 post type-post status-publish format-standard has-post-thumbnail hentry category-oesterreich category-referenz\" role=\"listitem\">\n\t\t\t<div class=\"elementor-post__card\">\n\t\t\t\t<a class=\"elementor-post__thumbnail__link\" href=\"https:\/\/pulsair.net\/nl\/referenz\/schatzbergbahnen-wildschonau\/\" tabindex=\"-1\" ><div class=\"elementor-post__thumbnail\"><img loading=\"lazy\" decoding=\"async\" width=\"1920\" height=\"1080\" src=\"https:\/\/pulsair.net\/wp-content\/uploads\/2022\/04\/vlcsnap-2021-02-15-15h04m22s941.png\" class=\"attachment-full size-full wp-image-1060\" alt=\"\" srcset=\"https:\/\/pulsair.net\/wp-content\/uploads\/2022\/04\/vlcsnap-2021-02-15-15h04m22s941.png 1920w, https:\/\/pulsair.net\/wp-content\/uploads\/2022\/04\/vlcsnap-2021-02-15-15h04m22s941-300x169.png 300w, https:\/\/pulsair.net\/wp-content\/uploads\/2022\/04\/vlcsnap-2021-02-15-15h04m22s941-1024x576.png 1024w, https:\/\/pulsair.net\/wp-content\/uploads\/2022\/04\/vlcsnap-2021-02-15-15h04m22s941-768x432.png 768w, https:\/\/pulsair.net\/wp-content\/uploads\/2022\/04\/vlcsnap-2021-02-15-15h04m22s941-1536x864.png 1536w, https:\/\/pulsair.net\/wp-content\/uploads\/2022\/04\/vlcsnap-2021-02-15-15h04m22s941-600x338.png 600w\" sizes=\"(max-width: 1920px) 100vw, 1920px\" \/><\/div><\/a>\n\t\t\t\t<div class=\"elementor-post__text\">\n\t\t\t\t<h3 class=\"elementor-post__title\">\n\t\t\t<a href=\"https:\/\/pulsair.net\/nl\/referenz\/schatzbergbahnen-wildschonau\/\" >\n\t\t\t\tSchatzbergbahnen Wildsch\u00f6nau\/Tirol\/Oostenrijk \ud83c\udde6\ud83c\uddf9\t\t\t<\/a>\n\t\t<\/h3>\n\t\t\n\t\t<a class=\"elementor-post__read-more\" href=\"https:\/\/pulsair.net\/nl\/referenz\/schatzbergbahnen-wildschonau\/\" aria-label=\"Read more about Schatzbergbahnen Wildsch\u00f6nau\/Tirol\/\u00d6sterreich &#x1f1e6;&#x1f1f9;\" tabindex=\"-1\" >\n\t\t\tZur Referenz &gt;&gt;\t\t<\/a>\n\n\t\t\t\t<\/div>\n\t\t\t\t\t<\/div>\n\t\t<\/article>\n\t\t\t\t<article class=\"elementor-post elementor-grid-item post-1049 post type-post status-publish format-standard has-post-thumbnail hentry category-deutschland category-referenz\" role=\"listitem\">\n\t\t\t<div class=\"elementor-post__card\">\n\t\t\t\t<a class=\"elementor-post__thumbnail__link\" href=\"https:\/\/pulsair.net\/nl\/referenz\/broesel-fahrzeugtechnik-gmbh\/\" tabindex=\"-1\" ><div class=\"elementor-post__thumbnail\"><img loading=\"lazy\" decoding=\"async\" width=\"1920\" height=\"1277\" src=\"https:\/\/pulsair.net\/wp-content\/uploads\/2022\/04\/DSC_0015.jpg\" class=\"attachment-full size-full wp-image-1054\" alt=\"\" srcset=\"https:\/\/pulsair.net\/wp-content\/uploads\/2022\/04\/DSC_0015.jpg 1920w, https:\/\/pulsair.net\/wp-content\/uploads\/2022\/04\/DSC_0015-300x200.jpg 300w, https:\/\/pulsair.net\/wp-content\/uploads\/2022\/04\/DSC_0015-1024x681.jpg 1024w, https:\/\/pulsair.net\/wp-content\/uploads\/2022\/04\/DSC_0015-768x511.jpg 768w, https:\/\/pulsair.net\/wp-content\/uploads\/2022\/04\/DSC_0015-1536x1022.jpg 1536w, https:\/\/pulsair.net\/wp-content\/uploads\/2022\/04\/DSC_0015-600x399.jpg 600w\" sizes=\"(max-width: 1920px) 100vw, 1920px\" \/><\/div><\/a>\n\t\t\t\t<div class=\"elementor-post__text\">\n\t\t\t\t<h3 class=\"elementor-post__title\">\n\t\t\t<a href=\"https:\/\/pulsair.net\/nl\/referenz\/broesel-fahrzeugtechnik-gmbh\/\" >\n\t\t\t\tBroesel Fahrzeugtechnik GmbH Gokels\/Schleswig-Holstein\/Deutschland &#x1f1e9;&#x1f1ea;\t\t\t<\/a>\n\t\t<\/h3>\n\t\t\n\t\t<a class=\"elementor-post__read-more\" href=\"https:\/\/pulsair.net\/nl\/referenz\/broesel-fahrzeugtechnik-gmbh\/\" aria-label=\"Read more about Broesel Fahrzeugtechnik GmbH Gokels\/Schleswig-Holstein\/Deutschland &#x1f1e9;&#x1f1ea;\" tabindex=\"-1\" >\n\t\t\tZur Referenz &gt;&gt;\t\t<\/a>\n\n\t\t\t\t<\/div>\n\t\t\t\t\t<\/div>\n\t\t<\/article>\n\t\t\t\t<article class=\"elementor-post elementor-grid-item post-1018 post type-post status-publish format-standard has-post-thumbnail hentry category-deutschland category-referenz\" role=\"listitem\">\n\t\t\t<div class=\"elementor-post__card\">\n\t\t\t\t<a class=\"elementor-post__thumbnail__link\" href=\"https:\/\/pulsair.net\/nl\/referenz\/autohaus-kopp\/\" tabindex=\"-1\" ><div class=\"elementor-post__thumbnail\"><img loading=\"lazy\" decoding=\"async\" width=\"1277\" height=\"1920\" src=\"https:\/\/pulsair.net\/wp-content\/uploads\/2022\/04\/5990a.jpg\" class=\"attachment-full size-full wp-image-1030\" alt=\"\" srcset=\"https:\/\/pulsair.net\/wp-content\/uploads\/2022\/04\/5990a.jpg 1277w, https:\/\/pulsair.net\/wp-content\/uploads\/2022\/04\/5990a-200x300.jpg 200w, https:\/\/pulsair.net\/wp-content\/uploads\/2022\/04\/5990a-681x1024.jpg 681w, https:\/\/pulsair.net\/wp-content\/uploads\/2022\/04\/5990a-768x1155.jpg 768w, https:\/\/pulsair.net\/wp-content\/uploads\/2022\/04\/5990a-1022x1536.jpg 1022w, https:\/\/pulsair.net\/wp-content\/uploads\/2022\/04\/5990a-600x902.jpg 600w\" sizes=\"(max-width: 1277px) 100vw, 1277px\" \/><\/div><\/a>\n\t\t\t\t<div class=\"elementor-post__text\">\n\t\t\t\t<h3 class=\"elementor-post__title\">\n\t\t\t<a href=\"https:\/\/pulsair.net\/nl\/referenz\/autohaus-kopp\/\" >\n\t\t\t\tAutohaus Kopp e. K. Edling\/Bayern\/Deutschland &#x1f1e9;&#x1f1ea;\t\t\t<\/a>\n\t\t<\/h3>\n\t\t\n\t\t<a class=\"elementor-post__read-more\" href=\"https:\/\/pulsair.net\/nl\/referenz\/autohaus-kopp\/\" aria-label=\"Read more about Autohaus Kopp e. K. Edling\/Bayern\/Deutschland &#x1f1e9;&#x1f1ea;\" tabindex=\"-1\" >\n\t\t\tZur Referenz &gt;&gt;\t\t<\/a>\n\n\t\t\t\t<\/div>\n\t\t\t\t\t<\/div>\n\t\t<\/article>\n\t\t\t\t<\/div>\n\t\t\n\t\t\t\t\t\t<\/div>\n\t\t\t\t<\/div>\n\t\t\t\t\t<\/div>\n\t\t<\/div>\n\t\t\t\t\t<\/div>\n\t\t<\/section>\n\t\t\t\t<section class=\"elementor-section elementor-top-section elementor-element elementor-element-21a56cff elementor-section-boxed elementor-section-height-default elementor-section-height-default\" data-id=\"21a56cff\" data-element_type=\"section\" data-e-type=\"section\" data-settings=\"{&quot;background_background&quot;:&quot;classic&quot;}\">\n\t\t\t\t\t\t<div class=\"elementor-container elementor-column-gap-default\">\n\t\t\t\t\t<div class=\"elementor-column elementor-col-100 elementor-top-column elementor-element elementor-element-396e5e59\" data-id=\"396e5e59\" data-element_type=\"column\" data-e-type=\"column\" data-settings=\"{&quot;background_background&quot;:&quot;classic&quot;}\">\n\t\t\t<div class=\"elementor-widget-wrap elementor-element-populated\">\n\t\t\t\t\t\t<div class=\"elementor-element elementor-element-4d9246c he_span elementor-widget elementor-widget-global elementor-global-1352 elementor-widget-heading\" data-id=\"4d9246c\" data-element_type=\"widget\" data-e-type=\"widget\" data-widget_type=\"heading.default\">\n\t\t\t\t<div class=\"elementor-widget-container\">\n\t\t\t\t\t<p class=\"elementor-heading-title elementor-size-default\">Al vanaf ongeveer 200<span> \u20ac per maand<\/span> krijgen<br> Krijg eindelijk grip op uw energiekosten!<\/p>\t\t\t\t<\/div>\n\t\t\t\t<\/div>\n\t\t\t\t<div class=\"elementor-element elementor-element-46ed1f1 elementor-widget elementor-widget-global elementor-global-4959 elementor-widget-text-editor\" data-id=\"46ed1f1\" data-element_type=\"widget\" data-e-type=\"widget\" data-widget_type=\"text-editor.default\">\n\t\t\t\t<div class=\"elementor-widget-container\">\n\t\t\t\t\t\t\t\t\t<p>Sie k\u00f6nnen Ihre sparsame Puls-air Heizung entweder kaufen oder g\u00fcnstig leasen.<br \/>Noch nie war es so einfach, Ihre R\u00e4umlichkeit g\u00fcnstig zu heizen.*<\/p><p>*Zonder aanbetaling, restwaarde 10% van de aankoopprijs (AP) incl. btw, looptijd 48 maanden. Leaseaanbieding via onze partner MMV Leasing GmbH, onder voorbehoud van kredietwaardigheidstoetsing, etc. Er zijn geen bijkomende kosten. Het genoemde leasebedrag is het nettobedrag (excl. 19% btw voor Duitsland &amp; 20 % btw voor Oostenrijk). V\u00f3\u00f3r contractondertekening voert MMV Leasing een contractacceptatietoets uit. Garantie-uitbreiding en stuurwielen verhogen de leasebedrag.\u00a0<\/p>\t\t\t\t\t\t\t\t<\/div>\n\t\t\t\t<\/div>\n\t\t\t\t<div class=\"elementor-element elementor-element-479f501 elementor-align-center elementor-widget elementor-widget-button\" data-id=\"479f501\" data-element_type=\"widget\" data-e-type=\"widget\" data-widget_type=\"button.default\">\n\t\t\t\t<div class=\"elementor-widget-container\">\n\t\t\t\t\t\t\t\t\t<div class=\"elementor-button-wrapper\">\n\t\t\t\t\t<a class=\"elementor-button elementor-button-link elementor-size-sm elementor-animation-grow\" href=\"https:\/\/werkstattheizung.pulsair.net\/product\/\">\n\t\t\t\t\t\t<span class=\"elementor-button-content-wrapper\">\n\t\t\t\t\t\t\t\t\t<span class=\"elementor-button-text\">Bestel hier<\/span>\n\t\t\t\t\t<\/span>\n\t\t\t\t\t<\/a>\n\t\t\t\t<\/div>\n\t\t\t\t\t\t\t\t<\/div>\n\t\t\t\t<\/div>\n\t\t\t\t\t<\/div>\n\t\t<\/div>\n\t\t\t\t\t<\/div>\n\t\t<\/section>\n\t\t\t\t<\/div>","protected":false},"excerpt":{"rendered":"<p>Das sagen unsere kunden REFERENZEN Schon ab rund 200 \u20ac pro Monat bekommen Sie endlich<\/p>","protected":false},"author":2,"featured_media":0,"parent":0,"menu_order":0,"comment_status":"closed","ping_status":"closed","template":"","meta":{"_joinchat":[],"footnotes":""},"class_list":["post-1020","page","type-page","status-publish","hentry"],"yoast_head":"<!-- This site is optimized with the Yoast SEO plugin v27.4 - https:\/\/yoast.com\/product\/yoast-seo-wordpress\/ -->\n<title>Puls-air Werkstatt- und Hallenheizung | Referenzen<\/title>\n<meta name=\"description\" content=\"Hochwirksame Werkstatt- und Hallenheizung mit Technik aus der Raketenforschung. 50 % weniger CO2 dank pulsierender Verbrennung. Referenzen lesen:\" \/>\n<meta name=\"robots\" content=\"index, follow, max-snippet:-1, max-image-preview:large, max-video-preview:-1\" \/>\n<link rel=\"canonical\" href=\"https:\/\/pulsair.net\/nl\/referenzen\/\" \/>\n<meta property=\"og:locale\" content=\"nl_NL\" \/>\n<meta property=\"og:type\" content=\"article\" \/>\n<meta property=\"og:title\" content=\"Puls-air Werkstatt- und Hallenheizung | Referenzen\" \/>\n<meta property=\"og:description\" content=\"Hochwirksame Werkstatt- und Hallenheizung mit Technik aus der Raketenforschung. 50 % weniger CO2 dank pulsierender Verbrennung. Referenzen lesen:\" \/>\n<meta property=\"og:url\" content=\"https:\/\/pulsair.net\/nl\/referenzen\/\" \/>\n<meta property=\"og:site_name\" content=\"Puls-air Hallen und Werkstattheizung\" \/>\n<meta property=\"article:modified_time\" content=\"2026-03-26T07:43:11+00:00\" \/>\n<meta property=\"og:image\" content=\"https:\/\/pulsair.net\/wp-content\/uploads\/2020\/07\/cropped-Rotation-alleine-500x500-1-100x100.png\" \/>\n<meta name=\"twitter:card\" content=\"summary_large_image\" \/>\n<meta name=\"twitter:label1\" content=\"Est. reading time\" \/>\n\t<meta name=\"twitter:data1\" content=\"1 minuut\" \/>\n<script type=\"application\/ld+json\" class=\"yoast-schema-graph\">{\"@context\":\"https:\\\/\\\/schema.org\",\"@graph\":[{\"@type\":\"WebPage\",\"@id\":\"https:\\\/\\\/pulsair.net\\\/referenzen\\\/\",\"url\":\"https:\\\/\\\/pulsair.net\\\/referenzen\\\/\",\"name\":\"Puls-air Werkstatt- und Hallenheizung | Referenzen\",\"isPartOf\":{\"@id\":\"https:\\\/\\\/pulsair.net\\\/#website\"},\"primaryImageOfPage\":{\"@id\":\"https:\\\/\\\/pulsair.net\\\/referenzen\\\/#primaryimage\"},\"image\":{\"@id\":\"https:\\\/\\\/pulsair.net\\\/referenzen\\\/#primaryimage\"},\"thumbnailUrl\":\"https:\\\/\\\/pulsair.net\\\/wp-content\\\/uploads\\\/2020\\\/07\\\/cropped-Rotation-alleine-500x500-1-100x100.png\",\"datePublished\":\"2022-04-11T13:19:52+00:00\",\"dateModified\":\"2026-03-26T07:43:11+00:00\",\"description\":\"Hochwirksame Werkstatt- und Hallenheizung mit Technik aus der Raketenforschung. 50 % weniger CO2 dank pulsierender Verbrennung. Referenzen lesen:\",\"breadcrumb\":{\"@id\":\"https:\\\/\\\/pulsair.net\\\/referenzen\\\/#breadcrumb\"},\"inLanguage\":\"nl-NL\",\"potentialAction\":[{\"@type\":\"ReadAction\",\"target\":[\"https:\\\/\\\/pulsair.net\\\/referenzen\\\/\"]}]},{\"@type\":\"ImageObject\",\"inLanguage\":\"nl-NL\",\"@id\":\"https:\\\/\\\/pulsair.net\\\/referenzen\\\/#primaryimage\",\"url\":\"https:\\\/\\\/pulsair.net\\\/wp-content\\\/uploads\\\/2020\\\/07\\\/cropped-Rotation-alleine-500x500-1-100x100.png\",\"contentUrl\":\"https:\\\/\\\/pulsair.net\\\/wp-content\\\/uploads\\\/2020\\\/07\\\/cropped-Rotation-alleine-500x500-1-100x100.png\"},{\"@type\":\"BreadcrumbList\",\"@id\":\"https:\\\/\\\/pulsair.net\\\/referenzen\\\/#breadcrumb\",\"itemListElement\":[{\"@type\":\"ListItem\",\"position\":1,\"name\":\"Startseite\",\"item\":\"https:\\\/\\\/pulsair.net\\\/\"},{\"@type\":\"ListItem\",\"position\":2,\"name\":\"Referenzen\"}]},{\"@type\":\"WebSite\",\"@id\":\"https:\\\/\\\/pulsair.net\\\/#website\",\"url\":\"https:\\\/\\\/pulsair.net\\\/\",\"name\":\"Puls-air Hallen und Werkstattheizung\",\"description\":\"50 % Heizkosten sparen\",\"publisher\":{\"@id\":\"https:\\\/\\\/pulsair.net\\\/#organization\"},\"potentialAction\":[{\"@type\":\"SearchAction\",\"target\":{\"@type\":\"EntryPoint\",\"urlTemplate\":\"https:\\\/\\\/pulsair.net\\\/?s={search_term_string}\"},\"query-input\":{\"@type\":\"PropertyValueSpecification\",\"valueRequired\":true,\"valueName\":\"search_term_string\"}}],\"inLanguage\":\"nl-NL\"},{\"@type\":\"Organization\",\"@id\":\"https:\\\/\\\/pulsair.net\\\/#organization\",\"name\":\"Puls-air Hallen und Werkstattheizung\",\"url\":\"https:\\\/\\\/pulsair.net\\\/\",\"logo\":{\"@type\":\"ImageObject\",\"inLanguage\":\"nl-NL\",\"@id\":\"https:\\\/\\\/pulsair.net\\\/#\\\/schema\\\/logo\\\/image\\\/\",\"url\":\"https:\\\/\\\/pulsair.net\\\/wp-content\\\/uploads\\\/2020\\\/07\\\/cropped-cropped-Rotation-alleine-500x500-1.png\",\"contentUrl\":\"https:\\\/\\\/pulsair.net\\\/wp-content\\\/uploads\\\/2020\\\/07\\\/cropped-cropped-Rotation-alleine-500x500-1.png\",\"width\":512,\"height\":512,\"caption\":\"Puls-air Hallen und Werkstattheizung\"},\"image\":{\"@id\":\"https:\\\/\\\/pulsair.net\\\/#\\\/schema\\\/logo\\\/image\\\/\"}}]}<\/script>\n<!-- \/ Yoast SEO plugin. -->","yoast_head_json":{"title":"Puls-air Werkstatt- und Hallenheizung | Referenzen","description":"Hochwirksame Werkstatt- und Hallenheizung mit Technik aus der Raketenforschung. 50 % weniger CO2 dank pulsierender Verbrennung. Referenzen lesen:","robots":{"index":"index","follow":"follow","max-snippet":"max-snippet:-1","max-image-preview":"max-image-preview:large","max-video-preview":"max-video-preview:-1"},"canonical":"https:\/\/pulsair.net\/nl\/referenzen\/","og_locale":"nl_NL","og_type":"article","og_title":"Puls-air Werkstatt- und Hallenheizung | Referenzen","og_description":"Hochwirksame Werkstatt- und Hallenheizung mit Technik aus der Raketenforschung. 50 % weniger CO2 dank pulsierender Verbrennung. Referenzen lesen:","og_url":"https:\/\/pulsair.net\/nl\/referenzen\/","og_site_name":"Puls-air Hallen und Werkstattheizung","article_modified_time":"2026-03-26T07:43:11+00:00","og_image":[{"url":"https:\/\/pulsair.net\/wp-content\/uploads\/2020\/07\/cropped-Rotation-alleine-500x500-1-100x100.png","type":"","width":"","height":""}],"twitter_card":"summary_large_image","twitter_misc":{"Est. reading time":"1 minuut"},"schema":{"@context":"https:\/\/schema.org","@graph":[{"@type":"WebPage","@id":"https:\/\/pulsair.net\/referenzen\/","url":"https:\/\/pulsair.net\/referenzen\/","name":"Puls-air Werkstatt- und Hallenheizung | Referenzen","isPartOf":{"@id":"https:\/\/pulsair.net\/#website"},"primaryImageOfPage":{"@id":"https:\/\/pulsair.net\/referenzen\/#primaryimage"},"image":{"@id":"https:\/\/pulsair.net\/referenzen\/#primaryimage"},"thumbnailUrl":"https:\/\/pulsair.net\/wp-content\/uploads\/2020\/07\/cropped-Rotation-alleine-500x500-1-100x100.png","datePublished":"2022-04-11T13:19:52+00:00","dateModified":"2026-03-26T07:43:11+00:00","description":"Hochwirksame Werkstatt- und Hallenheizung mit Technik aus der Raketenforschung. 50 % weniger CO2 dank pulsierender Verbrennung. Referenzen lesen:","breadcrumb":{"@id":"https:\/\/pulsair.net\/referenzen\/#breadcrumb"},"inLanguage":"nl-NL","potentialAction":[{"@type":"ReadAction","target":["https:\/\/pulsair.net\/referenzen\/"]}]},{"@type":"ImageObject","inLanguage":"nl-NL","@id":"https:\/\/pulsair.net\/referenzen\/#primaryimage","url":"https:\/\/pulsair.net\/wp-content\/uploads\/2020\/07\/cropped-Rotation-alleine-500x500-1-100x100.png","contentUrl":"https:\/\/pulsair.net\/wp-content\/uploads\/2020\/07\/cropped-Rotation-alleine-500x500-1-100x100.png"},{"@type":"BreadcrumbList","@id":"https:\/\/pulsair.net\/referenzen\/#breadcrumb","itemListElement":[{"@type":"ListItem","position":1,"name":"Startseite","item":"https:\/\/pulsair.net\/"},{"@type":"ListItem","position":2,"name":"Referenzen"}]},{"@type":"WebSite","@id":"https:\/\/pulsair.net\/#website","url":"https:\/\/pulsair.net\/","name":"Puls-air Hallen und Werkstattheizung","description":"50 % Heizkosten sparen","publisher":{"@id":"https:\/\/pulsair.net\/#organization"},"potentialAction":[{"@type":"SearchAction","target":{"@type":"EntryPoint","urlTemplate":"https:\/\/pulsair.net\/?s={search_term_string}"},"query-input":{"@type":"PropertyValueSpecification","valueRequired":true,"valueName":"search_term_string"}}],"inLanguage":"nl-NL"},{"@type":"Organization","@id":"https:\/\/pulsair.net\/#organization","name":"Puls-air Hallen und Werkstattheizung","url":"https:\/\/pulsair.net\/","logo":{"@type":"ImageObject","inLanguage":"nl-NL","@id":"https:\/\/pulsair.net\/#\/schema\/logo\/image\/","url":"https:\/\/pulsair.net\/wp-content\/uploads\/2020\/07\/cropped-cropped-Rotation-alleine-500x500-1.png","contentUrl":"https:\/\/pulsair.net\/wp-content\/uploads\/2020\/07\/cropped-cropped-Rotation-alleine-500x500-1.png","width":512,"height":512,"caption":"Puls-air Hallen und Werkstattheizung"},"image":{"@id":"https:\/\/pulsair.net\/#\/schema\/logo\/image\/"}}]}},"_links":{"self":[{"href":"https:\/\/pulsair.net\/nl\/wp-json\/wp\/v2\/pages\/1020","targetHints":{"allow":["GET"]}}],"collection":[{"href":"https:\/\/pulsair.net\/nl\/wp-json\/wp\/v2\/pages"}],"about":[{"href":"https:\/\/pulsair.net\/nl\/wp-json\/wp\/v2\/types\/page"}],"author":[{"embeddable":true,"href":"https:\/\/pulsair.net\/nl\/wp-json\/wp\/v2\/users\/2"}],"replies":[{"embeddable":true,"href":"https:\/\/pulsair.net\/nl\/wp-json\/wp\/v2\/comments?post=1020"}],"version-history":[{"count":24,"href":"https:\/\/pulsair.net\/nl\/wp-json\/wp\/v2\/pages\/1020\/revisions"}],"predecessor-version":[{"id":5055,"href":"https:\/\/pulsair.net\/nl\/wp-json\/wp\/v2\/pages\/1020\/revisions\/5055"}],"wp:attachment":[{"href":"https:\/\/pulsair.net\/nl\/wp-json\/wp\/v2\/media?parent=1020"}],"curies":[{"name":"wp","href":"https:\/\/api.w.org\/{rel}","templated":true}]}}