{"id":2424,"date":"2023-04-20T07:45:38","date_gmt":"2023-04-20T07:45:38","guid":{"rendered":"https:\/\/pulsair.net\/?page_id=2424"},"modified":"2023-04-20T12:11:41","modified_gmt":"2023-04-20T12:11:41","slug":"interviews","status":"publish","type":"page","link":"https:\/\/pulsair.net\/nl\/interviews\/","title":{"rendered":"Interviews"},"content":{"rendered":"<div data-elementor-type=\"wp-page\" data-elementor-id=\"2424\" class=\"elementor elementor-2424\" data-elementor-post-type=\"page\">\n\t\t\t\t\t\t<section class=\"elementor-section elementor-top-section elementor-element elementor-element-7838fff elementor-section-boxed elementor-section-height-default elementor-section-height-default\" data-id=\"7838fff\" data-element_type=\"section\" data-e-type=\"section\" data-settings=\"{&quot;background_background&quot;:&quot;classic&quot;}\">\n\t\t\t\t\t\t<div class=\"elementor-container elementor-column-gap-default\">\n\t\t\t\t\t<div class=\"elementor-column elementor-col-100 elementor-top-column elementor-element elementor-element-72d5912\" data-id=\"72d5912\" data-element_type=\"column\" data-e-type=\"column\">\n\t\t\t<div class=\"elementor-widget-wrap elementor-element-populated\">\n\t\t\t\t\t\t<div class=\"elementor-element elementor-element-b379a17 elementor-widget elementor-widget-image\" data-id=\"b379a17\" data-element_type=\"widget\" data-e-type=\"widget\" data-widget_type=\"image.default\">\n\t\t\t\t<div class=\"elementor-widget-container\">\n\t\t\t\t\t\t\t\t\t\t\t\t\t\t\t<img decoding=\"async\" width=\"100\" height=\"100\" src=\"https:\/\/pulsair.net\/wp-content\/uploads\/2020\/07\/cropped-Rotation-alleine-500x500-1-100x100.png\" class=\"attachment-woocommerce_gallery_thumbnail size-woocommerce_gallery_thumbnail wp-image-492\" alt=\"\" srcset=\"https:\/\/pulsair.net\/wp-content\/uploads\/2020\/07\/cropped-Rotation-alleine-500x500-1-100x100.png 100w, https:\/\/pulsair.net\/wp-content\/uploads\/2020\/07\/cropped-Rotation-alleine-500x500-1-300x300.png 300w, https:\/\/pulsair.net\/wp-content\/uploads\/2020\/07\/cropped-Rotation-alleine-500x500-1-150x150.png 150w, https:\/\/pulsair.net\/wp-content\/uploads\/2020\/07\/cropped-Rotation-alleine-500x500-1-270x270.png 270w, https:\/\/pulsair.net\/wp-content\/uploads\/2020\/07\/cropped-Rotation-alleine-500x500-1-192x192.png 192w, https:\/\/pulsair.net\/wp-content\/uploads\/2020\/07\/cropped-Rotation-alleine-500x500-1-180x180.png 180w, https:\/\/pulsair.net\/wp-content\/uploads\/2020\/07\/cropped-Rotation-alleine-500x500-1-32x32.png 32w, https:\/\/pulsair.net\/wp-content\/uploads\/2020\/07\/cropped-Rotation-alleine-500x500-1.png 512w\" sizes=\"(max-width: 100px) 100vw, 100px\" \/>\t\t\t\t\t\t\t\t\t\t\t\t\t\t\t<\/div>\n\t\t\t\t<\/div>\n\t\t\t\t<div class=\"elementor-element elementor-element-889b169 elementor-widget elementor-widget-text-editor\" data-id=\"889b169\" data-element_type=\"widget\" data-e-type=\"widget\" data-widget_type=\"text-editor.default\">\n\t\t\t\t<div class=\"elementor-widget-container\">\n\t\t\t\t\t\t\t\t\t<p>WAT ZEGGEN ONZE KLANTEN?<\/p>\t\t\t\t\t\t\t\t<\/div>\n\t\t\t\t<\/div>\n\t\t\t\t<div class=\"elementor-element elementor-element-728a089 elementor-widget elementor-widget-text-editor\" data-id=\"728a089\" data-element_type=\"widget\" data-e-type=\"widget\" data-widget_type=\"text-editor.default\">\n\t\t\t\t<div class=\"elementor-widget-container\">\n\t\t\t\t\t\t\t\t\t<div class=\"titel_cst\"><h2 class=\"titel_cst_big\">LUISTER NU IN!<\/h2><\/div>\t\t\t\t\t\t\t\t<\/div>\n\t\t\t\t<\/div>\n\t\t\t\t\t<\/div>\n\t\t<\/div>\n\t\t\t\t\t<\/div>\n\t\t<\/section>\n\t\t\t\t<section class=\"elementor-section elementor-top-section elementor-element elementor-element-e020a4c elementor-section-boxed elementor-section-height-default elementor-section-height-default\" data-id=\"e020a4c\" data-element_type=\"section\" data-e-type=\"section\">\n\t\t\t\t\t\t<div class=\"elementor-container elementor-column-gap-default\">\n\t\t\t\t\t<div class=\"elementor-column elementor-col-33 elementor-top-column elementor-element elementor-element-a8ceeef\" data-id=\"a8ceeef\" data-element_type=\"column\" data-e-type=\"column\">\n\t\t\t<div class=\"elementor-widget-wrap elementor-element-populated\">\n\t\t\t\t\t\t<div class=\"elementor-element elementor-element-15c41a9 elementor-position-top elementor-widget elementor-widget-image-box\" data-id=\"15c41a9\" data-element_type=\"widget\" data-e-type=\"widget\" data-widget_type=\"image-box.default\">\n\t\t\t\t<div class=\"elementor-widget-container\">\n\t\t\t\t\t<div class=\"elementor-image-box-wrapper\"><figure class=\"elementor-image-box-img\"><a href=\"http:\/\/pulsair.net\/wp-content\/uploads\/2022\/02\/Audio-Autohaus-G\u00f6tz-G\u00fcnter-G\u00f6tz-5.-Aug.-2020-geschnitten.mp3\" target=\"_blank\" tabindex=\"-1\"><img fetchpriority=\"high\" decoding=\"async\" width=\"1147\" height=\"1143\" src=\"https:\/\/pulsair.net\/wp-content\/uploads\/2022\/02\/website-sprachmeme.png\" class=\"elementor-animation-shrink attachment-full size-full wp-image-793\" alt=\"\" srcset=\"https:\/\/pulsair.net\/wp-content\/uploads\/2022\/02\/website-sprachmeme.png 1147w, https:\/\/pulsair.net\/wp-content\/uploads\/2022\/02\/website-sprachmeme-300x300.png 300w, https:\/\/pulsair.net\/wp-content\/uploads\/2022\/02\/website-sprachmeme-1024x1020.png 1024w, https:\/\/pulsair.net\/wp-content\/uploads\/2022\/02\/website-sprachmeme-150x150.png 150w, https:\/\/pulsair.net\/wp-content\/uploads\/2022\/02\/website-sprachmeme-768x765.png 768w, https:\/\/pulsair.net\/wp-content\/uploads\/2022\/02\/website-sprachmeme-600x598.png 600w, https:\/\/pulsair.net\/wp-content\/uploads\/2022\/02\/website-sprachmeme-100x100.png 100w\" sizes=\"(max-width: 1147px) 100vw, 1147px\" \/><\/a><\/figure><div class=\"elementor-image-box-content\"><h3 class=\"elementor-image-box-title\"><a href=\"http:\/\/pulsair.net\/wp-content\/uploads\/2022\/02\/Audio-Autohaus-G\u00f6tz-G\u00fcnter-G\u00f6tz-5.-Aug.-2020-geschnitten.mp3\" target=\"_blank\">Interview met G\u00f6tz<\/a><\/h3><p class=\"elementor-image-box-description\">Luister hier<\/p><\/div><\/div>\t\t\t\t<\/div>\n\t\t\t\t<\/div>\n\t\t\t\t\t<\/div>\n\t\t<\/div>\n\t\t\t\t<div class=\"elementor-column elementor-col-33 elementor-top-column elementor-element elementor-element-f99e936\" data-id=\"f99e936\" data-element_type=\"column\" data-e-type=\"column\">\n\t\t\t<div class=\"elementor-widget-wrap elementor-element-populated\">\n\t\t\t\t\t\t<div class=\"elementor-element elementor-element-cbc3bc5 elementor-position-top elementor-widget elementor-widget-image-box\" data-id=\"cbc3bc5\" data-element_type=\"widget\" data-e-type=\"widget\" data-widget_type=\"image-box.default\">\n\t\t\t\t<div class=\"elementor-widget-container\">\n\t\t\t\t\t<div class=\"elementor-image-box-wrapper\"><figure class=\"elementor-image-box-img\"><a href=\"http:\/\/pulsair.net\/wp-content\/uploads\/2022\/02\/Interview-Mocker-Martin-geschnitten.mp3\" target=\"_blank\" tabindex=\"-1\"><img fetchpriority=\"high\" decoding=\"async\" width=\"1147\" height=\"1143\" src=\"https:\/\/pulsair.net\/wp-content\/uploads\/2022\/02\/website-sprachmeme.png\" class=\"elementor-animation-shrink attachment-full size-full wp-image-793\" alt=\"\" srcset=\"https:\/\/pulsair.net\/wp-content\/uploads\/2022\/02\/website-sprachmeme.png 1147w, https:\/\/pulsair.net\/wp-content\/uploads\/2022\/02\/website-sprachmeme-300x300.png 300w, https:\/\/pulsair.net\/wp-content\/uploads\/2022\/02\/website-sprachmeme-1024x1020.png 1024w, https:\/\/pulsair.net\/wp-content\/uploads\/2022\/02\/website-sprachmeme-150x150.png 150w, https:\/\/pulsair.net\/wp-content\/uploads\/2022\/02\/website-sprachmeme-768x765.png 768w, https:\/\/pulsair.net\/wp-content\/uploads\/2022\/02\/website-sprachmeme-600x598.png 600w, https:\/\/pulsair.net\/wp-content\/uploads\/2022\/02\/website-sprachmeme-100x100.png 100w\" sizes=\"(max-width: 1147px) 100vw, 1147px\" \/><\/a><\/figure><div class=\"elementor-image-box-content\"><h3 class=\"elementor-image-box-title\"><a href=\"http:\/\/pulsair.net\/wp-content\/uploads\/2022\/02\/Interview-Mocker-Martin-geschnitten.mp3\" target=\"_blank\">Interview Mock-up<\/a><\/h3><p class=\"elementor-image-box-description\">Luister hier<\/p><\/div><\/div>\t\t\t\t<\/div>\n\t\t\t\t<\/div>\n\t\t\t\t\t<\/div>\n\t\t<\/div>\n\t\t\t\t<div class=\"elementor-column elementor-col-33 elementor-top-column elementor-element elementor-element-28c0dcf\" data-id=\"28c0dcf\" data-element_type=\"column\" data-e-type=\"column\">\n\t\t\t<div class=\"elementor-widget-wrap elementor-element-populated\">\n\t\t\t\t\t\t<div class=\"elementor-element elementor-element-0d8eb4b elementor-position-top elementor-widget elementor-widget-image-box\" data-id=\"0d8eb4b\" data-element_type=\"widget\" data-e-type=\"widget\" data-widget_type=\"image-box.default\">\n\t\t\t\t<div class=\"elementor-widget-container\">\n\t\t\t\t\t<div class=\"elementor-image-box-wrapper\"><figure class=\"elementor-image-box-img\"><a href=\"http:\/\/pulsair.net\/wp-content\/uploads\/2022\/02\/Interview-Kopp-geschnitten.mp3\" target=\"_blank\" tabindex=\"-1\"><img fetchpriority=\"high\" decoding=\"async\" width=\"1147\" height=\"1143\" src=\"https:\/\/pulsair.net\/wp-content\/uploads\/2022\/02\/website-sprachmeme.png\" class=\"elementor-animation-shrink attachment-full size-full wp-image-793\" alt=\"\" srcset=\"https:\/\/pulsair.net\/wp-content\/uploads\/2022\/02\/website-sprachmeme.png 1147w, https:\/\/pulsair.net\/wp-content\/uploads\/2022\/02\/website-sprachmeme-300x300.png 300w, https:\/\/pulsair.net\/wp-content\/uploads\/2022\/02\/website-sprachmeme-1024x1020.png 1024w, https:\/\/pulsair.net\/wp-content\/uploads\/2022\/02\/website-sprachmeme-150x150.png 150w, https:\/\/pulsair.net\/wp-content\/uploads\/2022\/02\/website-sprachmeme-768x765.png 768w, https:\/\/pulsair.net\/wp-content\/uploads\/2022\/02\/website-sprachmeme-600x598.png 600w, https:\/\/pulsair.net\/wp-content\/uploads\/2022\/02\/website-sprachmeme-100x100.png 100w\" sizes=\"(max-width: 1147px) 100vw, 1147px\" \/><\/a><\/figure><div class=\"elementor-image-box-content\"><h3 class=\"elementor-image-box-title\"><a href=\"http:\/\/pulsair.net\/wp-content\/uploads\/2022\/02\/Interview-Kopp-geschnitten.mp3\" target=\"_blank\">Interview Kopp<\/a><\/h3><p class=\"elementor-image-box-description\">Luister hier<\/p><\/div><\/div>\t\t\t\t<\/div>\n\t\t\t\t<\/div>\n\t\t\t\t\t<\/div>\n\t\t<\/div>\n\t\t\t\t\t<\/div>\n\t\t<\/section>\n\t\t\t\t<section class=\"elementor-section elementor-top-section elementor-element elementor-element-a222934 elementor-section-boxed elementor-section-height-default elementor-section-height-default\" data-id=\"a222934\" data-element_type=\"section\" data-e-type=\"section\">\n\t\t\t\t\t\t<div class=\"elementor-container elementor-column-gap-default\">\n\t\t\t\t\t<div class=\"elementor-column elementor-col-33 elementor-top-column elementor-element elementor-element-425172b\" data-id=\"425172b\" data-element_type=\"column\" data-e-type=\"column\">\n\t\t\t<div class=\"elementor-widget-wrap elementor-element-populated\">\n\t\t\t\t\t\t<div class=\"elementor-element elementor-element-8df938d elementor-position-top elementor-widget elementor-widget-image-box\" data-id=\"8df938d\" data-element_type=\"widget\" data-e-type=\"widget\" data-widget_type=\"image-box.default\">\n\t\t\t\t<div class=\"elementor-widget-container\">\n\t\t\t\t\t<div class=\"elementor-image-box-wrapper\"><figure class=\"elementor-image-box-img\"><a href=\"http:\/\/pulsair.net\/wp-content\/uploads\/2023\/04\/Interview-Broesel-edit.wav\" target=\"_blank\" tabindex=\"-1\"><img fetchpriority=\"high\" decoding=\"async\" width=\"1147\" height=\"1143\" src=\"https:\/\/pulsair.net\/wp-content\/uploads\/2022\/02\/website-sprachmeme.png\" class=\"elementor-animation-shrink attachment-full size-full wp-image-793\" alt=\"\" srcset=\"https:\/\/pulsair.net\/wp-content\/uploads\/2022\/02\/website-sprachmeme.png 1147w, https:\/\/pulsair.net\/wp-content\/uploads\/2022\/02\/website-sprachmeme-300x300.png 300w, https:\/\/pulsair.net\/wp-content\/uploads\/2022\/02\/website-sprachmeme-1024x1020.png 1024w, https:\/\/pulsair.net\/wp-content\/uploads\/2022\/02\/website-sprachmeme-150x150.png 150w, https:\/\/pulsair.net\/wp-content\/uploads\/2022\/02\/website-sprachmeme-768x765.png 768w, https:\/\/pulsair.net\/wp-content\/uploads\/2022\/02\/website-sprachmeme-600x598.png 600w, https:\/\/pulsair.net\/wp-content\/uploads\/2022\/02\/website-sprachmeme-100x100.png 100w\" sizes=\"(max-width: 1147px) 100vw, 1147px\" \/><\/a><\/figure><div class=\"elementor-image-box-content\"><h3 class=\"elementor-image-box-title\"><a href=\"http:\/\/pulsair.net\/wp-content\/uploads\/2023\/04\/Interview-Broesel-edit.wav\" target=\"_blank\">Interview Brosze<\/a><\/h3><p class=\"elementor-image-box-description\">Luister hier<\/p><\/div><\/div>\t\t\t\t<\/div>\n\t\t\t\t<\/div>\n\t\t\t\t\t<\/div>\n\t\t<\/div>\n\t\t\t\t<div class=\"elementor-column elementor-col-33 elementor-top-column elementor-element elementor-element-8b441c8\" data-id=\"8b441c8\" data-element_type=\"column\" data-e-type=\"column\">\n\t\t\t<div class=\"elementor-widget-wrap elementor-element-populated\">\n\t\t\t\t\t\t<div class=\"elementor-element elementor-element-822a770 elementor-position-top elementor-widget elementor-widget-image-box\" data-id=\"822a770\" data-element_type=\"widget\" data-e-type=\"widget\" data-widget_type=\"image-box.default\">\n\t\t\t\t<div class=\"elementor-widget-container\">\n\t\t\t\t\t<div class=\"elementor-image-box-wrapper\"><figure class=\"elementor-image-box-img\"><a href=\"http:\/\/pulsair.net\/wp-content\/uploads\/2023\/04\/goms-final.wav\" target=\"_blank\" tabindex=\"-1\"><img fetchpriority=\"high\" decoding=\"async\" width=\"1147\" height=\"1143\" src=\"https:\/\/pulsair.net\/wp-content\/uploads\/2022\/02\/website-sprachmeme.png\" class=\"elementor-animation-shrink attachment-full size-full wp-image-793\" alt=\"\" srcset=\"https:\/\/pulsair.net\/wp-content\/uploads\/2022\/02\/website-sprachmeme.png 1147w, https:\/\/pulsair.net\/wp-content\/uploads\/2022\/02\/website-sprachmeme-300x300.png 300w, https:\/\/pulsair.net\/wp-content\/uploads\/2022\/02\/website-sprachmeme-1024x1020.png 1024w, https:\/\/pulsair.net\/wp-content\/uploads\/2022\/02\/website-sprachmeme-150x150.png 150w, https:\/\/pulsair.net\/wp-content\/uploads\/2022\/02\/website-sprachmeme-768x765.png 768w, https:\/\/pulsair.net\/wp-content\/uploads\/2022\/02\/website-sprachmeme-600x598.png 600w, https:\/\/pulsair.net\/wp-content\/uploads\/2022\/02\/website-sprachmeme-100x100.png 100w\" sizes=\"(max-width: 1147px) 100vw, 1147px\" \/><\/a><\/figure><div class=\"elementor-image-box-content\"><h3 class=\"elementor-image-box-title\"><a href=\"http:\/\/pulsair.net\/wp-content\/uploads\/2023\/04\/goms-final.wav\" target=\"_blank\">Interview Goms<\/a><\/h3><p class=\"elementor-image-box-description\">Luister hier<\/p><\/div><\/div>\t\t\t\t<\/div>\n\t\t\t\t<\/div>\n\t\t\t\t\t<\/div>\n\t\t<\/div>\n\t\t\t\t<div class=\"elementor-column elementor-col-33 elementor-top-column elementor-element elementor-element-844dc51\" data-id=\"844dc51\" data-element_type=\"column\" data-e-type=\"column\">\n\t\t\t<div class=\"elementor-widget-wrap elementor-element-populated\">\n\t\t\t\t\t\t<div class=\"elementor-element elementor-element-f604b3e elementor-position-top elementor-widget elementor-widget-image-box\" data-id=\"f604b3e\" data-element_type=\"widget\" data-e-type=\"widget\" data-widget_type=\"image-box.default\">\n\t\t\t\t<div class=\"elementor-widget-container\">\n\t\t\t\t\t<div class=\"elementor-image-box-wrapper\"><figure class=\"elementor-image-box-img\"><a href=\"http:\/\/pulsair.net\/wp-content\/uploads\/2023\/04\/knecht-cut.wav\" target=\"_blank\" tabindex=\"-1\"><img fetchpriority=\"high\" decoding=\"async\" width=\"1147\" height=\"1143\" src=\"https:\/\/pulsair.net\/wp-content\/uploads\/2022\/02\/website-sprachmeme.png\" class=\"elementor-animation-shrink attachment-full size-full wp-image-793\" alt=\"\" srcset=\"https:\/\/pulsair.net\/wp-content\/uploads\/2022\/02\/website-sprachmeme.png 1147w, https:\/\/pulsair.net\/wp-content\/uploads\/2022\/02\/website-sprachmeme-300x300.png 300w, https:\/\/pulsair.net\/wp-content\/uploads\/2022\/02\/website-sprachmeme-1024x1020.png 1024w, https:\/\/pulsair.net\/wp-content\/uploads\/2022\/02\/website-sprachmeme-150x150.png 150w, https:\/\/pulsair.net\/wp-content\/uploads\/2022\/02\/website-sprachmeme-768x765.png 768w, https:\/\/pulsair.net\/wp-content\/uploads\/2022\/02\/website-sprachmeme-600x598.png 600w, https:\/\/pulsair.net\/wp-content\/uploads\/2022\/02\/website-sprachmeme-100x100.png 100w\" sizes=\"(max-width: 1147px) 100vw, 1147px\" \/><\/a><\/figure><div class=\"elementor-image-box-content\"><h3 class=\"elementor-image-box-title\"><a href=\"http:\/\/pulsair.net\/wp-content\/uploads\/2023\/04\/knecht-cut.wav\" target=\"_blank\">Interview Knecht<\/a><\/h3><p class=\"elementor-image-box-description\">Luister hier<\/p><\/div><\/div>\t\t\t\t<\/div>\n\t\t\t\t<\/div>\n\t\t\t\t\t<\/div>\n\t\t<\/div>\n\t\t\t\t\t<\/div>\n\t\t<\/section>\n\t\t\t\t<section class=\"elementor-section elementor-top-section elementor-element elementor-element-34c4a4c elementor-section-boxed elementor-section-height-default elementor-section-height-default\" data-id=\"34c4a4c\" data-element_type=\"section\" data-e-type=\"section\">\n\t\t\t\t\t\t<div class=\"elementor-container elementor-column-gap-default\">\n\t\t\t\t\t<div class=\"elementor-column elementor-col-100 elementor-top-column elementor-element elementor-element-e498f35\" data-id=\"e498f35\" data-element_type=\"column\" data-e-type=\"column\">\n\t\t\t<div class=\"elementor-widget-wrap elementor-element-populated\">\n\t\t\t\t\t\t<div class=\"elementor-element elementor-element-13e9df8 elementor-widget elementor-widget-image\" data-id=\"13e9df8\" data-element_type=\"widget\" data-e-type=\"widget\" data-widget_type=\"image.default\">\n\t\t\t\t<div class=\"elementor-widget-container\">\n\t\t\t\t\t\t\t\t\t\t\t\t\t\t\t<img decoding=\"async\" width=\"100\" height=\"100\" src=\"https:\/\/pulsair.net\/wp-content\/uploads\/2020\/07\/cropped-Rotation-alleine-500x500-1-100x100.png\" class=\"attachment-woocommerce_gallery_thumbnail size-woocommerce_gallery_thumbnail wp-image-492\" alt=\"\" srcset=\"https:\/\/pulsair.net\/wp-content\/uploads\/2020\/07\/cropped-Rotation-alleine-500x500-1-100x100.png 100w, https:\/\/pulsair.net\/wp-content\/uploads\/2020\/07\/cropped-Rotation-alleine-500x500-1-300x300.png 300w, https:\/\/pulsair.net\/wp-content\/uploads\/2020\/07\/cropped-Rotation-alleine-500x500-1-150x150.png 150w, https:\/\/pulsair.net\/wp-content\/uploads\/2020\/07\/cropped-Rotation-alleine-500x500-1-270x270.png 270w, https:\/\/pulsair.net\/wp-content\/uploads\/2020\/07\/cropped-Rotation-alleine-500x500-1-192x192.png 192w, https:\/\/pulsair.net\/wp-content\/uploads\/2020\/07\/cropped-Rotation-alleine-500x500-1-180x180.png 180w, https:\/\/pulsair.net\/wp-content\/uploads\/2020\/07\/cropped-Rotation-alleine-500x500-1-32x32.png 32w, https:\/\/pulsair.net\/wp-content\/uploads\/2020\/07\/cropped-Rotation-alleine-500x500-1.png 512w\" sizes=\"(max-width: 100px) 100vw, 100px\" \/>\t\t\t\t\t\t\t\t\t\t\t\t\t\t\t<\/div>\n\t\t\t\t<\/div>\n\t\t\t\t<div class=\"elementor-element elementor-element-6c240d3 elementor-widget elementor-widget-text-editor\" data-id=\"6c240d3\" data-element_type=\"widget\" data-e-type=\"widget\" data-widget_type=\"text-editor.default\">\n\t\t\t\t<div class=\"elementor-widget-container\">\n\t\t\t\t\t\t\t\t\t<div class=\"titel_cst_small smallTitle TitelKlein\">PULS-AIR VERWARMINGSTOESTELLEN<\/div>\t\t\t\t\t\t\t\t<\/div>\n\t\t\t\t<\/div>\n\t\t\t\t<div class=\"elementor-element elementor-element-a20e05b elementor-widget elementor-widget-text-editor\" data-id=\"a20e05b\" data-element_type=\"widget\" data-e-type=\"widget\" data-widget_type=\"text-editor.default\">\n\t\t\t\t<div class=\"elementor-widget-container\">\n\t\t\t\t\t\t\t\t\t<div class=\"titel_cst\"><div class=\"titel_cst_big\"><h2 class=\"Titel\">VOORDELEN<\/h2><\/div><\/div>\t\t\t\t\t\t\t\t<\/div>\n\t\t\t\t<\/div>\n\t\t\t\t\t<\/div>\n\t\t<\/div>\n\t\t\t\t\t<\/div>\n\t\t<\/section>\n\t\t\t\t<section class=\"elementor-section elementor-top-section elementor-element elementor-element-7386bbe6 elementor-section-boxed elementor-section-height-default elementor-section-height-default\" data-id=\"7386bbe6\" data-element_type=\"section\" data-e-type=\"section\">\n\t\t\t\t\t\t<div class=\"elementor-container elementor-column-gap-default\">\n\t\t\t\t\t<div class=\"elementor-column elementor-col-100 elementor-top-column elementor-element elementor-element-20fe2b72\" data-id=\"20fe2b72\" data-element_type=\"column\" data-e-type=\"column\">\n\t\t\t<div class=\"elementor-widget-wrap elementor-element-populated\">\n\t\t\t\t\t\t<section class=\"elementor-section elementor-inner-section elementor-element elementor-element-4de5a694 elementor-section-boxed elementor-section-height-default elementor-section-height-default\" data-id=\"4de5a694\" data-element_type=\"section\" data-e-type=\"section\">\n\t\t\t\t\t\t<div class=\"elementor-container elementor-column-gap-default\">\n\t\t\t\t\t<div class=\"elementor-column elementor-col-33 elementor-inner-column elementor-element elementor-element-51c9ad6a\" data-id=\"51c9ad6a\" data-element_type=\"column\" data-e-type=\"column\">\n\t\t\t<div class=\"elementor-widget-wrap elementor-element-populated\">\n\t\t\t\t\t\t<div class=\"elementor-element elementor-element-35003250 arw_btm elementor-widget elementor-widget-text-editor\" data-id=\"35003250\" data-element_type=\"widget\" data-e-type=\"widget\" data-widget_type=\"text-editor.default\">\n\t\t\t\t<div class=\"elementor-widget-container\">\n\t\t\t\t\t\t\t\t\tNeem hem gewoon mee als je verhuist: de Pulsair binnenverwarmer weegt slechts ongeveer 75 kg.\n\t\t\t\t\t\t\t\t<\/div>\n\t\t\t\t<\/div>\n\t\t\t\t\t<\/div>\n\t\t<\/div>\n\t\t\t\t<div class=\"elementor-column elementor-col-33 elementor-inner-column elementor-element elementor-element-47c669a9\" data-id=\"47c669a9\" data-element_type=\"column\" data-e-type=\"column\">\n\t\t\t<div class=\"elementor-widget-wrap elementor-element-populated\">\n\t\t\t\t\t\t<div class=\"elementor-element elementor-element-6db2dd04 arw_btm elementor-widget elementor-widget-text-editor\" data-id=\"6db2dd04\" data-element_type=\"widget\" data-e-type=\"widget\" data-widget_type=\"text-editor.default\">\n\t\t\t\t<div class=\"elementor-widget-container\">\n\t\t\t\t\t\t\t\t\tRuimtebesparend: de Puls-luchtverhitter heeft slechts ongeveer 1 vierkante meter vloeroppervlak nodig.\t\t\t\t\t\t\t\t<\/div>\n\t\t\t\t<\/div>\n\t\t\t\t\t<\/div>\n\t\t<\/div>\n\t\t\t\t<div class=\"elementor-column elementor-col-33 elementor-inner-column elementor-element elementor-element-1692dfd3\" data-id=\"1692dfd3\" data-element_type=\"column\" data-e-type=\"column\">\n\t\t\t<div class=\"elementor-widget-wrap elementor-element-populated\">\n\t\t\t\t\t\t<div class=\"elementor-element elementor-element-166adb2b arw_btm elementor-widget elementor-widget-text-editor\" data-id=\"166adb2b\" data-element_type=\"widget\" data-e-type=\"widget\" data-widget_type=\"text-editor.default\">\n\t\t\t\t<div class=\"elementor-widget-container\">\n\t\t\t\t\t\t\t\t\t<strong>Duurzaam door effici\u00ebnte verbranding<\/strong> &amp; lage CO2-uitstoot\t\t\t\t\t\t\t\t<\/div>\n\t\t\t\t<\/div>\n\t\t\t\t\t<\/div>\n\t\t<\/div>\n\t\t\t\t\t<\/div>\n\t\t<\/section>\n\t\t\t\t<div class=\"elementor-element elementor-element-23597206 elementor-hidden-phone elementor-widget elementor-widget-image\" data-id=\"23597206\" data-element_type=\"widget\" data-e-type=\"widget\" data-widget_type=\"image.default\">\n\t\t\t\t<div class=\"elementor-widget-container\">\n\t\t\t\t\t\t\t\t\t\t\t\t\t\t\t<img decoding=\"async\" width=\"900\" height=\"255\" src=\"https:\/\/pulsair.net\/wp-content\/uploads\/2020\/04\/lidt.png\" class=\"attachment-large size-large wp-image-379\" alt=\"\" srcset=\"https:\/\/pulsair.net\/wp-content\/uploads\/2020\/04\/lidt.png 900w, https:\/\/pulsair.net\/wp-content\/uploads\/2020\/04\/lidt-600x170.png 600w, https:\/\/pulsair.net\/wp-content\/uploads\/2020\/04\/lidt-300x85.png 300w, https:\/\/pulsair.net\/wp-content\/uploads\/2020\/04\/lidt-768x218.png 768w\" sizes=\"(max-width: 900px) 100vw, 900px\" \/>\t\t\t\t\t\t\t\t\t\t\t\t\t\t\t<\/div>\n\t\t\t\t<\/div>\n\t\t\t\t<section class=\"elementor-section elementor-inner-section elementor-element elementor-element-6b2c4e3a elementor-section-boxed elementor-section-height-default elementor-section-height-default\" data-id=\"6b2c4e3a\" data-element_type=\"section\" data-e-type=\"section\">\n\t\t\t\t\t\t<div class=\"elementor-container elementor-column-gap-default\">\n\t\t\t\t\t<div class=\"elementor-column elementor-col-50 elementor-inner-column elementor-element elementor-element-7979e6d6\" data-id=\"7979e6d6\" data-element_type=\"column\" data-e-type=\"column\">\n\t\t\t<div class=\"elementor-widget-wrap elementor-element-populated\">\n\t\t\t\t\t\t<div class=\"elementor-element elementor-element-79ec91a3 arw_top elementor-widget elementor-widget-text-editor\" data-id=\"79ec91a3\" data-element_type=\"widget\" data-e-type=\"widget\" data-widget_type=\"text-editor.default\">\n\t\t\t\t<div class=\"elementor-widget-container\">\n\t\t\t\t\t\t\t\t\tJe kunt zelf onderhoudswerkzaamheden uitvoeren\t\t\t\t\t\t\t\t<\/div>\n\t\t\t\t<\/div>\n\t\t\t\t\t<\/div>\n\t\t<\/div>\n\t\t\t\t<div class=\"elementor-column elementor-col-50 elementor-inner-column elementor-element elementor-element-3027dbc3\" data-id=\"3027dbc3\" data-element_type=\"column\" data-e-type=\"column\">\n\t\t\t<div class=\"elementor-widget-wrap elementor-element-populated\">\n\t\t\t\t\t\t<div class=\"elementor-element elementor-element-7a2f409c arw_top elementor-widget elementor-widget-text-editor\" data-id=\"7a2f409c\" data-element_type=\"widget\" data-e-type=\"widget\" data-widget_type=\"text-editor.default\">\n\t\t\t\t<div class=\"elementor-widget-container\">\n\t\t\t\t\t\t\t\t\t<strong>Kwaliteit gemaakt in Oostenrijk - kijk zelf!<\/strong>\t\t\t\t\t\t\t\t<\/div>\n\t\t\t\t<\/div>\n\t\t\t\t\t<\/div>\n\t\t<\/div>\n\t\t\t\t\t<\/div>\n\t\t<\/section>\n\t\t\t\t<div class=\"elementor-element elementor-element-39669fde elementor-align-center elementor-widget elementor-widget-button\" data-id=\"39669fde\" data-element_type=\"widget\" data-e-type=\"widget\" data-widget_type=\"button.default\">\n\t\t\t\t<div class=\"elementor-widget-container\">\n\t\t\t\t\t\t\t\t\t<div class=\"elementor-button-wrapper\">\n\t\t\t\t\t<a class=\"elementor-button elementor-button-link elementor-size-sm elementor-animation-grow\" href=\"https:\/\/pulsair.net\/nl\/product\/\">\n\t\t\t\t\t\t<span class=\"elementor-button-content-wrapper\">\n\t\t\t\t\t\t\t\t\t<span class=\"elementor-button-text\">Bestel hier<\/span>\n\t\t\t\t\t<\/span>\n\t\t\t\t\t<\/a>\n\t\t\t\t<\/div>\n\t\t\t\t\t\t\t\t<\/div>\n\t\t\t\t<\/div>\n\t\t\t\t\t<\/div>\n\t\t<\/div>\n\t\t\t\t\t<\/div>\n\t\t<\/section>\n\t\t\t\t<section class=\"elementor-section elementor-top-section elementor-element elementor-element-4b5cc34 elementor-section-boxed elementor-section-height-default elementor-section-height-default\" data-id=\"4b5cc34\" data-element_type=\"section\" data-e-type=\"section\" data-settings=\"{&quot;background_background&quot;:&quot;classic&quot;}\">\n\t\t\t\t\t\t<div class=\"elementor-container elementor-column-gap-default\">\n\t\t\t\t\t<div class=\"elementor-column elementor-col-100 elementor-top-column elementor-element elementor-element-661a4d6\" data-id=\"661a4d6\" data-element_type=\"column\" data-e-type=\"column\">\n\t\t\t<div class=\"elementor-widget-wrap elementor-element-populated\">\n\t\t\t\t\t\t<div class=\"elementor-element elementor-element-966abdc elementor-widget elementor-widget-text-editor\" data-id=\"966abdc\" data-element_type=\"widget\" data-e-type=\"widget\" data-widget_type=\"text-editor.default\">\n\t\t\t\t<div class=\"elementor-widget-container\">\n\t\t\t\t\t\t\t\t\t<div class=\"titel_cst\"><h2 class=\"titel_cst_big\">Gebruikersrapporten van Puls-air klanten<\/h2><\/div>\t\t\t\t\t\t\t\t<\/div>\n\t\t\t\t<\/div>\n\t\t\t\t<div class=\"elementor-element elementor-element-748e304 elementor-grid-3 elementor-grid-tablet-2 elementor-grid-mobile-1 elementor-posts--thumbnail-top elementor-widget elementor-widget-posts\" data-id=\"748e304\" data-element_type=\"widget\" data-e-type=\"widget\" data-settings=\"{&quot;classic_columns&quot;:&quot;3&quot;,&quot;classic_columns_tablet&quot;:&quot;2&quot;,&quot;classic_columns_mobile&quot;:&quot;1&quot;,&quot;classic_row_gap&quot;:{&quot;unit&quot;:&quot;px&quot;,&quot;size&quot;:35,&quot;sizes&quot;:[]},&quot;classic_row_gap_tablet&quot;:{&quot;unit&quot;:&quot;px&quot;,&quot;size&quot;:&quot;&quot;,&quot;sizes&quot;:[]},&quot;classic_row_gap_mobile&quot;:{&quot;unit&quot;:&quot;px&quot;,&quot;size&quot;:&quot;&quot;,&quot;sizes&quot;:[]}}\" data-widget_type=\"posts.classic\">\n\t\t\t\t<div class=\"elementor-widget-container\">\n\t\t\t\t\t\t\t<div class=\"elementor-posts-container elementor-posts elementor-posts--skin-classic elementor-grid\" role=\"list\">\n\t\t\t\t<article class=\"elementor-post elementor-grid-item post-5109 post type-post status-publish format-standard has-post-thumbnail hentry category-deutschland category-referenz\" role=\"listitem\">\n\t\t\t\t<a class=\"elementor-post__thumbnail__link\" href=\"https:\/\/pulsair.net\/nl\/referenz\/auto-lackier-center-bamberg\/\" tabindex=\"-1\" >\n\t\t\t<div class=\"elementor-post__thumbnail\"><img loading=\"lazy\" decoding=\"async\" width=\"300\" height=\"225\" src=\"https:\/\/pulsair.net\/wp-content\/uploads\/2026\/03\/unnamed-2-300x225.jpg\" class=\"attachment-medium size-medium wp-image-5111\" alt=\"\" srcset=\"https:\/\/pulsair.net\/wp-content\/uploads\/2026\/03\/unnamed-2-300x225.jpg 300w, https:\/\/pulsair.net\/wp-content\/uploads\/2026\/03\/unnamed-2-16x12.jpg 16w, https:\/\/pulsair.net\/wp-content\/uploads\/2026\/03\/unnamed-2-600x450.jpg 600w, https:\/\/pulsair.net\/wp-content\/uploads\/2026\/03\/unnamed-2.jpg 640w\" sizes=\"(max-width: 300px) 100vw, 300px\" \/><\/div>\n\t\t<\/a>\n\t\t\t\t<div class=\"elementor-post__text\">\n\t\t\t\t<h3 class=\"elementor-post__title\">\n\t\t\t<a href=\"https:\/\/pulsair.net\/nl\/referenz\/auto-lackier-center-bamberg\/\" >\n\t\t\t\tAUTO-LACKIER-CENTER &#038; KAROSSERIEFACHBETRIEB, Bamberg, Deutschland &#x1f1e9;&#x1f1ea;\t\t\t<\/a>\n\t\t<\/h3>\n\t\t\t\t<div class=\"elementor-post__meta-data\">\n\t\t\t\t\t<span class=\"elementor-post-date\">\n\t\t\tmaart 30, 2026\t\t<\/span>\n\t\t\t\t<\/div>\n\t\t\t\t<div class=\"elementor-post__excerpt\">\n\t\t\t<p>Kundenreferenz AUTO-LACKIER-CENTER &amp; KAROSSERIEFACHBETRIEB, Bamberg, Deutschland Schnelle W\u00e4rme und niedriger Verbrauch seit vielen Jahren. Die freie Kfz-Werkstatt Stefan Alt ist ein etablierter Betrieb mit einem<\/p>\n\t\t<\/div>\n\t\t\n\t\t<a class=\"elementor-post__read-more\" href=\"https:\/\/pulsair.net\/nl\/referenz\/auto-lackier-center-bamberg\/\" aria-label=\"Read more about AUTO-LACKIER-CENTER &#038; KAROSSERIEFACHBETRIEB, Bamberg, Deutschland &#x1f1e9;&#x1f1ea;\" tabindex=\"-1\" >\n\t\t\tZum Bericht &gt;\t\t<\/a>\n\n\t\t\t\t<\/div>\n\t\t\t\t<\/article>\n\t\t\t\t<article class=\"elementor-post elementor-grid-item post-5098 post type-post status-publish format-standard has-post-thumbnail hentry category-deutschland category-referenz\" role=\"listitem\">\n\t\t\t\t<a class=\"elementor-post__thumbnail__link\" href=\"https:\/\/pulsair.net\/nl\/referenz\/autohaus-schroeder-gmbh-bad-oldesloe\/\" tabindex=\"-1\" >\n\t\t\t<div class=\"elementor-post__thumbnail\"><img loading=\"lazy\" decoding=\"async\" width=\"300\" height=\"225\" src=\"https:\/\/pulsair.net\/wp-content\/uploads\/2026\/03\/P1280095-SchrAder-4-300x225.jpg\" class=\"attachment-medium size-medium wp-image-5100\" alt=\"\" srcset=\"https:\/\/pulsair.net\/wp-content\/uploads\/2026\/03\/P1280095-SchrAder-4-300x225.jpg 300w, https:\/\/pulsair.net\/wp-content\/uploads\/2026\/03\/P1280095-SchrAder-4-1024x768.jpg 1024w, https:\/\/pulsair.net\/wp-content\/uploads\/2026\/03\/P1280095-SchrAder-4-768x576.jpg 768w, https:\/\/pulsair.net\/wp-content\/uploads\/2026\/03\/P1280095-SchrAder-4-1536x1152.jpg 1536w, https:\/\/pulsair.net\/wp-content\/uploads\/2026\/03\/P1280095-SchrAder-4-16x12.jpg 16w, https:\/\/pulsair.net\/wp-content\/uploads\/2026\/03\/P1280095-SchrAder-4-600x450.jpg 600w, https:\/\/pulsair.net\/wp-content\/uploads\/2026\/03\/P1280095-SchrAder-4.jpg 1920w\" sizes=\"(max-width: 300px) 100vw, 300px\" \/><\/div>\n\t\t<\/a>\n\t\t\t\t<div class=\"elementor-post__text\">\n\t\t\t\t<h3 class=\"elementor-post__title\">\n\t\t\t<a href=\"https:\/\/pulsair.net\/nl\/referenz\/autohaus-schroeder-gmbh-bad-oldesloe\/\" >\n\t\t\t\tAutohaus Schr\u00f6der GmbH Bad Oldesloe, Deutschland &#x1f1e9;&#x1f1ea;\t\t\t<\/a>\n\t\t<\/h3>\n\t\t\t\t<div class=\"elementor-post__meta-data\">\n\t\t\t\t\t<span class=\"elementor-post-date\">\n\t\t\tmaart 26, 2026\t\t<\/span>\n\t\t\t\t<\/div>\n\t\t\t\t<div class=\"elementor-post__excerpt\">\n\t\t\t<p>Kundenreferenz Autohaus Schr\u00f6der GmbH Bad Oldesloe, Deutschland Schnelle W\u00e4rme und niedriger Verbrauch seit vielen Jahren. Die freie Kfz-Werkstatt Stefan Alt ist ein etablierter Betrieb mit<\/p>\n\t\t<\/div>\n\t\t\n\t\t<a class=\"elementor-post__read-more\" href=\"https:\/\/pulsair.net\/nl\/referenz\/autohaus-schroeder-gmbh-bad-oldesloe\/\" aria-label=\"Read more about Autohaus Schr\u00f6der GmbH Bad Oldesloe, Deutschland &#x1f1e9;&#x1f1ea;\" tabindex=\"-1\" >\n\t\t\tZum Bericht &gt;\t\t<\/a>\n\n\t\t\t\t<\/div>\n\t\t\t\t<\/article>\n\t\t\t\t<article class=\"elementor-post elementor-grid-item post-5086 post type-post status-publish format-standard has-post-thumbnail hentry category-deutschland category-referenz\" role=\"listitem\">\n\t\t\t\t<a class=\"elementor-post__thumbnail__link\" href=\"https:\/\/pulsair.net\/nl\/referenz\/ts-carservice-thomas-stoss-schluechtern\/\" tabindex=\"-1\" >\n\t\t\t<div class=\"elementor-post__thumbnail\"><img loading=\"lazy\" decoding=\"async\" width=\"200\" height=\"300\" src=\"https:\/\/pulsair.net\/wp-content\/uploads\/2026\/03\/ts-pulsair_5063-ts-Car-Service-7-200x300.jpg\" class=\"attachment-medium size-medium wp-image-5088\" alt=\"\" srcset=\"https:\/\/pulsair.net\/wp-content\/uploads\/2026\/03\/ts-pulsair_5063-ts-Car-Service-7-200x300.jpg 200w, https:\/\/pulsair.net\/wp-content\/uploads\/2026\/03\/ts-pulsair_5063-ts-Car-Service-7-683x1024.jpg 683w, https:\/\/pulsair.net\/wp-content\/uploads\/2026\/03\/ts-pulsair_5063-ts-Car-Service-7-768x1152.jpg 768w, https:\/\/pulsair.net\/wp-content\/uploads\/2026\/03\/ts-pulsair_5063-ts-Car-Service-7-1024x1536.jpg 1024w, https:\/\/pulsair.net\/wp-content\/uploads\/2026\/03\/ts-pulsair_5063-ts-Car-Service-7-8x12.jpg 8w, https:\/\/pulsair.net\/wp-content\/uploads\/2026\/03\/ts-pulsair_5063-ts-Car-Service-7-600x900.jpg 600w, https:\/\/pulsair.net\/wp-content\/uploads\/2026\/03\/ts-pulsair_5063-ts-Car-Service-7.jpg 1280w\" sizes=\"(max-width: 200px) 100vw, 200px\" \/><\/div>\n\t\t<\/a>\n\t\t\t\t<div class=\"elementor-post__text\">\n\t\t\t\t<h3 class=\"elementor-post__title\">\n\t\t\t<a href=\"https:\/\/pulsair.net\/nl\/referenz\/ts-carservice-thomas-stoss-schluechtern\/\" >\n\t\t\t\tTS-Carservice Thomas Sto\u00df Schl\u00fcchtern, Deutschland &#x1f1e9;&#x1f1ea;\t\t\t<\/a>\n\t\t<\/h3>\n\t\t\t\t<div class=\"elementor-post__meta-data\">\n\t\t\t\t\t<span class=\"elementor-post-date\">\n\t\t\tmaart 26, 2026\t\t<\/span>\n\t\t\t\t<\/div>\n\t\t\t\t<div class=\"elementor-post__excerpt\">\n\t\t\t<p>Kundenreferenz TS-Carservice Thomas Sto\u00df Schl\u00fcchtern, Deutschland\u00a0 Schnelle W\u00e4rme und niedriger Verbrauch seit vielen Jahren. Die freie Kfz-Werkstatt Stefan Alt ist ein etablierter Betrieb mit einem<\/p>\n\t\t<\/div>\n\t\t\n\t\t<a class=\"elementor-post__read-more\" href=\"https:\/\/pulsair.net\/nl\/referenz\/ts-carservice-thomas-stoss-schluechtern\/\" aria-label=\"Read more about TS-Carservice Thomas Sto\u00df Schl\u00fcchtern, Deutschland &#x1f1e9;&#x1f1ea;\" tabindex=\"-1\" >\n\t\t\tZum Bericht &gt;\t\t<\/a>\n\n\t\t\t\t<\/div>\n\t\t\t\t<\/article>\n\t\t\t\t<\/div>\n\t\t\n\t\t\t\t\t\t<\/div>\n\t\t\t\t<\/div>\n\t\t\t\t\t<\/div>\n\t\t<\/div>\n\t\t\t\t\t<\/div>\n\t\t<\/section>\n\t\t\t\t<section class=\"elementor-section elementor-top-section elementor-element elementor-element-21a56cff elementor-section-boxed elementor-section-height-default elementor-section-height-default\" data-id=\"21a56cff\" data-element_type=\"section\" data-e-type=\"section\" data-settings=\"{&quot;background_background&quot;:&quot;classic&quot;}\">\n\t\t\t\t\t\t<div class=\"elementor-container elementor-column-gap-default\">\n\t\t\t\t\t<div class=\"elementor-column elementor-col-100 elementor-top-column elementor-element elementor-element-396e5e59\" data-id=\"396e5e59\" data-element_type=\"column\" data-e-type=\"column\" data-settings=\"{&quot;background_background&quot;:&quot;classic&quot;}\">\n\t\t\t<div class=\"elementor-widget-wrap elementor-element-populated\">\n\t\t\t\t\t\t<div class=\"elementor-element elementor-element-58dcc2c he_span elementor-widget elementor-widget-global elementor-global-1352 elementor-widget-heading\" data-id=\"58dcc2c\" data-element_type=\"widget\" data-e-type=\"widget\" data-widget_type=\"heading.default\">\n\t\t\t\t<div class=\"elementor-widget-container\">\n\t\t\t\t\t<p class=\"elementor-heading-title elementor-size-default\">Al vanaf ongeveer 200<span> \u20ac per maand<\/span> krijgen<br> Krijg eindelijk grip op uw energiekosten!<\/p>\t\t\t\t<\/div>\n\t\t\t\t<\/div>\n\t\t\t\t<div class=\"elementor-element elementor-element-479f501 elementor-align-center elementor-widget elementor-widget-button\" data-id=\"479f501\" data-element_type=\"widget\" data-e-type=\"widget\" data-widget_type=\"button.default\">\n\t\t\t\t<div class=\"elementor-widget-container\">\n\t\t\t\t\t\t\t\t\t<div class=\"elementor-button-wrapper\">\n\t\t\t\t\t<a class=\"elementor-button elementor-button-link elementor-size-sm elementor-animation-grow\" href=\"https:\/\/pulsair.net\/nl\/product\/\">\n\t\t\t\t\t\t<span class=\"elementor-button-content-wrapper\">\n\t\t\t\t\t\t\t\t\t<span class=\"elementor-button-text\">Bestel hier<\/span>\n\t\t\t\t\t<\/span>\n\t\t\t\t\t<\/a>\n\t\t\t\t<\/div>\n\t\t\t\t\t\t\t\t<\/div>\n\t\t\t\t<\/div>\n\t\t\t\t<div class=\"elementor-element elementor-element-3beccbce elementor-widget elementor-widget-text-editor\" data-id=\"3beccbce\" data-element_type=\"widget\" data-e-type=\"widget\" data-widget_type=\"text-editor.default\">\n\t\t\t\t<div class=\"elementor-widget-container\">\n\t\t\t\t\t\t\t\t\t<p>U kunt uw Puls-air werkplaatsverwarming kopen of voordelig leasen.<br \/>Nooit eerder was het zo eenvoudig om uw werkplaats voordelig te verwarmen.<\/p>\t\t\t\t\t\t\t\t<\/div>\n\t\t\t\t<\/div>\n\t\t\t\t<div class=\"elementor-element elementor-element-199f82dc elementor-widget elementor-widget-text-editor\" data-id=\"199f82dc\" data-element_type=\"widget\" data-e-type=\"widget\" data-widget_type=\"text-editor.default\">\n\t\t\t\t<div class=\"elementor-widget-container\">\n\t\t\t\t\t\t\t\t\t<p>*Zonder aanbetaling, restwaarde 10% van de aanschafwaarde (AW) plus BTW, looptijd 48 maanden, alleen voor Duitsland. Leasingaanbieding via onze partner MMV Leasing GmbH, onder voorbehoud van kredietcontrole, enz. De aangegeven leasetermijn is de nettotermijn (plus 19% btw voor Duitsland). MMV Leasing voert een acceptatiecontrole uit voordat het contract wordt afgesloten. 2 Garantieverlenging en stuurwielen kunnen niet worden geleased en moeten eventueel apart worden besteld. De vrachtkosten worden niet opnieuw in rekening gebracht.<\/p>\t\t\t\t\t\t\t\t<\/div>\n\t\t\t\t<\/div>\n\t\t\t\t\t<\/div>\n\t\t<\/div>\n\t\t\t\t\t<\/div>\n\t\t<\/section>\n\t\t\t\t<section class=\"elementor-section elementor-top-section elementor-element elementor-element-62724756 elementor-section-boxed elementor-section-height-default elementor-section-height-default\" data-id=\"62724756\" data-element_type=\"section\" data-e-type=\"section\">\n\t\t\t\t\t\t<div class=\"elementor-container elementor-column-gap-default\">\n\t\t\t\t\t<div class=\"elementor-column elementor-col-100 elementor-top-column elementor-element elementor-element-737e36fa\" data-id=\"737e36fa\" data-element_type=\"column\" data-e-type=\"column\" data-settings=\"{&quot;background_background&quot;:&quot;classic&quot;}\">\n\t\t\t<div class=\"elementor-widget-wrap elementor-element-populated\">\n\t\t\t\t\t\t<div class=\"elementor-element elementor-element-3d448fb4 elementor-widget elementor-widget-heading\" data-id=\"3d448fb4\" data-element_type=\"widget\" data-e-type=\"widget\" data-widget_type=\"heading.default\">\n\t\t\t\t<div class=\"elementor-widget-container\">\n\t\t\t\t\t<h2 class=\"elementor-heading-title elementor-size-default\">Veelgestelde vragen<\/h2>\t\t\t\t<\/div>\n\t\t\t\t<\/div>\n\t\t\t\t<div class=\"elementor-element elementor-element-2353716 elementor-widget elementor-widget-global elementor-global-874 elementor-widget-toggle\" data-id=\"2353716\" data-element_type=\"widget\" data-e-type=\"widget\" data-widget_type=\"toggle.default\">\n\t\t\t\t<div class=\"elementor-widget-container\">\n\t\t\t\t\t\t\t<div class=\"elementor-toggle\">\n\t\t\t\t\t\t\t<div class=\"elementor-toggle-item\">\n\t\t\t\t\t<div id=\"elementor-tab-title-3701\" class=\"elementor-tab-title\" data-tab=\"1\" role=\"button\" aria-controls=\"elementor-tab-content-3701\" aria-expanded=\"false\">\n\t\t\t\t\t\t\t\t\t\t\t\t<span class=\"elementor-toggle-icon elementor-toggle-icon-right\" aria-hidden=\"true\">\n\t\t\t\t\t\t\t\t\t\t\t\t\t\t\t<span class=\"elementor-toggle-icon-closed\"><i class=\"fas fa-chevron-down\"><\/i><\/span>\n\t\t\t\t\t\t\t\t<span class=\"elementor-toggle-icon-opened\"><i class=\"elementor-toggle-icon-opened fas fa-chevron-up\"><\/i><\/span>\n\t\t\t\t\t\t\t\t\t\t\t\t\t<\/span>\n\t\t\t\t\t\t\t\t\t\t\t\t<a class=\"elementor-toggle-title\" tabindex=\"0\">Hoe groot mag de ruimte zijn?<\/a>\n\t\t\t\t\t<\/div>\n\n\t\t\t\t\t<div id=\"elementor-tab-content-3701\" class=\"elementor-tab-content elementor-clearfix\" data-tab=\"1\" role=\"region\" aria-labelledby=\"elementor-tab-title-3701\"><p>In principe kan men zeggen:<\/p><p>Puls-air Standaard met zeer goede isolatie 600 m\u00b3.<\/p><p>Puls-air Plus tot max. 1800 m\u00b3 bij goede isolatie, bij slechte isolatie 1000-1200 m\u00b3<\/p><p>Zeer goed ge\u00efsoleerd zijn hallen of werkplaatsen die tot 5 jaar geleden zijn gebouwd. Dat wil zeggen isolatieglas, gasbetonnen muren of sandwichpanelen van 100 mm of 120 mm.<\/p><p>Slecht ge\u00efsoleerde hallen zijn bijvoorbeeld enkel gemetselde gebouwen met een slecht dak.<\/p><\/div>\n\t\t\t\t<\/div>\n\t\t\t\t\t\t\t<div class=\"elementor-toggle-item\">\n\t\t\t\t\t<div id=\"elementor-tab-title-3702\" class=\"elementor-tab-title\" data-tab=\"2\" role=\"button\" aria-controls=\"elementor-tab-content-3702\" aria-expanded=\"false\">\n\t\t\t\t\t\t\t\t\t\t\t\t<span class=\"elementor-toggle-icon elementor-toggle-icon-right\" aria-hidden=\"true\">\n\t\t\t\t\t\t\t\t\t\t\t\t\t\t\t<span class=\"elementor-toggle-icon-closed\"><i class=\"fas fa-chevron-down\"><\/i><\/span>\n\t\t\t\t\t\t\t\t<span class=\"elementor-toggle-icon-opened\"><i class=\"elementor-toggle-icon-opened fas fa-chevron-up\"><\/i><\/span>\n\t\t\t\t\t\t\t\t\t\t\t\t\t<\/span>\n\t\t\t\t\t\t\t\t\t\t\t\t<a class=\"elementor-toggle-title\" tabindex=\"0\">Welke kamertemperatuur cre\u00ebert Puls-air<\/a>\n\t\t\t\t\t<\/div>\n\n\t\t\t\t\t<div id=\"elementor-tab-content-3702\" class=\"elementor-tab-content elementor-clearfix\" data-tab=\"2\" role=\"region\" aria-labelledby=\"elementor-tab-title-3702\"><div id=\"faq2\" class=\"collapse show\" data-parent=\"#faq-list\"><p>Kamertemperatuur zoals gewenst. Op basis van empirische gegevens kan de kamertemperatuur van de werkplaats met ongeveer 4 graden worden verlaagd, met hetzelfde comfort voor de medewerkers, omdat de warmte van onderaf komt. Bij vergelijking met plafondventilatoren van bovenaf wordt dus zinloos energie verspild.<\/p><\/div><\/div>\n\t\t\t\t<\/div>\n\t\t\t\t\t\t\t<div class=\"elementor-toggle-item\">\n\t\t\t\t\t<div id=\"elementor-tab-title-3703\" class=\"elementor-tab-title\" data-tab=\"3\" role=\"button\" aria-controls=\"elementor-tab-content-3703\" aria-expanded=\"false\">\n\t\t\t\t\t\t\t\t\t\t\t\t<span class=\"elementor-toggle-icon elementor-toggle-icon-right\" aria-hidden=\"true\">\n\t\t\t\t\t\t\t\t\t\t\t\t\t\t\t<span class=\"elementor-toggle-icon-closed\"><i class=\"fas fa-chevron-down\"><\/i><\/span>\n\t\t\t\t\t\t\t\t<span class=\"elementor-toggle-icon-opened\"><i class=\"elementor-toggle-icon-opened fas fa-chevron-up\"><\/i><\/span>\n\t\t\t\t\t\t\t\t\t\t\t\t\t<\/span>\n\t\t\t\t\t\t\t\t\t\t\t\t<a class=\"elementor-toggle-title\" tabindex=\"0\">Kan het apparaat onbeheerd draaien?<\/a>\n\t\t\t\t\t<\/div>\n\n\t\t\t\t\t<div id=\"elementor-tab-content-3703\" class=\"elementor-tab-content elementor-clearfix\" data-tab=\"3\" role=\"region\" aria-labelledby=\"elementor-tab-title-3703\"><div id=\"faq2\" class=\"collapse show\" data-parent=\"#faq-list\"><div id=\"faq3\" class=\"collapse show\" data-parent=\"#faq-list\"><p>Ja, omdat een ruimtethermostaat in het apparaat is ingebouwd, die het apparaat automatisch in en uit schakelt om de ingestelde temperatuur te handhaven.<\/p><\/div><\/div><\/div>\n\t\t\t\t<\/div>\n\t\t\t\t\t\t\t<div class=\"elementor-toggle-item\">\n\t\t\t\t\t<div id=\"elementor-tab-title-3704\" class=\"elementor-tab-title\" data-tab=\"4\" role=\"button\" aria-controls=\"elementor-tab-content-3704\" aria-expanded=\"false\">\n\t\t\t\t\t\t\t\t\t\t\t\t<span class=\"elementor-toggle-icon elementor-toggle-icon-right\" aria-hidden=\"true\">\n\t\t\t\t\t\t\t\t\t\t\t\t\t\t\t<span class=\"elementor-toggle-icon-closed\"><i class=\"fas fa-chevron-down\"><\/i><\/span>\n\t\t\t\t\t\t\t\t<span class=\"elementor-toggle-icon-opened\"><i class=\"elementor-toggle-icon-opened fas fa-chevron-up\"><\/i><\/span>\n\t\t\t\t\t\t\t\t\t\t\t\t\t<\/span>\n\t\t\t\t\t\t\t\t\t\t\t\t<a class=\"elementor-toggle-title\" tabindex=\"0\">Welke eisen moet een externe stookolietank hebben?<\/a>\n\t\t\t\t\t<\/div>\n\n\t\t\t\t\t<div id=\"elementor-tab-content-3704\" class=\"elementor-tab-content elementor-clearfix\" data-tab=\"4\" role=\"region\" aria-labelledby=\"elementor-tab-title-3704\"><p>De externe stookolietank is te verkrijgen bij de lokale verwarmingsspecialist. Vereisten: <strong>Dubbelwandig, lekindicator &amp; brandklep.\u00a0<\/strong><\/p><\/div>\n\t\t\t\t<\/div>\n\t\t\t\t\t\t\t<div class=\"elementor-toggle-item\">\n\t\t\t\t\t<div id=\"elementor-tab-title-3705\" class=\"elementor-tab-title\" data-tab=\"5\" role=\"button\" aria-controls=\"elementor-tab-content-3705\" aria-expanded=\"false\">\n\t\t\t\t\t\t\t\t\t\t\t\t<span class=\"elementor-toggle-icon elementor-toggle-icon-right\" aria-hidden=\"true\">\n\t\t\t\t\t\t\t\t\t\t\t\t\t\t\t<span class=\"elementor-toggle-icon-closed\"><i class=\"fas fa-chevron-down\"><\/i><\/span>\n\t\t\t\t\t\t\t\t<span class=\"elementor-toggle-icon-opened\"><i class=\"elementor-toggle-icon-opened fas fa-chevron-up\"><\/i><\/span>\n\t\t\t\t\t\t\t\t\t\t\t\t\t<\/span>\n\t\t\t\t\t\t\t\t\t\t\t\t<a class=\"elementor-toggle-title\" tabindex=\"0\">Moet het apparaat met de aangesloten jerrycan worden bediend?<\/a>\n\t\t\t\t\t<\/div>\n\n\t\t\t\t\t<div id=\"elementor-tab-content-3705\" class=\"elementor-tab-content elementor-clearfix\" data-tab=\"5\" role=\"region\" aria-labelledby=\"elementor-tab-title-3705\"><div id=\"faq2\" class=\"collapse show\" data-parent=\"#faq-list\"><div id=\"faq3\" class=\"collapse show\" data-parent=\"#faq-list\"><div id=\"faq4\" class=\"collapse show\" data-parent=\"#faq-list\"><p style=\"font-weight: 400;\">Nee, het toestel kan via een 8 mm koperen leiding op een externe stookolietank worden aangesloten. Let op: geen retourleiding \u2013 enkelleidingssysteem. De tank mag tot 30 m verwijderd zijn en het hoogteverschil mag maximaal 3,5 m bedragen.<\/p><p style=\"font-weight: 400;\">Het voordeel van de jerrycan is dat het apparaat direct klaar voor gebruik is.<\/p><\/div><\/div><\/div><\/div>\n\t\t\t\t<\/div>\n\t\t\t\t\t\t\t<div class=\"elementor-toggle-item\">\n\t\t\t\t\t<div id=\"elementor-tab-title-3706\" class=\"elementor-tab-title\" data-tab=\"6\" role=\"button\" aria-controls=\"elementor-tab-content-3706\" aria-expanded=\"false\">\n\t\t\t\t\t\t\t\t\t\t\t\t<span class=\"elementor-toggle-icon elementor-toggle-icon-right\" aria-hidden=\"true\">\n\t\t\t\t\t\t\t\t\t\t\t\t\t\t\t<span class=\"elementor-toggle-icon-closed\"><i class=\"fas fa-chevron-down\"><\/i><\/span>\n\t\t\t\t\t\t\t\t<span class=\"elementor-toggle-icon-opened\"><i class=\"elementor-toggle-icon-opened fas fa-chevron-up\"><\/i><\/span>\n\t\t\t\t\t\t\t\t\t\t\t\t\t<\/span>\n\t\t\t\t\t\t\t\t\t\t\t\t<a class=\"elementor-toggle-title\" tabindex=\"0\">Hoe luid is de verwarming?<\/a>\n\t\t\t\t\t<\/div>\n\n\t\t\t\t\t<div id=\"elementor-tab-content-3706\" class=\"elementor-tab-content elementor-clearfix\" data-tab=\"6\" role=\"region\" aria-labelledby=\"elementor-tab-title-3706\"><div id=\"faq2\" class=\"collapse show\" data-parent=\"#faq-list\"><div id=\"faq3\" class=\"collapse show\" data-parent=\"#faq-list\"><div id=\"faq4\" class=\"collapse show\" data-parent=\"#faq-list\"><p>Ca. 57 dBa, gemeten in een referentieruimte. Het werkelijke geluidsniveau in een normaal ingerichte werkplaats of hal is een aangename lichte brom.<\/p><div class=\"co8aDb\" role=\"heading\" aria-level=\"3\"><b>Het is vaak moeilijk om het volume te beoordelen.<\/b><\/div><div class=\"RqBzHd\"><ul class=\"i8Z77e\"><li class=\"TrT0Xe\">30 dB: Fluisteren, eigen ademgeluid.<\/li><li class=\"TrT0Xe\">35 dB: Bladgeruis.<\/li><li class=\"TrT0Xe\">40 dB: In de woonkamer met gesloten raam.<\/li><li class=\"TrT0Xe\">45 dB: Woonwijk zonder wegverkeer.<\/li><li class=\"TrT0Xe\">60 dB: Gezelschap (een-op-een gesprek)<\/li><li class=\"TrT0Xe\">70 dB: Kantoor met open indeling.<\/li><li class=\"TrT0Xe\">85 dB: Gemiddeld wegverkeer.<\/li><li class=\"TrT0Xe\">95 dB: Zwaar verkeer.<\/li><\/ul><p>(Bron Google)<\/p><\/div><\/div><\/div><\/div><\/div>\n\t\t\t\t<\/div>\n\t\t\t\t\t\t\t<div class=\"elementor-toggle-item\">\n\t\t\t\t\t<div id=\"elementor-tab-title-3707\" class=\"elementor-tab-title\" data-tab=\"7\" role=\"button\" aria-controls=\"elementor-tab-content-3707\" aria-expanded=\"false\">\n\t\t\t\t\t\t\t\t\t\t\t\t<span class=\"elementor-toggle-icon elementor-toggle-icon-right\" aria-hidden=\"true\">\n\t\t\t\t\t\t\t\t\t\t\t\t\t\t\t<span class=\"elementor-toggle-icon-closed\"><i class=\"fas fa-chevron-down\"><\/i><\/span>\n\t\t\t\t\t\t\t\t<span class=\"elementor-toggle-icon-opened\"><i class=\"elementor-toggle-icon-opened fas fa-chevron-up\"><\/i><\/span>\n\t\t\t\t\t\t\t\t\t\t\t\t\t<\/span>\n\t\t\t\t\t\t\t\t\t\t\t\t<a class=\"elementor-toggle-title\" tabindex=\"0\">Verbruik per uur?<\/a>\n\t\t\t\t\t<\/div>\n\n\t\t\t\t\t<div id=\"elementor-tab-content-3707\" class=\"elementor-tab-content elementor-clearfix\" data-tab=\"7\" role=\"region\" aria-labelledby=\"elementor-tab-title-3707\"><div id=\"faq2\" class=\"collapse show\" data-parent=\"#faq-list\"><div id=\"faq3\" class=\"collapse show\" data-parent=\"#faq-list\"><div id=\"faq4\" class=\"collapse show\" data-parent=\"#faq-list\"><p style=\"font-weight: 400;\">Puls-air Standaard: 1,5 l\/u in de spaarstand en 1,9 l\/u in de vollemodus.<\/p><p style=\"font-weight: 400;\">Puls-air Plus: 1,9 l\/u in de spaarstand en 2,5 l\/u in de volle vermogensstand<\/p><p style=\"font-weight: 400;\"><strong>Attentie<\/strong>Verwacht niet dat het de hele dag aanstaat, aangezien het apparaat zichzelf automatisch in- en uitschakelt via de thermostaat om de temperatuur op peil te houden.<\/p><\/div><\/div><\/div><\/div>\n\t\t\t\t<\/div>\n\t\t\t\t\t\t\t<div class=\"elementor-toggle-item\">\n\t\t\t\t\t<div id=\"elementor-tab-title-3708\" class=\"elementor-tab-title\" data-tab=\"8\" role=\"button\" aria-controls=\"elementor-tab-content-3708\" aria-expanded=\"false\">\n\t\t\t\t\t\t\t\t\t\t\t\t<span class=\"elementor-toggle-icon elementor-toggle-icon-right\" aria-hidden=\"true\">\n\t\t\t\t\t\t\t\t\t\t\t\t\t\t\t<span class=\"elementor-toggle-icon-closed\"><i class=\"fas fa-chevron-down\"><\/i><\/span>\n\t\t\t\t\t\t\t\t<span class=\"elementor-toggle-icon-opened\"><i class=\"elementor-toggle-icon-opened fas fa-chevron-up\"><\/i><\/span>\n\t\t\t\t\t\t\t\t\t\t\t\t\t<\/span>\n\t\t\t\t\t\t\t\t\t\t\t\t<a class=\"elementor-toggle-title\" tabindex=\"0\">Hoeveel liter olie heeft Puls-air per stookseizoen nodig?<\/a>\n\t\t\t\t\t<\/div>\n\n\t\t\t\t\t<div id=\"elementor-tab-content-3708\" class=\"elementor-tab-content elementor-clearfix\" data-tab=\"8\" role=\"region\" aria-labelledby=\"elementor-tab-title-3708\"><div id=\"faq2\" class=\"collapse show\" data-parent=\"#faq-list\"><div id=\"faq3\" class=\"collapse show\" data-parent=\"#faq-list\"><div id=\"faq4\" class=\"collapse show\" data-parent=\"#faq-list\"><p>We stellen altijd de tegenvraag: Hoeveel heeft u momenteel nodig? \u2013 Daarvan min 50 % en dan heeft u het totaal (Alles bij benadering)<\/p><\/div><\/div><\/div><\/div>\n\t\t\t\t<\/div>\n\t\t\t\t\t\t\t<div class=\"elementor-toggle-item\">\n\t\t\t\t\t<div id=\"elementor-tab-title-3709\" class=\"elementor-tab-title\" data-tab=\"9\" role=\"button\" aria-controls=\"elementor-tab-content-3709\" aria-expanded=\"false\">\n\t\t\t\t\t\t\t\t\t\t\t\t<span class=\"elementor-toggle-icon elementor-toggle-icon-right\" aria-hidden=\"true\">\n\t\t\t\t\t\t\t\t\t\t\t\t\t\t\t<span class=\"elementor-toggle-icon-closed\"><i class=\"fas fa-chevron-down\"><\/i><\/span>\n\t\t\t\t\t\t\t\t<span class=\"elementor-toggle-icon-opened\"><i class=\"elementor-toggle-icon-opened fas fa-chevron-up\"><\/i><\/span>\n\t\t\t\t\t\t\t\t\t\t\t\t\t<\/span>\n\t\t\t\t\t\t\t\t\t\t\t\t<a class=\"elementor-toggle-title\" tabindex=\"0\">Kan het apparaat met een tijdschakelaar worden bediend?<\/a>\n\t\t\t\t\t<\/div>\n\n\t\t\t\t\t<div id=\"elementor-tab-content-3709\" class=\"elementor-tab-content elementor-clearfix\" data-tab=\"9\" role=\"region\" aria-labelledby=\"elementor-tab-title-3709\"><div id=\"faq2\" class=\"collapse show\" data-parent=\"#faq-list\"><div id=\"faq3\" class=\"collapse show\" data-parent=\"#faq-list\"><div id=\"faq4\" class=\"collapse show\" data-parent=\"#faq-list\"><p>Ja, maar deze moet volgens het schakelschema door ons worden aangesloten, omdat de ventilator moet blijven draaien.<\/p><\/div><\/div><\/div><\/div>\n\t\t\t\t<\/div>\n\t\t\t\t\t\t\t<div class=\"elementor-toggle-item\">\n\t\t\t\t\t<div id=\"elementor-tab-title-37010\" class=\"elementor-tab-title\" data-tab=\"10\" role=\"button\" aria-controls=\"elementor-tab-content-37010\" aria-expanded=\"false\">\n\t\t\t\t\t\t\t\t\t\t\t\t<span class=\"elementor-toggle-icon elementor-toggle-icon-right\" aria-hidden=\"true\">\n\t\t\t\t\t\t\t\t\t\t\t\t\t\t\t<span class=\"elementor-toggle-icon-closed\"><i class=\"fas fa-chevron-down\"><\/i><\/span>\n\t\t\t\t\t\t\t\t<span class=\"elementor-toggle-icon-opened\"><i class=\"elementor-toggle-icon-opened fas fa-chevron-up\"><\/i><\/span>\n\t\t\t\t\t\t\t\t\t\t\t\t\t<\/span>\n\t\t\t\t\t\t\t\t\t\t\t\t<a class=\"elementor-toggle-title\" tabindex=\"0\">Is bediening via een app mogelijk<\/a>\n\t\t\t\t\t<\/div>\n\n\t\t\t\t\t<div id=\"elementor-tab-content-37010\" class=\"elementor-tab-content elementor-clearfix\" data-tab=\"10\" role=\"region\" aria-labelledby=\"elementor-tab-title-37010\"><p>Appbediening is mogelijk. Uw lokale elektricien kan contact met ons opnemen hierover!<\/p><\/div>\n\t\t\t\t<\/div>\n\t\t\t\t\t\t\t<div class=\"elementor-toggle-item\">\n\t\t\t\t\t<div id=\"elementor-tab-title-37011\" class=\"elementor-tab-title\" data-tab=\"11\" role=\"button\" aria-controls=\"elementor-tab-content-37011\" aria-expanded=\"false\">\n\t\t\t\t\t\t\t\t\t\t\t\t<span class=\"elementor-toggle-icon elementor-toggle-icon-right\" aria-hidden=\"true\">\n\t\t\t\t\t\t\t\t\t\t\t\t\t\t\t<span class=\"elementor-toggle-icon-closed\"><i class=\"fas fa-chevron-down\"><\/i><\/span>\n\t\t\t\t\t\t\t\t<span class=\"elementor-toggle-icon-opened\"><i class=\"elementor-toggle-icon-opened fas fa-chevron-up\"><\/i><\/span>\n\t\t\t\t\t\t\t\t\t\t\t\t\t<\/span>\n\t\t\t\t\t\t\t\t\t\t\t\t<a class=\"elementor-toggle-title\" tabindex=\"0\">Hoe grote ruimtes kunnen worden verwarmd met Puls-air?<\/a>\n\t\t\t\t\t<\/div>\n\n\t\t\t\t\t<div id=\"elementor-tab-content-37011\" class=\"elementor-tab-content elementor-clearfix\" data-tab=\"11\" role=\"region\" aria-labelledby=\"elementor-tab-title-37011\"><p>In principe zijn er 2 modellen: Puls-air Standard (tot 600 m\u00b3) en Puls-air Plus (bij goede isolatie tot 1.800 m\u00b3). Voor nog grotere ruimtes kunnen ook 2 of meerdere apparaten samen worden gebruikt. Zo kunnen ook grotere hallen en werkplaatsen effici\u00ebnt en zuinig worden verwarmd.\u00a0<\/p><\/div>\n\t\t\t\t<\/div>\n\t\t\t\t\t\t\t<div class=\"elementor-toggle-item\">\n\t\t\t\t\t<div id=\"elementor-tab-title-37012\" class=\"elementor-tab-title\" data-tab=\"12\" role=\"button\" aria-controls=\"elementor-tab-content-37012\" aria-expanded=\"false\">\n\t\t\t\t\t\t\t\t\t\t\t\t<span class=\"elementor-toggle-icon elementor-toggle-icon-right\" aria-hidden=\"true\">\n\t\t\t\t\t\t\t\t\t\t\t\t\t\t\t<span class=\"elementor-toggle-icon-closed\"><i class=\"fas fa-chevron-down\"><\/i><\/span>\n\t\t\t\t\t\t\t\t<span class=\"elementor-toggle-icon-opened\"><i class=\"elementor-toggle-icon-opened fas fa-chevron-up\"><\/i><\/span>\n\t\t\t\t\t\t\t\t\t\t\t\t\t<\/span>\n\t\t\t\t\t\t\t\t\t\t\t\t<a class=\"elementor-toggle-title\" tabindex=\"0\">Wat betekenen de prijzen op de website? Wat zijn de verzendkosten?<\/a>\n\t\t\t\t\t<\/div>\n\n\t\t\t\t\t<div id=\"elementor-tab-content-37012\" class=\"elementor-tab-content elementor-clearfix\" data-tab=\"12\" role=\"region\" aria-labelledby=\"elementor-tab-title-37012\"><p>Alle prijzen op deze website zijn <strong>excl<\/strong>. <strong>BTW<\/strong>. te begrijpen. De verzendkosten worden afzonderlijk vermeld tijdens het afrekenproces.<\/p><\/div>\n\t\t\t\t<\/div>\n\t\t\t\t\t\t\t<div class=\"elementor-toggle-item\">\n\t\t\t\t\t<div id=\"elementor-tab-title-37013\" class=\"elementor-tab-title\" data-tab=\"13\" role=\"button\" aria-controls=\"elementor-tab-content-37013\" aria-expanded=\"false\">\n\t\t\t\t\t\t\t\t\t\t\t\t<span class=\"elementor-toggle-icon elementor-toggle-icon-right\" aria-hidden=\"true\">\n\t\t\t\t\t\t\t\t\t\t\t\t\t\t\t<span class=\"elementor-toggle-icon-closed\"><i class=\"fas fa-chevron-down\"><\/i><\/span>\n\t\t\t\t\t\t\t\t<span class=\"elementor-toggle-icon-opened\"><i class=\"elementor-toggle-icon-opened fas fa-chevron-up\"><\/i><\/span>\n\t\t\t\t\t\t\t\t\t\t\t\t\t<\/span>\n\t\t\t\t\t\t\t\t\t\t\t\t<a class=\"elementor-toggle-title\" tabindex=\"0\">Wat is het stroomverbruik?<\/a>\n\t\t\t\t\t<\/div>\n\n\t\t\t\t\t<div id=\"elementor-tab-content-37013\" class=\"elementor-tab-content elementor-clearfix\" data-tab=\"13\" role=\"region\" aria-labelledby=\"elementor-tab-title-37013\"><p>180 W of 0,18 KW, dat wil zeggen 0,18 KWh stroomverbruik per uur.<\/p><\/div>\n\t\t\t\t<\/div>\n\t\t\t\t\t\t\t<div class=\"elementor-toggle-item\">\n\t\t\t\t\t<div id=\"elementor-tab-title-37014\" class=\"elementor-tab-title\" data-tab=\"14\" role=\"button\" aria-controls=\"elementor-tab-content-37014\" aria-expanded=\"false\">\n\t\t\t\t\t\t\t\t\t\t\t\t<span class=\"elementor-toggle-icon elementor-toggle-icon-right\" aria-hidden=\"true\">\n\t\t\t\t\t\t\t\t\t\t\t\t\t\t\t<span class=\"elementor-toggle-icon-closed\"><i class=\"fas fa-chevron-down\"><\/i><\/span>\n\t\t\t\t\t\t\t\t<span class=\"elementor-toggle-icon-opened\"><i class=\"elementor-toggle-icon-opened fas fa-chevron-up\"><\/i><\/span>\n\t\t\t\t\t\t\t\t\t\t\t\t\t<\/span>\n\t\t\t\t\t\t\t\t\t\t\t\t<a class=\"elementor-toggle-title\" tabindex=\"0\">Kan Puls-air draaien op afgewerkte olie?<\/a>\n\t\t\t\t\t<\/div>\n\n\t\t\t\t\t<div id=\"elementor-tab-content-37014\" class=\"elementor-tab-content elementor-clearfix\" data-tab=\"14\" role=\"region\" aria-labelledby=\"elementor-tab-title-37014\"><p>Het gebruik van stookolie om verwarmingssystemen onder de 50 kW te bedrijven is verboden. Diesel of stookolie dienen als brandstof voor puls-air verwarmingen.<\/p><\/div>\n\t\t\t\t<\/div>\n\t\t\t\t\t\t\t<div class=\"elementor-toggle-item\">\n\t\t\t\t\t<div id=\"elementor-tab-title-37015\" class=\"elementor-tab-title\" data-tab=\"15\" role=\"button\" aria-controls=\"elementor-tab-content-37015\" aria-expanded=\"false\">\n\t\t\t\t\t\t\t\t\t\t\t\t<span class=\"elementor-toggle-icon elementor-toggle-icon-right\" aria-hidden=\"true\">\n\t\t\t\t\t\t\t\t\t\t\t\t\t\t\t<span class=\"elementor-toggle-icon-closed\"><i class=\"fas fa-chevron-down\"><\/i><\/span>\n\t\t\t\t\t\t\t\t<span class=\"elementor-toggle-icon-opened\"><i class=\"elementor-toggle-icon-opened fas fa-chevron-up\"><\/i><\/span>\n\t\t\t\t\t\t\t\t\t\t\t\t\t<\/span>\n\t\t\t\t\t\t\t\t\t\t\t\t<a class=\"elementor-toggle-title\" tabindex=\"0\">Wat is de diameter van de uitlaatpijp?<\/a>\n\t\t\t\t\t<\/div>\n\n\t\t\t\t\t<div id=\"elementor-tab-content-37015\" class=\"elementor-tab-content elementor-clearfix\" data-tab=\"15\" role=\"region\" aria-labelledby=\"elementor-tab-title-37015\"><p>32 x 1,5 mm wanddikte = 35 mm buitendiameter<\/p><\/div>\n\t\t\t\t<\/div>\n\t\t\t\t\t\t\t<div class=\"elementor-toggle-item\">\n\t\t\t\t\t<div id=\"elementor-tab-title-37016\" class=\"elementor-tab-title\" data-tab=\"16\" role=\"button\" aria-controls=\"elementor-tab-content-37016\" aria-expanded=\"false\">\n\t\t\t\t\t\t\t\t\t\t\t\t<span class=\"elementor-toggle-icon elementor-toggle-icon-right\" aria-hidden=\"true\">\n\t\t\t\t\t\t\t\t\t\t\t\t\t\t\t<span class=\"elementor-toggle-icon-closed\"><i class=\"fas fa-chevron-down\"><\/i><\/span>\n\t\t\t\t\t\t\t\t<span class=\"elementor-toggle-icon-opened\"><i class=\"elementor-toggle-icon-opened fas fa-chevron-up\"><\/i><\/span>\n\t\t\t\t\t\t\t\t\t\t\t\t\t<\/span>\n\t\t\t\t\t\t\t\t\t\t\t\t<a class=\"elementor-toggle-title\" tabindex=\"0\">Welke diameter heeft de koperen buis?<\/a>\n\t\t\t\t\t<\/div>\n\n\t\t\t\t\t<div id=\"elementor-tab-content-37016\" class=\"elementor-tab-content elementor-clearfix\" data-tab=\"16\" role=\"region\" aria-labelledby=\"elementor-tab-title-37016\"><p>8 mm buitendiameter<\/p><\/div>\n\t\t\t\t<\/div>\n\t\t\t\t\t\t\t<div class=\"elementor-toggle-item\">\n\t\t\t\t\t<div id=\"elementor-tab-title-37017\" class=\"elementor-tab-title\" data-tab=\"17\" role=\"button\" aria-controls=\"elementor-tab-content-37017\" aria-expanded=\"false\">\n\t\t\t\t\t\t\t\t\t\t\t\t<span class=\"elementor-toggle-icon elementor-toggle-icon-right\" aria-hidden=\"true\">\n\t\t\t\t\t\t\t\t\t\t\t\t\t\t\t<span class=\"elementor-toggle-icon-closed\"><i class=\"fas fa-chevron-down\"><\/i><\/span>\n\t\t\t\t\t\t\t\t<span class=\"elementor-toggle-icon-opened\"><i class=\"elementor-toggle-icon-opened fas fa-chevron-up\"><\/i><\/span>\n\t\t\t\t\t\t\t\t\t\t\t\t\t<\/span>\n\t\t\t\t\t\t\t\t\t\t\t\t<a class=\"elementor-toggle-title\" tabindex=\"0\">Waar kan ik de uitlaatpijpen krijgen?<\/a>\n\t\t\t\t\t<\/div>\n\n\t\t\t\t\t<div id=\"elementor-tab-content-37017\" class=\"elementor-tab-content elementor-clearfix\" data-tab=\"17\" role=\"region\" aria-labelledby=\"elementor-tab-title-37017\"><p>De uitlaatpijpen zijn niet inbegrepen en moeten apart worden besteld. Via deze <span style=\"text-decoration: underline;\"><strong><a href=\"https:\/\/www.hoerr-edelstahl.de\/index.php?stoken=74D7BC6B&amp;lang=0&amp;cl=search&amp;searchparam=pulsair\">Link<\/a> <\/strong><\/span>Kom naar het assortiment.<\/p><\/div>\n\t\t\t\t<\/div>\n\t\t\t\t\t\t\t<div class=\"elementor-toggle-item\">\n\t\t\t\t\t<div id=\"elementor-tab-title-37018\" class=\"elementor-tab-title\" data-tab=\"18\" role=\"button\" aria-controls=\"elementor-tab-content-37018\" aria-expanded=\"false\">\n\t\t\t\t\t\t\t\t\t\t\t\t<span class=\"elementor-toggle-icon elementor-toggle-icon-right\" aria-hidden=\"true\">\n\t\t\t\t\t\t\t\t\t\t\t\t\t\t\t<span class=\"elementor-toggle-icon-closed\"><i class=\"fas fa-chevron-down\"><\/i><\/span>\n\t\t\t\t\t\t\t\t<span class=\"elementor-toggle-icon-opened\"><i class=\"elementor-toggle-icon-opened fas fa-chevron-up\"><\/i><\/span>\n\t\t\t\t\t\t\t\t\t\t\t\t\t<\/span>\n\t\t\t\t\t\t\t\t\t\t\t\t<a class=\"elementor-toggle-title\" tabindex=\"0\">Wat is de huidige levertijd?<\/a>\n\t\t\t\t\t<\/div>\n\n\t\t\t\t\t<div id=\"elementor-tab-content-37018\" class=\"elementor-tab-content elementor-clearfix\" data-tab=\"18\" role=\"region\" aria-labelledby=\"elementor-tab-title-37018\"><p>Graag informeren wij u per e-mail, WhatsApp of telefonisch over de actuele levertijden.<\/p><\/div>\n\t\t\t\t<\/div>\n\t\t\t\t\t\t\t<div class=\"elementor-toggle-item\">\n\t\t\t\t\t<div id=\"elementor-tab-title-37019\" class=\"elementor-tab-title\" data-tab=\"19\" role=\"button\" aria-controls=\"elementor-tab-content-37019\" aria-expanded=\"false\">\n\t\t\t\t\t\t\t\t\t\t\t\t<span class=\"elementor-toggle-icon elementor-toggle-icon-right\" aria-hidden=\"true\">\n\t\t\t\t\t\t\t\t\t\t\t\t\t\t\t<span class=\"elementor-toggle-icon-closed\"><i class=\"fas fa-chevron-down\"><\/i><\/span>\n\t\t\t\t\t\t\t\t<span class=\"elementor-toggle-icon-opened\"><i class=\"elementor-toggle-icon-opened fas fa-chevron-up\"><\/i><\/span>\n\t\t\t\t\t\t\t\t\t\t\t\t\t<\/span>\n\t\t\t\t\t\t\t\t\t\t\t\t<a class=\"elementor-toggle-title\" tabindex=\"0\">Verkeerd getankt, wat nu?<\/a>\n\t\t\t\t\t<\/div>\n\n\t\t\t\t\t<div id=\"elementor-tab-content-37019\" class=\"elementor-tab-content elementor-clearfix\" data-tab=\"19\" role=\"region\" aria-labelledby=\"elementor-tab-title-37019\"><ol><li>Draai de voor- en retourleidingen (rechts aan de oliefilter gemonteerd) bij de oliefilter los en hang deze in een vat met mazout.<\/li><li>Zet het apparaat aan en wacht tot het is opgestart.<\/li><li>Bevestig de twee lijnen opnieuw wanneer het apparaat is gestart.<\/li><li>Zulaufleiding (links aan het oliefilter bevestigd) bij het oliefilter losmaken en ook het apparaat inschakelen.<\/li><li>De toevoerleiding weer aanbrengen, het probleem zou opgelost moeten zijn.<\/li><\/ol><\/div>\n\t\t\t\t<\/div>\n\t\t\t\t\t\t\t<div class=\"elementor-toggle-item\">\n\t\t\t\t\t<div id=\"elementor-tab-title-37020\" class=\"elementor-tab-title\" data-tab=\"20\" role=\"button\" aria-controls=\"elementor-tab-content-37020\" aria-expanded=\"false\">\n\t\t\t\t\t\t\t\t\t\t\t\t<span class=\"elementor-toggle-icon elementor-toggle-icon-right\" aria-hidden=\"true\">\n\t\t\t\t\t\t\t\t\t\t\t\t\t\t\t<span class=\"elementor-toggle-icon-closed\"><i class=\"fas fa-chevron-down\"><\/i><\/span>\n\t\t\t\t\t\t\t\t<span class=\"elementor-toggle-icon-opened\"><i class=\"elementor-toggle-icon-opened fas fa-chevron-up\"><\/i><\/span>\n\t\t\t\t\t\t\t\t\t\t\t\t\t<\/span>\n\t\t\t\t\t\t\t\t\t\t\t\t<a class=\"elementor-toggle-title\" tabindex=\"0\">Uitlaatgaswaarden<\/a>\n\t\t\t\t\t<\/div>\n\n\t\t\t\t\t<div id=\"elementor-tab-content-37020\" class=\"elementor-tab-content elementor-clearfix\" data-tab=\"20\" role=\"region\" aria-labelledby=\"elementor-tab-title-37020\"><p>Uitlaatgaswaarden (NOX \u2013 25 \u2013 30, CO \u2013 2 \u2013 5 ppm; roetgetal 00)<\/p><\/div>\n\t\t\t\t<\/div>\n\t\t\t\t\t\t\t<div class=\"elementor-toggle-item\">\n\t\t\t\t\t<div id=\"elementor-tab-title-37021\" class=\"elementor-tab-title\" data-tab=\"21\" role=\"button\" aria-controls=\"elementor-tab-content-37021\" aria-expanded=\"false\">\n\t\t\t\t\t\t\t\t\t\t\t\t<span class=\"elementor-toggle-icon elementor-toggle-icon-right\" aria-hidden=\"true\">\n\t\t\t\t\t\t\t\t\t\t\t\t\t\t\t<span class=\"elementor-toggle-icon-closed\"><i class=\"fas fa-chevron-down\"><\/i><\/span>\n\t\t\t\t\t\t\t\t<span class=\"elementor-toggle-icon-opened\"><i class=\"elementor-toggle-icon-opened fas fa-chevron-up\"><\/i><\/span>\n\t\t\t\t\t\t\t\t\t\t\t\t\t<\/span>\n\t\t\t\t\t\t\t\t\t\t\t\t<a class=\"elementor-toggle-title\" tabindex=\"0\">Is een bedrijf met kerosine of benzine mogelijk<\/a>\n\t\t\t\t\t<\/div>\n\n\t\t\t\t\t<div id=\"elementor-tab-content-37021\" class=\"elementor-tab-content elementor-clearfix\" data-tab=\"21\" role=\"region\" aria-labelledby=\"elementor-tab-title-37021\"><p>Nee, gebruik ook geen diesel-benzine mengsel!<\/p><\/div>\n\t\t\t\t<\/div>\n\t\t\t\t\t\t\t\t<\/div>\n\t\t\t\t\t\t<\/div>\n\t\t\t\t<\/div>\n\t\t\t\t\t<\/div>\n\t\t<\/div>\n\t\t\t\t\t<\/div>\n\t\t<\/section>\n\t\t\t\t<\/div>","protected":false},"excerpt":{"rendered":"<p>WAS SAGEN UNSERE KUNDEN? JETZT REINH\u00d6REN! Interview G\u00f6tz Jetzt reinh\u00f6ren Interview Mocker Jetzt reinh\u00f6ren Interview Kopp Jetzt reinh\u00f6ren Interview Brosze Jetzt reinh\u00f6ren Interview Goms Jetzt reinh\u00f6ren Interview Knecht Jetzt reinh\u00f6ren PULS-AIR HEIZGER\u00c4TE VORTEILE Bei Umzug einfach mitnehmen: die Pulsair-Hallenheizung wiegt nur ca. 75 kg Platzsparend: der Puls-air Heizer ben\u00f6tigt nur ca. 1 Quadratmeter Stellfl\u00e4cheNachhaltig durch [&hellip;]<\/p>\n","protected":false},"author":2,"featured_media":547,"parent":0,"menu_order":0,"comment_status":"closed","ping_status":"closed","template":"","meta":{"_joinchat":[],"footnotes":""},"class_list":["post-2424","page","type-page","status-publish","has-post-thumbnail","hentry"],"yoast_head":"<!-- This site is optimized with the Yoast SEO plugin v27.4 - https:\/\/yoast.com\/product\/yoast-seo-wordpress\/ -->\n<title>Puls-air Werkstatt- und Hallenheizung | 50 % weniger Heizkosten<\/title>\n<meta name=\"description\" content=\"Hochwirksame Werkstatt- und Hallenheizung mit Technik aus der Raketenforschung. 50 % weniger Heizkosten. Jetzt online bestellen\" \/>\n<meta name=\"robots\" content=\"index, follow, max-snippet:-1, max-image-preview:large, max-video-preview:-1\" \/>\n<link rel=\"canonical\" href=\"https:\/\/pulsair.net\/nl\/interviews\/\" \/>\n<meta property=\"og:locale\" content=\"nl_NL\" \/>\n<meta property=\"og:type\" content=\"article\" \/>\n<meta property=\"og:title\" content=\"Puls-air Werkstatt- und Hallenheizung | 50 % weniger Heizkosten\" \/>\n<meta property=\"og:description\" content=\"Hochwirksame Werkstatt- und Hallenheizung mit Technik aus der Raketenforschung. 50 % weniger Heizkosten. Jetzt online bestellen\" \/>\n<meta property=\"og:url\" content=\"https:\/\/pulsair.net\/nl\/interviews\/\" \/>\n<meta property=\"og:site_name\" content=\"Puls-air Hallen und Werkstattheizung\" \/>\n<meta property=\"article:modified_time\" content=\"2023-04-20T12:11:41+00:00\" \/>\n<meta property=\"og:image\" content=\"https:\/\/pulsair.net\/wp-content\/uploads\/2020\/05\/Puls-air-Heizger\u00e4t-vorne-rechts.png\" \/>\n\t<meta property=\"og:image:width\" content=\"1000\" \/>\n\t<meta property=\"og:image:height\" content=\"1000\" \/>\n\t<meta property=\"og:image:type\" content=\"image\/png\" \/>\n<meta name=\"twitter:card\" content=\"summary_large_image\" \/>\n<meta name=\"twitter:label1\" content=\"Est. reading time\" \/>\n\t<meta name=\"twitter:data1\" content=\"4 minuten\" \/>\n<script type=\"application\/ld+json\" class=\"yoast-schema-graph\">{\"@context\":\"https:\\\/\\\/schema.org\",\"@graph\":[{\"@type\":\"WebPage\",\"@id\":\"https:\\\/\\\/pulsair.net\\\/interviews\\\/\",\"url\":\"https:\\\/\\\/pulsair.net\\\/interviews\\\/\",\"name\":\"Puls-air Werkstatt- und Hallenheizung | 50 % weniger Heizkosten\",\"isPartOf\":{\"@id\":\"https:\\\/\\\/pulsair.net\\\/#website\"},\"primaryImageOfPage\":{\"@id\":\"https:\\\/\\\/pulsair.net\\\/interviews\\\/#primaryimage\"},\"image\":{\"@id\":\"https:\\\/\\\/pulsair.net\\\/interviews\\\/#primaryimage\"},\"thumbnailUrl\":\"https:\\\/\\\/pulsair.net\\\/wp-content\\\/uploads\\\/2020\\\/05\\\/Puls-air-Heizger\u00e4t-vorne-rechts.png\",\"datePublished\":\"2023-04-20T07:45:38+00:00\",\"dateModified\":\"2023-04-20T12:11:41+00:00\",\"description\":\"Hochwirksame Werkstatt- und Hallenheizung mit Technik aus der Raketenforschung. 50 % weniger Heizkosten. Jetzt online bestellen\",\"breadcrumb\":{\"@id\":\"https:\\\/\\\/pulsair.net\\\/interviews\\\/#breadcrumb\"},\"inLanguage\":\"nl-NL\",\"potentialAction\":[{\"@type\":\"ReadAction\",\"target\":[\"https:\\\/\\\/pulsair.net\\\/interviews\\\/\"]}]},{\"@type\":\"ImageObject\",\"inLanguage\":\"nl-NL\",\"@id\":\"https:\\\/\\\/pulsair.net\\\/interviews\\\/#primaryimage\",\"url\":\"https:\\\/\\\/pulsair.net\\\/wp-content\\\/uploads\\\/2020\\\/05\\\/Puls-air-Heizger\u00e4t-vorne-rechts.png\",\"contentUrl\":\"https:\\\/\\\/pulsair.net\\\/wp-content\\\/uploads\\\/2020\\\/05\\\/Puls-air-Heizger\u00e4t-vorne-rechts.png\",\"width\":1000,\"height\":1000},{\"@type\":\"BreadcrumbList\",\"@id\":\"https:\\\/\\\/pulsair.net\\\/interviews\\\/#breadcrumb\",\"itemListElement\":[{\"@type\":\"ListItem\",\"position\":1,\"name\":\"Startseite\",\"item\":\"https:\\\/\\\/pulsair.net\\\/\"},{\"@type\":\"ListItem\",\"position\":2,\"name\":\"Interviews\"}]},{\"@type\":\"WebSite\",\"@id\":\"https:\\\/\\\/pulsair.net\\\/#website\",\"url\":\"https:\\\/\\\/pulsair.net\\\/\",\"name\":\"Puls-air Hallen und Werkstattheizung\",\"description\":\"50 % Heizkosten sparen\",\"publisher\":{\"@id\":\"https:\\\/\\\/pulsair.net\\\/#organization\"},\"potentialAction\":[{\"@type\":\"SearchAction\",\"target\":{\"@type\":\"EntryPoint\",\"urlTemplate\":\"https:\\\/\\\/pulsair.net\\\/?s={search_term_string}\"},\"query-input\":{\"@type\":\"PropertyValueSpecification\",\"valueRequired\":true,\"valueName\":\"search_term_string\"}}],\"inLanguage\":\"nl-NL\"},{\"@type\":\"Organization\",\"@id\":\"https:\\\/\\\/pulsair.net\\\/#organization\",\"name\":\"Puls-air Hallen und Werkstattheizung\",\"url\":\"https:\\\/\\\/pulsair.net\\\/\",\"logo\":{\"@type\":\"ImageObject\",\"inLanguage\":\"nl-NL\",\"@id\":\"https:\\\/\\\/pulsair.net\\\/#\\\/schema\\\/logo\\\/image\\\/\",\"url\":\"https:\\\/\\\/pulsair.net\\\/wp-content\\\/uploads\\\/2020\\\/07\\\/cropped-cropped-Rotation-alleine-500x500-1.png\",\"contentUrl\":\"https:\\\/\\\/pulsair.net\\\/wp-content\\\/uploads\\\/2020\\\/07\\\/cropped-cropped-Rotation-alleine-500x500-1.png\",\"width\":512,\"height\":512,\"caption\":\"Puls-air Hallen und Werkstattheizung\"},\"image\":{\"@id\":\"https:\\\/\\\/pulsair.net\\\/#\\\/schema\\\/logo\\\/image\\\/\"}}]}<\/script>\n<!-- \/ Yoast SEO plugin. -->","yoast_head_json":{"title":"Puls-air Werkstatt- und Hallenheizung | 50 % weniger Heizkosten","description":"Hochwirksame Werkstatt- und Hallenheizung mit Technik aus der Raketenforschung. 50 % weniger Heizkosten. Jetzt online bestellen","robots":{"index":"index","follow":"follow","max-snippet":"max-snippet:-1","max-image-preview":"max-image-preview:large","max-video-preview":"max-video-preview:-1"},"canonical":"https:\/\/pulsair.net\/nl\/interviews\/","og_locale":"nl_NL","og_type":"article","og_title":"Puls-air Werkstatt- und Hallenheizung | 50 % weniger Heizkosten","og_description":"Hochwirksame Werkstatt- und Hallenheizung mit Technik aus der Raketenforschung. 50 % weniger Heizkosten. Jetzt online bestellen","og_url":"https:\/\/pulsair.net\/nl\/interviews\/","og_site_name":"Puls-air Hallen und Werkstattheizung","article_modified_time":"2023-04-20T12:11:41+00:00","og_image":[{"width":1000,"height":1000,"url":"https:\/\/pulsair.net\/wp-content\/uploads\/2020\/05\/Puls-air-Heizger\u00e4t-vorne-rechts.png","type":"image\/png"}],"twitter_card":"summary_large_image","twitter_misc":{"Est. reading time":"4 minuten"},"schema":{"@context":"https:\/\/schema.org","@graph":[{"@type":"WebPage","@id":"https:\/\/pulsair.net\/interviews\/","url":"https:\/\/pulsair.net\/interviews\/","name":"Puls-air Werkstatt- und Hallenheizung | 50 % weniger Heizkosten","isPartOf":{"@id":"https:\/\/pulsair.net\/#website"},"primaryImageOfPage":{"@id":"https:\/\/pulsair.net\/interviews\/#primaryimage"},"image":{"@id":"https:\/\/pulsair.net\/interviews\/#primaryimage"},"thumbnailUrl":"https:\/\/pulsair.net\/wp-content\/uploads\/2020\/05\/Puls-air-Heizger\u00e4t-vorne-rechts.png","datePublished":"2023-04-20T07:45:38+00:00","dateModified":"2023-04-20T12:11:41+00:00","description":"Hochwirksame Werkstatt- und Hallenheizung mit Technik aus der Raketenforschung. 50 % weniger Heizkosten. Jetzt online bestellen","breadcrumb":{"@id":"https:\/\/pulsair.net\/interviews\/#breadcrumb"},"inLanguage":"nl-NL","potentialAction":[{"@type":"ReadAction","target":["https:\/\/pulsair.net\/interviews\/"]}]},{"@type":"ImageObject","inLanguage":"nl-NL","@id":"https:\/\/pulsair.net\/interviews\/#primaryimage","url":"https:\/\/pulsair.net\/wp-content\/uploads\/2020\/05\/Puls-air-Heizger\u00e4t-vorne-rechts.png","contentUrl":"https:\/\/pulsair.net\/wp-content\/uploads\/2020\/05\/Puls-air-Heizger\u00e4t-vorne-rechts.png","width":1000,"height":1000},{"@type":"BreadcrumbList","@id":"https:\/\/pulsair.net\/interviews\/#breadcrumb","itemListElement":[{"@type":"ListItem","position":1,"name":"Startseite","item":"https:\/\/pulsair.net\/"},{"@type":"ListItem","position":2,"name":"Interviews"}]},{"@type":"WebSite","@id":"https:\/\/pulsair.net\/#website","url":"https:\/\/pulsair.net\/","name":"Puls-air Hallen und Werkstattheizung","description":"50 % Heizkosten sparen","publisher":{"@id":"https:\/\/pulsair.net\/#organization"},"potentialAction":[{"@type":"SearchAction","target":{"@type":"EntryPoint","urlTemplate":"https:\/\/pulsair.net\/?s={search_term_string}"},"query-input":{"@type":"PropertyValueSpecification","valueRequired":true,"valueName":"search_term_string"}}],"inLanguage":"nl-NL"},{"@type":"Organization","@id":"https:\/\/pulsair.net\/#organization","name":"Puls-air Hallen und Werkstattheizung","url":"https:\/\/pulsair.net\/","logo":{"@type":"ImageObject","inLanguage":"nl-NL","@id":"https:\/\/pulsair.net\/#\/schema\/logo\/image\/","url":"https:\/\/pulsair.net\/wp-content\/uploads\/2020\/07\/cropped-cropped-Rotation-alleine-500x500-1.png","contentUrl":"https:\/\/pulsair.net\/wp-content\/uploads\/2020\/07\/cropped-cropped-Rotation-alleine-500x500-1.png","width":512,"height":512,"caption":"Puls-air Hallen und Werkstattheizung"},"image":{"@id":"https:\/\/pulsair.net\/#\/schema\/logo\/image\/"}}]}},"_links":{"self":[{"href":"https:\/\/pulsair.net\/nl\/wp-json\/wp\/v2\/pages\/2424","targetHints":{"allow":["GET"]}}],"collection":[{"href":"https:\/\/pulsair.net\/nl\/wp-json\/wp\/v2\/pages"}],"about":[{"href":"https:\/\/pulsair.net\/nl\/wp-json\/wp\/v2\/types\/page"}],"author":[{"embeddable":true,"href":"https:\/\/pulsair.net\/nl\/wp-json\/wp\/v2\/users\/2"}],"replies":[{"embeddable":true,"href":"https:\/\/pulsair.net\/nl\/wp-json\/wp\/v2\/comments?post=2424"}],"version-history":[{"count":12,"href":"https:\/\/pulsair.net\/nl\/wp-json\/wp\/v2\/pages\/2424\/revisions"}],"predecessor-version":[{"id":2450,"href":"https:\/\/pulsair.net\/nl\/wp-json\/wp\/v2\/pages\/2424\/revisions\/2450"}],"wp:featuredmedia":[{"embeddable":true,"href":"https:\/\/pulsair.net\/nl\/wp-json\/wp\/v2\/media\/547"}],"wp:attachment":[{"href":"https:\/\/pulsair.net\/nl\/wp-json\/wp\/v2\/media?parent=2424"}],"curies":[{"name":"wp","href":"https:\/\/api.w.org\/{rel}","templated":true}]}}