{"id":3471,"date":"2024-09-03T06:09:27","date_gmt":"2024-09-03T06:09:27","guid":{"rendered":"https:\/\/pulsair.net\/?page_id=3471"},"modified":"2024-09-03T06:10:13","modified_gmt":"2024-09-03T06:10:13","slug":"referenzen-oesterreich","status":"publish","type":"page","link":"https:\/\/pulsair.net\/nl\/referenzen-oesterreich\/","title":{"rendered":"Referenzen \u00d6sterreich"},"content":{"rendered":"<div data-elementor-type=\"wp-page\" data-elementor-id=\"3471\" class=\"elementor elementor-3471\" data-elementor-post-type=\"page\">\n\t\t\t\t\t\t<section class=\"elementor-section elementor-top-section elementor-element elementor-element-431ea6e elementor-section-boxed elementor-section-height-default elementor-section-height-default\" data-id=\"431ea6e\" data-element_type=\"section\" data-e-type=\"section\">\n\t\t\t\t\t\t<div class=\"elementor-container elementor-column-gap-default\">\n\t\t\t\t\t<div class=\"elementor-column elementor-col-100 elementor-top-column elementor-element elementor-element-db08fd0\" data-id=\"db08fd0\" data-element_type=\"column\" data-e-type=\"column\">\n\t\t\t<div class=\"elementor-widget-wrap elementor-element-populated\">\n\t\t\t\t\t\t<div class=\"elementor-element elementor-element-a4fd0b5 elementor-widget elementor-widget-image\" data-id=\"a4fd0b5\" data-element_type=\"widget\" data-e-type=\"widget\" data-widget_type=\"image.default\">\n\t\t\t\t<div class=\"elementor-widget-container\">\n\t\t\t\t\t\t\t\t\t\t\t\t\t\t\t<img decoding=\"async\" src=\"https:\/\/pulsair.net\/wp-content\/uploads\/2020\/07\/cropped-Rotation-alleine-500x500-1-100x100.png\" title=\"cropped-Rotation-alleine-500&#215;500-1.png\" alt=\"cropped-Rotation-alleine-500x500-1.png\" loading=\"lazy\" \/>\t\t\t\t\t\t\t\t\t\t\t\t\t\t\t<\/div>\n\t\t\t\t<\/div>\n\t\t\t\t<div class=\"elementor-element elementor-element-b3d6a6c elementor-widget elementor-widget-text-editor\" data-id=\"b3d6a6c\" data-element_type=\"widget\" data-e-type=\"widget\" data-widget_type=\"text-editor.default\">\n\t\t\t\t<div class=\"elementor-widget-container\">\n\t\t\t\t\t\t\t\t\t<div class=\"titel_cst_small smallTitle TitelKlein\">Wat onze klanten zeggen<\/div>\t\t\t\t\t\t\t\t<\/div>\n\t\t\t\t<\/div>\n\t\t\t\t<div class=\"elementor-element elementor-element-fa02acb elementor-widget elementor-widget-text-editor\" data-id=\"fa02acb\" data-element_type=\"widget\" data-e-type=\"widget\" data-widget_type=\"text-editor.default\">\n\t\t\t\t<div class=\"elementor-widget-container\">\n\t\t\t\t\t\t\t\t\t<div class=\"titel_cst\">\n<div class=\"titel_cst_big\">\n<h1 class=\"Titel\">REFERENTIES Oostenrijk<\/h1>\n<\/div>\n<\/div>\t\t\t\t\t\t\t\t<\/div>\n\t\t\t\t<\/div>\n\t\t\t\t\t<\/div>\n\t\t<\/div>\n\t\t\t\t\t<\/div>\n\t\t<\/section>\n\t\t\t\t<section class=\"elementor-section elementor-top-section elementor-element elementor-element-947dded elementor-section-boxed elementor-section-height-default elementor-section-height-default\" data-id=\"947dded\" data-element_type=\"section\" data-e-type=\"section\" data-settings=\"{&quot;background_background&quot;:&quot;classic&quot;}\">\n\t\t\t\t\t\t<div class=\"elementor-container elementor-column-gap-default\">\n\t\t\t\t\t<div class=\"elementor-column elementor-col-100 elementor-top-column elementor-element elementor-element-27b3fcb\" data-id=\"27b3fcb\" data-element_type=\"column\" data-e-type=\"column\">\n\t\t\t<div class=\"elementor-widget-wrap elementor-element-populated\">\n\t\t\t\t\t\t<div class=\"elementor-element elementor-element-28925cd elementor-grid-2 elementor-grid-tablet-2 elementor-grid-mobile-1 elementor-posts--thumbnail-top elementor-card-shadow-yes elementor-posts__hover-gradient elementor-widget elementor-widget-posts\" data-id=\"28925cd\" data-element_type=\"widget\" data-e-type=\"widget\" data-settings=\"{&quot;cards_masonry&quot;:&quot;yes&quot;,&quot;cards_columns&quot;:&quot;2&quot;,&quot;pagination_type&quot;:&quot;numbers&quot;,&quot;cards_columns_tablet&quot;:&quot;2&quot;,&quot;cards_columns_mobile&quot;:&quot;1&quot;,&quot;cards_row_gap&quot;:{&quot;unit&quot;:&quot;px&quot;,&quot;size&quot;:35,&quot;sizes&quot;:[]},&quot;cards_row_gap_tablet&quot;:{&quot;unit&quot;:&quot;px&quot;,&quot;size&quot;:&quot;&quot;,&quot;sizes&quot;:[]},&quot;cards_row_gap_mobile&quot;:{&quot;unit&quot;:&quot;px&quot;,&quot;size&quot;:&quot;&quot;,&quot;sizes&quot;:[]}}\" data-widget_type=\"posts.cards\">\n\t\t\t\t<div class=\"elementor-widget-container\">\n\t\t\t\t\t\t\t<div class=\"elementor-posts-container elementor-posts elementor-posts--skin-cards elementor-grid\" role=\"list\">\n\t\t\t\t<article class=\"elementor-post elementor-grid-item post-4709 post type-post status-publish format-standard has-post-thumbnail hentry category-oesterreich category-referenz\" role=\"listitem\">\n\t\t\t<div class=\"elementor-post__card\">\n\t\t\t\t<a class=\"elementor-post__thumbnail__link\" href=\"https:\/\/pulsair.net\/nl\/referenz\/bacher-kfz-radfeld-tirol-oesterreich\/\" tabindex=\"-1\" ><div class=\"elementor-post__thumbnail\"><img fetchpriority=\"high\" decoding=\"async\" width=\"1920\" height=\"1440\" src=\"https:\/\/pulsair.net\/wp-content\/uploads\/2025\/12\/IMG_1789.jpg\" class=\"attachment-full size-full wp-image-4711\" alt=\"\" srcset=\"https:\/\/pulsair.net\/wp-content\/uploads\/2025\/12\/IMG_1789.jpg 1920w, https:\/\/pulsair.net\/wp-content\/uploads\/2025\/12\/IMG_1789-300x225.jpg 300w, https:\/\/pulsair.net\/wp-content\/uploads\/2025\/12\/IMG_1789-1024x768.jpg 1024w, https:\/\/pulsair.net\/wp-content\/uploads\/2025\/12\/IMG_1789-768x576.jpg 768w, https:\/\/pulsair.net\/wp-content\/uploads\/2025\/12\/IMG_1789-1536x1152.jpg 1536w, https:\/\/pulsair.net\/wp-content\/uploads\/2025\/12\/IMG_1789-16x12.jpg 16w, https:\/\/pulsair.net\/wp-content\/uploads\/2025\/12\/IMG_1789-600x450.jpg 600w\" sizes=\"(max-width: 1920px) 100vw, 1920px\" \/><\/div><\/a>\n\t\t\t\t<div class=\"elementor-post__text\">\n\t\t\t\t<h3 class=\"elementor-post__title\">\n\t\t\t<a href=\"https:\/\/pulsair.net\/nl\/referenz\/bacher-kfz-radfeld-tirol-oesterreich\/\" >\n\t\t\t\tKfz Bacher Radfeld\/Tirol\/Oostenrijk \ud83c\udde6\ud83c\uddf9\t\t\t<\/a>\n\t\t<\/h3>\n\t\t\n\t\t<a class=\"elementor-post__read-more\" href=\"https:\/\/pulsair.net\/nl\/referenz\/bacher-kfz-radfeld-tirol-oesterreich\/\" aria-label=\"Read more about Kfz Bacher Radfeld\/Tirol\/\u00d6sterreich &#x1f1e6;&#x1f1f9;\" tabindex=\"-1\" >\n\t\t\tZur Referenz &gt;&gt;\t\t<\/a>\n\n\t\t\t\t<\/div>\n\t\t\t\t\t<\/div>\n\t\t<\/article>\n\t\t\t\t<article class=\"elementor-post elementor-grid-item post-4559 post type-post status-publish format-standard has-post-thumbnail hentry category-oesterreich category-referenz\" role=\"listitem\">\n\t\t\t<div class=\"elementor-post__card\">\n\t\t\t\t<a class=\"elementor-post__thumbnail__link\" href=\"https:\/\/pulsair.net\/nl\/referenz\/tichy-wien\/\" tabindex=\"-1\" ><div class=\"elementor-post__thumbnail\"><img decoding=\"async\" width=\"1600\" height=\"1600\" src=\"https:\/\/pulsair.net\/wp-content\/uploads\/2025\/10\/5-20251002_Werkstatt_007_va.jpg\" class=\"attachment-full size-full wp-image-4561\" alt=\"\" srcset=\"https:\/\/pulsair.net\/wp-content\/uploads\/2025\/10\/5-20251002_Werkstatt_007_va.jpg 1600w, https:\/\/pulsair.net\/wp-content\/uploads\/2025\/10\/5-20251002_Werkstatt_007_va-300x300.jpg 300w, https:\/\/pulsair.net\/wp-content\/uploads\/2025\/10\/5-20251002_Werkstatt_007_va-1024x1024.jpg 1024w, https:\/\/pulsair.net\/wp-content\/uploads\/2025\/10\/5-20251002_Werkstatt_007_va-150x150.jpg 150w, https:\/\/pulsair.net\/wp-content\/uploads\/2025\/10\/5-20251002_Werkstatt_007_va-768x768.jpg 768w, https:\/\/pulsair.net\/wp-content\/uploads\/2025\/10\/5-20251002_Werkstatt_007_va-1536x1536.jpg 1536w, https:\/\/pulsair.net\/wp-content\/uploads\/2025\/10\/5-20251002_Werkstatt_007_va-12x12.jpg 12w, https:\/\/pulsair.net\/wp-content\/uploads\/2025\/10\/5-20251002_Werkstatt_007_va-600x600.jpg 600w, https:\/\/pulsair.net\/wp-content\/uploads\/2025\/10\/5-20251002_Werkstatt_007_va-100x100.jpg 100w\" sizes=\"(max-width: 1600px) 100vw, 1600px\" \/><\/div><\/a>\n\t\t\t\t<div class=\"elementor-post__text\">\n\t\t\t\t<h3 class=\"elementor-post__title\">\n\t\t\t<a href=\"https:\/\/pulsair.net\/nl\/referenz\/tichy-wien\/\" >\n\t\t\t\tTichy Wenen\/Oostenrijk \ud83c\udde6\ud83c\uddf9\t\t\t<\/a>\n\t\t<\/h3>\n\t\t\n\t\t<a class=\"elementor-post__read-more\" href=\"https:\/\/pulsair.net\/nl\/referenz\/tichy-wien\/\" aria-label=\"Read more about Tichy Wien\/\u00d6sterreich &#x1f1e6;&#x1f1f9;\" tabindex=\"-1\" >\n\t\t\tZur Referenz &gt;&gt;\t\t<\/a>\n\n\t\t\t\t<\/div>\n\t\t\t\t\t<\/div>\n\t\t<\/article>\n\t\t\t\t<article class=\"elementor-post elementor-grid-item post-4551 post type-post status-publish format-standard has-post-thumbnail hentry category-oesterreich category-referenz\" role=\"listitem\">\n\t\t\t<div class=\"elementor-post__card\">\n\t\t\t\t<a class=\"elementor-post__thumbnail__link\" href=\"https:\/\/pulsair.net\/nl\/referenz\/paznauner-taja\/\" tabindex=\"-1\" ><div class=\"elementor-post__thumbnail\"><img decoding=\"async\" width=\"2048\" height=\"1536\" src=\"https:\/\/pulsair.net\/wp-content\/uploads\/2025\/10\/0e5ea468-e9bf-4e35-9be5-e897fa5c9b4e.jpg\" class=\"attachment-full size-full wp-image-4553\" alt=\"\" srcset=\"https:\/\/pulsair.net\/wp-content\/uploads\/2025\/10\/0e5ea468-e9bf-4e35-9be5-e897fa5c9b4e.jpg 2048w, https:\/\/pulsair.net\/wp-content\/uploads\/2025\/10\/0e5ea468-e9bf-4e35-9be5-e897fa5c9b4e-300x225.jpg 300w, https:\/\/pulsair.net\/wp-content\/uploads\/2025\/10\/0e5ea468-e9bf-4e35-9be5-e897fa5c9b4e-1024x768.jpg 1024w, https:\/\/pulsair.net\/wp-content\/uploads\/2025\/10\/0e5ea468-e9bf-4e35-9be5-e897fa5c9b4e-768x576.jpg 768w, https:\/\/pulsair.net\/wp-content\/uploads\/2025\/10\/0e5ea468-e9bf-4e35-9be5-e897fa5c9b4e-1536x1152.jpg 1536w, https:\/\/pulsair.net\/wp-content\/uploads\/2025\/10\/0e5ea468-e9bf-4e35-9be5-e897fa5c9b4e-16x12.jpg 16w, https:\/\/pulsair.net\/wp-content\/uploads\/2025\/10\/0e5ea468-e9bf-4e35-9be5-e897fa5c9b4e-600x450.jpg 600w\" sizes=\"(max-width: 2048px) 100vw, 2048px\" \/><\/div><\/a>\n\t\t\t\t<div class=\"elementor-post__text\">\n\t\t\t\t<h3 class=\"elementor-post__title\">\n\t\t\t<a href=\"https:\/\/pulsair.net\/nl\/referenz\/paznauner-taja\/\" >\n\t\t\t\tPaznauner Taja Ischgl\/Tirol\/Oostenrijk \ud83c\udde6\ud83c\uddf9\t\t\t<\/a>\n\t\t<\/h3>\n\t\t\n\t\t<a class=\"elementor-post__read-more\" href=\"https:\/\/pulsair.net\/nl\/referenz\/paznauner-taja\/\" aria-label=\"Read more about Paznauner Taja Ischgl\/Tirol\/\u00d6sterreich &#x1f1e6;&#x1f1f9;\" tabindex=\"-1\" >\n\t\t\tZur Referenz &gt;&gt;\t\t<\/a>\n\n\t\t\t\t<\/div>\n\t\t\t\t\t<\/div>\n\t\t<\/article>\n\t\t\t\t<article class=\"elementor-post elementor-grid-item post-4478 post type-post status-publish format-standard has-post-thumbnail hentry category-oesterreich category-referenz\" role=\"listitem\">\n\t\t\t<div class=\"elementor-post__card\">\n\t\t\t\t<a class=\"elementor-post__thumbnail__link\" href=\"https:\/\/pulsair.net\/nl\/referenz\/wiener-folierer\/\" tabindex=\"-1\" ><div class=\"elementor-post__thumbnail\"><img loading=\"lazy\" decoding=\"async\" width=\"1920\" height=\"1280\" src=\"https:\/\/pulsair.net\/wp-content\/uploads\/2025\/09\/2025_Setzer_Murat_Wiener_Folierer_Katarina_Lindbichler_Fotografie-15-1.jpg\" class=\"attachment-full size-full wp-image-4509\" alt=\"\" srcset=\"https:\/\/pulsair.net\/wp-content\/uploads\/2025\/09\/2025_Setzer_Murat_Wiener_Folierer_Katarina_Lindbichler_Fotografie-15-1.jpg 1920w, https:\/\/pulsair.net\/wp-content\/uploads\/2025\/09\/2025_Setzer_Murat_Wiener_Folierer_Katarina_Lindbichler_Fotografie-15-1-300x200.jpg 300w, https:\/\/pulsair.net\/wp-content\/uploads\/2025\/09\/2025_Setzer_Murat_Wiener_Folierer_Katarina_Lindbichler_Fotografie-15-1-1024x683.jpg 1024w, https:\/\/pulsair.net\/wp-content\/uploads\/2025\/09\/2025_Setzer_Murat_Wiener_Folierer_Katarina_Lindbichler_Fotografie-15-1-768x512.jpg 768w, https:\/\/pulsair.net\/wp-content\/uploads\/2025\/09\/2025_Setzer_Murat_Wiener_Folierer_Katarina_Lindbichler_Fotografie-15-1-1536x1024.jpg 1536w, https:\/\/pulsair.net\/wp-content\/uploads\/2025\/09\/2025_Setzer_Murat_Wiener_Folierer_Katarina_Lindbichler_Fotografie-15-1-18x12.jpg 18w, https:\/\/pulsair.net\/wp-content\/uploads\/2025\/09\/2025_Setzer_Murat_Wiener_Folierer_Katarina_Lindbichler_Fotografie-15-1-600x400.jpg 600w\" sizes=\"(max-width: 1920px) 100vw, 1920px\" \/><\/div><\/a>\n\t\t\t\t<div class=\"elementor-post__text\">\n\t\t\t\t<h3 class=\"elementor-post__title\">\n\t\t\t<a href=\"https:\/\/pulsair.net\/nl\/referenz\/wiener-folierer\/\" >\n\t\t\t\tWiener Folierer Wenen\/Oostenrijk \ud83c\udde6\ud83c\uddf9\t\t\t<\/a>\n\t\t<\/h3>\n\t\t\n\t\t<a class=\"elementor-post__read-more\" href=\"https:\/\/pulsair.net\/nl\/referenz\/wiener-folierer\/\" aria-label=\"Read more about Wiener Folierer Wien\/\u00d6sterreich &#x1f1e6;&#x1f1f9;\" tabindex=\"-1\" >\n\t\t\tZur Referenz &gt;&gt;\t\t<\/a>\n\n\t\t\t\t<\/div>\n\t\t\t\t\t<\/div>\n\t\t<\/article>\n\t\t\t\t<article class=\"elementor-post elementor-grid-item post-4442 post type-post status-publish format-standard has-post-thumbnail hentry category-oesterreich category-referenz\" role=\"listitem\">\n\t\t\t<div class=\"elementor-post__card\">\n\t\t\t\t<a class=\"elementor-post__thumbnail__link\" href=\"https:\/\/pulsair.net\/nl\/referenz\/karosserie-inmann-gmbh\/\" tabindex=\"-1\" ><div class=\"elementor-post__thumbnail\"><img loading=\"lazy\" decoding=\"async\" width=\"1361\" height=\"1920\" src=\"https:\/\/pulsair.net\/wp-content\/uploads\/2025\/09\/\u00a9christofgaggl__\u00a9christofgaggl__MCG_9878-2.jpg\" class=\"attachment-full size-full wp-image-4444\" alt=\"\" srcset=\"https:\/\/pulsair.net\/wp-content\/uploads\/2025\/09\/\u00a9christofgaggl__\u00a9christofgaggl__MCG_9878-2.jpg 1361w, https:\/\/pulsair.net\/wp-content\/uploads\/2025\/09\/\u00a9christofgaggl__\u00a9christofgaggl__MCG_9878-2-213x300.jpg 213w, https:\/\/pulsair.net\/wp-content\/uploads\/2025\/09\/\u00a9christofgaggl__\u00a9christofgaggl__MCG_9878-2-726x1024.jpg 726w, https:\/\/pulsair.net\/wp-content\/uploads\/2025\/09\/\u00a9christofgaggl__\u00a9christofgaggl__MCG_9878-2-768x1083.jpg 768w, https:\/\/pulsair.net\/wp-content\/uploads\/2025\/09\/\u00a9christofgaggl__\u00a9christofgaggl__MCG_9878-2-1089x1536.jpg 1089w, https:\/\/pulsair.net\/wp-content\/uploads\/2025\/09\/\u00a9christofgaggl__\u00a9christofgaggl__MCG_9878-2-9x12.jpg 9w, https:\/\/pulsair.net\/wp-content\/uploads\/2025\/09\/\u00a9christofgaggl__\u00a9christofgaggl__MCG_9878-2-600x846.jpg 600w\" sizes=\"(max-width: 1361px) 100vw, 1361px\" \/><\/div><\/a>\n\t\t\t\t<div class=\"elementor-post__text\">\n\t\t\t\t<h3 class=\"elementor-post__title\">\n\t\t\t<a href=\"https:\/\/pulsair.net\/nl\/referenz\/karosserie-inmann-gmbh\/\" >\n\t\t\t\tKarosserie Inmann GmbH Lienz\/Oost-Tirol\/Oostenrijk \ud83c\udde6\ud83c\uddf9\t\t\t<\/a>\n\t\t<\/h3>\n\t\t\n\t\t<a class=\"elementor-post__read-more\" href=\"https:\/\/pulsair.net\/nl\/referenz\/karosserie-inmann-gmbh\/\" aria-label=\"Read more about Karosserie Inmann GmbH Lienz\/Osttirol\/\u00d6sterreich &#x1f1e6;&#x1f1f9;\" tabindex=\"-1\" >\n\t\t\tZur Referenz &gt;&gt;\t\t<\/a>\n\n\t\t\t\t<\/div>\n\t\t\t\t\t<\/div>\n\t\t<\/article>\n\t\t\t\t<article class=\"elementor-post elementor-grid-item post-4406 post type-post status-publish format-standard has-post-thumbnail hentry category-oesterreich category-referenz\" role=\"listitem\">\n\t\t\t<div class=\"elementor-post__card\">\n\t\t\t\t<a class=\"elementor-post__thumbnail__link\" href=\"https:\/\/pulsair.net\/nl\/referenz\/automobile-gierer-eu-liebenau\/\" tabindex=\"-1\" ><div class=\"elementor-post__thumbnail\"><img loading=\"lazy\" decoding=\"async\" width=\"1920\" height=\"1280\" src=\"https:\/\/pulsair.net\/wp-content\/uploads\/2025\/09\/DSC7867.jpg\" class=\"attachment-full size-full wp-image-4408\" alt=\"\" srcset=\"https:\/\/pulsair.net\/wp-content\/uploads\/2025\/09\/DSC7867.jpg 1920w, https:\/\/pulsair.net\/wp-content\/uploads\/2025\/09\/DSC7867-300x200.jpg 300w, https:\/\/pulsair.net\/wp-content\/uploads\/2025\/09\/DSC7867-1024x683.jpg 1024w, https:\/\/pulsair.net\/wp-content\/uploads\/2025\/09\/DSC7867-768x512.jpg 768w, https:\/\/pulsair.net\/wp-content\/uploads\/2025\/09\/DSC7867-1536x1024.jpg 1536w, https:\/\/pulsair.net\/wp-content\/uploads\/2025\/09\/DSC7867-18x12.jpg 18w, https:\/\/pulsair.net\/wp-content\/uploads\/2025\/09\/DSC7867-600x400.jpg 600w\" sizes=\"(max-width: 1920px) 100vw, 1920px\" \/><\/div><\/a>\n\t\t\t\t<div class=\"elementor-post__text\">\n\t\t\t\t<h3 class=\"elementor-post__title\">\n\t\t\t<a href=\"https:\/\/pulsair.net\/nl\/referenz\/automobile-gierer-eu-liebenau\/\" >\n\t\t\t\tAutomobile Gierer e.U. Liebenau\/Upper-Oostenrijk \ud83c\udde6\ud83c\uddf9\t\t\t<\/a>\n\t\t<\/h3>\n\t\t\n\t\t<a class=\"elementor-post__read-more\" href=\"https:\/\/pulsair.net\/nl\/referenz\/automobile-gierer-eu-liebenau\/\" aria-label=\"Read more about Automobile Gierer e.U. Liebenau\/Ober\u00f6sterreich &#x1f1e6;&#x1f1f9;\" tabindex=\"-1\" >\n\t\t\tZur Referenz &gt;&gt;\t\t<\/a>\n\n\t\t\t\t<\/div>\n\t\t\t\t\t<\/div>\n\t\t<\/article>\n\t\t\t\t<article class=\"elementor-post elementor-grid-item post-3824 post type-post status-publish format-standard has-post-thumbnail hentry category-oesterreich category-referenz\" role=\"listitem\">\n\t\t\t<div class=\"elementor-post__card\">\n\t\t\t\t<a class=\"elementor-post__thumbnail__link\" href=\"https:\/\/pulsair.net\/nl\/referenz\/car-technik-west-landeck-tirol-oesterreich\/\" tabindex=\"-1\" ><div class=\"elementor-post__thumbnail\"><img loading=\"lazy\" decoding=\"async\" width=\"1500\" height=\"2000\" src=\"https:\/\/pulsair.net\/wp-content\/uploads\/2024\/11\/01401052-cfe1-4f8c-94de-2fcba58fcbb1.jpg\" class=\"attachment-full size-full wp-image-3827\" alt=\"\" srcset=\"https:\/\/pulsair.net\/wp-content\/uploads\/2024\/11\/01401052-cfe1-4f8c-94de-2fcba58fcbb1.jpg 1500w, https:\/\/pulsair.net\/wp-content\/uploads\/2024\/11\/01401052-cfe1-4f8c-94de-2fcba58fcbb1-225x300.jpg 225w, https:\/\/pulsair.net\/wp-content\/uploads\/2024\/11\/01401052-cfe1-4f8c-94de-2fcba58fcbb1-768x1024.jpg 768w, https:\/\/pulsair.net\/wp-content\/uploads\/2024\/11\/01401052-cfe1-4f8c-94de-2fcba58fcbb1-1152x1536.jpg 1152w, https:\/\/pulsair.net\/wp-content\/uploads\/2024\/11\/01401052-cfe1-4f8c-94de-2fcba58fcbb1-600x800.jpg 600w\" sizes=\"(max-width: 1500px) 100vw, 1500px\" \/><\/div><\/a>\n\t\t\t\t<div class=\"elementor-post__text\">\n\t\t\t\t<h3 class=\"elementor-post__title\">\n\t\t\t<a href=\"https:\/\/pulsair.net\/nl\/referenz\/car-technik-west-landeck-tirol-oesterreich\/\" >\n\t\t\t\tAutotechniek West Landeck\/Tirol\/Oostenrijk \ud83c\udde6\ud83c\uddf9\t\t\t<\/a>\n\t\t<\/h3>\n\t\t\n\t\t<a class=\"elementor-post__read-more\" href=\"https:\/\/pulsair.net\/nl\/referenz\/car-technik-west-landeck-tirol-oesterreich\/\" aria-label=\"Read more about Car Technik West Landeck\/Tirol\/\u00d6sterreich &#x1f1e6;&#x1f1f9;\" tabindex=\"-1\" >\n\t\t\tZur Referenz &gt;&gt;\t\t<\/a>\n\n\t\t\t\t<\/div>\n\t\t\t\t\t<\/div>\n\t\t<\/article>\n\t\t\t\t<article class=\"elementor-post elementor-grid-item post-3786 post type-post status-publish format-standard has-post-thumbnail hentry category-oesterreich category-referenz\" role=\"listitem\">\n\t\t\t<div class=\"elementor-post__card\">\n\t\t\t\t<a class=\"elementor-post__thumbnail__link\" href=\"https:\/\/pulsair.net\/nl\/referenz\/anton-hawle-wien-oesterreich\/\" tabindex=\"-1\" ><div class=\"elementor-post__thumbnail\"><img loading=\"lazy\" decoding=\"async\" width=\"1277\" height=\"1920\" src=\"https:\/\/pulsair.net\/wp-content\/uploads\/2024\/11\/8-2024_Puls-Austria-1453.jpg\" class=\"attachment-full size-full wp-image-3788\" alt=\"Anton Hawle Betriebsleiter KFZ- Techniker Mst.\" srcset=\"https:\/\/pulsair.net\/wp-content\/uploads\/2024\/11\/8-2024_Puls-Austria-1453.jpg 1277w, https:\/\/pulsair.net\/wp-content\/uploads\/2024\/11\/8-2024_Puls-Austria-1453-200x300.jpg 200w, https:\/\/pulsair.net\/wp-content\/uploads\/2024\/11\/8-2024_Puls-Austria-1453-681x1024.jpg 681w, https:\/\/pulsair.net\/wp-content\/uploads\/2024\/11\/8-2024_Puls-Austria-1453-768x1155.jpg 768w, https:\/\/pulsair.net\/wp-content\/uploads\/2024\/11\/8-2024_Puls-Austria-1453-1022x1536.jpg 1022w, https:\/\/pulsair.net\/wp-content\/uploads\/2024\/11\/8-2024_Puls-Austria-1453-600x902.jpg 600w\" sizes=\"(max-width: 1277px) 100vw, 1277px\" \/><\/div><\/a>\n\t\t\t\t<div class=\"elementor-post__text\">\n\t\t\t\t<h3 class=\"elementor-post__title\">\n\t\t\t<a href=\"https:\/\/pulsair.net\/nl\/referenz\/anton-hawle-wien-oesterreich\/\" >\n\t\t\t\tAnton Hawle Wenen\/Oostenrijk \ud83c\udde6\ud83c\uddf9\t\t\t<\/a>\n\t\t<\/h3>\n\t\t\n\t\t<a class=\"elementor-post__read-more\" href=\"https:\/\/pulsair.net\/nl\/referenz\/anton-hawle-wien-oesterreich\/\" aria-label=\"Read more about Anton Hawle Wien\/\u00d6sterreich &#x1f1e6;&#x1f1f9;\" tabindex=\"-1\" >\n\t\t\tZur Referenz &gt;&gt;\t\t<\/a>\n\n\t\t\t\t<\/div>\n\t\t\t\t\t<\/div>\n\t\t<\/article>\n\t\t\t\t<article class=\"elementor-post elementor-grid-item post-3638 post type-post status-publish format-standard has-post-thumbnail hentry category-oesterreich category-referenz\" role=\"listitem\">\n\t\t\t<div class=\"elementor-post__card\">\n\t\t\t\t<a class=\"elementor-post__thumbnail__link\" href=\"https:\/\/pulsair.net\/nl\/referenz\/coolchevy-raceparts-graz-steiermark-oesterreich\/\" tabindex=\"-1\" ><div class=\"elementor-post__thumbnail\"><img loading=\"lazy\" decoding=\"async\" width=\"1931\" height=\"2560\" src=\"https:\/\/pulsair.net\/wp-content\/uploads\/2024\/10\/Coolchevy-Raceparts-Puls-Aircut-scaled.jpg\" class=\"attachment-full size-full wp-image-3642\" alt=\"\" srcset=\"https:\/\/pulsair.net\/wp-content\/uploads\/2024\/10\/Coolchevy-Raceparts-Puls-Aircut-scaled.jpg 1931w, https:\/\/pulsair.net\/wp-content\/uploads\/2024\/10\/Coolchevy-Raceparts-Puls-Aircut-226x300.jpg 226w, https:\/\/pulsair.net\/wp-content\/uploads\/2024\/10\/Coolchevy-Raceparts-Puls-Aircut-772x1024.jpg 772w, https:\/\/pulsair.net\/wp-content\/uploads\/2024\/10\/Coolchevy-Raceparts-Puls-Aircut-768x1018.jpg 768w, https:\/\/pulsair.net\/wp-content\/uploads\/2024\/10\/Coolchevy-Raceparts-Puls-Aircut-1158x1536.jpg 1158w, https:\/\/pulsair.net\/wp-content\/uploads\/2024\/10\/Coolchevy-Raceparts-Puls-Aircut-1544x2048.jpg 1544w, https:\/\/pulsair.net\/wp-content\/uploads\/2024\/10\/Coolchevy-Raceparts-Puls-Aircut-600x796.jpg 600w\" sizes=\"(max-width: 1931px) 100vw, 1931px\" \/><\/div><\/a>\n\t\t\t\t<div class=\"elementor-post__text\">\n\t\t\t\t<h3 class=\"elementor-post__title\">\n\t\t\t<a href=\"https:\/\/pulsair.net\/nl\/referenz\/coolchevy-raceparts-graz-steiermark-oesterreich\/\" >\n\t\t\t\tCoolchevy Raceparts, Graz, Stiermarken, Oostenrijk \ud83c\udde6\ud83c\uddf9\t\t\t<\/a>\n\t\t<\/h3>\n\t\t\n\t\t<a class=\"elementor-post__read-more\" href=\"https:\/\/pulsair.net\/nl\/referenz\/coolchevy-raceparts-graz-steiermark-oesterreich\/\" aria-label=\"Read more about Coolchevy Raceparts, Graz, Steiermark, \u00d6sterreich &#x1f1e6;&#x1f1f9;\" tabindex=\"-1\" >\n\t\t\tZur Referenz &gt;&gt;\t\t<\/a>\n\n\t\t\t\t<\/div>\n\t\t\t\t\t<\/div>\n\t\t<\/article>\n\t\t\t\t<article class=\"elementor-post elementor-grid-item post-3551 post type-post status-publish format-standard has-post-thumbnail hentry category-oesterreich category-referenz\" role=\"listitem\">\n\t\t\t<div class=\"elementor-post__card\">\n\t\t\t\t<a class=\"elementor-post__thumbnail__link\" href=\"https:\/\/pulsair.net\/nl\/referenz\/auto-wiesenberg-gmbh-niederoesterreich\/\" tabindex=\"-1\" ><div class=\"elementor-post__thumbnail\"><img loading=\"lazy\" decoding=\"async\" width=\"1920\" height=\"1280\" src=\"https:\/\/pulsair.net\/wp-content\/uploads\/2024\/09\/DSC09665.jpg\" class=\"attachment-full size-full wp-image-3555\" alt=\"Ales Wiesenberg, Inhaber mit Puls-air Heizger\u00e4t\" srcset=\"https:\/\/pulsair.net\/wp-content\/uploads\/2024\/09\/DSC09665.jpg 1920w, https:\/\/pulsair.net\/wp-content\/uploads\/2024\/09\/DSC09665-300x200.jpg 300w, https:\/\/pulsair.net\/wp-content\/uploads\/2024\/09\/DSC09665-1024x683.jpg 1024w, https:\/\/pulsair.net\/wp-content\/uploads\/2024\/09\/DSC09665-768x512.jpg 768w, https:\/\/pulsair.net\/wp-content\/uploads\/2024\/09\/DSC09665-1536x1024.jpg 1536w, https:\/\/pulsair.net\/wp-content\/uploads\/2024\/09\/DSC09665-600x400.jpg 600w\" sizes=\"(max-width: 1920px) 100vw, 1920px\" \/><\/div><\/a>\n\t\t\t\t<div class=\"elementor-post__text\">\n\t\t\t\t<h3 class=\"elementor-post__title\">\n\t\t\t<a href=\"https:\/\/pulsair.net\/nl\/referenz\/auto-wiesenberg-gmbh-niederoesterreich\/\" >\n\t\t\t\tAuto Wiesenberg GmbH, Neder-Oostenrijk \ud83c\udde6\ud83c\uddf9\t\t\t<\/a>\n\t\t<\/h3>\n\t\t\n\t\t<a class=\"elementor-post__read-more\" href=\"https:\/\/pulsair.net\/nl\/referenz\/auto-wiesenberg-gmbh-niederoesterreich\/\" aria-label=\"Read more about Auto Wiesenberg GmbH, Nieder\u00f6sterreich &#x1f1e6;&#x1f1f9;\" tabindex=\"-1\" >\n\t\t\tZur Referenz &gt;&gt;\t\t<\/a>\n\n\t\t\t\t<\/div>\n\t\t\t\t\t<\/div>\n\t\t<\/article>\n\t\t\t\t<article class=\"elementor-post elementor-grid-item post-3542 post type-post status-publish format-standard has-post-thumbnail hentry category-oesterreich category-referenz\" role=\"listitem\">\n\t\t\t<div class=\"elementor-post__card\">\n\t\t\t\t<a class=\"elementor-post__thumbnail__link\" href=\"https:\/\/pulsair.net\/nl\/referenz\/kfz-technik-herlbauer-alfred-treubach-oberoesterreich\/\" tabindex=\"-1\" ><div class=\"elementor-post__thumbnail\"><img loading=\"lazy\" decoding=\"async\" width=\"1200\" height=\"1600\" src=\"https:\/\/pulsair.net\/wp-content\/uploads\/2024\/09\/a77fd1f1-f20e-4f54-9333-4bd643af023a.jpg\" class=\"attachment-full size-full wp-image-3546\" alt=\"KFZ Technik Herlbauer Alfred Treubach, Ober\u00f6sterreich\" srcset=\"https:\/\/pulsair.net\/wp-content\/uploads\/2024\/09\/a77fd1f1-f20e-4f54-9333-4bd643af023a.jpg 1200w, https:\/\/pulsair.net\/wp-content\/uploads\/2024\/09\/a77fd1f1-f20e-4f54-9333-4bd643af023a-225x300.jpg 225w, https:\/\/pulsair.net\/wp-content\/uploads\/2024\/09\/a77fd1f1-f20e-4f54-9333-4bd643af023a-768x1024.jpg 768w, https:\/\/pulsair.net\/wp-content\/uploads\/2024\/09\/a77fd1f1-f20e-4f54-9333-4bd643af023a-1152x1536.jpg 1152w, https:\/\/pulsair.net\/wp-content\/uploads\/2024\/09\/a77fd1f1-f20e-4f54-9333-4bd643af023a-600x800.jpg 600w\" sizes=\"(max-width: 1200px) 100vw, 1200px\" \/><\/div><\/a>\n\t\t\t\t<div class=\"elementor-post__text\">\n\t\t\t\t<h3 class=\"elementor-post__title\">\n\t\t\t<a href=\"https:\/\/pulsair.net\/nl\/referenz\/kfz-technik-herlbauer-alfred-treubach-oberoesterreich\/\" >\n\t\t\t\tKFZ Technik Herlbauer Alfred Treubach, Opper-Oostenrijk \ud83c\udde6\ud83c\uddf9\t\t\t<\/a>\n\t\t<\/h3>\n\t\t\n\t\t<a class=\"elementor-post__read-more\" href=\"https:\/\/pulsair.net\/nl\/referenz\/kfz-technik-herlbauer-alfred-treubach-oberoesterreich\/\" aria-label=\"Read more about KFZ Technik Herlbauer Alfred Treubach, Ober\u00f6sterreich &#x1f1e6;&#x1f1f9;\" tabindex=\"-1\" >\n\t\t\tZur Referenz &gt;&gt;\t\t<\/a>\n\n\t\t\t\t<\/div>\n\t\t\t\t\t<\/div>\n\t\t<\/article>\n\t\t\t\t<article class=\"elementor-post elementor-grid-item post-3483 post type-post status-publish format-standard has-post-thumbnail hentry category-oesterreich category-referenz\" role=\"listitem\">\n\t\t\t<div class=\"elementor-post__card\">\n\t\t\t\t<a class=\"elementor-post__thumbnail__link\" href=\"https:\/\/pulsair.net\/nl\/referenz\/kfz-holzmann-st-veit-an-der-glan-kaernten-oesterreich\/\" tabindex=\"-1\" ><div class=\"elementor-post__thumbnail\"><img loading=\"lazy\" decoding=\"async\" width=\"1440\" height=\"2560\" src=\"https:\/\/pulsair.net\/wp-content\/uploads\/2024\/09\/puls-air-1-scaled.jpg\" class=\"attachment-full size-full wp-image-3485\" alt=\"Gerald Holzmann die KFZ Holzmann GmbH mit Puls-air Heizger\u00e4t\" srcset=\"https:\/\/pulsair.net\/wp-content\/uploads\/2024\/09\/puls-air-1-scaled.jpg 1440w, https:\/\/pulsair.net\/wp-content\/uploads\/2024\/09\/puls-air-1-169x300.jpg 169w, https:\/\/pulsair.net\/wp-content\/uploads\/2024\/09\/puls-air-1-576x1024.jpg 576w, https:\/\/pulsair.net\/wp-content\/uploads\/2024\/09\/puls-air-1-768x1365.jpg 768w, https:\/\/pulsair.net\/wp-content\/uploads\/2024\/09\/puls-air-1-864x1536.jpg 864w, https:\/\/pulsair.net\/wp-content\/uploads\/2024\/09\/puls-air-1-1152x2048.jpg 1152w, https:\/\/pulsair.net\/wp-content\/uploads\/2024\/09\/puls-air-1-600x1066.jpg 600w\" sizes=\"(max-width: 1440px) 100vw, 1440px\" \/><\/div><\/a>\n\t\t\t\t<div class=\"elementor-post__text\">\n\t\t\t\t<h3 class=\"elementor-post__title\">\n\t\t\t<a href=\"https:\/\/pulsair.net\/nl\/referenz\/kfz-holzmann-st-veit-an-der-glan-kaernten-oesterreich\/\" >\n\t\t\t\tKFZ Holzmann St. Veit an der Glan\/Karinthi\u00eb\/Oostenrijk \ud83c\udde6\ud83c\uddf9\t\t\t<\/a>\n\t\t<\/h3>\n\t\t\n\t\t<a class=\"elementor-post__read-more\" href=\"https:\/\/pulsair.net\/nl\/referenz\/kfz-holzmann-st-veit-an-der-glan-kaernten-oesterreich\/\" aria-label=\"Read more about KFZ Holzmann St. Veit an der Glan\/K\u00e4rnten\/\u00d6sterreich &#x1f1e6;&#x1f1f9;\" tabindex=\"-1\" >\n\t\t\tZur Referenz &gt;&gt;\t\t<\/a>\n\n\t\t\t\t<\/div>\n\t\t\t\t\t<\/div>\n\t\t<\/article>\n\t\t\t\t<article class=\"elementor-post elementor-grid-item post-3381 post type-post status-publish format-standard has-post-thumbnail hentry category-oesterreich category-referenz\" role=\"listitem\">\n\t\t\t<div class=\"elementor-post__card\">\n\t\t\t\t<a class=\"elementor-post__thumbnail__link\" href=\"https:\/\/pulsair.net\/nl\/referenz\/autohaus-langschlag-bezirk-zwettl-niederoesterreich\/\" tabindex=\"-1\" ><div class=\"elementor-post__thumbnail\"><img loading=\"lazy\" decoding=\"async\" width=\"1280\" height=\"1920\" src=\"https:\/\/pulsair.net\/wp-content\/uploads\/2024\/08\/autohauslangschlag-1.jpg\" class=\"attachment-full size-full wp-image-3383\" alt=\"Gesch\u00e4ftsf\u00fchrer Autohaus Langenschlag Manuel E\u00dfmeister mit seinem Puls-air Heizger\u00e4t.\" srcset=\"https:\/\/pulsair.net\/wp-content\/uploads\/2024\/08\/autohauslangschlag-1.jpg 1280w, https:\/\/pulsair.net\/wp-content\/uploads\/2024\/08\/autohauslangschlag-1-200x300.jpg 200w, https:\/\/pulsair.net\/wp-content\/uploads\/2024\/08\/autohauslangschlag-1-683x1024.jpg 683w, https:\/\/pulsair.net\/wp-content\/uploads\/2024\/08\/autohauslangschlag-1-768x1152.jpg 768w, https:\/\/pulsair.net\/wp-content\/uploads\/2024\/08\/autohauslangschlag-1-1024x1536.jpg 1024w, https:\/\/pulsair.net\/wp-content\/uploads\/2024\/08\/autohauslangschlag-1-600x900.jpg 600w\" sizes=\"(max-width: 1280px) 100vw, 1280px\" \/><\/div><\/a>\n\t\t\t\t<div class=\"elementor-post__text\">\n\t\t\t\t<h3 class=\"elementor-post__title\">\n\t\t\t<a href=\"https:\/\/pulsair.net\/nl\/referenz\/autohaus-langschlag-bezirk-zwettl-niederoesterreich\/\" >\n\t\t\t\tAutohandel Langschlag district Zwettl\/Neder-Oostenrijk \ud83c\udde6\ud83c\uddf9\t\t\t<\/a>\n\t\t<\/h3>\n\t\t\n\t\t<a class=\"elementor-post__read-more\" href=\"https:\/\/pulsair.net\/nl\/referenz\/autohaus-langschlag-bezirk-zwettl-niederoesterreich\/\" aria-label=\"Read more about Autohaus Langschlag Bezirk Zwettl\/Nieder\u00f6sterreich &#x1f1e6;&#x1f1f9;\" tabindex=\"-1\" >\n\t\t\tZur Referenz &gt;&gt;\t\t<\/a>\n\n\t\t\t\t<\/div>\n\t\t\t\t\t<\/div>\n\t\t<\/article>\n\t\t\t\t<article class=\"elementor-post elementor-grid-item post-3372 post type-post status-publish format-standard has-post-thumbnail hentry category-oesterreich category-referenz\" role=\"listitem\">\n\t\t\t<div class=\"elementor-post__card\">\n\t\t\t\t<a class=\"elementor-post__thumbnail__link\" href=\"https:\/\/pulsair.net\/nl\/referenz\/kfz-polaschek-eberndorf-kaernten-oesterreich\/\" tabindex=\"-1\" ><div class=\"elementor-post__thumbnail\"><img loading=\"lazy\" decoding=\"async\" width=\"1920\" height=\"1280\" src=\"https:\/\/pulsair.net\/wp-content\/uploads\/2024\/08\/AlexPolaschek-2.jpg\" class=\"attachment-full size-full wp-image-3374\" alt=\"Inhaber Alexander Polaschek mit Team vor der sparsamen Puls-air Heizung\" srcset=\"https:\/\/pulsair.net\/wp-content\/uploads\/2024\/08\/AlexPolaschek-2.jpg 1920w, https:\/\/pulsair.net\/wp-content\/uploads\/2024\/08\/AlexPolaschek-2-300x200.jpg 300w, https:\/\/pulsair.net\/wp-content\/uploads\/2024\/08\/AlexPolaschek-2-1024x683.jpg 1024w, https:\/\/pulsair.net\/wp-content\/uploads\/2024\/08\/AlexPolaschek-2-768x512.jpg 768w, https:\/\/pulsair.net\/wp-content\/uploads\/2024\/08\/AlexPolaschek-2-1536x1024.jpg 1536w, https:\/\/pulsair.net\/wp-content\/uploads\/2024\/08\/AlexPolaschek-2-600x400.jpg 600w\" sizes=\"(max-width: 1920px) 100vw, 1920px\" \/><\/div><\/a>\n\t\t\t\t<div class=\"elementor-post__text\">\n\t\t\t\t<h3 class=\"elementor-post__title\">\n\t\t\t<a href=\"https:\/\/pulsair.net\/nl\/referenz\/kfz-polaschek-eberndorf-kaernten-oesterreich\/\" >\n\t\t\t\tKFZ-Polaschek Eberndorf\/Karinthi\u00eb\/Oostenrijk \ud83c\udde6\ud83c\uddf9\t\t\t<\/a>\n\t\t<\/h3>\n\t\t\n\t\t<a class=\"elementor-post__read-more\" href=\"https:\/\/pulsair.net\/nl\/referenz\/kfz-polaschek-eberndorf-kaernten-oesterreich\/\" aria-label=\"Read more about KFZ-Polaschek Eberndorf\/K\u00e4rnten\/\u00d6sterreich &#x1f1e6;&#x1f1f9;\" tabindex=\"-1\" >\n\t\t\tZur Referenz &gt;&gt;\t\t<\/a>\n\n\t\t\t\t<\/div>\n\t\t\t\t\t<\/div>\n\t\t<\/article>\n\t\t\t\t<article class=\"elementor-post elementor-grid-item post-2564 post type-post status-publish format-standard has-post-thumbnail hentry category-oesterreich category-referenz\" role=\"listitem\">\n\t\t\t<div class=\"elementor-post__card\">\n\t\t\t\t<a class=\"elementor-post__thumbnail__link\" href=\"https:\/\/pulsair.net\/nl\/referenz\/autohaus-schinagl-enns\/\" tabindex=\"-1\" ><div class=\"elementor-post__thumbnail\"><img loading=\"lazy\" decoding=\"async\" width=\"1500\" height=\"1001\" src=\"https:\/\/pulsair.net\/wp-content\/uploads\/2023\/08\/DSC2359-Bearbeitet.jpg\" class=\"attachment-full size-full wp-image-2567\" alt=\"Herbert Schinagl Gesch\u00e4ftsf\u00fchrer Autohaus Schinagl mit Puls-air Heizung\" srcset=\"https:\/\/pulsair.net\/wp-content\/uploads\/2023\/08\/DSC2359-Bearbeitet.jpg 1500w, https:\/\/pulsair.net\/wp-content\/uploads\/2023\/08\/DSC2359-Bearbeitet-300x200.jpg 300w, https:\/\/pulsair.net\/wp-content\/uploads\/2023\/08\/DSC2359-Bearbeitet-1024x683.jpg 1024w, https:\/\/pulsair.net\/wp-content\/uploads\/2023\/08\/DSC2359-Bearbeitet-768x513.jpg 768w, https:\/\/pulsair.net\/wp-content\/uploads\/2023\/08\/DSC2359-Bearbeitet-600x400.jpg 600w\" sizes=\"(max-width: 1500px) 100vw, 1500px\" \/><\/div><\/a>\n\t\t\t\t<div class=\"elementor-post__text\">\n\t\t\t\t<h3 class=\"elementor-post__title\">\n\t\t\t<a href=\"https:\/\/pulsair.net\/nl\/referenz\/autohaus-schinagl-enns\/\" >\n\t\t\t\tAutohaus Schinagl Enns Opper-Oostenrijk \ud83c\udde6\ud83c\uddf9\t\t\t<\/a>\n\t\t<\/h3>\n\t\t\n\t\t<a class=\"elementor-post__read-more\" href=\"https:\/\/pulsair.net\/nl\/referenz\/autohaus-schinagl-enns\/\" aria-label=\"Read more about Autohaus Schinagl Enns Ober\u00f6sterreich &#x1f1e6;&#x1f1f9;\" tabindex=\"-1\" >\n\t\t\tZur Referenz &gt;&gt;\t\t<\/a>\n\n\t\t\t\t<\/div>\n\t\t\t\t\t<\/div>\n\t\t<\/article>\n\t\t\t\t<article class=\"elementor-post elementor-grid-item post-2550 post type-post status-publish format-standard has-post-thumbnail hentry category-oesterreich category-referenz\" role=\"listitem\">\n\t\t\t<div class=\"elementor-post__card\">\n\t\t\t\t<a class=\"elementor-post__thumbnail__link\" href=\"https:\/\/pulsair.net\/nl\/referenz\/autohaus-schmuck-leobersdorf\/\" tabindex=\"-1\" ><div class=\"elementor-post__thumbnail\"><img loading=\"lazy\" decoding=\"async\" width=\"2560\" height=\"1707\" src=\"https:\/\/pulsair.net\/wp-content\/uploads\/2023\/08\/B9A0203-scaled.jpg\" class=\"attachment-full size-full wp-image-2552\" alt=\"Gesch\u00e4ftsf\u00fchrer des Autohaus Schmuck in Leobersdorf Phillip Steiner mit dem Puls-air Heizger\u00e4t\" srcset=\"https:\/\/pulsair.net\/wp-content\/uploads\/2023\/08\/B9A0203-scaled.jpg 2560w, https:\/\/pulsair.net\/wp-content\/uploads\/2023\/08\/B9A0203-300x200.jpg 300w, https:\/\/pulsair.net\/wp-content\/uploads\/2023\/08\/B9A0203-1024x683.jpg 1024w, https:\/\/pulsair.net\/wp-content\/uploads\/2023\/08\/B9A0203-768x512.jpg 768w, https:\/\/pulsair.net\/wp-content\/uploads\/2023\/08\/B9A0203-1536x1024.jpg 1536w, https:\/\/pulsair.net\/wp-content\/uploads\/2023\/08\/B9A0203-2048x1365.jpg 2048w, https:\/\/pulsair.net\/wp-content\/uploads\/2023\/08\/B9A0203-600x400.jpg 600w\" sizes=\"(max-width: 2560px) 100vw, 2560px\" \/><\/div><\/a>\n\t\t\t\t<div class=\"elementor-post__text\">\n\t\t\t\t<h3 class=\"elementor-post__title\">\n\t\t\t<a href=\"https:\/\/pulsair.net\/nl\/referenz\/autohaus-schmuck-leobersdorf\/\" >\n\t\t\t\tAutohaus Schmuck Leobersdorf\/District Baden\/Neder-Oostenrijk \ud83c\udde6\ud83c\uddf9\t\t\t<\/a>\n\t\t<\/h3>\n\t\t\n\t\t<a class=\"elementor-post__read-more\" href=\"https:\/\/pulsair.net\/nl\/referenz\/autohaus-schmuck-leobersdorf\/\" aria-label=\"Read more about Autohaus Schmuck Leobersdorf\/Bezirk Baden\/Nieder\u00f6sterreich &#x1f1e6;&#x1f1f9;\" tabindex=\"-1\" >\n\t\t\tZur Referenz &gt;&gt;\t\t<\/a>\n\n\t\t\t\t<\/div>\n\t\t\t\t\t<\/div>\n\t\t<\/article>\n\t\t\t\t<article class=\"elementor-post elementor-grid-item post-2414 post type-post status-publish format-standard has-post-thumbnail hentry category-oesterreich category-referenz\" role=\"listitem\">\n\t\t\t<div class=\"elementor-post__card\">\n\t\t\t\t<a class=\"elementor-post__thumbnail__link\" href=\"https:\/\/pulsair.net\/nl\/referenz\/autohaus-maly\/\" tabindex=\"-1\" ><div class=\"elementor-post__thumbnail\"><img loading=\"lazy\" decoding=\"async\" width=\"1360\" height=\"1020\" src=\"https:\/\/pulsair.net\/wp-content\/uploads\/2023\/04\/DSCF2205.jpg\" class=\"attachment-full size-full wp-image-2416\" alt=\"\" srcset=\"https:\/\/pulsair.net\/wp-content\/uploads\/2023\/04\/DSCF2205.jpg 1360w, https:\/\/pulsair.net\/wp-content\/uploads\/2023\/04\/DSCF2205-300x225.jpg 300w, https:\/\/pulsair.net\/wp-content\/uploads\/2023\/04\/DSCF2205-1024x768.jpg 1024w, https:\/\/pulsair.net\/wp-content\/uploads\/2023\/04\/DSCF2205-768x576.jpg 768w, https:\/\/pulsair.net\/wp-content\/uploads\/2023\/04\/DSCF2205-600x450.jpg 600w\" sizes=\"(max-width: 1360px) 100vw, 1360px\" \/><\/div><\/a>\n\t\t\t\t<div class=\"elementor-post__text\">\n\t\t\t\t<h3 class=\"elementor-post__title\">\n\t\t\t<a href=\"https:\/\/pulsair.net\/nl\/referenz\/autohaus-maly\/\" >\n\t\t\t\tAutohaus Maly Schrems\/Neder-Oostenrijk \ud83c\udde6\ud83c\uddf9\t\t\t<\/a>\n\t\t<\/h3>\n\t\t\n\t\t<a class=\"elementor-post__read-more\" href=\"https:\/\/pulsair.net\/nl\/referenz\/autohaus-maly\/\" aria-label=\"Read more about Autohaus Maly Schrems\/Nieder\u00f6sterreich &#x1f1e6;&#x1f1f9;\" tabindex=\"-1\" >\n\t\t\tZur Referenz &gt;&gt;\t\t<\/a>\n\n\t\t\t\t<\/div>\n\t\t\t\t\t<\/div>\n\t\t<\/article>\n\t\t\t\t<article class=\"elementor-post elementor-grid-item post-1058 post type-post status-publish format-standard has-post-thumbnail hentry category-oesterreich category-referenz\" role=\"listitem\">\n\t\t\t<div class=\"elementor-post__card\">\n\t\t\t\t<a class=\"elementor-post__thumbnail__link\" href=\"https:\/\/pulsair.net\/nl\/referenz\/schatzbergbahnen-wildschonau\/\" tabindex=\"-1\" ><div class=\"elementor-post__thumbnail\"><img loading=\"lazy\" decoding=\"async\" width=\"1920\" height=\"1080\" src=\"https:\/\/pulsair.net\/wp-content\/uploads\/2022\/04\/vlcsnap-2021-02-15-15h04m22s941.png\" class=\"attachment-full size-full wp-image-1060\" alt=\"\" srcset=\"https:\/\/pulsair.net\/wp-content\/uploads\/2022\/04\/vlcsnap-2021-02-15-15h04m22s941.png 1920w, https:\/\/pulsair.net\/wp-content\/uploads\/2022\/04\/vlcsnap-2021-02-15-15h04m22s941-300x169.png 300w, https:\/\/pulsair.net\/wp-content\/uploads\/2022\/04\/vlcsnap-2021-02-15-15h04m22s941-1024x576.png 1024w, https:\/\/pulsair.net\/wp-content\/uploads\/2022\/04\/vlcsnap-2021-02-15-15h04m22s941-768x432.png 768w, https:\/\/pulsair.net\/wp-content\/uploads\/2022\/04\/vlcsnap-2021-02-15-15h04m22s941-1536x864.png 1536w, https:\/\/pulsair.net\/wp-content\/uploads\/2022\/04\/vlcsnap-2021-02-15-15h04m22s941-600x338.png 600w\" sizes=\"(max-width: 1920px) 100vw, 1920px\" \/><\/div><\/a>\n\t\t\t\t<div class=\"elementor-post__text\">\n\t\t\t\t<h3 class=\"elementor-post__title\">\n\t\t\t<a href=\"https:\/\/pulsair.net\/nl\/referenz\/schatzbergbahnen-wildschonau\/\" >\n\t\t\t\tSchatzbergbahnen Wildsch\u00f6nau\/Tirol\/Oostenrijk \ud83c\udde6\ud83c\uddf9\t\t\t<\/a>\n\t\t<\/h3>\n\t\t\n\t\t<a class=\"elementor-post__read-more\" href=\"https:\/\/pulsair.net\/nl\/referenz\/schatzbergbahnen-wildschonau\/\" aria-label=\"Read more about Schatzbergbahnen Wildsch\u00f6nau\/Tirol\/\u00d6sterreich &#x1f1e6;&#x1f1f9;\" tabindex=\"-1\" >\n\t\t\tZur Referenz &gt;&gt;\t\t<\/a>\n\n\t\t\t\t<\/div>\n\t\t\t\t\t<\/div>\n\t\t<\/article>\n\t\t\t\t<\/div>\n\t\t\n\t\t\t\t\t\t<\/div>\n\t\t\t\t<\/div>\n\t\t\t\t\t<\/div>\n\t\t<\/div>\n\t\t\t\t\t<\/div>\n\t\t<\/section>\n\t\t\t\t<section class=\"elementor-section elementor-top-section elementor-element elementor-element-21a56cff elementor-section-boxed elementor-section-height-default elementor-section-height-default\" data-id=\"21a56cff\" data-element_type=\"section\" data-e-type=\"section\" data-settings=\"{&quot;background_background&quot;:&quot;classic&quot;}\">\n\t\t\t\t\t\t<div class=\"elementor-container elementor-column-gap-default\">\n\t\t\t\t\t<div class=\"elementor-column elementor-col-100 elementor-top-column elementor-element elementor-element-396e5e59\" data-id=\"396e5e59\" data-element_type=\"column\" data-e-type=\"column\" data-settings=\"{&quot;background_background&quot;:&quot;classic&quot;}\">\n\t\t\t<div class=\"elementor-widget-wrap elementor-element-populated\">\n\t\t\t\t\t\t<div class=\"elementor-element elementor-element-4d9246c he_span elementor-widget elementor-widget-global elementor-global-1352 elementor-widget-heading\" data-id=\"4d9246c\" data-element_type=\"widget\" data-e-type=\"widget\" data-widget_type=\"heading.default\">\n\t\t\t\t<div class=\"elementor-widget-container\">\n\t\t\t\t\t<p class=\"elementor-heading-title elementor-size-default\">Al vanaf ongeveer 200<span> \u20ac per maand<\/span> krijgen<br> Krijg eindelijk grip op uw energiekosten!<\/p>\t\t\t\t<\/div>\n\t\t\t\t<\/div>\n\t\t\t\t<div class=\"elementor-element elementor-element-479f501 elementor-align-center elementor-widget elementor-widget-button\" data-id=\"479f501\" data-element_type=\"widget\" data-e-type=\"widget\" data-widget_type=\"button.default\">\n\t\t\t\t<div class=\"elementor-widget-container\">\n\t\t\t\t\t\t\t\t\t<div class=\"elementor-button-wrapper\">\n\t\t\t\t\t<a class=\"elementor-button elementor-button-link elementor-size-sm elementor-animation-grow\" href=\"https:\/\/werkstattheizung.pulsair.net\/product\/\">\n\t\t\t\t\t\t<span class=\"elementor-button-content-wrapper\">\n\t\t\t\t\t\t\t\t\t<span class=\"elementor-button-text\">Bestel hier<\/span>\n\t\t\t\t\t<\/span>\n\t\t\t\t\t<\/a>\n\t\t\t\t<\/div>\n\t\t\t\t\t\t\t\t<\/div>\n\t\t\t\t<\/div>\n\t\t\t\t<div class=\"elementor-element elementor-element-3beccbce elementor-widget elementor-widget-text-editor\" data-id=\"3beccbce\" data-element_type=\"widget\" data-e-type=\"widget\" data-widget_type=\"text-editor.default\">\n\t\t\t\t<div class=\"elementor-widget-container\">\n\t\t\t\t\t\t\t\t\t<p>U kunt uw Puls-air werkplaatsverwarming kopen of voordelig leasen.<br \/>Nooit eerder was het zo eenvoudig om uw werkplaats voordelig te verwarmen.<\/p>\t\t\t\t\t\t\t\t<\/div>\n\t\t\t\t<\/div>\n\t\t\t\t<div class=\"elementor-element elementor-element-199f82dc elementor-widget elementor-widget-text-editor\" data-id=\"199f82dc\" data-element_type=\"widget\" data-e-type=\"widget\" data-widget_type=\"text-editor.default\">\n\t\t\t\t<div class=\"elementor-widget-container\">\n\t\t\t\t\t\t\t\t\t<p>*Zonder aanbetaling, restwaarde 10% van de aanschafwaarde (AW) plus BTW, looptijd 48 maanden, alleen voor Duitsland. Leasingaanbieding via onze partner MMV Leasing GmbH, onder voorbehoud van kredietcontrole, enz. De aangegeven leasetermijn is de nettotermijn (plus 19% btw voor Duitsland). MMV Leasing voert een acceptatiecontrole uit voordat het contract wordt afgesloten. 2 Garantieverlenging en stuurwielen kunnen niet worden geleased en moeten eventueel apart worden besteld. De vrachtkosten worden niet opnieuw in rekening gebracht.<\/p>\t\t\t\t\t\t\t\t<\/div>\n\t\t\t\t<\/div>\n\t\t\t\t\t<\/div>\n\t\t<\/div>\n\t\t\t\t\t<\/div>\n\t\t<\/section>\n\t\t\t\t<section class=\"elementor-section elementor-top-section elementor-element elementor-element-62724756 elementor-section-boxed elementor-section-height-default elementor-section-height-default\" data-id=\"62724756\" data-element_type=\"section\" data-e-type=\"section\">\n\t\t\t\t\t\t<div class=\"elementor-container elementor-column-gap-default\">\n\t\t\t\t\t<div class=\"elementor-column elementor-col-100 elementor-top-column elementor-element elementor-element-737e36fa\" data-id=\"737e36fa\" data-element_type=\"column\" data-e-type=\"column\" data-settings=\"{&quot;background_background&quot;:&quot;classic&quot;}\">\n\t\t\t<div class=\"elementor-widget-wrap elementor-element-populated\">\n\t\t\t\t\t\t<div class=\"elementor-element elementor-element-3d448fb4 elementor-widget elementor-widget-heading\" data-id=\"3d448fb4\" data-element_type=\"widget\" data-e-type=\"widget\" data-widget_type=\"heading.default\">\n\t\t\t\t<div class=\"elementor-widget-container\">\n\t\t\t\t\t<h2 class=\"elementor-heading-title elementor-size-default\">Veelgestelde vragen<\/h2>\t\t\t\t<\/div>\n\t\t\t\t<\/div>\n\t\t\t\t<div class=\"elementor-element elementor-element-2353716 elementor-widget elementor-widget-global elementor-global-874 elementor-widget-toggle\" data-id=\"2353716\" data-element_type=\"widget\" data-e-type=\"widget\" data-widget_type=\"toggle.default\">\n\t\t\t\t<div class=\"elementor-widget-container\">\n\t\t\t\t\t\t\t<div class=\"elementor-toggle\">\n\t\t\t\t\t\t\t<div class=\"elementor-toggle-item\">\n\t\t\t\t\t<div id=\"elementor-tab-title-3701\" class=\"elementor-tab-title\" data-tab=\"1\" role=\"button\" aria-controls=\"elementor-tab-content-3701\" aria-expanded=\"false\">\n\t\t\t\t\t\t\t\t\t\t\t\t<span class=\"elementor-toggle-icon elementor-toggle-icon-right\" aria-hidden=\"true\">\n\t\t\t\t\t\t\t\t\t\t\t\t\t\t\t<span class=\"elementor-toggle-icon-closed\"><i class=\"fas fa-chevron-down\"><\/i><\/span>\n\t\t\t\t\t\t\t\t<span class=\"elementor-toggle-icon-opened\"><i class=\"elementor-toggle-icon-opened fas fa-chevron-up\"><\/i><\/span>\n\t\t\t\t\t\t\t\t\t\t\t\t\t<\/span>\n\t\t\t\t\t\t\t\t\t\t\t\t<a class=\"elementor-toggle-title\" tabindex=\"0\">Hoe groot mag de ruimte zijn?<\/a>\n\t\t\t\t\t<\/div>\n\n\t\t\t\t\t<div id=\"elementor-tab-content-3701\" class=\"elementor-tab-content elementor-clearfix\" data-tab=\"1\" role=\"region\" aria-labelledby=\"elementor-tab-title-3701\"><p>In principe kan men zeggen:<\/p><p>Puls-air Standaard met zeer goede isolatie 600 m\u00b3.<\/p><p>Puls-air Plus tot max. 1800 m\u00b3 bij goede isolatie, bij slechte isolatie 1000-1200 m\u00b3<\/p><p>Zeer goed ge\u00efsoleerd zijn hallen of werkplaatsen die tot 5 jaar geleden zijn gebouwd. Dat wil zeggen isolatieglas, gasbetonnen muren of sandwichpanelen van 100 mm of 120 mm.<\/p><p>Slecht ge\u00efsoleerde hallen zijn bijvoorbeeld enkel gemetselde gebouwen met een slecht dak.<\/p><\/div>\n\t\t\t\t<\/div>\n\t\t\t\t\t\t\t<div class=\"elementor-toggle-item\">\n\t\t\t\t\t<div id=\"elementor-tab-title-3702\" class=\"elementor-tab-title\" data-tab=\"2\" role=\"button\" aria-controls=\"elementor-tab-content-3702\" aria-expanded=\"false\">\n\t\t\t\t\t\t\t\t\t\t\t\t<span class=\"elementor-toggle-icon elementor-toggle-icon-right\" aria-hidden=\"true\">\n\t\t\t\t\t\t\t\t\t\t\t\t\t\t\t<span class=\"elementor-toggle-icon-closed\"><i class=\"fas fa-chevron-down\"><\/i><\/span>\n\t\t\t\t\t\t\t\t<span class=\"elementor-toggle-icon-opened\"><i class=\"elementor-toggle-icon-opened fas fa-chevron-up\"><\/i><\/span>\n\t\t\t\t\t\t\t\t\t\t\t\t\t<\/span>\n\t\t\t\t\t\t\t\t\t\t\t\t<a class=\"elementor-toggle-title\" tabindex=\"0\">Welke kamertemperatuur cre\u00ebert Puls-air<\/a>\n\t\t\t\t\t<\/div>\n\n\t\t\t\t\t<div id=\"elementor-tab-content-3702\" class=\"elementor-tab-content elementor-clearfix\" data-tab=\"2\" role=\"region\" aria-labelledby=\"elementor-tab-title-3702\"><div id=\"faq2\" class=\"collapse show\" data-parent=\"#faq-list\"><p>Kamertemperatuur zoals gewenst. Op basis van empirische gegevens kan de kamertemperatuur van de werkplaats met ongeveer 4 graden worden verlaagd, met hetzelfde comfort voor de medewerkers, omdat de warmte van onderaf komt. Bij vergelijking met plafondventilatoren van bovenaf wordt dus zinloos energie verspild.<\/p><\/div><\/div>\n\t\t\t\t<\/div>\n\t\t\t\t\t\t\t<div class=\"elementor-toggle-item\">\n\t\t\t\t\t<div id=\"elementor-tab-title-3703\" class=\"elementor-tab-title\" data-tab=\"3\" role=\"button\" aria-controls=\"elementor-tab-content-3703\" aria-expanded=\"false\">\n\t\t\t\t\t\t\t\t\t\t\t\t<span class=\"elementor-toggle-icon elementor-toggle-icon-right\" aria-hidden=\"true\">\n\t\t\t\t\t\t\t\t\t\t\t\t\t\t\t<span class=\"elementor-toggle-icon-closed\"><i class=\"fas fa-chevron-down\"><\/i><\/span>\n\t\t\t\t\t\t\t\t<span class=\"elementor-toggle-icon-opened\"><i class=\"elementor-toggle-icon-opened fas fa-chevron-up\"><\/i><\/span>\n\t\t\t\t\t\t\t\t\t\t\t\t\t<\/span>\n\t\t\t\t\t\t\t\t\t\t\t\t<a class=\"elementor-toggle-title\" tabindex=\"0\">Kan het apparaat onbeheerd draaien?<\/a>\n\t\t\t\t\t<\/div>\n\n\t\t\t\t\t<div id=\"elementor-tab-content-3703\" class=\"elementor-tab-content elementor-clearfix\" data-tab=\"3\" role=\"region\" aria-labelledby=\"elementor-tab-title-3703\"><div id=\"faq2\" class=\"collapse show\" data-parent=\"#faq-list\"><div id=\"faq3\" class=\"collapse show\" data-parent=\"#faq-list\"><p>Ja, omdat een ruimtethermostaat in het apparaat is ingebouwd, die het apparaat automatisch in en uit schakelt om de ingestelde temperatuur te handhaven.<\/p><\/div><\/div><\/div>\n\t\t\t\t<\/div>\n\t\t\t\t\t\t\t<div class=\"elementor-toggle-item\">\n\t\t\t\t\t<div id=\"elementor-tab-title-3704\" class=\"elementor-tab-title\" data-tab=\"4\" role=\"button\" aria-controls=\"elementor-tab-content-3704\" aria-expanded=\"false\">\n\t\t\t\t\t\t\t\t\t\t\t\t<span class=\"elementor-toggle-icon elementor-toggle-icon-right\" aria-hidden=\"true\">\n\t\t\t\t\t\t\t\t\t\t\t\t\t\t\t<span class=\"elementor-toggle-icon-closed\"><i class=\"fas fa-chevron-down\"><\/i><\/span>\n\t\t\t\t\t\t\t\t<span class=\"elementor-toggle-icon-opened\"><i class=\"elementor-toggle-icon-opened fas fa-chevron-up\"><\/i><\/span>\n\t\t\t\t\t\t\t\t\t\t\t\t\t<\/span>\n\t\t\t\t\t\t\t\t\t\t\t\t<a class=\"elementor-toggle-title\" tabindex=\"0\">Welke eisen moet een externe stookolietank hebben?<\/a>\n\t\t\t\t\t<\/div>\n\n\t\t\t\t\t<div id=\"elementor-tab-content-3704\" class=\"elementor-tab-content elementor-clearfix\" data-tab=\"4\" role=\"region\" aria-labelledby=\"elementor-tab-title-3704\"><p>De externe stookolietank is te verkrijgen bij de lokale verwarmingsspecialist. Vereisten: <strong>Dubbelwandig, lekindicator &amp; brandklep.\u00a0<\/strong><\/p><\/div>\n\t\t\t\t<\/div>\n\t\t\t\t\t\t\t<div class=\"elementor-toggle-item\">\n\t\t\t\t\t<div id=\"elementor-tab-title-3705\" class=\"elementor-tab-title\" data-tab=\"5\" role=\"button\" aria-controls=\"elementor-tab-content-3705\" aria-expanded=\"false\">\n\t\t\t\t\t\t\t\t\t\t\t\t<span class=\"elementor-toggle-icon elementor-toggle-icon-right\" aria-hidden=\"true\">\n\t\t\t\t\t\t\t\t\t\t\t\t\t\t\t<span class=\"elementor-toggle-icon-closed\"><i class=\"fas fa-chevron-down\"><\/i><\/span>\n\t\t\t\t\t\t\t\t<span class=\"elementor-toggle-icon-opened\"><i class=\"elementor-toggle-icon-opened fas fa-chevron-up\"><\/i><\/span>\n\t\t\t\t\t\t\t\t\t\t\t\t\t<\/span>\n\t\t\t\t\t\t\t\t\t\t\t\t<a class=\"elementor-toggle-title\" tabindex=\"0\">Moet het apparaat met de aangesloten jerrycan worden bediend?<\/a>\n\t\t\t\t\t<\/div>\n\n\t\t\t\t\t<div id=\"elementor-tab-content-3705\" class=\"elementor-tab-content elementor-clearfix\" data-tab=\"5\" role=\"region\" aria-labelledby=\"elementor-tab-title-3705\"><div id=\"faq2\" class=\"collapse show\" data-parent=\"#faq-list\"><div id=\"faq3\" class=\"collapse show\" data-parent=\"#faq-list\"><div id=\"faq4\" class=\"collapse show\" data-parent=\"#faq-list\"><p style=\"font-weight: 400;\">Nee, het toestel kan via een 8 mm koperen leiding op een externe stookolietank worden aangesloten. Let op: geen retourleiding \u2013 enkelleidingssysteem. De tank mag tot 30 m verwijderd zijn en het hoogteverschil mag maximaal 3,5 m bedragen.<\/p><p style=\"font-weight: 400;\">Het voordeel van de jerrycan is dat het apparaat direct klaar voor gebruik is.<\/p><\/div><\/div><\/div><\/div>\n\t\t\t\t<\/div>\n\t\t\t\t\t\t\t<div class=\"elementor-toggle-item\">\n\t\t\t\t\t<div id=\"elementor-tab-title-3706\" class=\"elementor-tab-title\" data-tab=\"6\" role=\"button\" aria-controls=\"elementor-tab-content-3706\" aria-expanded=\"false\">\n\t\t\t\t\t\t\t\t\t\t\t\t<span class=\"elementor-toggle-icon elementor-toggle-icon-right\" aria-hidden=\"true\">\n\t\t\t\t\t\t\t\t\t\t\t\t\t\t\t<span class=\"elementor-toggle-icon-closed\"><i class=\"fas fa-chevron-down\"><\/i><\/span>\n\t\t\t\t\t\t\t\t<span class=\"elementor-toggle-icon-opened\"><i class=\"elementor-toggle-icon-opened fas fa-chevron-up\"><\/i><\/span>\n\t\t\t\t\t\t\t\t\t\t\t\t\t<\/span>\n\t\t\t\t\t\t\t\t\t\t\t\t<a class=\"elementor-toggle-title\" tabindex=\"0\">Hoe luid is de verwarming?<\/a>\n\t\t\t\t\t<\/div>\n\n\t\t\t\t\t<div id=\"elementor-tab-content-3706\" class=\"elementor-tab-content elementor-clearfix\" data-tab=\"6\" role=\"region\" aria-labelledby=\"elementor-tab-title-3706\"><div id=\"faq2\" class=\"collapse show\" data-parent=\"#faq-list\"><div id=\"faq3\" class=\"collapse show\" data-parent=\"#faq-list\"><div id=\"faq4\" class=\"collapse show\" data-parent=\"#faq-list\"><p>Ca. 57 dBa, gemeten in een referentieruimte. Het werkelijke geluidsniveau in een normaal ingerichte werkplaats of hal is een aangename lichte brom.<\/p><div class=\"co8aDb\" role=\"heading\" aria-level=\"3\"><b>Het is vaak moeilijk om het volume te beoordelen.<\/b><\/div><div class=\"RqBzHd\"><ul class=\"i8Z77e\"><li class=\"TrT0Xe\">30 dB: Fluisteren, eigen ademgeluid.<\/li><li class=\"TrT0Xe\">35 dB: Bladgeruis.<\/li><li class=\"TrT0Xe\">40 dB: In de woonkamer met gesloten raam.<\/li><li class=\"TrT0Xe\">45 dB: Woonwijk zonder wegverkeer.<\/li><li class=\"TrT0Xe\">60 dB: Gezelschap (een-op-een gesprek)<\/li><li class=\"TrT0Xe\">70 dB: Kantoor met open indeling.<\/li><li class=\"TrT0Xe\">85 dB: Gemiddeld wegverkeer.<\/li><li class=\"TrT0Xe\">95 dB: Zwaar verkeer.<\/li><\/ul><p>(Bron Google)<\/p><\/div><\/div><\/div><\/div><\/div>\n\t\t\t\t<\/div>\n\t\t\t\t\t\t\t<div class=\"elementor-toggle-item\">\n\t\t\t\t\t<div id=\"elementor-tab-title-3707\" class=\"elementor-tab-title\" data-tab=\"7\" role=\"button\" aria-controls=\"elementor-tab-content-3707\" aria-expanded=\"false\">\n\t\t\t\t\t\t\t\t\t\t\t\t<span class=\"elementor-toggle-icon elementor-toggle-icon-right\" aria-hidden=\"true\">\n\t\t\t\t\t\t\t\t\t\t\t\t\t\t\t<span class=\"elementor-toggle-icon-closed\"><i class=\"fas fa-chevron-down\"><\/i><\/span>\n\t\t\t\t\t\t\t\t<span class=\"elementor-toggle-icon-opened\"><i class=\"elementor-toggle-icon-opened fas fa-chevron-up\"><\/i><\/span>\n\t\t\t\t\t\t\t\t\t\t\t\t\t<\/span>\n\t\t\t\t\t\t\t\t\t\t\t\t<a class=\"elementor-toggle-title\" tabindex=\"0\">Verbruik per uur?<\/a>\n\t\t\t\t\t<\/div>\n\n\t\t\t\t\t<div id=\"elementor-tab-content-3707\" class=\"elementor-tab-content elementor-clearfix\" data-tab=\"7\" role=\"region\" aria-labelledby=\"elementor-tab-title-3707\"><div id=\"faq2\" class=\"collapse show\" data-parent=\"#faq-list\"><div id=\"faq3\" class=\"collapse show\" data-parent=\"#faq-list\"><div id=\"faq4\" class=\"collapse show\" data-parent=\"#faq-list\"><p style=\"font-weight: 400;\">Puls-air Standaard: 1,5 l\/u in de spaarstand en 1,9 l\/u in de vollemodus.<\/p><p style=\"font-weight: 400;\">Puls-air Plus: 1,9 l\/u in de spaarstand en 2,5 l\/u in de volle vermogensstand<\/p><p style=\"font-weight: 400;\"><strong>Attentie<\/strong>Verwacht niet dat het de hele dag aanstaat, aangezien het apparaat zichzelf automatisch in- en uitschakelt via de thermostaat om de temperatuur op peil te houden.<\/p><\/div><\/div><\/div><\/div>\n\t\t\t\t<\/div>\n\t\t\t\t\t\t\t<div class=\"elementor-toggle-item\">\n\t\t\t\t\t<div id=\"elementor-tab-title-3708\" class=\"elementor-tab-title\" data-tab=\"8\" role=\"button\" aria-controls=\"elementor-tab-content-3708\" aria-expanded=\"false\">\n\t\t\t\t\t\t\t\t\t\t\t\t<span class=\"elementor-toggle-icon elementor-toggle-icon-right\" aria-hidden=\"true\">\n\t\t\t\t\t\t\t\t\t\t\t\t\t\t\t<span class=\"elementor-toggle-icon-closed\"><i class=\"fas fa-chevron-down\"><\/i><\/span>\n\t\t\t\t\t\t\t\t<span class=\"elementor-toggle-icon-opened\"><i class=\"elementor-toggle-icon-opened fas fa-chevron-up\"><\/i><\/span>\n\t\t\t\t\t\t\t\t\t\t\t\t\t<\/span>\n\t\t\t\t\t\t\t\t\t\t\t\t<a class=\"elementor-toggle-title\" tabindex=\"0\">Hoeveel liter olie heeft Puls-air per stookseizoen nodig?<\/a>\n\t\t\t\t\t<\/div>\n\n\t\t\t\t\t<div id=\"elementor-tab-content-3708\" class=\"elementor-tab-content elementor-clearfix\" data-tab=\"8\" role=\"region\" aria-labelledby=\"elementor-tab-title-3708\"><div id=\"faq2\" class=\"collapse show\" data-parent=\"#faq-list\"><div id=\"faq3\" class=\"collapse show\" data-parent=\"#faq-list\"><div id=\"faq4\" class=\"collapse show\" data-parent=\"#faq-list\"><p>We stellen altijd de tegenvraag: Hoeveel heeft u momenteel nodig? \u2013 Daarvan min 50 % en dan heeft u het totaal (Alles bij benadering)<\/p><\/div><\/div><\/div><\/div>\n\t\t\t\t<\/div>\n\t\t\t\t\t\t\t<div class=\"elementor-toggle-item\">\n\t\t\t\t\t<div id=\"elementor-tab-title-3709\" class=\"elementor-tab-title\" data-tab=\"9\" role=\"button\" aria-controls=\"elementor-tab-content-3709\" aria-expanded=\"false\">\n\t\t\t\t\t\t\t\t\t\t\t\t<span class=\"elementor-toggle-icon elementor-toggle-icon-right\" aria-hidden=\"true\">\n\t\t\t\t\t\t\t\t\t\t\t\t\t\t\t<span class=\"elementor-toggle-icon-closed\"><i class=\"fas fa-chevron-down\"><\/i><\/span>\n\t\t\t\t\t\t\t\t<span class=\"elementor-toggle-icon-opened\"><i class=\"elementor-toggle-icon-opened fas fa-chevron-up\"><\/i><\/span>\n\t\t\t\t\t\t\t\t\t\t\t\t\t<\/span>\n\t\t\t\t\t\t\t\t\t\t\t\t<a class=\"elementor-toggle-title\" tabindex=\"0\">Kan het apparaat met een tijdschakelaar worden bediend?<\/a>\n\t\t\t\t\t<\/div>\n\n\t\t\t\t\t<div id=\"elementor-tab-content-3709\" class=\"elementor-tab-content elementor-clearfix\" data-tab=\"9\" role=\"region\" aria-labelledby=\"elementor-tab-title-3709\"><div id=\"faq2\" class=\"collapse show\" data-parent=\"#faq-list\"><div id=\"faq3\" class=\"collapse show\" data-parent=\"#faq-list\"><div id=\"faq4\" class=\"collapse show\" data-parent=\"#faq-list\"><p>Ja, maar deze moet volgens het schakelschema door ons worden aangesloten, omdat de ventilator moet blijven draaien.<\/p><\/div><\/div><\/div><\/div>\n\t\t\t\t<\/div>\n\t\t\t\t\t\t\t<div class=\"elementor-toggle-item\">\n\t\t\t\t\t<div id=\"elementor-tab-title-37010\" class=\"elementor-tab-title\" data-tab=\"10\" role=\"button\" aria-controls=\"elementor-tab-content-37010\" aria-expanded=\"false\">\n\t\t\t\t\t\t\t\t\t\t\t\t<span class=\"elementor-toggle-icon elementor-toggle-icon-right\" aria-hidden=\"true\">\n\t\t\t\t\t\t\t\t\t\t\t\t\t\t\t<span class=\"elementor-toggle-icon-closed\"><i class=\"fas fa-chevron-down\"><\/i><\/span>\n\t\t\t\t\t\t\t\t<span class=\"elementor-toggle-icon-opened\"><i class=\"elementor-toggle-icon-opened fas fa-chevron-up\"><\/i><\/span>\n\t\t\t\t\t\t\t\t\t\t\t\t\t<\/span>\n\t\t\t\t\t\t\t\t\t\t\t\t<a class=\"elementor-toggle-title\" tabindex=\"0\">Is bediening via een app mogelijk<\/a>\n\t\t\t\t\t<\/div>\n\n\t\t\t\t\t<div id=\"elementor-tab-content-37010\" class=\"elementor-tab-content elementor-clearfix\" data-tab=\"10\" role=\"region\" aria-labelledby=\"elementor-tab-title-37010\"><p>Appbediening is mogelijk. Uw lokale elektricien kan contact met ons opnemen hierover!<\/p><\/div>\n\t\t\t\t<\/div>\n\t\t\t\t\t\t\t<div class=\"elementor-toggle-item\">\n\t\t\t\t\t<div id=\"elementor-tab-title-37011\" class=\"elementor-tab-title\" data-tab=\"11\" role=\"button\" aria-controls=\"elementor-tab-content-37011\" aria-expanded=\"false\">\n\t\t\t\t\t\t\t\t\t\t\t\t<span class=\"elementor-toggle-icon elementor-toggle-icon-right\" aria-hidden=\"true\">\n\t\t\t\t\t\t\t\t\t\t\t\t\t\t\t<span class=\"elementor-toggle-icon-closed\"><i class=\"fas fa-chevron-down\"><\/i><\/span>\n\t\t\t\t\t\t\t\t<span class=\"elementor-toggle-icon-opened\"><i class=\"elementor-toggle-icon-opened fas fa-chevron-up\"><\/i><\/span>\n\t\t\t\t\t\t\t\t\t\t\t\t\t<\/span>\n\t\t\t\t\t\t\t\t\t\t\t\t<a class=\"elementor-toggle-title\" tabindex=\"0\">Hoe grote ruimtes kunnen worden verwarmd met Puls-air?<\/a>\n\t\t\t\t\t<\/div>\n\n\t\t\t\t\t<div id=\"elementor-tab-content-37011\" class=\"elementor-tab-content elementor-clearfix\" data-tab=\"11\" role=\"region\" aria-labelledby=\"elementor-tab-title-37011\"><p>In principe zijn er 2 modellen: Puls-air Standard (tot 600 m\u00b3) en Puls-air Plus (bij goede isolatie tot 1.800 m\u00b3). Voor nog grotere ruimtes kunnen ook 2 of meerdere apparaten samen worden gebruikt. Zo kunnen ook grotere hallen en werkplaatsen effici\u00ebnt en zuinig worden verwarmd.\u00a0<\/p><\/div>\n\t\t\t\t<\/div>\n\t\t\t\t\t\t\t<div class=\"elementor-toggle-item\">\n\t\t\t\t\t<div id=\"elementor-tab-title-37012\" class=\"elementor-tab-title\" data-tab=\"12\" role=\"button\" aria-controls=\"elementor-tab-content-37012\" aria-expanded=\"false\">\n\t\t\t\t\t\t\t\t\t\t\t\t<span class=\"elementor-toggle-icon elementor-toggle-icon-right\" aria-hidden=\"true\">\n\t\t\t\t\t\t\t\t\t\t\t\t\t\t\t<span class=\"elementor-toggle-icon-closed\"><i class=\"fas fa-chevron-down\"><\/i><\/span>\n\t\t\t\t\t\t\t\t<span class=\"elementor-toggle-icon-opened\"><i class=\"elementor-toggle-icon-opened fas fa-chevron-up\"><\/i><\/span>\n\t\t\t\t\t\t\t\t\t\t\t\t\t<\/span>\n\t\t\t\t\t\t\t\t\t\t\t\t<a class=\"elementor-toggle-title\" tabindex=\"0\">Wat betekenen de prijzen op de website? Wat zijn de verzendkosten?<\/a>\n\t\t\t\t\t<\/div>\n\n\t\t\t\t\t<div id=\"elementor-tab-content-37012\" class=\"elementor-tab-content elementor-clearfix\" data-tab=\"12\" role=\"region\" aria-labelledby=\"elementor-tab-title-37012\"><p>Alle prijzen op deze website zijn <strong>excl<\/strong>. <strong>BTW<\/strong>. te begrijpen. De verzendkosten worden afzonderlijk vermeld tijdens het afrekenproces.<\/p><\/div>\n\t\t\t\t<\/div>\n\t\t\t\t\t\t\t<div class=\"elementor-toggle-item\">\n\t\t\t\t\t<div id=\"elementor-tab-title-37013\" class=\"elementor-tab-title\" data-tab=\"13\" role=\"button\" aria-controls=\"elementor-tab-content-37013\" aria-expanded=\"false\">\n\t\t\t\t\t\t\t\t\t\t\t\t<span class=\"elementor-toggle-icon elementor-toggle-icon-right\" aria-hidden=\"true\">\n\t\t\t\t\t\t\t\t\t\t\t\t\t\t\t<span class=\"elementor-toggle-icon-closed\"><i class=\"fas fa-chevron-down\"><\/i><\/span>\n\t\t\t\t\t\t\t\t<span class=\"elementor-toggle-icon-opened\"><i class=\"elementor-toggle-icon-opened fas fa-chevron-up\"><\/i><\/span>\n\t\t\t\t\t\t\t\t\t\t\t\t\t<\/span>\n\t\t\t\t\t\t\t\t\t\t\t\t<a class=\"elementor-toggle-title\" tabindex=\"0\">Wat is het stroomverbruik?<\/a>\n\t\t\t\t\t<\/div>\n\n\t\t\t\t\t<div id=\"elementor-tab-content-37013\" class=\"elementor-tab-content elementor-clearfix\" data-tab=\"13\" role=\"region\" aria-labelledby=\"elementor-tab-title-37013\"><p>180 W of 0,18 KW, dat wil zeggen 0,18 KWh stroomverbruik per uur.<\/p><\/div>\n\t\t\t\t<\/div>\n\t\t\t\t\t\t\t<div class=\"elementor-toggle-item\">\n\t\t\t\t\t<div id=\"elementor-tab-title-37014\" class=\"elementor-tab-title\" data-tab=\"14\" role=\"button\" aria-controls=\"elementor-tab-content-37014\" aria-expanded=\"false\">\n\t\t\t\t\t\t\t\t\t\t\t\t<span class=\"elementor-toggle-icon elementor-toggle-icon-right\" aria-hidden=\"true\">\n\t\t\t\t\t\t\t\t\t\t\t\t\t\t\t<span class=\"elementor-toggle-icon-closed\"><i class=\"fas fa-chevron-down\"><\/i><\/span>\n\t\t\t\t\t\t\t\t<span class=\"elementor-toggle-icon-opened\"><i class=\"elementor-toggle-icon-opened fas fa-chevron-up\"><\/i><\/span>\n\t\t\t\t\t\t\t\t\t\t\t\t\t<\/span>\n\t\t\t\t\t\t\t\t\t\t\t\t<a class=\"elementor-toggle-title\" tabindex=\"0\">Kan Puls-air draaien op afgewerkte olie?<\/a>\n\t\t\t\t\t<\/div>\n\n\t\t\t\t\t<div id=\"elementor-tab-content-37014\" class=\"elementor-tab-content elementor-clearfix\" data-tab=\"14\" role=\"region\" aria-labelledby=\"elementor-tab-title-37014\"><p>Het gebruik van stookolie om verwarmingssystemen onder de 50 kW te bedrijven is verboden. Diesel of stookolie dienen als brandstof voor puls-air verwarmingen.<\/p><\/div>\n\t\t\t\t<\/div>\n\t\t\t\t\t\t\t<div class=\"elementor-toggle-item\">\n\t\t\t\t\t<div id=\"elementor-tab-title-37015\" class=\"elementor-tab-title\" data-tab=\"15\" role=\"button\" aria-controls=\"elementor-tab-content-37015\" aria-expanded=\"false\">\n\t\t\t\t\t\t\t\t\t\t\t\t<span class=\"elementor-toggle-icon elementor-toggle-icon-right\" aria-hidden=\"true\">\n\t\t\t\t\t\t\t\t\t\t\t\t\t\t\t<span class=\"elementor-toggle-icon-closed\"><i class=\"fas fa-chevron-down\"><\/i><\/span>\n\t\t\t\t\t\t\t\t<span class=\"elementor-toggle-icon-opened\"><i class=\"elementor-toggle-icon-opened fas fa-chevron-up\"><\/i><\/span>\n\t\t\t\t\t\t\t\t\t\t\t\t\t<\/span>\n\t\t\t\t\t\t\t\t\t\t\t\t<a class=\"elementor-toggle-title\" tabindex=\"0\">Wat is de diameter van de uitlaatpijp?<\/a>\n\t\t\t\t\t<\/div>\n\n\t\t\t\t\t<div id=\"elementor-tab-content-37015\" class=\"elementor-tab-content elementor-clearfix\" data-tab=\"15\" role=\"region\" aria-labelledby=\"elementor-tab-title-37015\"><p>32 x 1,5 mm wanddikte = 35 mm buitendiameter<\/p><\/div>\n\t\t\t\t<\/div>\n\t\t\t\t\t\t\t<div class=\"elementor-toggle-item\">\n\t\t\t\t\t<div id=\"elementor-tab-title-37016\" class=\"elementor-tab-title\" data-tab=\"16\" role=\"button\" aria-controls=\"elementor-tab-content-37016\" aria-expanded=\"false\">\n\t\t\t\t\t\t\t\t\t\t\t\t<span class=\"elementor-toggle-icon elementor-toggle-icon-right\" aria-hidden=\"true\">\n\t\t\t\t\t\t\t\t\t\t\t\t\t\t\t<span class=\"elementor-toggle-icon-closed\"><i class=\"fas fa-chevron-down\"><\/i><\/span>\n\t\t\t\t\t\t\t\t<span class=\"elementor-toggle-icon-opened\"><i class=\"elementor-toggle-icon-opened fas fa-chevron-up\"><\/i><\/span>\n\t\t\t\t\t\t\t\t\t\t\t\t\t<\/span>\n\t\t\t\t\t\t\t\t\t\t\t\t<a class=\"elementor-toggle-title\" tabindex=\"0\">Welke diameter heeft de koperen buis?<\/a>\n\t\t\t\t\t<\/div>\n\n\t\t\t\t\t<div id=\"elementor-tab-content-37016\" class=\"elementor-tab-content elementor-clearfix\" data-tab=\"16\" role=\"region\" aria-labelledby=\"elementor-tab-title-37016\"><p>8 mm buitendiameter<\/p><\/div>\n\t\t\t\t<\/div>\n\t\t\t\t\t\t\t<div class=\"elementor-toggle-item\">\n\t\t\t\t\t<div id=\"elementor-tab-title-37017\" class=\"elementor-tab-title\" data-tab=\"17\" role=\"button\" aria-controls=\"elementor-tab-content-37017\" aria-expanded=\"false\">\n\t\t\t\t\t\t\t\t\t\t\t\t<span class=\"elementor-toggle-icon elementor-toggle-icon-right\" aria-hidden=\"true\">\n\t\t\t\t\t\t\t\t\t\t\t\t\t\t\t<span class=\"elementor-toggle-icon-closed\"><i class=\"fas fa-chevron-down\"><\/i><\/span>\n\t\t\t\t\t\t\t\t<span class=\"elementor-toggle-icon-opened\"><i class=\"elementor-toggle-icon-opened fas fa-chevron-up\"><\/i><\/span>\n\t\t\t\t\t\t\t\t\t\t\t\t\t<\/span>\n\t\t\t\t\t\t\t\t\t\t\t\t<a class=\"elementor-toggle-title\" tabindex=\"0\">Waar kan ik de uitlaatpijpen krijgen?<\/a>\n\t\t\t\t\t<\/div>\n\n\t\t\t\t\t<div id=\"elementor-tab-content-37017\" class=\"elementor-tab-content elementor-clearfix\" data-tab=\"17\" role=\"region\" aria-labelledby=\"elementor-tab-title-37017\"><p>De uitlaatpijpen zijn niet inbegrepen en moeten apart worden besteld. Via deze <span style=\"text-decoration: underline;\"><strong><a href=\"https:\/\/www.hoerr-edelstahl.de\/index.php?stoken=74D7BC6B&amp;lang=0&amp;cl=search&amp;searchparam=pulsair\">Link<\/a> <\/strong><\/span>Kom naar het assortiment.<\/p><\/div>\n\t\t\t\t<\/div>\n\t\t\t\t\t\t\t<div class=\"elementor-toggle-item\">\n\t\t\t\t\t<div id=\"elementor-tab-title-37018\" class=\"elementor-tab-title\" data-tab=\"18\" role=\"button\" aria-controls=\"elementor-tab-content-37018\" aria-expanded=\"false\">\n\t\t\t\t\t\t\t\t\t\t\t\t<span class=\"elementor-toggle-icon elementor-toggle-icon-right\" aria-hidden=\"true\">\n\t\t\t\t\t\t\t\t\t\t\t\t\t\t\t<span class=\"elementor-toggle-icon-closed\"><i class=\"fas fa-chevron-down\"><\/i><\/span>\n\t\t\t\t\t\t\t\t<span class=\"elementor-toggle-icon-opened\"><i class=\"elementor-toggle-icon-opened fas fa-chevron-up\"><\/i><\/span>\n\t\t\t\t\t\t\t\t\t\t\t\t\t<\/span>\n\t\t\t\t\t\t\t\t\t\t\t\t<a class=\"elementor-toggle-title\" tabindex=\"0\">Wat is de huidige levertijd?<\/a>\n\t\t\t\t\t<\/div>\n\n\t\t\t\t\t<div id=\"elementor-tab-content-37018\" class=\"elementor-tab-content elementor-clearfix\" data-tab=\"18\" role=\"region\" aria-labelledby=\"elementor-tab-title-37018\"><p>Graag informeren wij u per e-mail, WhatsApp of telefonisch over de actuele levertijden.<\/p><\/div>\n\t\t\t\t<\/div>\n\t\t\t\t\t\t\t<div class=\"elementor-toggle-item\">\n\t\t\t\t\t<div id=\"elementor-tab-title-37019\" class=\"elementor-tab-title\" data-tab=\"19\" role=\"button\" aria-controls=\"elementor-tab-content-37019\" aria-expanded=\"false\">\n\t\t\t\t\t\t\t\t\t\t\t\t<span class=\"elementor-toggle-icon elementor-toggle-icon-right\" aria-hidden=\"true\">\n\t\t\t\t\t\t\t\t\t\t\t\t\t\t\t<span class=\"elementor-toggle-icon-closed\"><i class=\"fas fa-chevron-down\"><\/i><\/span>\n\t\t\t\t\t\t\t\t<span class=\"elementor-toggle-icon-opened\"><i class=\"elementor-toggle-icon-opened fas fa-chevron-up\"><\/i><\/span>\n\t\t\t\t\t\t\t\t\t\t\t\t\t<\/span>\n\t\t\t\t\t\t\t\t\t\t\t\t<a class=\"elementor-toggle-title\" tabindex=\"0\">Verkeerd getankt, wat nu?<\/a>\n\t\t\t\t\t<\/div>\n\n\t\t\t\t\t<div id=\"elementor-tab-content-37019\" class=\"elementor-tab-content elementor-clearfix\" data-tab=\"19\" role=\"region\" aria-labelledby=\"elementor-tab-title-37019\"><ol><li>Draai de voor- en retourleidingen (rechts aan de oliefilter gemonteerd) bij de oliefilter los en hang deze in een vat met mazout.<\/li><li>Zet het apparaat aan en wacht tot het is opgestart.<\/li><li>Bevestig de twee lijnen opnieuw wanneer het apparaat is gestart.<\/li><li>Zulaufleiding (links aan het oliefilter bevestigd) bij het oliefilter losmaken en ook het apparaat inschakelen.<\/li><li>De toevoerleiding weer aanbrengen, het probleem zou opgelost moeten zijn.<\/li><\/ol><\/div>\n\t\t\t\t<\/div>\n\t\t\t\t\t\t\t<div class=\"elementor-toggle-item\">\n\t\t\t\t\t<div id=\"elementor-tab-title-37020\" class=\"elementor-tab-title\" data-tab=\"20\" role=\"button\" aria-controls=\"elementor-tab-content-37020\" aria-expanded=\"false\">\n\t\t\t\t\t\t\t\t\t\t\t\t<span class=\"elementor-toggle-icon elementor-toggle-icon-right\" aria-hidden=\"true\">\n\t\t\t\t\t\t\t\t\t\t\t\t\t\t\t<span class=\"elementor-toggle-icon-closed\"><i class=\"fas fa-chevron-down\"><\/i><\/span>\n\t\t\t\t\t\t\t\t<span class=\"elementor-toggle-icon-opened\"><i class=\"elementor-toggle-icon-opened fas fa-chevron-up\"><\/i><\/span>\n\t\t\t\t\t\t\t\t\t\t\t\t\t<\/span>\n\t\t\t\t\t\t\t\t\t\t\t\t<a class=\"elementor-toggle-title\" tabindex=\"0\">Uitlaatgaswaarden<\/a>\n\t\t\t\t\t<\/div>\n\n\t\t\t\t\t<div id=\"elementor-tab-content-37020\" class=\"elementor-tab-content elementor-clearfix\" data-tab=\"20\" role=\"region\" aria-labelledby=\"elementor-tab-title-37020\"><p>Uitlaatgaswaarden (NOX \u2013 25 \u2013 30, CO \u2013 2 \u2013 5 ppm; roetgetal 00)<\/p><\/div>\n\t\t\t\t<\/div>\n\t\t\t\t\t\t\t<div class=\"elementor-toggle-item\">\n\t\t\t\t\t<div id=\"elementor-tab-title-37021\" class=\"elementor-tab-title\" data-tab=\"21\" role=\"button\" aria-controls=\"elementor-tab-content-37021\" aria-expanded=\"false\">\n\t\t\t\t\t\t\t\t\t\t\t\t<span class=\"elementor-toggle-icon elementor-toggle-icon-right\" aria-hidden=\"true\">\n\t\t\t\t\t\t\t\t\t\t\t\t\t\t\t<span class=\"elementor-toggle-icon-closed\"><i class=\"fas fa-chevron-down\"><\/i><\/span>\n\t\t\t\t\t\t\t\t<span class=\"elementor-toggle-icon-opened\"><i class=\"elementor-toggle-icon-opened fas fa-chevron-up\"><\/i><\/span>\n\t\t\t\t\t\t\t\t\t\t\t\t\t<\/span>\n\t\t\t\t\t\t\t\t\t\t\t\t<a class=\"elementor-toggle-title\" tabindex=\"0\">Is een bedrijf met kerosine of benzine mogelijk<\/a>\n\t\t\t\t\t<\/div>\n\n\t\t\t\t\t<div id=\"elementor-tab-content-37021\" class=\"elementor-tab-content elementor-clearfix\" data-tab=\"21\" role=\"region\" aria-labelledby=\"elementor-tab-title-37021\"><p>Nee, gebruik ook geen diesel-benzine mengsel!<\/p><\/div>\n\t\t\t\t<\/div>\n\t\t\t\t\t\t\t\t<\/div>\n\t\t\t\t\t\t<\/div>\n\t\t\t\t<\/div>\n\t\t\t\t\t<\/div>\n\t\t<\/div>\n\t\t\t\t\t<\/div>\n\t\t<\/section>\n\t\t\t\t<\/div>","protected":false},"excerpt":{"rendered":"<p>Das sagen unsere kunden REFERENZEN \u00d6sterreich Schon ab rund 200 \u20ac pro Monat bekommen Sie<\/p>","protected":false},"author":2,"featured_media":0,"parent":0,"menu_order":0,"comment_status":"closed","ping_status":"closed","template":"","meta":{"_joinchat":[],"footnotes":""},"class_list":["post-3471","page","type-page","status-publish","hentry"],"yoast_head":"<!-- This site is optimized with the Yoast SEO plugin v27.4 - https:\/\/yoast.com\/product\/yoast-seo-wordpress\/ -->\n<title>Puls-air Werkstatt- und Hallenheizung | Referenzen<\/title>\n<meta name=\"description\" content=\"Hochwirksame Werkstatt- und Hallenheizung mit Technik aus der Raketenforschung. 50 % weniger CO2 dank pulsierender Verbrennung. Referenzen lesen:\" \/>\n<meta name=\"robots\" content=\"index, follow, max-snippet:-1, max-image-preview:large, max-video-preview:-1\" \/>\n<link rel=\"canonical\" href=\"https:\/\/pulsair.net\/nl\/referenzen-oesterreich\/\" \/>\n<meta property=\"og:locale\" content=\"nl_NL\" \/>\n<meta property=\"og:type\" content=\"article\" \/>\n<meta property=\"og:title\" content=\"Puls-air Werkstatt- und Hallenheizung | Referenzen\" \/>\n<meta property=\"og:description\" content=\"Hochwirksame Werkstatt- und Hallenheizung mit Technik aus der Raketenforschung. 50 % weniger CO2 dank pulsierender Verbrennung. Referenzen lesen:\" \/>\n<meta property=\"og:url\" content=\"https:\/\/pulsair.net\/nl\/referenzen-oesterreich\/\" \/>\n<meta property=\"og:site_name\" content=\"Puls-air Hallen und Werkstattheizung\" \/>\n<meta property=\"article:modified_time\" content=\"2024-09-03T06:10:13+00:00\" \/>\n<meta property=\"og:image\" content=\"https:\/\/pulsair.net\/wp-content\/uploads\/2020\/07\/cropped-Rotation-alleine-500x500-1-100x100.png\" \/>\n<meta name=\"twitter:card\" content=\"summary_large_image\" \/>\n<meta name=\"twitter:label1\" content=\"Est. reading time\" \/>\n\t<meta name=\"twitter:data1\" content=\"4 minuten\" \/>\n<script type=\"application\/ld+json\" class=\"yoast-schema-graph\">{\"@context\":\"https:\\\/\\\/schema.org\",\"@graph\":[{\"@type\":\"WebPage\",\"@id\":\"https:\\\/\\\/pulsair.net\\\/referenzen-oesterreich\\\/\",\"url\":\"https:\\\/\\\/pulsair.net\\\/referenzen-oesterreich\\\/\",\"name\":\"Puls-air Werkstatt- und Hallenheizung | Referenzen\",\"isPartOf\":{\"@id\":\"https:\\\/\\\/pulsair.net\\\/#website\"},\"primaryImageOfPage\":{\"@id\":\"https:\\\/\\\/pulsair.net\\\/referenzen-oesterreich\\\/#primaryimage\"},\"image\":{\"@id\":\"https:\\\/\\\/pulsair.net\\\/referenzen-oesterreich\\\/#primaryimage\"},\"thumbnailUrl\":\"https:\\\/\\\/pulsair.net\\\/wp-content\\\/uploads\\\/2020\\\/07\\\/cropped-Rotation-alleine-500x500-1-100x100.png\",\"datePublished\":\"2024-09-03T06:09:27+00:00\",\"dateModified\":\"2024-09-03T06:10:13+00:00\",\"description\":\"Hochwirksame Werkstatt- und Hallenheizung mit Technik aus der Raketenforschung. 50 % weniger CO2 dank pulsierender Verbrennung. Referenzen lesen:\",\"breadcrumb\":{\"@id\":\"https:\\\/\\\/pulsair.net\\\/referenzen-oesterreich\\\/#breadcrumb\"},\"inLanguage\":\"nl-NL\",\"potentialAction\":[{\"@type\":\"ReadAction\",\"target\":[\"https:\\\/\\\/pulsair.net\\\/referenzen-oesterreich\\\/\"]}]},{\"@type\":\"ImageObject\",\"inLanguage\":\"nl-NL\",\"@id\":\"https:\\\/\\\/pulsair.net\\\/referenzen-oesterreich\\\/#primaryimage\",\"url\":\"https:\\\/\\\/pulsair.net\\\/wp-content\\\/uploads\\\/2020\\\/07\\\/cropped-Rotation-alleine-500x500-1-100x100.png\",\"contentUrl\":\"https:\\\/\\\/pulsair.net\\\/wp-content\\\/uploads\\\/2020\\\/07\\\/cropped-Rotation-alleine-500x500-1-100x100.png\"},{\"@type\":\"BreadcrumbList\",\"@id\":\"https:\\\/\\\/pulsair.net\\\/referenzen-oesterreich\\\/#breadcrumb\",\"itemListElement\":[{\"@type\":\"ListItem\",\"position\":1,\"name\":\"Startseite\",\"item\":\"https:\\\/\\\/pulsair.net\\\/\"},{\"@type\":\"ListItem\",\"position\":2,\"name\":\"Referenzen \u00d6sterreich\"}]},{\"@type\":\"WebSite\",\"@id\":\"https:\\\/\\\/pulsair.net\\\/#website\",\"url\":\"https:\\\/\\\/pulsair.net\\\/\",\"name\":\"Puls-air Hallen und Werkstattheizung\",\"description\":\"50 % Heizkosten sparen\",\"publisher\":{\"@id\":\"https:\\\/\\\/pulsair.net\\\/#organization\"},\"potentialAction\":[{\"@type\":\"SearchAction\",\"target\":{\"@type\":\"EntryPoint\",\"urlTemplate\":\"https:\\\/\\\/pulsair.net\\\/?s={search_term_string}\"},\"query-input\":{\"@type\":\"PropertyValueSpecification\",\"valueRequired\":true,\"valueName\":\"search_term_string\"}}],\"inLanguage\":\"nl-NL\"},{\"@type\":\"Organization\",\"@id\":\"https:\\\/\\\/pulsair.net\\\/#organization\",\"name\":\"Puls-air Hallen und Werkstattheizung\",\"url\":\"https:\\\/\\\/pulsair.net\\\/\",\"logo\":{\"@type\":\"ImageObject\",\"inLanguage\":\"nl-NL\",\"@id\":\"https:\\\/\\\/pulsair.net\\\/#\\\/schema\\\/logo\\\/image\\\/\",\"url\":\"https:\\\/\\\/pulsair.net\\\/wp-content\\\/uploads\\\/2020\\\/07\\\/cropped-cropped-Rotation-alleine-500x500-1.png\",\"contentUrl\":\"https:\\\/\\\/pulsair.net\\\/wp-content\\\/uploads\\\/2020\\\/07\\\/cropped-cropped-Rotation-alleine-500x500-1.png\",\"width\":512,\"height\":512,\"caption\":\"Puls-air Hallen und Werkstattheizung\"},\"image\":{\"@id\":\"https:\\\/\\\/pulsair.net\\\/#\\\/schema\\\/logo\\\/image\\\/\"}}]}<\/script>\n<!-- \/ Yoast SEO plugin. -->","yoast_head_json":{"title":"Puls-air Werkstatt- und Hallenheizung | Referenzen","description":"Hochwirksame Werkstatt- und Hallenheizung mit Technik aus der Raketenforschung. 50 % weniger CO2 dank pulsierender Verbrennung. Referenzen lesen:","robots":{"index":"index","follow":"follow","max-snippet":"max-snippet:-1","max-image-preview":"max-image-preview:large","max-video-preview":"max-video-preview:-1"},"canonical":"https:\/\/pulsair.net\/nl\/referenzen-oesterreich\/","og_locale":"nl_NL","og_type":"article","og_title":"Puls-air Werkstatt- und Hallenheizung | Referenzen","og_description":"Hochwirksame Werkstatt- und Hallenheizung mit Technik aus der Raketenforschung. 50 % weniger CO2 dank pulsierender Verbrennung. Referenzen lesen:","og_url":"https:\/\/pulsair.net\/nl\/referenzen-oesterreich\/","og_site_name":"Puls-air Hallen und Werkstattheizung","article_modified_time":"2024-09-03T06:10:13+00:00","og_image":[{"url":"https:\/\/pulsair.net\/wp-content\/uploads\/2020\/07\/cropped-Rotation-alleine-500x500-1-100x100.png","type":"","width":"","height":""}],"twitter_card":"summary_large_image","twitter_misc":{"Est. reading time":"4 minuten"},"schema":{"@context":"https:\/\/schema.org","@graph":[{"@type":"WebPage","@id":"https:\/\/pulsair.net\/referenzen-oesterreich\/","url":"https:\/\/pulsair.net\/referenzen-oesterreich\/","name":"Puls-air Werkstatt- und Hallenheizung | Referenzen","isPartOf":{"@id":"https:\/\/pulsair.net\/#website"},"primaryImageOfPage":{"@id":"https:\/\/pulsair.net\/referenzen-oesterreich\/#primaryimage"},"image":{"@id":"https:\/\/pulsair.net\/referenzen-oesterreich\/#primaryimage"},"thumbnailUrl":"https:\/\/pulsair.net\/wp-content\/uploads\/2020\/07\/cropped-Rotation-alleine-500x500-1-100x100.png","datePublished":"2024-09-03T06:09:27+00:00","dateModified":"2024-09-03T06:10:13+00:00","description":"Hochwirksame Werkstatt- und Hallenheizung mit Technik aus der Raketenforschung. 50 % weniger CO2 dank pulsierender Verbrennung. Referenzen lesen:","breadcrumb":{"@id":"https:\/\/pulsair.net\/referenzen-oesterreich\/#breadcrumb"},"inLanguage":"nl-NL","potentialAction":[{"@type":"ReadAction","target":["https:\/\/pulsair.net\/referenzen-oesterreich\/"]}]},{"@type":"ImageObject","inLanguage":"nl-NL","@id":"https:\/\/pulsair.net\/referenzen-oesterreich\/#primaryimage","url":"https:\/\/pulsair.net\/wp-content\/uploads\/2020\/07\/cropped-Rotation-alleine-500x500-1-100x100.png","contentUrl":"https:\/\/pulsair.net\/wp-content\/uploads\/2020\/07\/cropped-Rotation-alleine-500x500-1-100x100.png"},{"@type":"BreadcrumbList","@id":"https:\/\/pulsair.net\/referenzen-oesterreich\/#breadcrumb","itemListElement":[{"@type":"ListItem","position":1,"name":"Startseite","item":"https:\/\/pulsair.net\/"},{"@type":"ListItem","position":2,"name":"Referenzen \u00d6sterreich"}]},{"@type":"WebSite","@id":"https:\/\/pulsair.net\/#website","url":"https:\/\/pulsair.net\/","name":"Puls-air Hallen und Werkstattheizung","description":"50 % Heizkosten sparen","publisher":{"@id":"https:\/\/pulsair.net\/#organization"},"potentialAction":[{"@type":"SearchAction","target":{"@type":"EntryPoint","urlTemplate":"https:\/\/pulsair.net\/?s={search_term_string}"},"query-input":{"@type":"PropertyValueSpecification","valueRequired":true,"valueName":"search_term_string"}}],"inLanguage":"nl-NL"},{"@type":"Organization","@id":"https:\/\/pulsair.net\/#organization","name":"Puls-air Hallen und Werkstattheizung","url":"https:\/\/pulsair.net\/","logo":{"@type":"ImageObject","inLanguage":"nl-NL","@id":"https:\/\/pulsair.net\/#\/schema\/logo\/image\/","url":"https:\/\/pulsair.net\/wp-content\/uploads\/2020\/07\/cropped-cropped-Rotation-alleine-500x500-1.png","contentUrl":"https:\/\/pulsair.net\/wp-content\/uploads\/2020\/07\/cropped-cropped-Rotation-alleine-500x500-1.png","width":512,"height":512,"caption":"Puls-air Hallen und Werkstattheizung"},"image":{"@id":"https:\/\/pulsair.net\/#\/schema\/logo\/image\/"}}]}},"_links":{"self":[{"href":"https:\/\/pulsair.net\/nl\/wp-json\/wp\/v2\/pages\/3471","targetHints":{"allow":["GET"]}}],"collection":[{"href":"https:\/\/pulsair.net\/nl\/wp-json\/wp\/v2\/pages"}],"about":[{"href":"https:\/\/pulsair.net\/nl\/wp-json\/wp\/v2\/types\/page"}],"author":[{"embeddable":true,"href":"https:\/\/pulsair.net\/nl\/wp-json\/wp\/v2\/users\/2"}],"replies":[{"embeddable":true,"href":"https:\/\/pulsair.net\/nl\/wp-json\/wp\/v2\/comments?post=3471"}],"version-history":[{"count":3,"href":"https:\/\/pulsair.net\/nl\/wp-json\/wp\/v2\/pages\/3471\/revisions"}],"predecessor-version":[{"id":3474,"href":"https:\/\/pulsair.net\/nl\/wp-json\/wp\/v2\/pages\/3471\/revisions\/3474"}],"wp:attachment":[{"href":"https:\/\/pulsair.net\/nl\/wp-json\/wp\/v2\/media?parent=3471"}],"curies":[{"name":"wp","href":"https:\/\/api.w.org\/{rel}","templated":true}]}}