{"id":952,"date":"2022-04-07T13:59:57","date_gmt":"2022-04-07T13:59:57","guid":{"rendered":"https:\/\/werkstattheizung.pulsair.net\/?page_id=952"},"modified":"2024-11-11T07:10:39","modified_gmt":"2024-11-11T07:10:39","slug":"inbetriebnahme","status":"publish","type":"page","link":"https:\/\/pulsair.net\/nl\/inbetriebnahme\/","title":{"rendered":"Inbedrijfstelling"},"content":{"rendered":"\t\t<div data-elementor-type=\"wp-page\" data-elementor-id=\"952\" class=\"elementor elementor-952\" data-elementor-post-type=\"page\">\n\t\t\t\t\t\t<section class=\"elementor-section elementor-top-section elementor-element elementor-element-431ea6e elementor-section-boxed elementor-section-height-default elementor-section-height-default\" data-id=\"431ea6e\" data-element_type=\"section\" data-e-type=\"section\">\n\t\t\t\t\t\t<div class=\"elementor-container elementor-column-gap-default\">\n\t\t\t\t\t<div class=\"elementor-column elementor-col-100 elementor-top-column elementor-element elementor-element-db08fd0\" data-id=\"db08fd0\" data-element_type=\"column\" data-e-type=\"column\">\n\t\t\t<div class=\"elementor-widget-wrap elementor-element-populated\">\n\t\t\t\t\t\t<div class=\"elementor-element elementor-element-a4fd0b5 elementor-widget elementor-widget-image\" data-id=\"a4fd0b5\" data-element_type=\"widget\" data-e-type=\"widget\" data-widget_type=\"image.default\">\n\t\t\t\t<div class=\"elementor-widget-container\">\n\t\t\t\t\t\t\t\t\t\t\t\t\t\t\t<img decoding=\"async\" width=\"100\" height=\"100\" src=\"https:\/\/pulsair.net\/wp-content\/uploads\/2020\/07\/cropped-Rotation-alleine-500x500-1-100x100.png\" class=\"attachment-woocommerce_gallery_thumbnail size-woocommerce_gallery_thumbnail wp-image-492\" alt=\"\" srcset=\"https:\/\/pulsair.net\/wp-content\/uploads\/2020\/07\/cropped-Rotation-alleine-500x500-1-100x100.png 100w, https:\/\/pulsair.net\/wp-content\/uploads\/2020\/07\/cropped-Rotation-alleine-500x500-1-300x300.png 300w, https:\/\/pulsair.net\/wp-content\/uploads\/2020\/07\/cropped-Rotation-alleine-500x500-1-150x150.png 150w, https:\/\/pulsair.net\/wp-content\/uploads\/2020\/07\/cropped-Rotation-alleine-500x500-1-270x270.png 270w, https:\/\/pulsair.net\/wp-content\/uploads\/2020\/07\/cropped-Rotation-alleine-500x500-1-192x192.png 192w, https:\/\/pulsair.net\/wp-content\/uploads\/2020\/07\/cropped-Rotation-alleine-500x500-1-180x180.png 180w, https:\/\/pulsair.net\/wp-content\/uploads\/2020\/07\/cropped-Rotation-alleine-500x500-1-32x32.png 32w, https:\/\/pulsair.net\/wp-content\/uploads\/2020\/07\/cropped-Rotation-alleine-500x500-1.png 512w\" sizes=\"(max-width: 100px) 100vw, 100px\" \/>\t\t\t\t\t\t\t\t\t\t\t\t\t\t\t<\/div>\n\t\t\t\t<\/div>\n\t\t\t\t<div class=\"elementor-element elementor-element-b3d6a6c elementor-widget elementor-widget-text-editor\" data-id=\"b3d6a6c\" data-element_type=\"widget\" data-e-type=\"widget\" data-widget_type=\"text-editor.default\">\n\t\t\t\t<div class=\"elementor-widget-container\">\n\t\t\t\t\t\t\t\t\t<div class=\"titel_cst_small smallTitle TitelKlein\">EINFACH &amp; SCHNELL<\/div>\t\t\t\t\t\t\t\t<\/div>\n\t\t\t\t<\/div>\n\t\t\t\t<div class=\"elementor-element elementor-element-fa02acb elementor-widget elementor-widget-text-editor\" data-id=\"fa02acb\" data-element_type=\"widget\" data-e-type=\"widget\" data-widget_type=\"text-editor.default\">\n\t\t\t\t<div class=\"elementor-widget-container\">\n\t\t\t\t\t\t\t\t\t<div class=\"titel_cst\"><div class=\"titel_cst_big\"><h1>INBETRIEBNAHME DER PULS-AIR HEIZGER\u00c4TE:<\/h1><\/div><\/div>\t\t\t\t\t\t\t\t<\/div>\n\t\t\t\t<\/div>\n\t\t\t\t\t<\/div>\n\t\t<\/div>\n\t\t\t\t\t<\/div>\n\t\t<\/section>\n\t\t\t\t<section class=\"elementor-section elementor-top-section elementor-element elementor-element-a8e920f elementor-hidden-desktop elementor-hidden-tablet elementor-hidden-phone elementor-section-boxed elementor-section-height-default elementor-section-height-default\" data-id=\"a8e920f\" data-element_type=\"section\" data-e-type=\"section\" data-settings=\"{&quot;background_background&quot;:&quot;classic&quot;}\">\n\t\t\t\t\t\t<div class=\"elementor-container elementor-column-gap-default\">\n\t\t\t\t\t<div class=\"elementor-column elementor-col-100 elementor-top-column elementor-element elementor-element-1f3672cd\" data-id=\"1f3672cd\" data-element_type=\"column\" data-e-type=\"column\">\n\t\t\t<div class=\"elementor-widget-wrap elementor-element-populated\">\n\t\t\t\t\t\t<div class=\"elementor-element elementor-element-67f702e3 elementor-widget elementor-widget-text-editor\" data-id=\"67f702e3\" data-element_type=\"widget\" data-e-type=\"widget\" data-widget_type=\"text-editor.default\">\n\t\t\t\t<div class=\"elementor-widget-container\">\n\t\t\t\t\t\t\t\t\t<div class=\"titel_cst_small smallTitle TitelKlein\">VARIANTE 1:<\/div>\t\t\t\t\t\t\t\t<\/div>\n\t\t\t\t<\/div>\n\t\t\t\t<div class=\"elementor-element elementor-element-3c1d26f8 elementor-widget elementor-widget-text-editor\" data-id=\"3c1d26f8\" data-element_type=\"widget\" data-e-type=\"widget\" data-widget_type=\"text-editor.default\">\n\t\t\t\t<div class=\"elementor-widget-container\">\n\t\t\t\t\t\t\t\t\t<div class=\"titel_cst\"><div class=\"titel_cst_big\"><h2>Station\u00e4rer (fixer) Einsatz:<\/h2><\/div><\/div>\t\t\t\t\t\t\t\t<\/div>\n\t\t\t\t<\/div>\n\t\t\t\t<div class=\"elementor-element elementor-element-9c1831c elementor-widget elementor-widget-gallery\" data-id=\"9c1831c\" data-element_type=\"widget\" data-e-type=\"widget\" data-settings=\"{&quot;columns&quot;:3,&quot;gap&quot;:{&quot;unit&quot;:&quot;px&quot;,&quot;size&quot;:5,&quot;sizes&quot;:[]},&quot;aspect_ratio&quot;:&quot;1:1&quot;,&quot;lazyload&quot;:&quot;yes&quot;,&quot;gallery_layout&quot;:&quot;grid&quot;,&quot;columns_tablet&quot;:2,&quot;columns_mobile&quot;:1,&quot;gap_tablet&quot;:{&quot;unit&quot;:&quot;px&quot;,&quot;size&quot;:10,&quot;sizes&quot;:[]},&quot;gap_mobile&quot;:{&quot;unit&quot;:&quot;px&quot;,&quot;size&quot;:10,&quot;sizes&quot;:[]},&quot;link_to&quot;:&quot;file&quot;,&quot;overlay_background&quot;:&quot;yes&quot;,&quot;content_hover_animation&quot;:&quot;fade-in&quot;}\" data-widget_type=\"gallery.default\">\n\t\t\t\t<div class=\"elementor-widget-container\">\n\t\t\t\t\t\t\t<div class=\"elementor-gallery__container\">\n\t\t\t\t\t\t\t<a class=\"e-gallery-item elementor-gallery-item elementor-animated-content\" href=\"https:\/\/pulsair.net\/wp-content\/uploads\/2022\/04\/Schrit-1-ausgeschn-und-eingef.-Pfeil-scaled.jpg\" data-elementor-open-lightbox=\"yes\" data-elementor-lightbox-slideshow=\"9c1831c\" data-elementor-lightbox-title=\"Schrit 1 ausgeschn und eingef. Pfeil\" data-e-action-hash=\"#elementor-action%3Aaction%3Dlightbox%26settings%3DeyJpZCI6OTYxLCJ1cmwiOiJodHRwczpcL1wvcHVsc2Fpci5uZXRcL3dwLWNvbnRlbnRcL3VwbG9hZHNcLzIwMjJcLzA0XC9TY2hyaXQtMS1hdXNnZXNjaG4tdW5kLWVpbmdlZi4tUGZlaWwtc2NhbGVkLmpwZyIsInNsaWRlc2hvdyI6IjljMTgzMWMifQ%3D%3D\">\n\t\t\t\t\t<div class=\"e-gallery-image elementor-gallery-item__image\" data-thumbnail=\"https:\/\/pulsair.net\/wp-content\/uploads\/2022\/04\/Schrit-1-ausgeschn-und-eingef.-Pfeil-1024x681.jpg\" data-width=\"1024\" data-height=\"681\" aria-label=\"\" role=\"img\" ><\/div>\n\t\t\t\t\t\t\t\t\t\t\t<div class=\"elementor-gallery-item__overlay\"><\/div>\n\t\t\t\t\t\t\t\t\t\t\t\t\t\t<\/a>\n\t\t\t\t\t\t\t<a class=\"e-gallery-item elementor-gallery-item elementor-animated-content\" href=\"https:\/\/pulsair.net\/wp-content\/uploads\/2022\/04\/Schrit-2-ausgeschn-und-eingef\u00e4rbt-beschr-Pfeil-scaled.jpg\" data-elementor-open-lightbox=\"yes\" data-elementor-lightbox-slideshow=\"9c1831c\" data-elementor-lightbox-title=\"Schrit 2 ausgeschn und eingef\u00e4rbt beschr Pfeil\" data-e-action-hash=\"#elementor-action%3Aaction%3Dlightbox%26settings%3DeyJpZCI6OTYyLCJ1cmwiOiJodHRwczpcL1wvcHVsc2Fpci5uZXRcL3dwLWNvbnRlbnRcL3VwbG9hZHNcLzIwMjJcLzA0XC9TY2hyaXQtMi1hdXNnZXNjaG4tdW5kLWVpbmdlZlx1MDBlNHJidC1iZXNjaHItUGZlaWwtc2NhbGVkLmpwZyIsInNsaWRlc2hvdyI6IjljMTgzMWMifQ%3D%3D\">\n\t\t\t\t\t<div class=\"e-gallery-image elementor-gallery-item__image\" data-thumbnail=\"https:\/\/pulsair.net\/wp-content\/uploads\/2022\/04\/Schrit-2-ausgeschn-und-eingef\u00e4rbt-beschr-Pfeil-1024x681.jpg\" data-width=\"1024\" data-height=\"681\" aria-label=\"\" role=\"img\" ><\/div>\n\t\t\t\t\t\t\t\t\t\t\t<div class=\"elementor-gallery-item__overlay\"><\/div>\n\t\t\t\t\t\t\t\t\t\t\t\t\t\t<\/a>\n\t\t\t\t\t\t\t<a class=\"e-gallery-item elementor-gallery-item elementor-animated-content\" href=\"https:\/\/pulsair.net\/wp-content\/uploads\/2022\/04\/Schrit-3-ausgeschn-und-bearb-beschr-Pfeil-scaled.jpg\" data-elementor-open-lightbox=\"yes\" data-elementor-lightbox-slideshow=\"9c1831c\" data-elementor-lightbox-title=\"Schrit 3 ausgeschn und bearb beschr Pfeil\" data-e-action-hash=\"#elementor-action%3Aaction%3Dlightbox%26settings%3DeyJpZCI6OTYzLCJ1cmwiOiJodHRwczpcL1wvcHVsc2Fpci5uZXRcL3dwLWNvbnRlbnRcL3VwbG9hZHNcLzIwMjJcLzA0XC9TY2hyaXQtMy1hdXNnZXNjaG4tdW5kLWJlYXJiLWJlc2Noci1QZmVpbC1zY2FsZWQuanBnIiwic2xpZGVzaG93IjoiOWMxODMxYyJ9\">\n\t\t\t\t\t<div class=\"e-gallery-image elementor-gallery-item__image\" data-thumbnail=\"https:\/\/pulsair.net\/wp-content\/uploads\/2022\/04\/Schrit-3-ausgeschn-und-bearb-beschr-Pfeil-1024x681.jpg\" data-width=\"1024\" data-height=\"681\" aria-label=\"\" role=\"img\" ><\/div>\n\t\t\t\t\t\t\t\t\t\t\t<div class=\"elementor-gallery-item__overlay\"><\/div>\n\t\t\t\t\t\t\t\t\t\t\t\t\t\t<\/a>\n\t\t\t\t\t\t\t<a class=\"e-gallery-item elementor-gallery-item elementor-animated-content\" href=\"https:\/\/pulsair.net\/wp-content\/uploads\/2022\/04\/Schrit-4-bearb-und-eingef-beschr-Pfeil-scaled.jpg\" data-elementor-open-lightbox=\"yes\" data-elementor-lightbox-slideshow=\"9c1831c\" data-elementor-lightbox-title=\"Schrit 4 bearb und eingef+ beschr Pfeil\" data-e-action-hash=\"#elementor-action%3Aaction%3Dlightbox%26settings%3DeyJpZCI6OTY0LCJ1cmwiOiJodHRwczpcL1wvcHVsc2Fpci5uZXRcL3dwLWNvbnRlbnRcL3VwbG9hZHNcLzIwMjJcLzA0XC9TY2hyaXQtNC1iZWFyYi11bmQtZWluZ2VmLWJlc2Noci1QZmVpbC1zY2FsZWQuanBnIiwic2xpZGVzaG93IjoiOWMxODMxYyJ9\">\n\t\t\t\t\t<div class=\"e-gallery-image elementor-gallery-item__image\" data-thumbnail=\"https:\/\/pulsair.net\/wp-content\/uploads\/2022\/04\/Schrit-4-bearb-und-eingef-beschr-Pfeil-1024x681.jpg\" data-width=\"1024\" data-height=\"681\" aria-label=\"\" role=\"img\" ><\/div>\n\t\t\t\t\t\t\t\t\t\t\t<div class=\"elementor-gallery-item__overlay\"><\/div>\n\t\t\t\t\t\t\t\t\t\t\t\t\t\t<\/a>\n\t\t\t\t\t\t\t<a class=\"e-gallery-item elementor-gallery-item elementor-animated-content\" href=\"https:\/\/pulsair.net\/wp-content\/uploads\/2022\/04\/Bild-5.png\" data-elementor-open-lightbox=\"yes\" data-elementor-lightbox-slideshow=\"9c1831c\" data-elementor-lightbox-title=\"Bild 5\" data-e-action-hash=\"#elementor-action%3Aaction%3Dlightbox%26settings%3DeyJpZCI6OTY1LCJ1cmwiOiJodHRwczpcL1wvcHVsc2Fpci5uZXRcL3dwLWNvbnRlbnRcL3VwbG9hZHNcLzIwMjJcLzA0XC9CaWxkLTUucG5nIiwic2xpZGVzaG93IjoiOWMxODMxYyJ9\">\n\t\t\t\t\t<div class=\"e-gallery-image elementor-gallery-item__image\" data-thumbnail=\"https:\/\/pulsair.net\/wp-content\/uploads\/2022\/04\/Bild-5-1024x951.png\" data-width=\"1024\" data-height=\"951\" aria-label=\"\" role=\"img\" ><\/div>\n\t\t\t\t\t\t\t\t\t\t\t<div class=\"elementor-gallery-item__overlay\"><\/div>\n\t\t\t\t\t\t\t\t\t\t\t\t\t\t<\/a>\n\t\t\t\t\t<\/div>\n\t\t\t\t\t<\/div>\n\t\t\t\t<\/div>\n\t\t\t\t<div class=\"elementor-element elementor-element-54a1cc59 elementor-widget elementor-widget-text-editor\" data-id=\"54a1cc59\" data-element_type=\"widget\" data-e-type=\"widget\" data-widget_type=\"text-editor.default\">\n\t\t\t\t<div class=\"elementor-widget-container\">\n\t\t\t\t\t\t\t\t\t<h2>Links f\u00fcr Rohre und B\u00f6gen:<\/h2>\t\t\t\t\t\t\t\t<\/div>\n\t\t\t\t<\/div>\n\t\t\t\t<div class=\"elementor-element elementor-element-8a4ec83 elementor-widget elementor-widget-text-editor\" data-id=\"8a4ec83\" data-element_type=\"widget\" data-e-type=\"widget\" data-widget_type=\"text-editor.default\">\n\t\t\t\t<div class=\"elementor-widget-container\">\n\t\t\t\t\t\t\t\t\t<p><strong>35mm Rohr:<\/strong>\u00a0<a href=\"https:\/\/www.hoerr-edelstahl.de\/Edelstahlrohre-und-Profile\/Rund-Rohre\/Rohr-35-x-1-5-mm-Pressrohr-matt-SANPRESS-V4A-35-x-1-5-mm-matt-V4A-5-m-500-cm-5000-mm.html?listtype=search&amp;searchparam=pulsair%20\" target=\"_blank\" rel=\"noopener\">https:\/\/www.hoerr-edelstahl.de\/article\/200.0100<\/a><\/p><p><strong>Bogen 90\u00b0:<\/strong>\u00a0<a href=\"https:\/\/www.hoerr-edelstahl.de\/article\/500.0672\" target=\"_blank\" rel=\"noopener\">https:\/\/www.hoerr-edelstahl.de\/article\/500.0672<\/a><\/p><p><strong>Bogen 45\u00b0:<\/strong>\u00a0<a href=\"https:\/\/www.hoerr-edelstahl.de\/article\/500.1546\" target=\"_blank\" rel=\"noopener\">https:\/\/www.hoerr-edelstahl.de\/article\/500.1546<\/a><\/p><p>Das komplette Puls-air Zubeh\u00f6r Sortiment finden Sie <a href=\"https:\/\/www.hoerr-edelstahl.de\/index.php?stoken=74D7BC6B&amp;lang=0&amp;cl=search&amp;searchparam=pulsair\" target=\"_blank\" rel=\"noopener\">hier<\/a><\/p>\t\t\t\t\t\t\t\t<\/div>\n\t\t\t\t<\/div>\n\t\t\t\t<div class=\"elementor-element elementor-element-7f394ac elementor-align-center elementor-widget elementor-widget-button\" data-id=\"7f394ac\" data-element_type=\"widget\" data-e-type=\"widget\" data-widget_type=\"button.default\">\n\t\t\t\t<div class=\"elementor-widget-container\">\n\t\t\t\t\t\t\t\t\t<div class=\"elementor-button-wrapper\">\n\t\t\t\t\t<a class=\"elementor-button elementor-button-link elementor-size-sm elementor-animation-grow\" href=\"https:\/\/pulsair.net\/infomaterial\/\">\n\t\t\t\t\t\t<span class=\"elementor-button-content-wrapper\">\n\t\t\t\t\t\t\t\t\t<span class=\"elementor-button-text\">Zur Betriebsanleitung<\/span>\n\t\t\t\t\t<\/span>\n\t\t\t\t\t<\/a>\n\t\t\t\t<\/div>\n\t\t\t\t\t\t\t\t<\/div>\n\t\t\t\t<\/div>\n\t\t\t\t\t<\/div>\n\t\t<\/div>\n\t\t\t\t\t<\/div>\n\t\t<\/section>\n\t\t\t\t<section class=\"elementor-section elementor-top-section elementor-element elementor-element-3b2717fb elementor-section-boxed elementor-section-height-default elementor-section-height-default\" data-id=\"3b2717fb\" data-element_type=\"section\" data-e-type=\"section\" data-settings=\"{&quot;background_background&quot;:&quot;classic&quot;}\">\n\t\t\t\t\t\t<div class=\"elementor-container elementor-column-gap-default\">\n\t\t\t\t\t<div class=\"elementor-column elementor-col-100 elementor-top-column elementor-element elementor-element-58ef306a\" data-id=\"58ef306a\" data-element_type=\"column\" data-e-type=\"column\" data-settings=\"{&quot;background_background&quot;:&quot;classic&quot;}\">\n\t\t\t<div class=\"elementor-widget-wrap elementor-element-populated\">\n\t\t\t\t\t\t<div class=\"elementor-element elementor-element-6716d670 elementor-widget elementor-widget-text-editor\" data-id=\"6716d670\" data-element_type=\"widget\" data-e-type=\"widget\" data-widget_type=\"text-editor.default\">\n\t\t\t\t<div class=\"elementor-widget-container\">\n\t\t\t\t\t\t\t\t\t<h2><strong>Infomaterial per Mail anfordern:<\/strong><\/h2><p>Betriebsanleitung, Folder, Datenblatt<\/p>\t\t\t\t\t\t\t\t<\/div>\n\t\t\t\t<\/div>\n\t\t\t\t<div class=\"elementor-element elementor-element-3d24ead elementor-widget elementor-widget-global elementor-global-1136 elementor-widget-html\" data-id=\"3d24ead\" data-element_type=\"widget\" data-e-type=\"widget\" data-widget_type=\"html.default\">\n\t\t\t\t<div class=\"elementor-widget-container\">\n\t\t\t\t\t<!-- Begin Mailchimp Signup Form -->\r\n<link href=\"\/\/cdn-images.mailchimp.com\/embedcode\/classic-10_7.css\" rel=\"stylesheet\" type=\"text\/css\">\r\n<style type=\"text\/css\">\r\n\t#mc_embed_signup{ font:14px Montserrat,Montserrat,sans-serif;  width:100%px; margin: auto; color: white; }\r\n\t\/* Add your own Mailchimp form style overrides in your site stylesheet or in this style block.\r\n\t   We recommend moving this block and the preceding CSS link to the HEAD of your HTML file. *\/\r\n<\/style>\r\n<div id=\"mc_embed_signup\">\r\n<form action=\"https:\/\/pulsair.us1.list-manage.com\/subscribe\/post?u=c5f2ce547b3e35c61f62f6db9&amp;id=324707eaa9\" method=\"post\" id=\"infomaterial anfordern\" name=\"mc-embedded-subscribe-form\" class=\"validate\" target=\"_blank\" novalidate>\r\n    <div id=\"mc_embed_signup_scroll\">\r\n\t\r\n\r\n<div class=\"mc-field-group\">\r\n\t<label for=\"mce-EMAIL\"><span class=\"asterisk\"><\/span>\r\n<\/label>\r\n\t<input type=\"email\" value=\"E-Mail\" name=\"EMAIL\" class=\"required email\" id=\"mce-EMAIL\">\r\n<\/div>\r\n<div class=\"mc-field-group input-group\">\r\n    <strong> <\/strong>\r\n    <ul><li><input type=\"checkbox\" value=\"1\" name=\"group[378110][1]\" id=\"mce-group[378110]-378110-0\"><label for=\"mce-group[378110]-378110-0\">Ich bes\u00e4tige hiermit, dass ich die <a href=https:\/\/pulsair.net\/agb-datenschutz\/\">Datenschutzerkl\u00e4rung<\/a> gelesen habe.<\/label><\/li>\r\n<\/ul>\r\n<\/div>\r\n<div hidden=\"true\"><input type=\"hidden\" name=\"tags\" value=\"3067714\"><\/div>\r\n\t<div id=\"mce-responses\" class=\"clear\">\r\n\t\t<div class=\"response\" id=\"mce-error-response\" style=\"display:none\"><\/div>\r\n\t\t<div class=\"response\" id=\"mce-success-response\" style=\"display:none\"><\/div>\r\n\t<\/div>    <!-- real people should not fill this in and expect good things - do not remove this or risk form bot signups-->\r\n    <div style=\"position: absolute; left: -5000px;\" aria-hidden=\"true\"><input type=\"text\" name=\"b_c5f2ce547b3e35c61f62f6db9_324707eaa9\" tabindex=\"-1\" value=\"\"><\/div>\r\n    <div class=\"clear\"><input type=\"submit\" value=\"Anfordern >\" name=\"subscribe\" id=\"mc-embedded-subscribe\" class=\"button\"><\/div>\r\n    <\/div>\r\n<\/form>\r\n<\/div>\r\n<script type='text\/javascript' src='\/\/s3.amazonaws.com\/downloads.mailchimp.com\/js\/mc-validate.js'><\/script><script type='text\/javascript'>(function($) {window.fnames = new Array(); window.ftypes = new Array();fnames[0]='EMAIL';ftypes[0]='email'; \/*\r\n * Translated default messages for the $ validation plugin.\r\n * Locale: DE\r\n *\/\r\n$.extend($.validator.messages, {\r\n\trequired: \"Dieses Feld ist ein Pflichtfeld.\",\r\n\tmaxlength: $.validator.format(\"Geben Sie bitte maximal {0} Zeichen ein.\"),\r\n\tminlength: $.validator.format(\"Geben Sie bitte mindestens {0} Zeichen ein.\"),\r\n\trangelength: $.validator.format(\"Geben Sie bitte mindestens {0} und maximal {1} Zeichen ein.\"),\r\n\temail: \"Geben Sie bitte eine g\u00fcltige E-Mail Adresse ein.\",\r\n\turl: \"Geben Sie bitte eine g\u00fcltige URL ein.\",\r\n\tdate: \"Bitte geben Sie ein g\u00fcltiges Datum ein.\",\r\n\tnumber: \"Geben Sie bitte eine Nummer ein.\",\r\n\tdigits: \"Geben Sie bitte nur Ziffern ein.\",\r\n\tequalTo: \"Bitte denselben Wert wiederholen.\",\r\n\trange: $.validator.format(\"Geben Sie bitten einen Wert zwischen {0} und {1}.\"),\r\n\tmax: $.validator.format(\"Geben Sie bitte einen Wert kleiner oder gleich {0} ein.\"),\r\n\tmin: $.validator.format(\"Geben Sie bitte einen Wert gr\u00f6\u00dfer oder gleich {0} ein.\"),\r\n\tcreditcard: \"Geben Sie bitte ein g\u00fcltige Kreditkarten-Nummer ein.\"\r\n});}(jQuery));var $mcj = jQuery.noConflict(true);<\/script>\r\n<!--End mc_embed_signup-->\r\n\t\t\t\t<\/div>\n\t\t\t\t<\/div>\n\t\t\t\t\t<\/div>\n\t\t<\/div>\n\t\t\t\t\t<\/div>\n\t\t<\/section>\n\t\t\t\t<section class=\"elementor-section elementor-top-section elementor-element elementor-element-3531b27 elementor-hidden-desktop elementor-hidden-tablet elementor-hidden-phone elementor-section-boxed elementor-section-height-default elementor-section-height-default\" data-id=\"3531b27\" data-element_type=\"section\" data-e-type=\"section\" data-settings=\"{&quot;background_background&quot;:&quot;classic&quot;}\">\n\t\t\t\t\t\t<div class=\"elementor-container elementor-column-gap-default\">\n\t\t\t\t\t<div class=\"elementor-column elementor-col-100 elementor-top-column elementor-element elementor-element-01667d1\" data-id=\"01667d1\" data-element_type=\"column\" data-e-type=\"column\">\n\t\t\t<div class=\"elementor-widget-wrap elementor-element-populated\">\n\t\t\t\t\t\t<div class=\"elementor-element elementor-element-fe3a12b elementor-widget elementor-widget-text-editor\" data-id=\"fe3a12b\" data-element_type=\"widget\" data-e-type=\"widget\" data-widget_type=\"text-editor.default\">\n\t\t\t\t<div class=\"elementor-widget-container\">\n\t\t\t\t\t\t\t\t\t<h2>Links f\u00fcr Rohre und B\u00f6gen:<\/h2>\t\t\t\t\t\t\t\t<\/div>\n\t\t\t\t<\/div>\n\t\t\t\t<div class=\"elementor-element elementor-element-eae7010 elementor-widget elementor-widget-text-editor\" data-id=\"eae7010\" data-element_type=\"widget\" data-e-type=\"widget\" data-widget_type=\"text-editor.default\">\n\t\t\t\t<div class=\"elementor-widget-container\">\n\t\t\t\t\t\t\t\t\t<p><strong>35mm Rohr:<\/strong>\u00a0<a href=\"https:\/\/www.hoerr-edelstahl.de\/Edelstahlrohre-und-Profile\/Rund-Rohre\/Rohr-35-x-1-5-mm-Pressrohr-matt-SANPRESS-V4A-35-x-1-5-mm-matt-V4A-5-m-500-cm-5000-mm.html?listtype=search&amp;searchparam=pulsair%20\" target=\"_blank\" rel=\"noopener\">https:\/\/www.hoerr-edelstahl.de\/article\/200.0100<\/a><\/p><p><strong>Bogen 90\u00b0:<\/strong>\u00a0<a href=\"https:\/\/www.hoerr-edelstahl.de\/article\/500.0672\" target=\"_blank\" rel=\"noopener\">https:\/\/www.hoerr-edelstahl.de\/article\/500.0672<\/a><\/p><p><strong>Bogen 45\u00b0:<\/strong>\u00a0<a href=\"https:\/\/www.hoerr-edelstahl.de\/article\/500.1546\" target=\"_blank\" rel=\"noopener\">https:\/\/www.hoerr-edelstahl.de\/article\/500.1546<\/a><\/p><p>Das komplette Puls-air Zubeh\u00f6r Sortiment finden Sie <a href=\"https:\/\/www.hoerr-edelstahl.de\/index.php?stoken=74D7BC6B&amp;lang=0&amp;cl=search&amp;searchparam=pulsair\" target=\"_blank\" rel=\"noopener\">hier<\/a><\/p>\t\t\t\t\t\t\t\t<\/div>\n\t\t\t\t<\/div>\n\t\t\t\t<div class=\"elementor-element elementor-element-7055cac elementor-align-center elementor-widget elementor-widget-button\" data-id=\"7055cac\" data-element_type=\"widget\" data-e-type=\"widget\" data-widget_type=\"button.default\">\n\t\t\t\t<div class=\"elementor-widget-container\">\n\t\t\t\t\t\t\t\t\t<div class=\"elementor-button-wrapper\">\n\t\t\t\t\t<a class=\"elementor-button elementor-button-link elementor-size-sm elementor-animation-grow\" href=\"https:\/\/pulsair.net\/infomaterial\/\">\n\t\t\t\t\t\t<span class=\"elementor-button-content-wrapper\">\n\t\t\t\t\t\t\t\t\t<span class=\"elementor-button-text\">Zur Betriebsanleitung<\/span>\n\t\t\t\t\t<\/span>\n\t\t\t\t\t<\/a>\n\t\t\t\t<\/div>\n\t\t\t\t\t\t\t\t<\/div>\n\t\t\t\t<\/div>\n\t\t\t\t\t<\/div>\n\t\t<\/div>\n\t\t\t\t\t<\/div>\n\t\t<\/section>\n\t\t\t\t<section class=\"elementor-section elementor-top-section elementor-element elementor-element-e339758 elementor-hidden-desktop elementor-hidden-tablet elementor-hidden-phone elementor-section-boxed elementor-section-height-default elementor-section-height-default\" data-id=\"e339758\" data-element_type=\"section\" data-e-type=\"section\" data-settings=\"{&quot;background_background&quot;:&quot;classic&quot;}\">\n\t\t\t\t\t\t<div class=\"elementor-container elementor-column-gap-default\">\n\t\t\t\t\t<div class=\"elementor-column elementor-col-100 elementor-top-column elementor-element elementor-element-ee377c6\" data-id=\"ee377c6\" data-element_type=\"column\" data-e-type=\"column\">\n\t\t\t<div class=\"elementor-widget-wrap elementor-element-populated\">\n\t\t\t\t\t\t<div class=\"elementor-element elementor-element-cac24f8 elementor-widget elementor-widget-text-editor\" data-id=\"cac24f8\" data-element_type=\"widget\" data-e-type=\"widget\" data-widget_type=\"text-editor.default\">\n\t\t\t\t<div class=\"elementor-widget-container\">\n\t\t\t\t\t\t\t\t\t<div class=\"titel_cst_small smallTitle TitelKlein\">VARIANTE 2:<\/div>\t\t\t\t\t\t\t\t<\/div>\n\t\t\t\t<\/div>\n\t\t\t\t<div class=\"elementor-element elementor-element-431ec0c elementor-widget elementor-widget-text-editor\" data-id=\"431ec0c\" data-element_type=\"widget\" data-e-type=\"widget\" data-widget_type=\"text-editor.default\">\n\t\t\t\t<div class=\"elementor-widget-container\">\n\t\t\t\t\t\t\t\t\t<div class=\"titel_cst\"><div class=\"titel_cst_big\"><h2>Mobiler Einsatz:<\/h2><\/div><\/div>\t\t\t\t\t\t\t\t<\/div>\n\t\t\t\t<\/div>\n\t\t\t\t<div class=\"elementor-element elementor-element-5806dda elementor-widget elementor-widget-text-editor\" data-id=\"5806dda\" data-element_type=\"widget\" data-e-type=\"widget\" data-widget_type=\"text-editor.default\">\n\t\t\t\t<div class=\"elementor-widget-container\">\n\t\t\t\t\t\t\t\t\t<p class=\"farbigertext\">F\u00fcr den mobilen Einsatz der Puls-air Heizger\u00e4te zB zum Beheizen von Baustellen oder Zelten halten Sie sich bitte an folgende Punkte:<\/p><ol><li>Ger\u00e4t auf dem Boden des Raumes aufstellen.<\/li><li>Ger\u00e4t an 230 Volt Stecker anschlie\u00dfen.<\/li><li>Abgas mit Schlauch (Innendurchmesser 35mm)\u00a0<strong>ins Freie leiten.<\/strong><\/li><li>Tank sollte nicht komplett leer sein &#8211;&gt; fr\u00fchzeitiges Nachtanken!<\/li><\/ol>\t\t\t\t\t\t\t\t<\/div>\n\t\t\t\t<\/div>\n\t\t\t\t<div class=\"elementor-element elementor-element-bc33b56 elementor-widget elementor-widget-image\" data-id=\"bc33b56\" data-element_type=\"widget\" data-e-type=\"widget\" data-widget_type=\"image.default\">\n\t\t\t\t<div class=\"elementor-widget-container\">\n\t\t\t\t\t\t\t\t\t\t\t\t\t\t\t\t<a href=\"https:\/\/werkstattheizung.pulsair.net\/wp-content\/uploads\/2022\/04\/Foto-bearb4-scaled.jpg\" data-elementor-open-lightbox=\"yes\" data-elementor-lightbox-title=\"Abgasf\u00fchrung Puls-air Baustellenheizung\" data-elementor-lightbox-description=\"Abgasf\u00fchrung Puls-air Baustellenheizung\" data-e-action-hash=\"#elementor-action%3Aaction%3Dlightbox%26settings%3DeyJpZCI6OTcwLCJ1cmwiOiJodHRwczpcL1wvcHVsc2Fpci5uZXRcL3dwLWNvbnRlbnRcL3VwbG9hZHNcLzIwMjJcLzA0XC9Gb3RvLWJlYXJiNC1zY2FsZWQuanBnIn0%3D\">\n\t\t\t\t\t\t\t<img fetchpriority=\"high\" decoding=\"async\" width=\"1024\" height=\"684\" src=\"https:\/\/pulsair.net\/wp-content\/uploads\/2022\/04\/Foto-bearb4-1024x684.jpg\" class=\"attachment-large size-large wp-image-970\" alt=\"Abgasf\u00fchrung Puls-air Baustellenheizung\" srcset=\"https:\/\/pulsair.net\/wp-content\/uploads\/2022\/04\/Foto-bearb4-1024x684.jpg 1024w, https:\/\/pulsair.net\/wp-content\/uploads\/2022\/04\/Foto-bearb4-300x200.jpg 300w, https:\/\/pulsair.net\/wp-content\/uploads\/2022\/04\/Foto-bearb4-768x513.jpg 768w, https:\/\/pulsair.net\/wp-content\/uploads\/2022\/04\/Foto-bearb4-1536x1025.jpg 1536w, https:\/\/pulsair.net\/wp-content\/uploads\/2022\/04\/Foto-bearb4-2048x1367.jpg 2048w, https:\/\/pulsair.net\/wp-content\/uploads\/2022\/04\/Foto-bearb4-600x401.jpg 600w\" sizes=\"(max-width: 1024px) 100vw, 1024px\" \/>\t\t\t\t\t\t\t\t<\/a>\n\t\t\t\t\t\t\t\t\t\t\t\t\t\t\t<\/div>\n\t\t\t\t<\/div>\n\t\t\t\t\t<\/div>\n\t\t<\/div>\n\t\t\t\t\t<\/div>\n\t\t<\/section>\n\t\t\t\t<section class=\"elementor-section elementor-top-section elementor-element elementor-element-21a56cff elementor-hidden-desktop elementor-hidden-tablet elementor-hidden-phone elementor-section-boxed elementor-section-height-default elementor-section-height-default\" data-id=\"21a56cff\" data-element_type=\"section\" data-e-type=\"section\" data-settings=\"{&quot;background_background&quot;:&quot;classic&quot;}\">\n\t\t\t\t\t\t<div class=\"elementor-container elementor-column-gap-default\">\n\t\t\t\t\t<div class=\"elementor-column elementor-col-100 elementor-top-column elementor-element elementor-element-396e5e59\" data-id=\"396e5e59\" data-element_type=\"column\" data-e-type=\"column\" data-settings=\"{&quot;background_background&quot;:&quot;classic&quot;}\">\n\t\t\t<div class=\"elementor-widget-wrap elementor-element-populated\">\n\t\t\t\t\t\t<div class=\"elementor-element elementor-element-893de30 he_span elementor-widget elementor-widget-global elementor-global-1352 elementor-widget-heading\" data-id=\"893de30\" data-element_type=\"widget\" data-e-type=\"widget\" data-widget_type=\"heading.default\">\n\t\t\t\t<div class=\"elementor-widget-container\">\n\t\t\t\t\t<p class=\"elementor-heading-title elementor-size-default\">Schon ab rund 200<span> \u20ac pro Monat<\/span> bekommen<br> Sie endlich Ihre Heizkosten in den Griff!<\/p>\t\t\t\t<\/div>\n\t\t\t\t<\/div>\n\t\t\t\t<div class=\"elementor-element elementor-element-3beccbce elementor-widget elementor-widget-text-editor\" data-id=\"3beccbce\" data-element_type=\"widget\" data-e-type=\"widget\" data-widget_type=\"text-editor.default\">\n\t\t\t\t<div class=\"elementor-widget-container\">\n\t\t\t\t\t\t\t\t\t<p>Sie k\u00f6nnen Ihre Puls-air Werkstattheizung entweder kaufen oder g\u00fcnstig leasen.<br \/>Noch nie war es so einfach, Ihre Werkstatt g\u00fcnstig zu heizen.*<\/p>\t\t\t\t\t\t\t\t<\/div>\n\t\t\t\t<\/div>\n\t\t\t\t<div class=\"elementor-element elementor-element-199f82dc elementor-widget elementor-widget-text-editor\" data-id=\"199f82dc\" data-element_type=\"widget\" data-e-type=\"widget\" data-widget_type=\"text-editor.default\">\n\t\t\t\t<div class=\"elementor-widget-container\">\n\t\t\t\t\t\t\t\t\t<p>*Ohne Anzahlung, Restwert 10% vom Anschaffungswert (AW) zzgl. MwSt., Laufzeit 48 Monate, nur f\u00fcr Deutschland. Leasingangebot \u00fcber unseren Partner MMV Leasing GmbH, vorbehaltlich Bonit\u00e4tspr\u00fcfung, etc. Nebenkosten entstehen nicht. die genannte Leasingrate ist die Netto-Rate (zzgl. 19% MwSt. f\u00fcr Deutschland). Vor Vertragsabschluss f\u00fchrt die MMV Leasing eine Vertragsannahmepr\u00fcfung durch. 2 Garantieverl\u00e4ngerung und Lenkr\u00e4der k\u00f6nnen nicht geleast werden und m\u00fcssen gegebenenfalls separat bestellt werden. Dabei werden die Frachtkosten kein weiteres Mal verrechnet.<\/p>\t\t\t\t\t\t\t\t<\/div>\n\t\t\t\t<\/div>\n\t\t\t\t<div class=\"elementor-element elementor-element-479f501 elementor-align-center elementor-widget elementor-widget-button\" data-id=\"479f501\" data-element_type=\"widget\" data-e-type=\"widget\" data-widget_type=\"button.default\">\n\t\t\t\t<div class=\"elementor-widget-container\">\n\t\t\t\t\t\t\t\t\t<div class=\"elementor-button-wrapper\">\n\t\t\t\t\t<a class=\"elementor-button elementor-button-link elementor-size-sm elementor-animation-grow\" href=\"https:\/\/pulsair.net\/product\/\">\n\t\t\t\t\t\t<span class=\"elementor-button-content-wrapper\">\n\t\t\t\t\t\t\t\t\t<span class=\"elementor-button-text\">Hier bestellen<\/span>\n\t\t\t\t\t<\/span>\n\t\t\t\t\t<\/a>\n\t\t\t\t<\/div>\n\t\t\t\t\t\t\t\t<\/div>\n\t\t\t\t<\/div>\n\t\t\t\t\t<\/div>\n\t\t<\/div>\n\t\t\t\t\t<\/div>\n\t\t<\/section>\n\t\t\t\t<section class=\"elementor-section elementor-top-section elementor-element elementor-element-62724756 elementor-hidden-desktop elementor-hidden-tablet elementor-hidden-phone elementor-section-boxed elementor-section-height-default elementor-section-height-default\" data-id=\"62724756\" data-element_type=\"section\" data-e-type=\"section\">\n\t\t\t\t\t\t<div class=\"elementor-container elementor-column-gap-default\">\n\t\t\t\t\t<div class=\"elementor-column elementor-col-100 elementor-top-column elementor-element elementor-element-737e36fa\" data-id=\"737e36fa\" data-element_type=\"column\" data-e-type=\"column\" data-settings=\"{&quot;background_background&quot;:&quot;classic&quot;}\">\n\t\t\t<div class=\"elementor-widget-wrap elementor-element-populated\">\n\t\t\t\t\t\t<div class=\"elementor-element elementor-element-3d448fb4 elementor-widget elementor-widget-heading\" data-id=\"3d448fb4\" data-element_type=\"widget\" data-e-type=\"widget\" data-widget_type=\"heading.default\">\n\t\t\t\t<div class=\"elementor-widget-container\">\n\t\t\t\t\t<h2 class=\"elementor-heading-title elementor-size-default\">FAQ<\/h2>\t\t\t\t<\/div>\n\t\t\t\t<\/div>\n\t\t\t\t<div class=\"elementor-element elementor-element-2353716 elementor-widget elementor-widget-global elementor-global-874 elementor-widget-toggle\" data-id=\"2353716\" data-element_type=\"widget\" data-e-type=\"widget\" data-widget_type=\"toggle.default\">\n\t\t\t\t<div class=\"elementor-widget-container\">\n\t\t\t\t\t\t\t<div class=\"elementor-toggle\">\n\t\t\t\t\t\t\t<div class=\"elementor-toggle-item\">\n\t\t\t\t\t<div id=\"elementor-tab-title-3701\" class=\"elementor-tab-title\" data-tab=\"1\" role=\"button\" aria-controls=\"elementor-tab-content-3701\" aria-expanded=\"false\">\n\t\t\t\t\t\t\t\t\t\t\t\t<span class=\"elementor-toggle-icon elementor-toggle-icon-right\" aria-hidden=\"true\">\n\t\t\t\t\t\t\t\t\t\t\t\t\t\t\t<span class=\"elementor-toggle-icon-closed\"><i class=\"fas fa-chevron-down\"><\/i><\/span>\n\t\t\t\t\t\t\t\t<span class=\"elementor-toggle-icon-opened\"><i class=\"elementor-toggle-icon-opened fas fa-chevron-up\"><\/i><\/span>\n\t\t\t\t\t\t\t\t\t\t\t\t\t<\/span>\n\t\t\t\t\t\t\t\t\t\t\t\t<a class=\"elementor-toggle-title\" tabindex=\"0\">Wie gro\u00df darf die R\u00e4umlichkeit sein?<\/a>\n\t\t\t\t\t<\/div>\n\n\t\t\t\t\t<div id=\"elementor-tab-content-3701\" class=\"elementor-tab-content elementor-clearfix\" data-tab=\"1\" role=\"region\" aria-labelledby=\"elementor-tab-title-3701\"><p>Grunds\u00e4tzlich kann man sagen:<\/p><p>Puls-air Standard bei sehr guter Isolierung 600 m\u00b3.<\/p><p>Puls-air Plus bis max 1800 m\u00b3 bei guter Isolierung, bei schlechter Isolierung 1000-1200 m\u00b3<\/p><p>Sehr gut isoliet sind Hallen oder Werkst\u00e4tten die bis vor 5 Jahren gebaut worden sind. Das hei\u00dft Isolierverglasung, Gasbetonw\u00e4nde oder Sandwichpanele 100 mm oder 120 mm.<\/p><p>Schlecht isolierte Hallen sind z. B. nur gemauerte Geb\u00e4ude mit schlechtem Dach.<\/p><\/div>\n\t\t\t\t<\/div>\n\t\t\t\t\t\t\t<div class=\"elementor-toggle-item\">\n\t\t\t\t\t<div id=\"elementor-tab-title-3702\" class=\"elementor-tab-title\" data-tab=\"2\" role=\"button\" aria-controls=\"elementor-tab-content-3702\" aria-expanded=\"false\">\n\t\t\t\t\t\t\t\t\t\t\t\t<span class=\"elementor-toggle-icon elementor-toggle-icon-right\" aria-hidden=\"true\">\n\t\t\t\t\t\t\t\t\t\t\t\t\t\t\t<span class=\"elementor-toggle-icon-closed\"><i class=\"fas fa-chevron-down\"><\/i><\/span>\n\t\t\t\t\t\t\t\t<span class=\"elementor-toggle-icon-opened\"><i class=\"elementor-toggle-icon-opened fas fa-chevron-up\"><\/i><\/span>\n\t\t\t\t\t\t\t\t\t\t\t\t\t<\/span>\n\t\t\t\t\t\t\t\t\t\t\t\t<a class=\"elementor-toggle-title\" tabindex=\"0\">Welche Raumtemperatur schafft Puls-air<\/a>\n\t\t\t\t\t<\/div>\n\n\t\t\t\t\t<div id=\"elementor-tab-content-3702\" class=\"elementor-tab-content elementor-clearfix\" data-tab=\"2\" role=\"region\" aria-labelledby=\"elementor-tab-title-3702\"><div id=\"faq2\" class=\"collapse show\" data-parent=\"#faq-list\"><p>Raumtemperatur wie gew\u00fcnscht. Aus empirischen Werten ermittelt kann die Raumtemperatur der Werkstatt um ca. 4 Grad gesenkt werden, bei gleicher Behaglichkeit der Mitarbeiter, weil die W\u00e4rme von unten kommt. Im Vgl. bei Deckengebl\u00e4sen von oben, daher wird sinnlos Energie verschwendet.<\/p><\/div><\/div>\n\t\t\t\t<\/div>\n\t\t\t\t\t\t\t<div class=\"elementor-toggle-item\">\n\t\t\t\t\t<div id=\"elementor-tab-title-3703\" class=\"elementor-tab-title\" data-tab=\"3\" role=\"button\" aria-controls=\"elementor-tab-content-3703\" aria-expanded=\"false\">\n\t\t\t\t\t\t\t\t\t\t\t\t<span class=\"elementor-toggle-icon elementor-toggle-icon-right\" aria-hidden=\"true\">\n\t\t\t\t\t\t\t\t\t\t\t\t\t\t\t<span class=\"elementor-toggle-icon-closed\"><i class=\"fas fa-chevron-down\"><\/i><\/span>\n\t\t\t\t\t\t\t\t<span class=\"elementor-toggle-icon-opened\"><i class=\"elementor-toggle-icon-opened fas fa-chevron-up\"><\/i><\/span>\n\t\t\t\t\t\t\t\t\t\t\t\t\t<\/span>\n\t\t\t\t\t\t\t\t\t\t\t\t<a class=\"elementor-toggle-title\" tabindex=\"0\">Kann das Ger\u00e4t unbeaufsichtigt laufen?<\/a>\n\t\t\t\t\t<\/div>\n\n\t\t\t\t\t<div id=\"elementor-tab-content-3703\" class=\"elementor-tab-content elementor-clearfix\" data-tab=\"3\" role=\"region\" aria-labelledby=\"elementor-tab-title-3703\"><div id=\"faq2\" class=\"collapse show\" data-parent=\"#faq-list\"><div id=\"faq3\" class=\"collapse show\" data-parent=\"#faq-list\"><p>Ja, weil ein Raumthermostat am Ger\u00e4t verbaut ist, welches das Ger\u00e4t automatisch aus und ein schaltet, um die eingestellte Temperatur zu halten.<\/p><\/div><\/div><\/div>\n\t\t\t\t<\/div>\n\t\t\t\t\t\t\t<div class=\"elementor-toggle-item\">\n\t\t\t\t\t<div id=\"elementor-tab-title-3704\" class=\"elementor-tab-title\" data-tab=\"4\" role=\"button\" aria-controls=\"elementor-tab-content-3704\" aria-expanded=\"false\">\n\t\t\t\t\t\t\t\t\t\t\t\t<span class=\"elementor-toggle-icon elementor-toggle-icon-right\" aria-hidden=\"true\">\n\t\t\t\t\t\t\t\t\t\t\t\t\t\t\t<span class=\"elementor-toggle-icon-closed\"><i class=\"fas fa-chevron-down\"><\/i><\/span>\n\t\t\t\t\t\t\t\t<span class=\"elementor-toggle-icon-opened\"><i class=\"elementor-toggle-icon-opened fas fa-chevron-up\"><\/i><\/span>\n\t\t\t\t\t\t\t\t\t\t\t\t\t<\/span>\n\t\t\t\t\t\t\t\t\t\t\t\t<a class=\"elementor-toggle-title\" tabindex=\"0\">Welche Anforderungen muss ein externer Heiz\u00f6l Tank haben?<\/a>\n\t\t\t\t\t<\/div>\n\n\t\t\t\t\t<div id=\"elementor-tab-content-3704\" class=\"elementor-tab-content elementor-clearfix\" data-tab=\"4\" role=\"region\" aria-labelledby=\"elementor-tab-title-3704\"><p>Der externe Heiz\u00f6l Tank ist beim lokalen Heizungsbauer zu beziehen. Anforderungen: <strong>Doppelwandig, Leckanzeige &amp; Brandschutzventil.\u00a0<\/strong><\/p><\/div>\n\t\t\t\t<\/div>\n\t\t\t\t\t\t\t<div class=\"elementor-toggle-item\">\n\t\t\t\t\t<div id=\"elementor-tab-title-3705\" class=\"elementor-tab-title\" data-tab=\"5\" role=\"button\" aria-controls=\"elementor-tab-content-3705\" aria-expanded=\"false\">\n\t\t\t\t\t\t\t\t\t\t\t\t<span class=\"elementor-toggle-icon elementor-toggle-icon-right\" aria-hidden=\"true\">\n\t\t\t\t\t\t\t\t\t\t\t\t\t\t\t<span class=\"elementor-toggle-icon-closed\"><i class=\"fas fa-chevron-down\"><\/i><\/span>\n\t\t\t\t\t\t\t\t<span class=\"elementor-toggle-icon-opened\"><i class=\"elementor-toggle-icon-opened fas fa-chevron-up\"><\/i><\/span>\n\t\t\t\t\t\t\t\t\t\t\t\t\t<\/span>\n\t\t\t\t\t\t\t\t\t\t\t\t<a class=\"elementor-toggle-title\" tabindex=\"0\">Muss man das Ger\u00e4t mit dem angebauten Kanister betreiben?<\/a>\n\t\t\t\t\t<\/div>\n\n\t\t\t\t\t<div id=\"elementor-tab-content-3705\" class=\"elementor-tab-content elementor-clearfix\" data-tab=\"5\" role=\"region\" aria-labelledby=\"elementor-tab-title-3705\"><div id=\"faq2\" class=\"collapse show\" data-parent=\"#faq-list\"><div id=\"faq3\" class=\"collapse show\" data-parent=\"#faq-list\"><div id=\"faq4\" class=\"collapse show\" data-parent=\"#faq-list\"><p style=\"font-weight: 400;\">Nein, das Ger\u00e4t kann via 8mm Kupferrohr an einen externen Heiz\u00f6lktank angeschlossen werden. Achtung: Kein R\u00fccklauf \u2013 Einstrangsystem. Der Tank kann bis zu 30 m entfernt sein und der H\u00f6henunterschied darf max. 3,5 m betragen.<\/p><p style=\"font-weight: 400;\">Vorteil vom Kanister ist, das das Ger\u00e4t sofort betriebsbereit ist.<\/p><\/div><\/div><\/div><\/div>\n\t\t\t\t<\/div>\n\t\t\t\t\t\t\t<div class=\"elementor-toggle-item\">\n\t\t\t\t\t<div id=\"elementor-tab-title-3706\" class=\"elementor-tab-title\" data-tab=\"6\" role=\"button\" aria-controls=\"elementor-tab-content-3706\" aria-expanded=\"false\">\n\t\t\t\t\t\t\t\t\t\t\t\t<span class=\"elementor-toggle-icon elementor-toggle-icon-right\" aria-hidden=\"true\">\n\t\t\t\t\t\t\t\t\t\t\t\t\t\t\t<span class=\"elementor-toggle-icon-closed\"><i class=\"fas fa-chevron-down\"><\/i><\/span>\n\t\t\t\t\t\t\t\t<span class=\"elementor-toggle-icon-opened\"><i class=\"elementor-toggle-icon-opened fas fa-chevron-up\"><\/i><\/span>\n\t\t\t\t\t\t\t\t\t\t\t\t\t<\/span>\n\t\t\t\t\t\t\t\t\t\t\t\t<a class=\"elementor-toggle-title\" tabindex=\"0\">Wie laut ist das Heizger\u00e4t?<\/a>\n\t\t\t\t\t<\/div>\n\n\t\t\t\t\t<div id=\"elementor-tab-content-3706\" class=\"elementor-tab-content elementor-clearfix\" data-tab=\"6\" role=\"region\" aria-labelledby=\"elementor-tab-title-3706\"><div id=\"faq2\" class=\"collapse show\" data-parent=\"#faq-list\"><div id=\"faq3\" class=\"collapse show\" data-parent=\"#faq-list\"><div id=\"faq4\" class=\"collapse show\" data-parent=\"#faq-list\"><p>Ca 57 dBa, gemessen in einem Referenzraum. Das tats\u00e4chliche Ger\u00e4uschempfinden in einer normal eingerichteten Werkstatt oder Halle ist ein angenehmes leichtes brummen.<\/p><div class=\"co8aDb\" role=\"heading\" aria-level=\"3\"><b>Lautst\u00e4rke\u00a0zu beurteilen ist oft schwierig.<\/b><\/div><div class=\"RqBzHd\"><ul class=\"i8Z77e\"><li class=\"TrT0Xe\">30 dB: Fl\u00fcstern, eigenes Atemger\u00e4usch.<\/li><li class=\"TrT0Xe\">35 dB: Bl\u00e4tterrascheln.<\/li><li class=\"TrT0Xe\">40 dB: Im Wohnraum bei geschlossenem Fenster.<\/li><li class=\"TrT0Xe\">45 dB: Wohnviertel ohne Stra\u00dfenverkehr.<\/li><li class=\"TrT0Xe\">60 dB: Unterhaltung (Einzelgespr\u00e4ch)<\/li><li class=\"TrT0Xe\">70 dB: Gro\u00dfraumb\u00fcro.<\/li><li class=\"TrT0Xe\">85 dB: Mittlerer Stra\u00dfenverkehr.<\/li><li class=\"TrT0Xe\">95 dB: Schwerlastverkehr.<\/li><\/ul><p>(Quelle Google)<\/p><\/div><\/div><\/div><\/div><\/div>\n\t\t\t\t<\/div>\n\t\t\t\t\t\t\t<div class=\"elementor-toggle-item\">\n\t\t\t\t\t<div id=\"elementor-tab-title-3707\" class=\"elementor-tab-title\" data-tab=\"7\" role=\"button\" aria-controls=\"elementor-tab-content-3707\" aria-expanded=\"false\">\n\t\t\t\t\t\t\t\t\t\t\t\t<span class=\"elementor-toggle-icon elementor-toggle-icon-right\" aria-hidden=\"true\">\n\t\t\t\t\t\t\t\t\t\t\t\t\t\t\t<span class=\"elementor-toggle-icon-closed\"><i class=\"fas fa-chevron-down\"><\/i><\/span>\n\t\t\t\t\t\t\t\t<span class=\"elementor-toggle-icon-opened\"><i class=\"elementor-toggle-icon-opened fas fa-chevron-up\"><\/i><\/span>\n\t\t\t\t\t\t\t\t\t\t\t\t\t<\/span>\n\t\t\t\t\t\t\t\t\t\t\t\t<a class=\"elementor-toggle-title\" tabindex=\"0\">Verbrauch pro h?<\/a>\n\t\t\t\t\t<\/div>\n\n\t\t\t\t\t<div id=\"elementor-tab-content-3707\" class=\"elementor-tab-content elementor-clearfix\" data-tab=\"7\" role=\"region\" aria-labelledby=\"elementor-tab-title-3707\"><div id=\"faq2\" class=\"collapse show\" data-parent=\"#faq-list\"><div id=\"faq3\" class=\"collapse show\" data-parent=\"#faq-list\"><div id=\"faq4\" class=\"collapse show\" data-parent=\"#faq-list\"><p style=\"font-weight: 400;\">Puls-air Standard: 1,5 l\/h auf der Sparstufe und 1,9 l\/h auf der Vollleistungsstufe<\/p><p style=\"font-weight: 400;\">Puls-air Plus: 1,9 l\/h auf der Sparstufe und 2,5 l\/h auf der Vollleistungsstufe<\/p><p style=\"font-weight: 400;\"><strong>Achtung<\/strong>: Nicht auf den kompletten Tag rechnen, da sich das Ger\u00e4t ja durch das Thermostat immer selbstst\u00e4ndig ein und aus schaltet, um die Temperatur zu halten.<\/p><\/div><\/div><\/div><\/div>\n\t\t\t\t<\/div>\n\t\t\t\t\t\t\t<div class=\"elementor-toggle-item\">\n\t\t\t\t\t<div id=\"elementor-tab-title-3708\" class=\"elementor-tab-title\" data-tab=\"8\" role=\"button\" aria-controls=\"elementor-tab-content-3708\" aria-expanded=\"false\">\n\t\t\t\t\t\t\t\t\t\t\t\t<span class=\"elementor-toggle-icon elementor-toggle-icon-right\" aria-hidden=\"true\">\n\t\t\t\t\t\t\t\t\t\t\t\t\t\t\t<span class=\"elementor-toggle-icon-closed\"><i class=\"fas fa-chevron-down\"><\/i><\/span>\n\t\t\t\t\t\t\t\t<span class=\"elementor-toggle-icon-opened\"><i class=\"elementor-toggle-icon-opened fas fa-chevron-up\"><\/i><\/span>\n\t\t\t\t\t\t\t\t\t\t\t\t\t<\/span>\n\t\t\t\t\t\t\t\t\t\t\t\t<a class=\"elementor-toggle-title\" tabindex=\"0\">Wie viel \u00d6l braucht Puls-air pro Heizsaison?<\/a>\n\t\t\t\t\t<\/div>\n\n\t\t\t\t\t<div id=\"elementor-tab-content-3708\" class=\"elementor-tab-content elementor-clearfix\" data-tab=\"8\" role=\"region\" aria-labelledby=\"elementor-tab-title-3708\"><div id=\"faq2\" class=\"collapse show\" data-parent=\"#faq-list\"><div id=\"faq3\" class=\"collapse show\" data-parent=\"#faq-list\"><div id=\"faq4\" class=\"collapse show\" data-parent=\"#faq-list\"><p>Wir stellen immer die Gegenfrage: Wie viel brauchen Sie momentan? \u2013 Davon minus 50 % und dann haben Sie die Summe (Alles in Cirka Angaben)<\/p><\/div><\/div><\/div><\/div>\n\t\t\t\t<\/div>\n\t\t\t\t\t\t\t<div class=\"elementor-toggle-item\">\n\t\t\t\t\t<div id=\"elementor-tab-title-3709\" class=\"elementor-tab-title\" data-tab=\"9\" role=\"button\" aria-controls=\"elementor-tab-content-3709\" aria-expanded=\"false\">\n\t\t\t\t\t\t\t\t\t\t\t\t<span class=\"elementor-toggle-icon elementor-toggle-icon-right\" aria-hidden=\"true\">\n\t\t\t\t\t\t\t\t\t\t\t\t\t\t\t<span class=\"elementor-toggle-icon-closed\"><i class=\"fas fa-chevron-down\"><\/i><\/span>\n\t\t\t\t\t\t\t\t<span class=\"elementor-toggle-icon-opened\"><i class=\"elementor-toggle-icon-opened fas fa-chevron-up\"><\/i><\/span>\n\t\t\t\t\t\t\t\t\t\t\t\t\t<\/span>\n\t\t\t\t\t\t\t\t\t\t\t\t<a class=\"elementor-toggle-title\" tabindex=\"0\">Kann das Ger\u00e4t mit Zeitschaltur betrieben werden?<\/a>\n\t\t\t\t\t<\/div>\n\n\t\t\t\t\t<div id=\"elementor-tab-content-3709\" class=\"elementor-tab-content elementor-clearfix\" data-tab=\"9\" role=\"region\" aria-labelledby=\"elementor-tab-title-3709\"><div id=\"faq2\" class=\"collapse show\" data-parent=\"#faq-list\"><div id=\"faq3\" class=\"collapse show\" data-parent=\"#faq-list\"><div id=\"faq4\" class=\"collapse show\" data-parent=\"#faq-list\"><p>Ja, aber diese muss laut Schaltplan von uns angeschlossen werden, weil der L\u00fcfter nachlaufen muss.<\/p><\/div><\/div><\/div><\/div>\n\t\t\t\t<\/div>\n\t\t\t\t\t\t\t<div class=\"elementor-toggle-item\">\n\t\t\t\t\t<div id=\"elementor-tab-title-37010\" class=\"elementor-tab-title\" data-tab=\"10\" role=\"button\" aria-controls=\"elementor-tab-content-37010\" aria-expanded=\"false\">\n\t\t\t\t\t\t\t\t\t\t\t\t<span class=\"elementor-toggle-icon elementor-toggle-icon-right\" aria-hidden=\"true\">\n\t\t\t\t\t\t\t\t\t\t\t\t\t\t\t<span class=\"elementor-toggle-icon-closed\"><i class=\"fas fa-chevron-down\"><\/i><\/span>\n\t\t\t\t\t\t\t\t<span class=\"elementor-toggle-icon-opened\"><i class=\"elementor-toggle-icon-opened fas fa-chevron-up\"><\/i><\/span>\n\t\t\t\t\t\t\t\t\t\t\t\t\t<\/span>\n\t\t\t\t\t\t\t\t\t\t\t\t<a class=\"elementor-toggle-title\" tabindex=\"0\">Ist eine Steuerung per App m\u00f6glich<\/a>\n\t\t\t\t\t<\/div>\n\n\t\t\t\t\t<div id=\"elementor-tab-content-37010\" class=\"elementor-tab-content elementor-clearfix\" data-tab=\"10\" role=\"region\" aria-labelledby=\"elementor-tab-title-37010\"><p>Eine Appsteuerung ist m\u00f6glich. Ihr lokaler Elektriker soll sich diesbez\u00fcglich bei uns melden!<\/p><\/div>\n\t\t\t\t<\/div>\n\t\t\t\t\t\t\t<div class=\"elementor-toggle-item\">\n\t\t\t\t\t<div id=\"elementor-tab-title-37011\" class=\"elementor-tab-title\" data-tab=\"11\" role=\"button\" aria-controls=\"elementor-tab-content-37011\" aria-expanded=\"false\">\n\t\t\t\t\t\t\t\t\t\t\t\t<span class=\"elementor-toggle-icon elementor-toggle-icon-right\" aria-hidden=\"true\">\n\t\t\t\t\t\t\t\t\t\t\t\t\t\t\t<span class=\"elementor-toggle-icon-closed\"><i class=\"fas fa-chevron-down\"><\/i><\/span>\n\t\t\t\t\t\t\t\t<span class=\"elementor-toggle-icon-opened\"><i class=\"elementor-toggle-icon-opened fas fa-chevron-up\"><\/i><\/span>\n\t\t\t\t\t\t\t\t\t\t\t\t\t<\/span>\n\t\t\t\t\t\t\t\t\t\t\t\t<a class=\"elementor-toggle-title\" tabindex=\"0\">Wie gro\u00dfe R\u00e4umlichkeiten lassen sich mit Puls-air beheizen?<\/a>\n\t\t\t\t\t<\/div>\n\n\t\t\t\t\t<div id=\"elementor-tab-content-37011\" class=\"elementor-tab-content elementor-clearfix\" data-tab=\"11\" role=\"region\" aria-labelledby=\"elementor-tab-title-37011\"><p>Grunds\u00e4tzlich gibt es 2 Modelle: Puls-air Standard (bis 600m\u00b3) und Puls-air Plus (bei guter Isolierung bis 1.800m\u00b3). F\u00fcr noch gr\u00f6\u00dfere R\u00e4umlichkeiten k\u00f6nnen auch 2 oder mehrere Ger\u00e4te zusammen betrieben werden. Somit lassen sich auch gr\u00f6\u00dfere Hallen und Werkst\u00e4tten effizient und sparsam beheizen.\u00a0<\/p><\/div>\n\t\t\t\t<\/div>\n\t\t\t\t\t\t\t<div class=\"elementor-toggle-item\">\n\t\t\t\t\t<div id=\"elementor-tab-title-37012\" class=\"elementor-tab-title\" data-tab=\"12\" role=\"button\" aria-controls=\"elementor-tab-content-37012\" aria-expanded=\"false\">\n\t\t\t\t\t\t\t\t\t\t\t\t<span class=\"elementor-toggle-icon elementor-toggle-icon-right\" aria-hidden=\"true\">\n\t\t\t\t\t\t\t\t\t\t\t\t\t\t\t<span class=\"elementor-toggle-icon-closed\"><i class=\"fas fa-chevron-down\"><\/i><\/span>\n\t\t\t\t\t\t\t\t<span class=\"elementor-toggle-icon-opened\"><i class=\"elementor-toggle-icon-opened fas fa-chevron-up\"><\/i><\/span>\n\t\t\t\t\t\t\t\t\t\t\t\t\t<\/span>\n\t\t\t\t\t\t\t\t\t\t\t\t<a class=\"elementor-toggle-title\" tabindex=\"0\">Wie verstehen sich die Preise auf der Website? Was kostet die Lieferung?<\/a>\n\t\t\t\t\t<\/div>\n\n\t\t\t\t\t<div id=\"elementor-tab-content-37012\" class=\"elementor-tab-content elementor-clearfix\" data-tab=\"12\" role=\"region\" aria-labelledby=\"elementor-tab-title-37012\"><p>Alle Preise auf dieser Website sind <strong>exkl<\/strong>. <strong>MwSt<\/strong>. zu verstehen. Die Lieferkosten werden im Checkout-Prozess separat angef\u00fchrt.<\/p><\/div>\n\t\t\t\t<\/div>\n\t\t\t\t\t\t\t<div class=\"elementor-toggle-item\">\n\t\t\t\t\t<div id=\"elementor-tab-title-37013\" class=\"elementor-tab-title\" data-tab=\"13\" role=\"button\" aria-controls=\"elementor-tab-content-37013\" aria-expanded=\"false\">\n\t\t\t\t\t\t\t\t\t\t\t\t<span class=\"elementor-toggle-icon elementor-toggle-icon-right\" aria-hidden=\"true\">\n\t\t\t\t\t\t\t\t\t\t\t\t\t\t\t<span class=\"elementor-toggle-icon-closed\"><i class=\"fas fa-chevron-down\"><\/i><\/span>\n\t\t\t\t\t\t\t\t<span class=\"elementor-toggle-icon-opened\"><i class=\"elementor-toggle-icon-opened fas fa-chevron-up\"><\/i><\/span>\n\t\t\t\t\t\t\t\t\t\t\t\t\t<\/span>\n\t\t\t\t\t\t\t\t\t\t\t\t<a class=\"elementor-toggle-title\" tabindex=\"0\">Wie hoch ist der Stromverbrauch?<\/a>\n\t\t\t\t\t<\/div>\n\n\t\t\t\t\t<div id=\"elementor-tab-content-37013\" class=\"elementor-tab-content elementor-clearfix\" data-tab=\"13\" role=\"region\" aria-labelledby=\"elementor-tab-title-37013\"><p>180 W oder 0.18 KW d. h. in der Stunde 0.18 KWh Stromverbrauch<\/p><\/div>\n\t\t\t\t<\/div>\n\t\t\t\t\t\t\t<div class=\"elementor-toggle-item\">\n\t\t\t\t\t<div id=\"elementor-tab-title-37014\" class=\"elementor-tab-title\" data-tab=\"14\" role=\"button\" aria-controls=\"elementor-tab-content-37014\" aria-expanded=\"false\">\n\t\t\t\t\t\t\t\t\t\t\t\t<span class=\"elementor-toggle-icon elementor-toggle-icon-right\" aria-hidden=\"true\">\n\t\t\t\t\t\t\t\t\t\t\t\t\t\t\t<span class=\"elementor-toggle-icon-closed\"><i class=\"fas fa-chevron-down\"><\/i><\/span>\n\t\t\t\t\t\t\t\t<span class=\"elementor-toggle-icon-opened\"><i class=\"elementor-toggle-icon-opened fas fa-chevron-up\"><\/i><\/span>\n\t\t\t\t\t\t\t\t\t\t\t\t\t<\/span>\n\t\t\t\t\t\t\t\t\t\t\t\t<a class=\"elementor-toggle-title\" tabindex=\"0\">Kann Puls-air mit Alt\u00f6l betrieben werden?<\/a>\n\t\t\t\t\t<\/div>\n\n\t\t\t\t\t<div id=\"elementor-tab-content-37014\" class=\"elementor-tab-content elementor-clearfix\" data-tab=\"14\" role=\"region\" aria-labelledby=\"elementor-tab-title-37014\"><p>Der Betrieb von Heizungen mit Alt\u00f6l unter 50 kW ist verboten. Als Kraftstoff f\u00fcr Puls-air dienen Diesel oder Heiz\u00f6l.<\/p><\/div>\n\t\t\t\t<\/div>\n\t\t\t\t\t\t\t<div class=\"elementor-toggle-item\">\n\t\t\t\t\t<div id=\"elementor-tab-title-37015\" class=\"elementor-tab-title\" data-tab=\"15\" role=\"button\" aria-controls=\"elementor-tab-content-37015\" aria-expanded=\"false\">\n\t\t\t\t\t\t\t\t\t\t\t\t<span class=\"elementor-toggle-icon elementor-toggle-icon-right\" aria-hidden=\"true\">\n\t\t\t\t\t\t\t\t\t\t\t\t\t\t\t<span class=\"elementor-toggle-icon-closed\"><i class=\"fas fa-chevron-down\"><\/i><\/span>\n\t\t\t\t\t\t\t\t<span class=\"elementor-toggle-icon-opened\"><i class=\"elementor-toggle-icon-opened fas fa-chevron-up\"><\/i><\/span>\n\t\t\t\t\t\t\t\t\t\t\t\t\t<\/span>\n\t\t\t\t\t\t\t\t\t\t\t\t<a class=\"elementor-toggle-title\" tabindex=\"0\">Welchen Durchmesser hat das Abgasrohr?<\/a>\n\t\t\t\t\t<\/div>\n\n\t\t\t\t\t<div id=\"elementor-tab-content-37015\" class=\"elementor-tab-content elementor-clearfix\" data-tab=\"15\" role=\"region\" aria-labelledby=\"elementor-tab-title-37015\"><p>32 x 1.5mm Wandst\u00e4rke = 35mm Au\u00dfendurchmesser<\/p><\/div>\n\t\t\t\t<\/div>\n\t\t\t\t\t\t\t<div class=\"elementor-toggle-item\">\n\t\t\t\t\t<div id=\"elementor-tab-title-37016\" class=\"elementor-tab-title\" data-tab=\"16\" role=\"button\" aria-controls=\"elementor-tab-content-37016\" aria-expanded=\"false\">\n\t\t\t\t\t\t\t\t\t\t\t\t<span class=\"elementor-toggle-icon elementor-toggle-icon-right\" aria-hidden=\"true\">\n\t\t\t\t\t\t\t\t\t\t\t\t\t\t\t<span class=\"elementor-toggle-icon-closed\"><i class=\"fas fa-chevron-down\"><\/i><\/span>\n\t\t\t\t\t\t\t\t<span class=\"elementor-toggle-icon-opened\"><i class=\"elementor-toggle-icon-opened fas fa-chevron-up\"><\/i><\/span>\n\t\t\t\t\t\t\t\t\t\t\t\t\t<\/span>\n\t\t\t\t\t\t\t\t\t\t\t\t<a class=\"elementor-toggle-title\" tabindex=\"0\">Welchen Durchmesser hat das Kupferrohr?<\/a>\n\t\t\t\t\t<\/div>\n\n\t\t\t\t\t<div id=\"elementor-tab-content-37016\" class=\"elementor-tab-content elementor-clearfix\" data-tab=\"16\" role=\"region\" aria-labelledby=\"elementor-tab-title-37016\"><p>8mm Au\u00dfendurchmesser<\/p><\/div>\n\t\t\t\t<\/div>\n\t\t\t\t\t\t\t<div class=\"elementor-toggle-item\">\n\t\t\t\t\t<div id=\"elementor-tab-title-37017\" class=\"elementor-tab-title\" data-tab=\"17\" role=\"button\" aria-controls=\"elementor-tab-content-37017\" aria-expanded=\"false\">\n\t\t\t\t\t\t\t\t\t\t\t\t<span class=\"elementor-toggle-icon elementor-toggle-icon-right\" aria-hidden=\"true\">\n\t\t\t\t\t\t\t\t\t\t\t\t\t\t\t<span class=\"elementor-toggle-icon-closed\"><i class=\"fas fa-chevron-down\"><\/i><\/span>\n\t\t\t\t\t\t\t\t<span class=\"elementor-toggle-icon-opened\"><i class=\"elementor-toggle-icon-opened fas fa-chevron-up\"><\/i><\/span>\n\t\t\t\t\t\t\t\t\t\t\t\t\t<\/span>\n\t\t\t\t\t\t\t\t\t\t\t\t<a class=\"elementor-toggle-title\" tabindex=\"0\">Wo bekomme ich die Abgasrohre?<\/a>\n\t\t\t\t\t<\/div>\n\n\t\t\t\t\t<div id=\"elementor-tab-content-37017\" class=\"elementor-tab-content elementor-clearfix\" data-tab=\"17\" role=\"region\" aria-labelledby=\"elementor-tab-title-37017\"><p>Die Abgasrohre sind nicht im Lieferumfang enthalten und m\u00fcssen separat bestellt werden. \u00dcber diesen <span style=\"text-decoration: underline;\"><strong><a href=\"https:\/\/www.hoerr-edelstahl.de\/index.php?stoken=74D7BC6B&amp;lang=0&amp;cl=search&amp;searchparam=pulsair\">Link<\/a> <\/strong><\/span>kommen Sie zum Sortiment.<\/p><\/div>\n\t\t\t\t<\/div>\n\t\t\t\t\t\t\t<div class=\"elementor-toggle-item\">\n\t\t\t\t\t<div id=\"elementor-tab-title-37018\" class=\"elementor-tab-title\" data-tab=\"18\" role=\"button\" aria-controls=\"elementor-tab-content-37018\" aria-expanded=\"false\">\n\t\t\t\t\t\t\t\t\t\t\t\t<span class=\"elementor-toggle-icon elementor-toggle-icon-right\" aria-hidden=\"true\">\n\t\t\t\t\t\t\t\t\t\t\t\t\t\t\t<span class=\"elementor-toggle-icon-closed\"><i class=\"fas fa-chevron-down\"><\/i><\/span>\n\t\t\t\t\t\t\t\t<span class=\"elementor-toggle-icon-opened\"><i class=\"elementor-toggle-icon-opened fas fa-chevron-up\"><\/i><\/span>\n\t\t\t\t\t\t\t\t\t\t\t\t\t<\/span>\n\t\t\t\t\t\t\t\t\t\t\t\t<a class=\"elementor-toggle-title\" tabindex=\"0\">Wie ist die aktuelle Lieferzeit?<\/a>\n\t\t\t\t\t<\/div>\n\n\t\t\t\t\t<div id=\"elementor-tab-content-37018\" class=\"elementor-tab-content elementor-clearfix\" data-tab=\"18\" role=\"region\" aria-labelledby=\"elementor-tab-title-37018\"><p>Gerne informieren wir Sie per Mail, Whatsapp oder telefonisch \u00fcber die aktuellen Lieferzeiten.<\/p><\/div>\n\t\t\t\t<\/div>\n\t\t\t\t\t\t\t<div class=\"elementor-toggle-item\">\n\t\t\t\t\t<div id=\"elementor-tab-title-37019\" class=\"elementor-tab-title\" data-tab=\"19\" role=\"button\" aria-controls=\"elementor-tab-content-37019\" aria-expanded=\"false\">\n\t\t\t\t\t\t\t\t\t\t\t\t<span class=\"elementor-toggle-icon elementor-toggle-icon-right\" aria-hidden=\"true\">\n\t\t\t\t\t\t\t\t\t\t\t\t\t\t\t<span class=\"elementor-toggle-icon-closed\"><i class=\"fas fa-chevron-down\"><\/i><\/span>\n\t\t\t\t\t\t\t\t<span class=\"elementor-toggle-icon-opened\"><i class=\"elementor-toggle-icon-opened fas fa-chevron-up\"><\/i><\/span>\n\t\t\t\t\t\t\t\t\t\t\t\t\t<\/span>\n\t\t\t\t\t\t\t\t\t\t\t\t<a class=\"elementor-toggle-title\" tabindex=\"0\">Ger\u00e4t falsch getankt, was tun?<\/a>\n\t\t\t\t\t<\/div>\n\n\t\t\t\t\t<div id=\"elementor-tab-content-37019\" class=\"elementor-tab-content elementor-clearfix\" data-tab=\"19\" role=\"region\" aria-labelledby=\"elementor-tab-title-37019\"><ol><li>Vor- und R\u00fccklaufleitung (rechts am \u00d6lfilter angebracht) beim \u00d6lfilter l\u00f6sen und in ein Gef\u00e4\u00df mit Heiz\u00f6l h\u00e4ngen.<\/li><li>Ger\u00e4t einschalten und warten, bis es startet.<\/li><li>Wenn das Ger\u00e4t gestartet hat die beiden Leitungen wieder befestigen.<\/li><li>Zulaufleitung (links am \u00d6lfilter angebracht) beim \u00d6lfilter l\u00f6sen und ebenfalls das Ger\u00e4t einschalten.<\/li><li>Zulaufleitung wieder anbringen, das Problem sollte behoben sein.<\/li><\/ol><\/div>\n\t\t\t\t<\/div>\n\t\t\t\t\t\t\t<div class=\"elementor-toggle-item\">\n\t\t\t\t\t<div id=\"elementor-tab-title-37020\" class=\"elementor-tab-title\" data-tab=\"20\" role=\"button\" aria-controls=\"elementor-tab-content-37020\" aria-expanded=\"false\">\n\t\t\t\t\t\t\t\t\t\t\t\t<span class=\"elementor-toggle-icon elementor-toggle-icon-right\" aria-hidden=\"true\">\n\t\t\t\t\t\t\t\t\t\t\t\t\t\t\t<span class=\"elementor-toggle-icon-closed\"><i class=\"fas fa-chevron-down\"><\/i><\/span>\n\t\t\t\t\t\t\t\t<span class=\"elementor-toggle-icon-opened\"><i class=\"elementor-toggle-icon-opened fas fa-chevron-up\"><\/i><\/span>\n\t\t\t\t\t\t\t\t\t\t\t\t\t<\/span>\n\t\t\t\t\t\t\t\t\t\t\t\t<a class=\"elementor-toggle-title\" tabindex=\"0\">Abgaswerte<\/a>\n\t\t\t\t\t<\/div>\n\n\t\t\t\t\t<div id=\"elementor-tab-content-37020\" class=\"elementor-tab-content elementor-clearfix\" data-tab=\"20\" role=\"region\" aria-labelledby=\"elementor-tab-title-37020\"><p>Abgaswerte (NOX \u2013 25 \u2013 30, CO \u2013 2 \u2013 5 ppm; Ru\u00dfzahl 00)<\/p><\/div>\n\t\t\t\t<\/div>\n\t\t\t\t\t\t\t<div class=\"elementor-toggle-item\">\n\t\t\t\t\t<div id=\"elementor-tab-title-37021\" class=\"elementor-tab-title\" data-tab=\"21\" role=\"button\" aria-controls=\"elementor-tab-content-37021\" aria-expanded=\"false\">\n\t\t\t\t\t\t\t\t\t\t\t\t<span class=\"elementor-toggle-icon elementor-toggle-icon-right\" aria-hidden=\"true\">\n\t\t\t\t\t\t\t\t\t\t\t\t\t\t\t<span class=\"elementor-toggle-icon-closed\"><i class=\"fas fa-chevron-down\"><\/i><\/span>\n\t\t\t\t\t\t\t\t<span class=\"elementor-toggle-icon-opened\"><i class=\"elementor-toggle-icon-opened fas fa-chevron-up\"><\/i><\/span>\n\t\t\t\t\t\t\t\t\t\t\t\t\t<\/span>\n\t\t\t\t\t\t\t\t\t\t\t\t<a class=\"elementor-toggle-title\" tabindex=\"0\">Ist ein Betrieb mit Kerosin oder Benzin m\u00f6glich<\/a>\n\t\t\t\t\t<\/div>\n\n\t\t\t\t\t<div id=\"elementor-tab-content-37021\" class=\"elementor-tab-content elementor-clearfix\" data-tab=\"21\" role=\"region\" aria-labelledby=\"elementor-tab-title-37021\"><p>Nein, bitte auch kein Diesel-Benzin Gemisch verwenden!<\/p><\/div>\n\t\t\t\t<\/div>\n\t\t\t\t\t\t\t\t<\/div>\n\t\t\t\t\t\t<\/div>\n\t\t\t\t<\/div>\n\t\t\t\t\t<\/div>\n\t\t<\/div>\n\t\t\t\t\t<\/div>\n\t\t<\/section>\n\t\t\t\t<\/div>\n\t\t","protected":false},"excerpt":{"rendered":"<p>EINFACH &amp; SCHNELL INBETRIEBNAHME DER PULS-AIR HEIZGER\u00c4TE: VARIANTE 1: Station\u00e4rer (fixer) Einsatz: Links f\u00fcr Rohre und B\u00f6gen: 35mm Rohr:\u00a0https:\/\/www.hoerr-edelstahl.de\/article\/200.0100 Bogen 90\u00b0:\u00a0https:\/\/www.hoerr-edelstahl.de\/article\/500.0672 Bogen 45\u00b0:\u00a0https:\/\/www.hoerr-edelstahl.de\/article\/500.1546 Das komplette Puls-air Zubeh\u00f6r Sortiment finden Sie hier Zur Betriebsanleitung Infomaterial per Mail anfordern: Betriebsanleitung, Folder, Datenblatt Ich bes\u00e4tige hiermit, dass ich die<\/p>","protected":false},"author":2,"featured_media":1559,"parent":0,"menu_order":0,"comment_status":"closed","ping_status":"closed","template":"","meta":{"_joinchat":[],"footnotes":""},"class_list":["post-952","page","type-page","status-publish","has-post-thumbnail","hentry"],"yoast_head":"<!-- This site is optimized with the Yoast SEO plugin v27.4 - https:\/\/yoast.com\/product\/yoast-seo-wordpress\/ -->\n<title>Inbetriebnahme Puls-air Werkstatt und Hallenheizung<\/title>\n<meta name=\"description\" content=\"INBETRIEBNAHME DER PULS-AIR HEIZGER\u00c4TE, station\u00e4rer Einsatz oder mobiler Einsatz. Mehr dazu auf folgender Seite, jetzt infomieren\" \/>\n<meta name=\"robots\" content=\"index, follow, max-snippet:-1, max-image-preview:large, max-video-preview:-1\" \/>\n<link rel=\"canonical\" href=\"https:\/\/pulsair.net\/nl\/inbetriebnahme\/\" \/>\n<meta property=\"og:locale\" content=\"nl_NL\" \/>\n<meta property=\"og:type\" content=\"article\" \/>\n<meta property=\"og:title\" content=\"Inbetriebnahme Puls-air Werkstatt und Hallenheizung\" \/>\n<meta property=\"og:description\" content=\"INBETRIEBNAHME DER PULS-AIR HEIZGER\u00c4TE, station\u00e4rer Einsatz oder mobiler Einsatz. Mehr dazu auf folgender Seite, jetzt infomieren\" \/>\n<meta property=\"og:url\" content=\"https:\/\/pulsair.net\/nl\/inbetriebnahme\/\" \/>\n<meta property=\"og:site_name\" content=\"Puls-air Hallen und Werkstattheizung\" \/>\n<meta property=\"article:modified_time\" content=\"2024-11-11T07:10:39+00:00\" \/>\n<meta property=\"og:image\" content=\"https:\/\/pulsair.net\/wp-content\/uploads\/2022\/05\/\u00f6l-heizgebl\u00e4se.jpg\" \/>\n\t<meta property=\"og:image:width\" content=\"700\" \/>\n\t<meta property=\"og:image:height\" content=\"365\" \/>\n\t<meta property=\"og:image:type\" content=\"image\/jpeg\" \/>\n<meta name=\"twitter:card\" content=\"summary_large_image\" \/>\n<script type=\"application\/ld+json\" class=\"yoast-schema-graph\">{\"@context\":\"https:\\\/\\\/schema.org\",\"@graph\":[{\"@type\":\"WebPage\",\"@id\":\"https:\\\/\\\/pulsair.net\\\/inbetriebnahme\\\/\",\"url\":\"https:\\\/\\\/pulsair.net\\\/inbetriebnahme\\\/\",\"name\":\"Inbetriebnahme Puls-air Werkstatt und Hallenheizung\",\"isPartOf\":{\"@id\":\"https:\\\/\\\/pulsair.net\\\/#website\"},\"primaryImageOfPage\":{\"@id\":\"https:\\\/\\\/pulsair.net\\\/inbetriebnahme\\\/#primaryimage\"},\"image\":{\"@id\":\"https:\\\/\\\/pulsair.net\\\/inbetriebnahme\\\/#primaryimage\"},\"thumbnailUrl\":\"https:\\\/\\\/pulsair.net\\\/wp-content\\\/uploads\\\/2022\\\/05\\\/\u00f6l-heizgebl\u00e4se.jpg\",\"datePublished\":\"2022-04-07T13:59:57+00:00\",\"dateModified\":\"2024-11-11T07:10:39+00:00\",\"description\":\"INBETRIEBNAHME DER PULS-AIR HEIZGER\u00c4TE, station\u00e4rer Einsatz oder mobiler Einsatz. Mehr dazu auf folgender Seite, jetzt infomieren\",\"breadcrumb\":{\"@id\":\"https:\\\/\\\/pulsair.net\\\/inbetriebnahme\\\/#breadcrumb\"},\"inLanguage\":\"nl-NL\",\"potentialAction\":[{\"@type\":\"ReadAction\",\"target\":[\"https:\\\/\\\/pulsair.net\\\/inbetriebnahme\\\/\"]}]},{\"@type\":\"ImageObject\",\"inLanguage\":\"nl-NL\",\"@id\":\"https:\\\/\\\/pulsair.net\\\/inbetriebnahme\\\/#primaryimage\",\"url\":\"https:\\\/\\\/pulsair.net\\\/wp-content\\\/uploads\\\/2022\\\/05\\\/\u00f6l-heizgebl\u00e4se.jpg\",\"contentUrl\":\"https:\\\/\\\/pulsair.net\\\/wp-content\\\/uploads\\\/2022\\\/05\\\/\u00f6l-heizgebl\u00e4se.jpg\",\"width\":700,\"height\":365,\"caption\":\"Beispiel Heizgebl\u00e4se \u00d6l puls-air\"},{\"@type\":\"BreadcrumbList\",\"@id\":\"https:\\\/\\\/pulsair.net\\\/inbetriebnahme\\\/#breadcrumb\",\"itemListElement\":[{\"@type\":\"ListItem\",\"position\":1,\"name\":\"Startseite\",\"item\":\"https:\\\/\\\/pulsair.net\\\/\"},{\"@type\":\"ListItem\",\"position\":2,\"name\":\"Inbetriebnahme\"}]},{\"@type\":\"WebSite\",\"@id\":\"https:\\\/\\\/pulsair.net\\\/#website\",\"url\":\"https:\\\/\\\/pulsair.net\\\/\",\"name\":\"Puls-air Hallen und Werkstattheizung\",\"description\":\"50 % Heizkosten sparen\",\"publisher\":{\"@id\":\"https:\\\/\\\/pulsair.net\\\/#organization\"},\"potentialAction\":[{\"@type\":\"SearchAction\",\"target\":{\"@type\":\"EntryPoint\",\"urlTemplate\":\"https:\\\/\\\/pulsair.net\\\/?s={search_term_string}\"},\"query-input\":{\"@type\":\"PropertyValueSpecification\",\"valueRequired\":true,\"valueName\":\"search_term_string\"}}],\"inLanguage\":\"nl-NL\"},{\"@type\":\"Organization\",\"@id\":\"https:\\\/\\\/pulsair.net\\\/#organization\",\"name\":\"Puls-air Hallen und Werkstattheizung\",\"url\":\"https:\\\/\\\/pulsair.net\\\/\",\"logo\":{\"@type\":\"ImageObject\",\"inLanguage\":\"nl-NL\",\"@id\":\"https:\\\/\\\/pulsair.net\\\/#\\\/schema\\\/logo\\\/image\\\/\",\"url\":\"https:\\\/\\\/pulsair.net\\\/wp-content\\\/uploads\\\/2020\\\/07\\\/cropped-cropped-Rotation-alleine-500x500-1.png\",\"contentUrl\":\"https:\\\/\\\/pulsair.net\\\/wp-content\\\/uploads\\\/2020\\\/07\\\/cropped-cropped-Rotation-alleine-500x500-1.png\",\"width\":512,\"height\":512,\"caption\":\"Puls-air Hallen und Werkstattheizung\"},\"image\":{\"@id\":\"https:\\\/\\\/pulsair.net\\\/#\\\/schema\\\/logo\\\/image\\\/\"}}]}<\/script>\n<!-- \/ Yoast SEO plugin. -->","yoast_head_json":{"title":"Inbetriebnahme Puls-air Werkstatt und Hallenheizung","description":"INBETRIEBNAHME DER PULS-AIR HEIZGER\u00c4TE, station\u00e4rer Einsatz oder mobiler Einsatz. Mehr dazu auf folgender Seite, jetzt infomieren","robots":{"index":"index","follow":"follow","max-snippet":"max-snippet:-1","max-image-preview":"max-image-preview:large","max-video-preview":"max-video-preview:-1"},"canonical":"https:\/\/pulsair.net\/nl\/inbetriebnahme\/","og_locale":"nl_NL","og_type":"article","og_title":"Inbetriebnahme Puls-air Werkstatt und Hallenheizung","og_description":"INBETRIEBNAHME DER PULS-AIR HEIZGER\u00c4TE, station\u00e4rer Einsatz oder mobiler Einsatz. Mehr dazu auf folgender Seite, jetzt infomieren","og_url":"https:\/\/pulsair.net\/nl\/inbetriebnahme\/","og_site_name":"Puls-air Hallen und Werkstattheizung","article_modified_time":"2024-11-11T07:10:39+00:00","og_image":[{"width":700,"height":365,"url":"https:\/\/pulsair.net\/wp-content\/uploads\/2022\/05\/\u00f6l-heizgebl\u00e4se.jpg","type":"image\/jpeg"}],"twitter_card":"summary_large_image","schema":{"@context":"https:\/\/schema.org","@graph":[{"@type":"WebPage","@id":"https:\/\/pulsair.net\/inbetriebnahme\/","url":"https:\/\/pulsair.net\/inbetriebnahme\/","name":"Inbetriebnahme Puls-air Werkstatt und Hallenheizung","isPartOf":{"@id":"https:\/\/pulsair.net\/#website"},"primaryImageOfPage":{"@id":"https:\/\/pulsair.net\/inbetriebnahme\/#primaryimage"},"image":{"@id":"https:\/\/pulsair.net\/inbetriebnahme\/#primaryimage"},"thumbnailUrl":"https:\/\/pulsair.net\/wp-content\/uploads\/2022\/05\/\u00f6l-heizgebl\u00e4se.jpg","datePublished":"2022-04-07T13:59:57+00:00","dateModified":"2024-11-11T07:10:39+00:00","description":"INBETRIEBNAHME DER PULS-AIR HEIZGER\u00c4TE, station\u00e4rer Einsatz oder mobiler Einsatz. Mehr dazu auf folgender Seite, jetzt infomieren","breadcrumb":{"@id":"https:\/\/pulsair.net\/inbetriebnahme\/#breadcrumb"},"inLanguage":"nl-NL","potentialAction":[{"@type":"ReadAction","target":["https:\/\/pulsair.net\/inbetriebnahme\/"]}]},{"@type":"ImageObject","inLanguage":"nl-NL","@id":"https:\/\/pulsair.net\/inbetriebnahme\/#primaryimage","url":"https:\/\/pulsair.net\/wp-content\/uploads\/2022\/05\/\u00f6l-heizgebl\u00e4se.jpg","contentUrl":"https:\/\/pulsair.net\/wp-content\/uploads\/2022\/05\/\u00f6l-heizgebl\u00e4se.jpg","width":700,"height":365,"caption":"Beispiel Heizgebl\u00e4se \u00d6l puls-air"},{"@type":"BreadcrumbList","@id":"https:\/\/pulsair.net\/inbetriebnahme\/#breadcrumb","itemListElement":[{"@type":"ListItem","position":1,"name":"Startseite","item":"https:\/\/pulsair.net\/"},{"@type":"ListItem","position":2,"name":"Inbetriebnahme"}]},{"@type":"WebSite","@id":"https:\/\/pulsair.net\/#website","url":"https:\/\/pulsair.net\/","name":"Puls-air Hallen und Werkstattheizung","description":"50 % Heizkosten sparen","publisher":{"@id":"https:\/\/pulsair.net\/#organization"},"potentialAction":[{"@type":"SearchAction","target":{"@type":"EntryPoint","urlTemplate":"https:\/\/pulsair.net\/?s={search_term_string}"},"query-input":{"@type":"PropertyValueSpecification","valueRequired":true,"valueName":"search_term_string"}}],"inLanguage":"nl-NL"},{"@type":"Organization","@id":"https:\/\/pulsair.net\/#organization","name":"Puls-air Hallen und Werkstattheizung","url":"https:\/\/pulsair.net\/","logo":{"@type":"ImageObject","inLanguage":"nl-NL","@id":"https:\/\/pulsair.net\/#\/schema\/logo\/image\/","url":"https:\/\/pulsair.net\/wp-content\/uploads\/2020\/07\/cropped-cropped-Rotation-alleine-500x500-1.png","contentUrl":"https:\/\/pulsair.net\/wp-content\/uploads\/2020\/07\/cropped-cropped-Rotation-alleine-500x500-1.png","width":512,"height":512,"caption":"Puls-air Hallen und Werkstattheizung"},"image":{"@id":"https:\/\/pulsair.net\/#\/schema\/logo\/image\/"}}]}},"_links":{"self":[{"href":"https:\/\/pulsair.net\/nl\/wp-json\/wp\/v2\/pages\/952","targetHints":{"allow":["GET"]}}],"collection":[{"href":"https:\/\/pulsair.net\/nl\/wp-json\/wp\/v2\/pages"}],"about":[{"href":"https:\/\/pulsair.net\/nl\/wp-json\/wp\/v2\/types\/page"}],"author":[{"embeddable":true,"href":"https:\/\/pulsair.net\/nl\/wp-json\/wp\/v2\/users\/2"}],"replies":[{"embeddable":true,"href":"https:\/\/pulsair.net\/nl\/wp-json\/wp\/v2\/comments?post=952"}],"version-history":[{"count":29,"href":"https:\/\/pulsair.net\/nl\/wp-json\/wp\/v2\/pages\/952\/revisions"}],"predecessor-version":[{"id":3729,"href":"https:\/\/pulsair.net\/nl\/wp-json\/wp\/v2\/pages\/952\/revisions\/3729"}],"wp:featuredmedia":[{"embeddable":true,"href":"https:\/\/pulsair.net\/nl\/wp-json\/wp\/v2\/media\/1559"}],"wp:attachment":[{"href":"https:\/\/pulsair.net\/nl\/wp-json\/wp\/v2\/media?parent=952"}],"curies":[{"name":"wp","href":"https:\/\/api.w.org\/{rel}","templated":true}]}}